{"id":66784,"date":"2026-09-03T12:51:21","date_gmt":"2026-09-03T10:51:21","guid":{"rendered":"https:\/\/dam-online.de\/veranstaltung\/dam-on-tour-in-coburg-architecture-energy\/"},"modified":"2026-09-03T12:54:47","modified_gmt":"2026-09-03T10:54:47","slug":"dam-on-tour-in-coburg-architecture-energy","status":"publish","type":"tribe_events","link":"https:\/\/dam-online.de\/en\/veranstaltung\/dam-on-tour-in-coburg-architecture-energy\/","title":{"rendered":"DAM on Tour in Coburg: Architecture &#038; Energy."},"content":{"rendered":"<h2>Architecture &amp; Energy. Bauen in Zeiten des Klimawandels.<\/h2>\n<p>&nbsp;<\/p>\n<p><strong>Vernissage<\/strong><\/p>\n<p><strong>Donnerstag, 22. Oktober 2026 | 20.00 Uhr<br \/>\nCoburger Designforum Oberfranken e.V.\u00a0<\/strong><\/p>\n<p>Zur feierlichen Er\u00f6ffnung der Ausstellung h\u00e4lt\u00a0Prof. Werner Sobek\u00a0einen Gastvortrag. Als einer der international einflussreichsten Vertreter nachhaltigen Bauens gibt er Einblicke in aktuelle Entwicklungen und Perspektiven einer klima- und ressourcengerechten Architektur.<\/p>\n<p>Der Eintritt ist frei, eine Anmeldung ist nicht erforderlich<\/p>\n<p>Nach ihrem gro\u00dfen Erfolg im Deutschen Architekturmuseum (DAM) Frankfurt kommt die international beachtete Ausstellung \u201eArchitecture and Energy. Bauen in Zeiten des Klimawandels\u201c nach Coburg. Entstanden ist die Ausstellung in Zusammenarbeit mit dem renommierten Vordenker, Architekten und Bauingenieur\u00a0Werner Sobek. Sie zeigt, wie Architektur auf die Herausforderungen unserer Zeit reagieren kann.<\/p>\n<p><strong>Vom\u00a022. Oktober bis 29. November 2026<\/strong>\u00a0wird\u00a0das Erdgeschoss des ehemaligen Kaufhof\u00a0zu einem Ort des Austauschs \u00fcber die Zukunft des Bauens. Im Mittelpunkt stehen die dr\u00e4ngenden Fragen unserer Gegenwart: Wie k\u00f6nnen wir Ressourcen schonen? Wie reduzieren wir Emissionen? Und wie gelingt eine Baukultur, die Verantwortung f\u00fcr Klima, Gesellschaft und kommende Generationen \u00fcbernimmt?<\/p>\n<p>Wo Energie, Ressourcen und Klimaschutz neue Rahmenbedingungen setzen, er\u00f6ffnet Design neue M\u00f6glichkeiten. Es schafft Verbindungen zwischen Innovation, \u00c4sthetik und Nachhaltigkeit und macht Zukunft konkret erfahrbar.<\/p>\n<p>Die Ausstellung zeigt anhand von konkreten Beispielprojekten, dass klimabewusstes Bauen kein Verzicht bedeutet. Vielmehr entstehen neue architektonische Qualit\u00e4ten durch innovative Konstruktionen, Kreislaufdenken, Energieeffizienz und den verantwortungsvollen Umgang mit dem Bestand. Die pr\u00e4sentierten Projekte verdeutlichen, wie \u00c4sthetik, Funktionalit\u00e4t und Nachhaltigkeit zu einer neuen Baukultur zusammenfinden k\u00f6nnen<\/p>\n<h3><strong>Vision + Region<\/strong><\/h3>\n<h4><strong>Regionale Antworten auf die Fragen der Zukunft<\/strong><\/h4>\n<p>Erg\u00e4nzt wird die Ausstellung durch regionale Perspektiven und Zukunftsentw\u00fcrfe. Unter dem Titel\u00a0Vision + Region werden Beitr\u00e4ge aus Hochschule, Planungspraxis, Wirtschaft und Zivilgesellschaft pr\u00e4sentiert. Sie zeigen, wie die gro\u00dfen Themen Klimaschutz, Energie, Kreislaufwirtschaft und Ressourcenverantwortung konkret in unserer Region verankert werden k\u00f6nnen.<\/p>\n","protected":false},"excerpt":{"rendered":"<p>Nach ihrem gro\u00dfen Erfolg im Deutschen Architekturmuseum (DAM) Frankfurt kommt die international beachtete Ausstellung \u201eArchitecture and Energy. Bauen in Zeiten des Klimawandels\u201c nach Coburg. Entstanden ist die Ausstellung in Zusammenarbeit mit dem renommierten Vordenker, Architekten und Bauingenieur\u00a0Werner Sobek.<\/p>\n","protected":false},"author":7,"featured_media":61105,"template":"","meta":{"_acf_changed":false,"_et_pb_use_builder":"","_et_pb_old_content":"","_et_gb_content_width":"","_tribe_events_status":"","_tribe_events_status_reason":"","_tribe_events_is_hybrid":"","_tribe_events_is_virtual":"","_tribe_events_virtual_video_source":"","_tribe_events_virtual_embed_video":"","_tribe_events_virtual_linked_button_text":"","_tribe_events_virtual_linked_button":"","_tribe_events_virtual_show_embed_at":"","_tribe_events_virtual_show_embed_to":[],"_tribe_events_virtual_show_on_event":"","_tribe_events_virtual_show_on_views":"","_tribe_events_virtual_url":"","footnotes":""},"tags":[284],"veranstaltungs_formate":[141],"tribe_events_cat":[253],"hf_cat_tribe_events":[],"class_list":["post-66784","tribe_events","type-tribe_events","status-publish","has-post-thumbnail","hentry","tag-ontour-en-2","veranstaltungs_formate-ontour","veranstaltungs_bedingungen-extern","tribe_events_cat-veranstaltung-en","cat_veranstaltung-en"],"acf":[],"_links":{"self":[{"href":"https:\/\/dam-online.de\/en\/wp-json\/wp\/v2\/tribe_events\/66784","targetHints":{"allow":["GET"]}}],"collection":[{"href":"https:\/\/dam-online.de\/en\/wp-json\/wp\/v2\/tribe_events"}],"about":[{"href":"https:\/\/dam-online.de\/en\/wp-json\/wp\/v2\/types\/tribe_events"}],"author":[{"embeddable":true,"href":"https:\/\/dam-online.de\/en\/wp-json\/wp\/v2\/users\/7"}],"version-history":[{"count":1,"href":"https:\/\/dam-online.de\/en\/wp-json\/wp\/v2\/tribe_events\/66784\/revisions"}],"predecessor-version":[{"id":66786,"href":"https:\/\/dam-online.de\/en\/wp-json\/wp\/v2\/tribe_events\/66784\/revisions\/66786"}],"wp:featuredmedia":[{"embeddable":true,"href":"https:\/\/dam-online.de\/en\/wp-json\/wp\/v2\/media\/61105"}],"wp:attachment":[{"href":"https:\/\/dam-online.de\/en\/wp-json\/wp\/v2\/media?parent=66784"}],"wp:term":[{"taxonomy":"post_tag","embeddable":true,"href":"https:\/\/dam-online.de\/en\/wp-json\/wp\/v2\/tags?post=66784"},{"taxonomy":"veranstaltungs_formate","embeddable":true,"href":"https:\/\/dam-online.de\/en\/wp-json\/wp\/v2\/veranstaltungs_formate?post=66784"},{"taxonomy":"tribe_events_cat","embeddable":true,"href":"https:\/\/dam-online.de\/en\/wp-json\/wp\/v2\/tribe_events_cat?post=66784"},{"taxonomy":"hf_cat_tribe_events","embeddable":true,"href":"https:\/\/dam-online.de\/en\/wp-json\/wp\/v2\/hf_cat_tribe_events?post=66784"}],"curies":[{"name":"wp","href":"https:\/\/api.w.org\/{rel}","templated":true}]}}