{"id":11707,"date":"2019-07-24T16:19:17","date_gmt":"2019-07-24T14:19:17","guid":{"rendered":"https:\/\/dam-online.de\/anfahrt-aufenthalt\/"},"modified":"2019-07-24T16:19:17","modified_gmt":"2019-07-24T14:19:17","slug":"anfahrt-aufenthalt","status":"publish","type":"page","link":"https:\/\/dam-online.de\/en\/visit\/information-service\/anfahrt-aufenthalt\/","title":{"rendered":"Anfahrt + Aufenthalt"},"content":{"rendered":"<p>ANFAHRT<\/p>\n<p><em>Google Maps Karte<\/em><\/p>\n<p><u>Nahverkehr<br \/>\n<\/u>U-Bahnen U1, U2, U3, U8 (Schweizer PlatzMuseumsufer)<br \/>\nU4, U5 (Willy-Brandt-Platz)<br \/>\nStra\u00dfenbahnen 15,16 (Schweizer Stra\u00dfeGartenstra\u00dfe)<br \/>\nBus 46 (Untermainbr\u00fccke)<\/p>\n<p><u>Fahrrad<br \/>\n<\/u>Es stehen Fahrradst\u00e4nder am Mainufer gegen\u00fcber des Museums zur Verf\u00fcgung.<\/p>\n<p><u>Parkh\u00e4user<br \/>\n<\/u>Walter-Kolb-Stra\u00dfe 16 (Alt-Sachsenhausen)<br \/>\nWilly-Brandt-Platz 5 (Schauspiel Frankfurt)<br \/>\nUntermainanlage 1 (Untermainanlage)<\/p>\n<p>Wir empfehlen Ihnen, \u00f6ffentliche Verkehrsmittel zu benutzen, da das DAM keinen eigenen Parkplatz besitzt und das Parkplatzangebot in der Umgebung sehr eingeschr\u00e4nkt ist.<\/p>\n<p>AUFENTHALT<\/p>\n<p><u>Garderobe<br \/>\n<\/u>Das Museum verf\u00fcgt \u00fcber eine Garderobe mit Schlie\u00dff\u00e4chern \u2013 Anzahl und Gr\u00f6\u00dfe sind beschr\u00e4nkt. Wir bitten daher um Verst\u00e4ndnis, dass gr\u00f6\u00dfere Koffer nicht untergebracht werden k\u00f6nnen. Wir k\u00f6nnen keine Haftung f\u00fcr Ihre pers\u00f6nlichen Gegenst\u00e4nde \u00fcbernehmen.<\/p>\n<p><u>Barrierefreiheit\/Kinderwagen<br \/>\n<\/u>Alle Ausstellungs- und Veranstaltungsr\u00e4ume sind barrierefrei zu erreichen.<br \/>\nKinderwagen d\u00fcrfen in die Ausstellungen mitgenommen werden.<\/p>\n<p><u>Museumsshop<br \/>\n<\/u>In unserem Museumsshop erhalten Sie alle Ausstellungskataloge des DAM sowie eine gro\u00dfe Auswahl an Architekturpublikationen, die ebenso online bestellbar sind. Kosmetikt\u00e4schchen aus unseren Fassadenbannern, aktuelle Ausstellungsplakate und Postkarten runden das kleine, aber feine Angebot ab. (Mehr: Link auf Publikationen)<\/p>\n<p><u>Caf\u00e9<br \/>\n<\/u>Das Caf\u00e9 mit Skyline-Blick steht Ihnen w\u00e4hrend der \u00d6ffnungszeiten des Museums f\u00fcr einen Besuch mit oder ohne Museumseintritt offen. (Mehr: Link auf Caf\u00e9 im DAM)<\/p>\n","protected":false},"excerpt":{"rendered":"<p>ANFAHRT Google Maps Karte Nahverkehr U-Bahnen U1, U2, U3, U8 (Schweizer PlatzMuseumsufer) U4, U5 (Willy-Brandt-Platz) Stra\u00dfenbahnen 15,16 (Schweizer Stra\u00dfeGartenstra\u00dfe) Bus 46 (Untermainbr\u00fccke) Fahrrad Es stehen Fahrradst\u00e4nder am Mainufer gegen\u00fcber des [&hellip;]<\/p>\n","protected":false},"author":2,"featured_media":0,"parent":11733,"menu_order":2,"comment_status":"closed","ping_status":"closed","template":"","meta":{"_acf_changed":false,"_et_pb_use_builder":"","_et_pb_old_content":"","_et_gb_content_width":"","footnotes":""},"hf_cat_page":[],"class_list":["post-11707","page","type-page","status-publish","hentry"],"acf":[],"_links":{"self":[{"href":"https:\/\/dam-online.de\/en\/wp-json\/wp\/v2\/pages\/11707","targetHints":{"allow":["GET"]}}],"collection":[{"href":"https:\/\/dam-online.de\/en\/wp-json\/wp\/v2\/pages"}],"about":[{"href":"https:\/\/dam-online.de\/en\/wp-json\/wp\/v2\/types\/page"}],"author":[{"embeddable":true,"href":"https:\/\/dam-online.de\/en\/wp-json\/wp\/v2\/users\/2"}],"replies":[{"embeddable":true,"href":"https:\/\/dam-online.de\/en\/wp-json\/wp\/v2\/comments?post=11707"}],"version-history":[{"count":0,"href":"https:\/\/dam-online.de\/en\/wp-json\/wp\/v2\/pages\/11707\/revisions"}],"up":[{"embeddable":true,"href":"https:\/\/dam-online.de\/en\/wp-json\/wp\/v2\/pages\/11733"}],"wp:attachment":[{"href":"https:\/\/dam-online.de\/en\/wp-json\/wp\/v2\/media?parent=11707"}],"wp:term":[{"taxonomy":"hf_cat_page","embeddable":true,"href":"https:\/\/dam-online.de\/en\/wp-json\/wp\/v2\/hf_cat_page?post=11707"}],"curies":[{"name":"wp","href":"https:\/\/api.w.org\/{rel}","templated":true}]}}