{"id":11706,"date":"2019-07-24T16:01:22","date_gmt":"2019-07-24T14:01:22","guid":{"rendered":"https:\/\/dam-online.de\/faq\/"},"modified":"2019-07-24T16:01:22","modified_gmt":"2019-07-24T14:01:22","slug":"faq","status":"publish","type":"page","link":"https:\/\/dam-online.de\/en\/visit\/information-service\/faq\/","title":{"rendered":"FAQ"},"content":{"rendered":"<p><u>Barrierefreiheit\/Kinderwagen<br \/>\n<\/u>Alle Ausstellungs- und Veranstaltungsr\u00e4ume sind barrierefrei zu erreichen.<br \/>\nKinderwagen d\u00fcrfen in die Ausstellungen mitgenommen werden.<\/p>\n<p><u>Caf\u00e9<br \/>\n<\/u>Das Caf\u00e9 mit Skyline-Blick steht Ihnen w\u00e4hrend der \u00d6ffnungszeiten des Museums f\u00fcr einen Besuch mit oder ohne Museumseintritt offen. (Mehr: Link auf Caf\u00e9 im DAM)<\/p>\n<p><u>Garderobe<br \/>\n<\/u>Das Museum verf\u00fcgt \u00fcber eine Garderobe mit Schlie\u00dff\u00e4chern \u2013 Anzahl und Gr\u00f6\u00dfe sind beschr\u00e4nkt. Wir bitten daher um Verst\u00e4ndnis, dass gr\u00f6\u00dfere Koffer nicht untergebracht werden k\u00f6nnen. Wir k\u00f6nnen keine Haftung f\u00fcr Ihre pers\u00f6nlichen Gegenst\u00e4nde \u00fcbernehmen.<\/p>\n<p><u>Foto-\/Filmaufnahmen<br \/>\n<\/u>In den Ausstellungsr\u00e4umen darf f\u00fcr private Zwecke fotografiert und gefilmt werden. F\u00fcr nicht private Foto- und Filmaufnahmen, ggf. mit Stativ, sprechen Sie uns bitte an.<\/p>\n<p><u>F\u00fchrungen<br \/>\n<\/u>Samstags und sonntags finden i.d.R. kostenlose \u00f6ffentliche F\u00fchrungen in unseren aktuellen Ausstellungen statt. F\u00fcr Gruppenf\u00fchrungen bzw. private F\u00fchrungen kontaktieren Sie bitte Yorck F\u00f6rster. (Link zu 1.1.4 oder 1.5.2 Yorck F\u00f6rster)<\/p>\n<p><u>Gruppen<br \/>\n<\/u>F\u00fcr Gruppen ist immer eine vorherige Anmeldung erforderlich. Sie erreichen unser Servicepersonal unter T 069-212-38844 bzw. info.dam@stadt-frankfurt.de.<\/p>\n<p><u>Hausordnung<br \/>\n<\/u>Wir bitten Sie, weder Essen noch Getr\u00e4nke in die Ausstellung zu nehmen sowie Exponate nicht zu ber\u00fchren. Bei Zuwiderhandlung darf ein Hausverbot erteilt werden; der Ticketpreis wird nicht erstattet.<\/p>\n<p><u>Mitglied werden<br \/>\n<\/u>Sie m\u00f6chten Teil der Aktivit\u00e4ten und des Netzwerks des DAM werden? Die Gesellschaft der Freunde des DAM begr\u00fc\u00dft Sie gern als neues Mitglied. Informationen zur Mitgliedschaft finden Sie unter Engagement (Link auf 5.4 Engagement)<\/p>\n<p><u>Museumsshop<br \/>\n<\/u>In unserem Museumsshop erhalten Sie alle Ausstellungskataloge des DAM sowie eine gro\u00dfe Auswahl an Architekturpublikationen, die ebenso online bestellbar sind. Kosmetikt\u00e4schchen aus unseren Fassadenbannern, aktuelle Ausstellungsplakate und Postkarten runden das kleine, aber feine Angebot ab. (Mehr: Link auf 1.3 Publikationen)<\/p>\n<p><u>Presseanfragen<br \/>\n<\/u>Ihre Presseanfragen k\u00f6nnen Sie direkt an unsere PR-Abteilung richten (&gt; Link Pressekontakt \/ -bereich)<\/p>\n<p><u>Sitzgelegenheiten<br \/>\n<\/u>Im DAM k\u00f6nnen Sie Klappsitze ausleihen und in die Ausstellung mitnehmen. Au\u00dferdem steht Ihnen bei Bedarf eine Gehhilfe zur Verf\u00fcgung.<\/p>\n<p><u>Vermietung<br \/>\n<\/u>Das DAM steht Ihnen f\u00fcr Ihr Event als Veranstaltungsort zur Verf\u00fcgung. Anfragen richten Sie bitte direkt an Annette Becker (Link auf Vermietung)<\/p>\n<p><u>Wifi<br \/>\n<\/u>Das DAM bietet einen kostenfreien, nicht limitierten WLAN-Zugang, der Ihnen zurzeit in den Fl\u00e4chen im Erdgeschoss, im Caf\u00e9 und im Auditorium zur Verf\u00fcgung steht. Das Passwort erhalten Sie an der Kasse.<\/p>\n","protected":false},"excerpt":{"rendered":"<p>Barrierefreiheit\/Kinderwagen Alle Ausstellungs- und Veranstaltungsr\u00e4ume sind barrierefrei zu erreichen. Kinderwagen d\u00fcrfen in die Ausstellungen mitgenommen werden. Caf\u00e9 Das Caf\u00e9 mit Skyline-Blick steht Ihnen w\u00e4hrend der \u00d6ffnungszeiten des Museums f\u00fcr einen [&hellip;]<\/p>\n","protected":false},"author":2,"featured_media":0,"parent":11733,"menu_order":3,"comment_status":"closed","ping_status":"closed","template":"","meta":{"_acf_changed":false,"_et_pb_use_builder":"","_et_pb_old_content":"","_et_gb_content_width":"","footnotes":""},"hf_cat_page":[],"class_list":["post-11706","page","type-page","status-publish","hentry"],"acf":[],"_links":{"self":[{"href":"https:\/\/dam-online.de\/en\/wp-json\/wp\/v2\/pages\/11706","targetHints":{"allow":["GET"]}}],"collection":[{"href":"https:\/\/dam-online.de\/en\/wp-json\/wp\/v2\/pages"}],"about":[{"href":"https:\/\/dam-online.de\/en\/wp-json\/wp\/v2\/types\/page"}],"author":[{"embeddable":true,"href":"https:\/\/dam-online.de\/en\/wp-json\/wp\/v2\/users\/2"}],"replies":[{"embeddable":true,"href":"https:\/\/dam-online.de\/en\/wp-json\/wp\/v2\/comments?post=11706"}],"version-history":[{"count":0,"href":"https:\/\/dam-online.de\/en\/wp-json\/wp\/v2\/pages\/11706\/revisions"}],"up":[{"embeddable":true,"href":"https:\/\/dam-online.de\/en\/wp-json\/wp\/v2\/pages\/11733"}],"wp:attachment":[{"href":"https:\/\/dam-online.de\/en\/wp-json\/wp\/v2\/media?parent=11706"}],"wp:term":[{"taxonomy":"hf_cat_page","embeddable":true,"href":"https:\/\/dam-online.de\/en\/wp-json\/wp\/v2\/hf_cat_page?post=11706"}],"curies":[{"name":"wp","href":"https:\/\/api.w.org\/{rel}","templated":true}]}}