{"id":11567,"date":"2019-07-22T14:08:38","date_gmt":"2019-07-22T12:08:38","guid":{"rendered":"https:\/\/dam-online.de\/archiraum-de\/"},"modified":"2020-11-13T12:53:29","modified_gmt":"2020-11-13T11:53:29","slug":"archiraum-de","status":"publish","type":"page","link":"https:\/\/dam-online.de\/en\/education\/archiraum-de\/","title":{"rendered":"Archiraum.de"},"content":{"rendered":"<p>[et_pb_section fb_built=&#8221;1&#8243; disabled_on=&#8221;off|off|off&#8221; admin_label=&#8221;DAM Inline-Menu Sektion&#8221; module_id=&#8221;dam-inline-menu&#8221; _builder_version=&#8221;3.22&#8243; custom_margin=&#8221;0px||20px|&#8221; custom_padding=&#8221;0px||0px|&#8221;][et_pb_row admin_label=&#8221;DAM Inline-Menu Row&#8221; _builder_version=&#8221;3.25&#8243; custom_margin=&#8221;0px||0px|&#8221; custom_padding=&#8221;0px||0px|&#8221;][et_pb_column type=&#8221;4_4&#8243; _builder_version=&#8221;3.25&#8243; custom_padding=&#8221;|||&#8221; custom_padding__hover=&#8221;|||&#8221;][et_pb_text admin_label=&#8221;DAM Inline-Menu&#8221; _builder_version=&#8221;3.27.4&#8243; custom_margin=&#8221;0px||0px|&#8221; custom_padding=&#8221;0px||0px|&#8221;]<div id=\"mega-menu-wrap-max_mega_menu_1\" class=\"mega-menu-wrap\"><div class=\"mega-menu-toggle\"><div class=\"mega-toggle-blocks-left\"><\/div><div class=\"mega-toggle-blocks-center\"><\/div><div class=\"mega-toggle-blocks-right\"><div class='mega-toggle-block mega-menu-toggle-block mega-toggle-block-1' id='mega-toggle-block-1'><button class='mega-toggle-standard mega-toggle-label' aria-haspopup='true' aria-expanded='false' aria-controls='mega-menu-max_mega_menu_1'><span class='mega-toggle-label-closed'><\/span><span class='mega-toggle-label-open'><\/span><\/button><\/div><\/div><\/div><ul id=\"mega-menu-max_mega_menu_1\" class=\"mega-menu max-mega-menu mega-menu-horizontal mega-no-js\" data-event=\"hover\" data-effect=\"disabled\" data-effect-speed=\"200\" data-effect-mobile=\"disabled\" data-effect-speed-mobile=\"0\" data-panel-width=\".et_pb_row\" data-mobile-force-width=\"false\" data-second-click=\"go\" data-document-click=\"collapse\" data-vertical-behaviour=\"accordion\" data-breakpoint=\"767\" data-unbind=\"true\" data-mobile-state=\"collapse_all\" data-mobile-direction=\"vertical\" data-hover-intent-timeout=\"300\" data-hover-intent-interval=\"100\" data-overlay-desktop=\"false\" data-overlay-mobile=\"false\"><li class=\"mega-m-besuch mega-menu-item mega-menu-item-type-custom mega-menu-item-object-custom mega-menu-item-has-children mega-menu-megamenu mega-menu-grid mega-align-bottom-left mega-menu-grid mega-has-icon mega-icon-left mega-menu-item-6395 m-besuch\" id=\"mega-menu-item-6395\"><a class=\"mega-custom-icon mega-menu-link\" href=\"\/Besuch\" aria-expanded=\"false\" aria-controls=\"mega-sub-menu-6395\">Besuch<span class=\"mega-indicator\" aria-hidden=\"true\"><\/span><\/a>\n<ul class=\"mega-sub-menu\" role='presentation' id='mega-sub-menu-6395'>\n<li class=\"mega-menu-row\" id=\"mega-menu-6395-0\">\n\t<ul class=\"mega-sub-menu\" style='--columns:12' role='presentation'>\n<li class=\"mega-menu-column mega-menu-columns-4-of-12\" style=\"--columns:12; --span:4\" id=\"mega-menu-6395-0-0\">\n\t\t<ul class=\"mega-sub-menu\">\n<li class=\"mega-menu-item mega-menu-item-type-post_type mega-menu-item-object-page mega-menu-item-6508\" id=\"mega-menu-item-6508\"><a class=\"mega-menu-link\" href=\"https:\/\/dam-online.de\/besuch\/info\/\">Infos & Services<\/a><\/li><li class=\"mega-menu-item mega-menu-item-type-post_type mega-menu-item-object-page mega-menu-item-6509\" id=\"mega-menu-item-6509\"><a class=\"mega-menu-link\" href=\"https:\/\/dam-online.de\/besuch\/fuehrungen\/\">F\u00fchrungen<\/a><\/li><li class=\"mega-menu-item mega-menu-item-type-post_type mega-menu-item-object-page mega-menu-item-6510\" id=\"mega-menu-item-6510\"><a class=\"mega-menu-link\" href=\"https:\/\/dam-online.de\/besuch\/museumsshop\/\">Museumsshop<\/a><\/li><li class=\"mega-menu-item mega-menu-item-type-post_type mega-menu-item-object-page mega-menu-item-61792\" id=\"mega-menu-item-61792\"><a class=\"mega-menu-link\" href=\"https:\/\/dam-online.de\/besuch\/cafe\/\">Caf\u00e9<\/a><\/li><li class=\"mega-menu-item mega-menu-item-type-post_type mega-menu-item-object-page mega-menu-item-6512\" id=\"mega-menu-item-6512\"><a class=\"mega-menu-link\" href=\"https:\/\/dam-online.de\/kontakt\/\">Kontakt<\/a><\/li><li class=\"mega-menu-item mega-menu-item-type-widget widget_custom_html mega-menu-item-custom_html-58\" id=\"mega-menu-item-custom_html-58\"><h4 class=\"mega-block-title\">DAM Aktuell<\/h4><div class=\"textwidget custom-html-widget\"><p id=\"dam-aktuell-inline\" class=\"dam-aktuell-inline\">\r\n\t...\t\r\n<\/p>\r\n<\/div><\/li>\t\t<\/ul>\n<\/li><li class=\"mega-menu-column mega-menu-columns-4-of-12\" style=\"--columns:12; --span:4\" id=\"mega-menu-6395-0-1\">\n\t\t<ul class=\"mega-sub-menu\">\n<li class=\"mega-menu-item mega-menu-item-type-widget widget_custom_html mega-menu-item-custom_html-39\" id=\"mega-menu-item-custom_html-39\"><h4 class=\"mega-block-title\">\u00d6ffnungszeiten<\/h4><div class=\"textwidget custom-html-widget\"><p style=\"font-size:1.1rem! important; line-height:1.3!important;\"><span data-fetch-shortcode data-code=\"mbhi\" data-arguments=\"location=&quot;DAM3&quot; includetime=&quot;true&quot; includeday=&quot;true&quot; format=&quot;24&quot; approximation=&quot;true&quot; openingsoonmessagetime=&quot;2700&quot; closingsoonmessagetime=&quot;2700&quot; openmessage=&quot;Heute ge\u00f6ffnet von {from} \u2013 {to} Uhr&quot; closedmessage=&quot;Derzeit geschlossen!&quot; openingsoonmessage=&quot;Opens in {x} minutes!&quot; closingsoonmessage=&quot;Closes in {x} minutes!&quot; removezeroes=&quot;false&quot;  extra_classes=&quot;&quot; show_specialdate_messages=&quot;true&quot; show_vacation_messages=&quot;true&quot; vacation_message_closed=&quot;Closed today!&quot; specialdate_message_open=&quot;open!&quot; specialdate_message_closed=&quot;closed!&quot; from=&quot;&quot; to=&quot;&quot; loading=&quot;loading ...&quot; output=&quot;&quot;\">loading ...<\/span>\r\n<\/p>\r\n\r\n<p>\r\n<span data-fetch-shortcode data-code=\"mbhi_hours\" data-arguments=\"location=&quot;DAM3&quot; format=&quot;24&quot; display=&quot;consolidated&quot; output=&quot;table&quot; includeholidays=&quot;true&quot; includevacations=&quot;false&quot; abbreviatedays=&quot;false&quot; consolidationseparator=&quot; - &quot; hourseparator=&quot; - &quot; entryseparator=&quot;, &quot; mhbr=&quot;true&quot; showonlytoday=&quot;&quot; dayentryseparator=&quot; &quot; removezeroes=&quot;false&quot; seo=&quot;true&quot;  hide_hours=&quot;false&quot; startonsunday=&quot;false&quot; extra_classes=&quot;&quot; dates_in_past=&quot;false&quot; replace_with_specials=&quot;false&quot; replace_with_vacations=&quot;false&quot; date_format=&quot;day first&quot; replaced_vacations_format=&quot;{day_short} ({name})&quot; replaced_specials_format=&quot;{day_short} ({name})&quot; included_vacations_format=&quot;&lt;br\/&gt;{from_day_of_month}. - {to_day_of_month}. {to_month_short}&quot; included_specials_format=&quot;{day_of_month}. {month_short}&quot; day_format=&quot;{day}&quot; view=&quot;normal&quot; rollover=&quot;true&quot; rollover_from=&quot;30&quot; rollover_to=&quot;14&quot;\">loading ...<\/span>\n<div itemtype=\"http:\/\/schema.org\/LocalBusiness\" itemscope>\n\t<meta itemprop=\"name\" content=\"DAM3\">\n    \t<meta itemprop=\"openingHours\" content=\"Tu 11:00-18:00\"><meta itemprop=\"openingHours\" content=\"We 11:00-20:00\"><meta itemprop=\"openingHours\" content=\"Th-Su 11:00-18:00\">            <div itemprop=\"openingHoursSpecification\" itemscope itemtype=\"http:\/\/schema.org\/OpeningHoursSpecification\">\n                                    <time itemprop=\"validFrom validThrough\" datetime=\"2026-10-03\"><\/time>\n                                    <time itemprop=\"opens\" datetime=\"11:00:00\"><\/time>\n                                    <time itemprop=\"closes\" datetime=\"18:00:00\"><\/time>\n                            <\/div>\n                        <div itemprop=\"openingHoursSpecification\" itemscope itemtype=\"http:\/\/schema.org\/OpeningHoursSpecification\">\n                                    <time itemprop=\"validFrom validThrough\" datetime=\"2026-12-26\"><\/time>\n                                    <time itemprop=\"opens\" datetime=\"11:00:00\"><\/time>\n                                    <time itemprop=\"closes\" datetime=\"18:00:00\"><\/time>\n                            <\/div>\n                        <div itemprop=\"openingHoursSpecification\" itemscope itemtype=\"http:\/\/schema.org\/OpeningHoursSpecification\">\n                                    <time itemprop=\"validFrom validThrough\" datetime=\"2026-12-31\"><\/time>\n                                    <time itemprop=\"opens\" datetime=\"11:00:00\"><\/time>\n                                    <time itemprop=\"closes\" datetime=\"18:00:00\"><\/time>\n                            <\/div>\n                        <div itemprop=\"openingHoursSpecification\" itemscope itemtype=\"http:\/\/schema.org\/OpeningHoursSpecification\">\n                                    <time itemprop=\"validFrom validThrough\" datetime=\"2026-02-17\"><\/time>\n                                    <time itemprop=\"opens\" datetime=\"11:00:00\"><\/time>\n                                    <time itemprop=\"closes\" datetime=\"18:00:00\"><\/time>\n                            <\/div>\n                        <div itemprop=\"openingHoursSpecification\" itemscope itemtype=\"http:\/\/schema.org\/OpeningHoursSpecification\">\n                                    <time itemprop=\"validFrom validThrough\" datetime=\"2026-04-03\"><\/time>\n                                    <time itemprop=\"opens\" datetime=\"11:00:00\"><\/time>\n                                    <time itemprop=\"closes\" datetime=\"18:00:00\"><\/time>\n                            <\/div>\n                        <div itemprop=\"openingHoursSpecification\" itemscope itemtype=\"http:\/\/schema.org\/OpeningHoursSpecification\">\n                                    <time itemprop=\"validFrom validThrough\" datetime=\"2026-04-05\"><\/time>\n                                    <time itemprop=\"opens\" datetime=\"11:00:00\"><\/time>\n                                    <time itemprop=\"closes\" datetime=\"18:00:00\"><\/time>\n                            <\/div>\n                        <div itemprop=\"openingHoursSpecification\" itemscope itemtype=\"http:\/\/schema.org\/OpeningHoursSpecification\">\n                                    <time itemprop=\"validFrom validThrough\" datetime=\"2026-04-06\"><\/time>\n                                    <time itemprop=\"opens\" datetime=\"11:00:00\"><\/time>\n                                    <time itemprop=\"closes\" datetime=\"18:00:00\"><\/time>\n                            <\/div>\n                        <div itemprop=\"openingHoursSpecification\" itemscope itemtype=\"http:\/\/schema.org\/OpeningHoursSpecification\">\n                                    <time itemprop=\"validFrom validThrough\" datetime=\"2026-05-01\"><\/time>\n                                    <time itemprop=\"opens\" datetime=\"11:00:00\"><\/time>\n                                    <time itemprop=\"closes\" datetime=\"18:00:00\"><\/time>\n                            <\/div>\n                        <div itemprop=\"openingHoursSpecification\" itemscope itemtype=\"http:\/\/schema.org\/OpeningHoursSpecification\">\n                                    <time itemprop=\"validFrom validThrough\" datetime=\"2026-05-14\"><\/time>\n                                    <time itemprop=\"opens\" datetime=\"11:00:00\"><\/time>\n                                    <time itemprop=\"closes\" datetime=\"18:00:00\"><\/time>\n                            <\/div>\n                        <div itemprop=\"openingHoursSpecification\" itemscope itemtype=\"http:\/\/schema.org\/OpeningHoursSpecification\">\n                                    <time itemprop=\"validFrom validThrough\" datetime=\"2026-05-24\"><\/time>\n                                    <time itemprop=\"opens\" datetime=\"11:00:00\"><\/time>\n                                    <time itemprop=\"closes\" datetime=\"18:00:00\"><\/time>\n                            <\/div>\n                        <div itemprop=\"openingHoursSpecification\" itemscope itemtype=\"http:\/\/schema.org\/OpeningHoursSpecification\">\n                                    <time itemprop=\"validFrom validThrough\" datetime=\"2026-05-25\"><\/time>\n                                    <time itemprop=\"opens\" datetime=\"11:00:00\"><\/time>\n                                    <time itemprop=\"closes\" datetime=\"18:00:00\"><\/time>\n                            <\/div>\n                        <div itemprop=\"openingHoursSpecification\" itemscope itemtype=\"http:\/\/schema.org\/OpeningHoursSpecification\">\n                                    <time itemprop=\"validFrom validThrough\" datetime=\"2026-05-26\"><\/time>\n                                    <time itemprop=\"opens\" datetime=\"11:00:00\"><\/time>\n                                    <time itemprop=\"closes\" datetime=\"18:00:00\"><\/time>\n                            <\/div>\n            <\/div>\n\r\n<\/p>\r\n<!-- \r\n\r\n[mbhi_specials location=\"DAM3\" format=\"24\" display=\"consolidated\" output=\"table\" mhbr=\"true\" included_specials_format=\"{date}. \"]\r\n\r\n[mbhi_specials location=\"DAM3\" format=\"24\" display=\"normal\" output=\"table\" mhbr=\"true\" included_specials_format=\"{date} {name} \"]\r\n-->\r\n\r\n<!-- \r\n<p style=\"font-size: 0.9rem!important; font-weight:bold; padding-left:0px;\">bis einschlie\u00dflich 31. Mai GESCHLOSSEN!<\/p>\r\n\r\n<p style=\"font-size: 0.9rem!important; font-weight:bold; padding-left:6px;\">24. - 25. Dezember & 1. Januar Geschlossen!<\/p>\r\n-->\r\n\r\n<!-- \r\n<p style=\"font-size: 0.9rem!important; font-weight:bold; padding-left:0px;\">Bis einschlie\u00dflich 31. Januar geschlossen!<\/p>\r\n-->\r\n\r\n<p style=\"font-size: 0.9rem!important; font-weight:bold; padding-left:6px;\">Heiligabend, 1. Weihnachtsfeiertag und 1. Januar GESCHLOSSEN!\r\n<\/p><\/div><\/li><li class=\"mega-menu-item mega-menu-item-type-widget widget_custom_html mega-menu-item-custom_html-8\" id=\"mega-menu-item-custom_html-8\"><h4 class=\"mega-block-title\">Anfahrt<\/h4><div class=\"textwidget custom-html-widget\">\t\t\t<p>\r\n\t\t\t\tDeutsches Architekturmuseum (DAM)<br>\r\n\t\t\t\tSchaumainkai 43<br>\r\n\t\t\t\t60596 Frankfurt am Main<br>\r\n\t\t\t\t<!--\r\n\t\t\t\tHenschelstra\u00dfe 18\r\n\t\t\t\t60314 Frankfurt am Main<br>\r\n\t\t\t\t-->\r\n\t\t\t\t<!--<span style=\"color: yellow!important\">\r\n\t\t\t\tEingang am Parkplatz<br>\r\n\t\t\t\tneben Corona-Testcenter<br>\r\n\t\t\t\t<\/span>-->\r\n\t\t\t\t<!--DAM Ostend<br>\r\n\t\t\t\tHenschelstr. 18<br>\r\n\t\t\t\t60314 Frankfurt am Main<br>-->\r\n\t\t\t\t<a style=\"text-decoration:underline!important\" href=\"https:\/\/www.google.de\/maps\/place\/Henschelstra%C3%9Fe+16,+60314+Frankfurt+am+Main\/@50.1142922,8.7089342,19.19z\/data=!4m5!3m4!1s0x47bd0e8ff9bdb463:0x8c5f8cdc0c4c6460!8m2!3d50.1142163!4d8.7092373\">Stadtplan<\/a>\r\n\t\t\t<\/p><\/div><\/li><li class=\"mega-menu-item mega-menu-item-type-widget widget_custom_html mega-menu-item-custom_html-24\" id=\"mega-menu-item-custom_html-24\"><h4 class=\"mega-block-title\">Kontakt<\/h4><div class=\"textwidget custom-html-widget\">\t\t\t<p>\r\n\t\t\t\tT 069 212 38844<br>\r\n\t\t\t<a href=\"mailto:info.dam@stadt-frankfurt.de\">info.dam@stadt-frankfurt.de<\/a>\r\n\t\t\t<\/p><\/div><\/li>\t\t<\/ul>\n<\/li><li class=\"mega-menu-column mega-menu-columns-4-of-12\" style=\"--columns:12; --span:4\" id=\"mega-menu-6395-0-2\">\n\t\t<ul class=\"mega-sub-menu\">\n<li class=\"mega-menu-item mega-menu-item-type-widget widget_media_image mega-menu-item-media_image-39\" id=\"mega-menu-item-media_image-39\"><a href=\"\/besuch\/info\/\"><img loading=\"lazy\" decoding=\"async\" width=\"311\" height=\"441\" src=\"https:\/\/dam-online.de\/wp-content\/uploads\/2023\/04\/Miniplakat-25-06-13-2.jpg\" class=\"image wp-image-60768  attachment-full size-full\" alt=\"\" style=\"max-width: 100%; height: auto;\" srcset=\"https:\/\/dam-online.de\/wp-content\/uploads\/2023\/04\/Miniplakat-25-06-13-2.jpg 311w, https:\/\/dam-online.de\/wp-content\/uploads\/2023\/04\/Miniplakat-25-06-13-2-212x300.jpg 212w, https:\/\/dam-online.de\/wp-content\/uploads\/2023\/04\/Miniplakat-25-06-13-2-150x213.jpg 150w, https:\/\/dam-online.de\/wp-content\/uploads\/2023\/04\/Miniplakat-25-06-13-2-250x355.jpg 250w, https:\/\/dam-online.de\/wp-content\/uploads\/2023\/04\/Miniplakat-25-06-13-2-300x425.jpg 300w\" sizes=\"(max-width: 311px) 100vw, 311px\" \/><\/a><\/li>\t\t<\/ul>\n<\/li>\t<\/ul>\n<\/li><\/ul>\n<\/li><li class=\"mega-menu-item mega-menu-item-type-custom mega-menu-item-object-custom mega-menu-item-has-children mega-menu-megamenu mega-menu-grid mega-align-bottom-left mega-menu-grid mega-menu-item-6396\" id=\"mega-menu-item-6396\"><a class=\"mega-menu-link\" href=\"\/Programm\" aria-expanded=\"false\" aria-controls=\"mega-sub-menu-6396\">Programm<span class=\"mega-indicator\" aria-hidden=\"true\"><\/span><\/a>\n<ul class=\"mega-sub-menu\" role='presentation' id='mega-sub-menu-6396'>\n<li class=\"mega-menu-row\" id=\"mega-menu-6396-0\">\n\t<ul class=\"mega-sub-menu\" style='--columns:12' role='presentation'>\n<li class=\"mega-menu-column mega-menu-columns-4-of-12\" style=\"--columns:12; --span:4\" id=\"mega-menu-6396-0-0\">\n\t\t<ul class=\"mega-sub-menu\">\n<li class=\"mega-menu-item mega-menu-item-type-post_type mega-menu-item-object-page mega-menu-item-6505\" id=\"mega-menu-item-6505\"><a class=\"mega-menu-link\" href=\"https:\/\/dam-online.de\/programm\/ausstellungen\/\">Ausstellungen<\/a><\/li><li class=\"mega-menu-item mega-menu-item-type-post_type mega-menu-item-object-page mega-menu-item-6506\" id=\"mega-menu-item-6506\"><a class=\"mega-menu-link\" href=\"https:\/\/dam-online.de\/programm\/veranstaltungen\/\">Veranstaltungen<\/a><\/li><li class=\"mega-menu-item mega-menu-item-type-post_type mega-menu-item-object-page mega-menu-item-6507\" id=\"mega-menu-item-6507\"><a class=\"mega-menu-link\" href=\"https:\/\/dam-online.de\/programm\/architekturpreise\/\">Architekturpreise<\/a><\/li><li class=\"mega-menu-item mega-menu-item-type-custom mega-menu-item-object-custom mega-menu-item-37033\" id=\"mega-menu-item-37033\"><a class=\"mega-menu-link\" href=\"\/shop\">Publikationen<\/a><\/li><li class=\"mega-dam-digital mega-menu-item mega-menu-item-type-post_type mega-menu-item-object-page mega-menu-item-22191 dam-digital\" id=\"mega-menu-item-22191\"><a class=\"mega-menu-link\" href=\"https:\/\/dam-online.de\/programm\/dam-digital\/\">DAM Digital<\/a><\/li>\t\t<\/ul>\n<\/li><li class=\"mega-menu-column mega-col-middle mega-menu-columns-4-of-12 col-middle\" style=\"--columns:12; --span:4\" id=\"mega-menu-6396-0-1\">\n\t\t<ul class=\"mega-sub-menu\">\n<li class=\"mega-menu-item mega-menu-item-type-widget widget_custom_html mega-menu-item-custom_html-40\" id=\"mega-menu-item-custom_html-40\"><div class=\"textwidget custom-html-widget\"><!--\r\n<p>\r\n[ecs-list-events exclude_id='53212' design=\"compact\" tag=\"mega-menu\" tag_cat_operator='AND' exclude_cat='Ausstellung' thumb='true' thumbwidth='300' thumbheight='210' contentorder=\"thumbnail, title, date\" eventdetails=\"true\"]\r\n<\/p> \r\n-->\r\n\r\n<p>\r\n<!--\r\n[ecs-list-events id='56629' design='compact' thumb='true' thumbwidth='300' thumbheight='210' contentorder='thumbnail, title, date' eventdetails='true']\r\n\r\n[ecs-list-events id='57939' design='compact' thumb='true' thumbwidth='300' thumbheight='210' contentorder='thumbnail, title, date' eventdetails='true']\r\n-->\r\n\r\n<style>.compact.compact-1 .ecs-event .ecs-event-status.ecs-event-status-canceled, .compact.compact-1 .ecs-event-status.ecs-event-status-postponed {color:#DA394D;}.ecs-events.compact.compact-1 {display:table;border-spacing:5px;}.compact.compact-1 .ecs-event {width:100%;display:table-row;margin-bottom:5px;height:75px;}.compact.compact-1 .ecs-event .date_thumb {width:80px;display:table-cell;text-align:center;vertical-align:middle;background-color:#eeeeee;color:#050505;}.compact.compact-1 .ecs-event .date_thumb .month {font-size:16px;text-transform:uppercase;margin:0;padding:0;line-height:1;}.compact.compact-1 .ecs-event .date_thumb .day {font-size:26px;font-weight:bold;margin:0;padding:0;line-height:1;}.compact.compact-1 .ecs-event .summary, .compact .ecs-event .ecs-thumbnail, .compact .ecs-event .ecs-button {display:table-cell;vertical-align:middle;}.ecs-events.compact.compact-1 .ecs-button a {background-color:#666;background-image:none;border-radius:3px;border:0;box-shadow:none;color: #fff;cursor: pointer;display: inline-block;font-size: 11px;font-weight: 700;letter-spacing: 1px;line-height: normal;padding: 6px 9px;text-align: center;text-decoration:none;text-transform:uppercase;vertical-align:middle;zoom:1;white-space:nowrap;}.compact.compact-1 .ecs-event .ecs-button {padding-left:10px;}.compact.compact-1 .ecs-event .ecs-thumbnail img {max-width:none;display:table-cell;margin:0;padding:0;}.compact.compact-1 .ecs-event .ecs-excerpt {margin-top: 5px;}<\/style><div class=\"ecs-events compact compact-1\"><div class=\"ecs-event veranstaltung-en_ecs_category\"><div class=\"ecs-thumbnail\"><img loading=\"lazy\" decoding=\"async\" width=\"300\" height=\"200\" src=\"https:\/\/dam-online.de\/wp-content\/uploads\/2026\/02\/DAM_StadtSport_MoritzBernoully_web_03.jpg\" class=\"attachment-300x210 size-300x210 wp-post-image\" alt=\"\" \/><\/div><div class=\"summary\"><a href=\"https:\/\/dam-online.de\/en\/veranstaltung\/calisthenics-battle-by-flythenics\/\" rel=\"bookmark\">UNITED BY BARZ \u2013 Calisthenics Community Event \u2013 mit Flythenics<\/a><div class=\"ecs-date\"><span class=\"tribe-event-date-start\">2. May \u2013 11:00<\/span> \u2013 <span class=\"tribe-event-time\">17:00<\/span><\/div><\/div><\/div><div class=\"ecs-event veranstaltung-en_ecs_category\"><div class=\"ecs-thumbnail\"><img loading=\"lazy\" decoding=\"async\" width=\"300\" height=\"198\" src=\"https:\/\/dam-online.de\/wp-content\/uploads\/2026\/02\/Hauptbahnhof-Gleisfeld_mit-Logo_rot.jpg\" class=\"attachment-300x210 size-300x210 wp-post-image\" alt=\"\" srcset=\"https:\/\/dam-online.de\/wp-content\/uploads\/2026\/02\/Hauptbahnhof-Gleisfeld_mit-Logo_rot-1280x845.jpg 1280w, https:\/\/dam-online.de\/wp-content\/uploads\/2026\/02\/Hauptbahnhof-Gleisfeld_mit-Logo_rot-980x647.jpg 980w, https:\/\/dam-online.de\/wp-content\/uploads\/2026\/02\/Hauptbahnhof-Gleisfeld_mit-Logo_rot-480x317.jpg 480w\" sizes=\"(min-width: 0px) and (max-width: 480px) 480px, (min-width: 481px) and (max-width: 980px) 980px, (min-width: 981px) and (max-width: 1280px) 1280px, 100vw\" \/><\/div><div class=\"summary\"><a href=\"https:\/\/dam-online.de\/en\/veranstaltung\/die-stadt-das-zeichnen-urban-sketching-wie-skizzieren-zum-stadterlebnis-wird\/\" rel=\"bookmark\">DIE STADT + DAS ZEICHNEN Urban Sketching &#8211; Wie Skizzieren zum Stadterlebnis wird<\/a><div class=\"ecs-date\"><span class=\"tribe-event-date-start\">6. May \u2013 19:00<\/span><\/div><\/div><\/div><\/div><script type=\"application\/ld+json\">\r\n[{\"@context\":\"http:\/\/schema.org\",\"@type\":\"Event\",\"name\":\"UNITED BY BARZ \\u2013 Calisthenics Community Event \\u2013 mit Flythenics\",\"description\":\"&lt;p&gt;Das Calisthenics Community Event im DAM bringt Athlet:innen, Sportbegeisterte und Zuschauer:innen zusammen \\u2013 f\\u00fcr einen Tag voller Kraft, Dynamik und echtem Community-Spirit.&lt;\/p&gt;\\\\n\",\"image\":\"https:\/\/dam-online.de\/wp-content\/uploads\/2026\/02\/DAM_StadtSport_MoritzBernoully_web_03.jpg\",\"url\":\"https:\/\/dam-online.de\/en\/veranstaltung\/calisthenics-battle-by-flythenics\/\",\"eventAttendanceMode\":\"https:\/\/schema.org\/OfflineEventAttendanceMode\",\"eventStatus\":\"https:\/\/schema.org\/EventScheduled\",\"startDate\":\"2026-05-02T11:00:00+02:00\",\"endDate\":\"2026-05-02T17:00:00+02:00\",\"location\":{\"@type\":\"Place\",\"name\":\"Deutsches Architekturmuseum (DAM)\",\"description\":\"\",\"url\":\"https:\/\/dam-online.de\/ort\/dam\/\",\"address\":{\"@type\":\"PostalAddress\",\"streetAddress\":\"Schaumainkai 43\",\"addressLocality\":\"Frankfurt \/ M.\",\"addressRegion\":\"Hessen\",\"postalCode\":\"D-60596\"},\"telephone\":\"+49 (0)69 212-38844\",\"sameAs\":\"\"},\"organizer\":{\"@type\":\"Person\",\"name\":\"Deutsches Architekturmuseum (DAM)\",\"description\":\"\",\"url\":\"https:\/\/dam-online.de\",\"telephone\":\"069 - 212 38844\",\"email\":\"&#105;n&#102;&#111;.dam&#64;s&#116;adt-fran&#107;fu&#114;&#116;&#46;de\",\"sameAs\":\"https:\/\/dam-online.de\"},\"performer\":\"Organization\"},{\"@context\":\"http:\/\/schema.org\",\"@type\":\"Event\",\"name\":\"DIE STADT + DAS ZEICHNEN Urban Sketching &#8211; Wie Skizzieren zum Stadterlebnis wird\",\"description\":\"&lt;p&gt;Wer sitzt denn da am Wegesrand? Mit Skizzenbuch und Stift? Urban Sketching hei\\u00dft das Live-Zeichnen vor Ort, was unter Architekt:innen oder K\\u00fcnstler:innen schon seit jeher verbreitet ist. Daraus ist in zahlreichen Gruppen seit 2007 eine weltweite Bewegung geworden.&lt;\/p&gt;\\\\n\",\"image\":\"https:\/\/dam-online.de\/wp-content\/uploads\/2026\/02\/Hauptbahnhof-Gleisfeld_mit-Logo_rot.jpg\",\"url\":\"https:\/\/dam-online.de\/en\/veranstaltung\/die-stadt-das-zeichnen-urban-sketching-wie-skizzieren-zum-stadterlebnis-wird\/\",\"eventAttendanceMode\":\"https:\/\/schema.org\/OfflineEventAttendanceMode\",\"eventStatus\":\"https:\/\/schema.org\/EventScheduled\",\"startDate\":\"2026-05-06T19:00:00+02:00\",\"endDate\":\"2026-05-06T19:00:00+02:00\",\"location\":{\"@type\":\"Place\",\"name\":\"DAM Auditorium\",\"description\":\"\",\"url\":\"https:\/\/dam-online.de\/ort\/auditorium\/\",\"address\":{\"@type\":\"PostalAddress\",\"streetAddress\":\"Schaumainkai 43\",\"addressLocality\":\"Frankfurt am Main\",\"addressRegion\":\"Hessen\",\"postalCode\":\"60596\",\"addressCountry\":\"Deutschland\"},\"geo\":{\"@type\":\"GeoCoordinates\",\"latitude\":50.105076,\"longitude\":8.6768825},\"telephone\":\"069 212 38844\",\"sameAs\":\"\"},\"organizer\":{\"@type\":\"Person\",\"name\":\"Deutsches Architekturmuseum (DAM)\",\"description\":\"\",\"url\":\"https:\/\/dam-online.de\",\"telephone\":\"069 - 212 38844\",\"email\":\"i&#110;f&#111;&#46;&#100;a&#109;&#64;s&#116;adt&#45;&#102;r&#97;n&#107;&#102;u&#114;t&#46;&#100;e\",\"sameAs\":\"https:\/\/dam-online.de\"},\"offers\":{\"@type\":\"Offer\",\"price\":\"10\",\"priceCurrency\":\"EUR\",\"url\":\"https:\/\/dam-online.de\/en\/veranstaltung\/die-stadt-das-zeichnen-urban-sketching-wie-skizzieren-zum-stadterlebnis-wird\/\",\"category\":\"primary\",\"availability\":\"inStock\",\"validFrom\":\"2026-02-13T00:00:00+00:00\"},\"performer\":\"Organization\"}]\r\n<\/script>\r\n\r\n<\/p>\r\n\r\n<\/div><\/li>\t\t<\/ul>\n<\/li><li class=\"mega-menu-column mega-menu-columns-4-of-12\" style=\"--columns:12; --span:4\" id=\"mega-menu-6396-0-2\">\n\t\t<ul class=\"mega-sub-menu\">\n<li class=\"mega-menu-item mega-menu-item-type-widget widget_media_image mega-menu-item-media_image-12\" id=\"mega-menu-item-media_image-12\"><a href=\"\/veranstaltung\/suburbia-traeume-vom-eigenheim-\u00a5-wege-aus-der-wohnungskrise\/\" target=\"_blank\"><img loading=\"lazy\" decoding=\"async\" width=\"311\" height=\"441\" src=\"https:\/\/dam-online.de\/wp-content\/uploads\/2026\/03\/DAM_Suburbia_Miniplakat_311x441px_300dpi_260205_bearb.jpg\" class=\"image wp-image-65161  attachment-full size-full\" alt=\"\" style=\"max-width: 100%; height: auto;\" srcset=\"https:\/\/dam-online.de\/wp-content\/uploads\/2026\/03\/DAM_Suburbia_Miniplakat_311x441px_300dpi_260205_bearb.jpg 311w, https:\/\/dam-online.de\/wp-content\/uploads\/2026\/03\/DAM_Suburbia_Miniplakat_311x441px_300dpi_260205_bearb-212x300.jpg 212w, https:\/\/dam-online.de\/wp-content\/uploads\/2026\/03\/DAM_Suburbia_Miniplakat_311x441px_300dpi_260205_bearb-150x213.jpg 150w, https:\/\/dam-online.de\/wp-content\/uploads\/2026\/03\/DAM_Suburbia_Miniplakat_311x441px_300dpi_260205_bearb-250x355.jpg 250w, https:\/\/dam-online.de\/wp-content\/uploads\/2026\/03\/DAM_Suburbia_Miniplakat_311x441px_300dpi_260205_bearb-300x425.jpg 300w\" sizes=\"(max-width: 311px) 100vw, 311px\" \/><\/a><\/li>\t\t<\/ul>\n<\/li>\t<\/ul>\n<\/li><li class=\"mega-menu-row\" id=\"mega-menu-6396-1\">\n\t<ul class=\"mega-sub-menu\" style='--columns:12' role='presentation'>\n<li class=\"mega-menu-column mega-menu-columns-5-of-12 mega-hide-on-mobile mega-hide-on-desktop\" style=\"--columns:12; --span:5\" id=\"mega-menu-6396-1-0\">\n\t\t<ul class=\"mega-sub-menu\">\n<li class=\"mega-menu-item mega-menu-item-type-widget widget_media_image mega-menu-item-media_image-10\" id=\"mega-menu-item-media_image-10\"><div style=\"width: 260px\" class=\"wp-caption alignnone\"><a href=\"\/0-0-ausstellung-02\/\"><img loading=\"lazy\" decoding=\"async\" width=\"250\" height=\"167\" src=\"https:\/\/dam-online.de\/wp-content\/uploads\/2019\/03\/3b9c3767-dam_dampreis2018_statuetten_foto_fritzphilipp-250x167.jpg\" class=\"image wp-image-6343  attachment-250x167 size-250x167\" alt=\"DAM Preis Statuetten \\ Foto: Fritz Philipp\" style=\"max-width: 100%; height: auto;\" srcset=\"https:\/\/dam-online.de\/wp-content\/uploads\/2019\/03\/3b9c3767-dam_dampreis2018_statuetten_foto_fritzphilipp-250x167.jpg 250w, https:\/\/dam-online.de\/wp-content\/uploads\/2019\/03\/3b9c3767-dam_dampreis2018_statuetten_foto_fritzphilipp-300x200.jpg 300w, https:\/\/dam-online.de\/wp-content\/uploads\/2019\/03\/3b9c3767-dam_dampreis2018_statuetten_foto_fritzphilipp-600x400.jpg 600w, https:\/\/dam-online.de\/wp-content\/uploads\/2019\/03\/3b9c3767-dam_dampreis2018_statuetten_foto_fritzphilipp-768x512.jpg 768w, https:\/\/dam-online.de\/wp-content\/uploads\/2019\/03\/3b9c3767-dam_dampreis2018_statuetten_foto_fritzphilipp-1030x687.jpg 1030w, https:\/\/dam-online.de\/wp-content\/uploads\/2019\/03\/3b9c3767-dam_dampreis2018_statuetten_foto_fritzphilipp-150x100.jpg 150w, https:\/\/dam-online.de\/wp-content\/uploads\/2019\/03\/3b9c3767-dam_dampreis2018_statuetten_foto_fritzphilipp-350x233.jpg 350w, https:\/\/dam-online.de\/wp-content\/uploads\/2019\/03\/3b9c3767-dam_dampreis2018_statuetten_foto_fritzphilipp-1080x720.jpg 1080w, https:\/\/dam-online.de\/wp-content\/uploads\/2019\/03\/3b9c3767-dam_dampreis2018_statuetten_foto_fritzphilipp.jpg 1600w\" sizes=\"(max-width: 250px) 100vw, 250px\" \/><\/a><p class=\"wp-caption-text\">Foto: Fritz Philipp<\/p><\/div><\/li><li class=\"mega-menu-item mega-menu-item-type-widget widget_divi_pb_widget mega-menu-item-divi_pb_widget-4\" id=\"mega-menu-item-divi_pb_widget-4\">[et_pb_text admin_label=\"DAM Mega-Menu Post Item\" _builder_version=\"3.21.1\" text_line_height_last_edited=\"off|\" saved_tabs=\"all\" animation_duration=\"250ms\" link_text_align=\"\" ul_text_align=\"\" ol_text_align=\"\" quote_text_align=\"\" header_text_align=\"\" header_2_text_align=\"\" header_3_text_align=\"\" header_4_text_align=\"\" header_5_text_align=\"\" header_6_text_align=\"\" module_alignment=\"\" text_text_shadow_horizontal_length=\"\" text_text_shadow_vertical_length=\"\" text_text_shadow_blur_strength=\"\" link_text_shadow_horizontal_length=\"\" link_text_shadow_vertical_length=\"\" link_text_shadow_blur_strength=\"\" ul_text_shadow_horizontal_length=\"\" ul_text_shadow_vertical_length=\"\" ul_text_shadow_blur_strength=\"\" ol_text_shadow_horizontal_length=\"\" ol_text_shadow_vertical_length=\"\" ol_text_shadow_blur_strength=\"\" quote_text_shadow_horizontal_length=\"\" quote_text_shadow_vertical_length=\"\" quote_text_shadow_blur_strength=\"\" header_text_shadow_horizontal_length=\"\" header_text_shadow_vertical_length=\"\" header_text_shadow_blur_strength=\"\" header_2_text_shadow_horizontal_length=\"\" header_2_text_shadow_vertical_length=\"\" header_2_text_shadow_blur_strength=\"\" header_3_text_shadow_horizontal_length=\"\" header_3_text_shadow_vertical_length=\"\" header_3_text_shadow_blur_strength=\"\" header_4_text_shadow_horizontal_length=\"\" header_4_text_shadow_vertical_length=\"\" header_4_text_shadow_blur_strength=\"\" header_5_text_shadow_horizontal_length=\"\" header_5_text_shadow_vertical_length=\"\" header_5_text_shadow_blur_strength=\"\" header_6_text_shadow_horizontal_length=\"\" header_6_text_shadow_vertical_length=\"\" header_6_text_shadow_blur_strength=\"\" collapsed=\"on\" template_type=\"module\" z_index_tablet=\"500\"]\r\n\r\n<div class=\"ecs-no-events\">There are no upcoming Veranstaltungen.<\/div>\r\n\r\n<!--[ecs-list-events cat=\"Ausstellung\" tag=\"mega-menu\" tag_cat_operator='AND' exclude_cat='Architekturpreis, Veranstaltung, Vermittlung']-->\r\n\r\n<!--[ecs-list-events cat=\"Ausstellung\" tag=\"mega-menu\" tag_cat_operator='AND']-->\r\n\r\n<!-- [ecs-list-events cat=\"Ausstellung\" titlesize=\"16px\" limit=\"1\" description=\"false\" tag=\"mega-menu\" venue=\"false\"] design=\"columns\" design=\"table\" thumb='true' thumbwidth='150' thumbheight='150' futureonly='true' featured_only='true' excerpt=\"true\" description=\"true\" raw_description=\"true\" -->\r\n\r\n[\/et_pb_text]<\/li><li class=\"mega-menu-item mega-menu-item-type-widget widget_divi_pb_widget mega-menu-item-divi_pb_widget-5\" id=\"mega-menu-item-divi_pb_widget-5\">[et_pb_text admin_label=\"DAM Mega-Menu Event Preis\" _builder_version=\"3.21.1\" saved_tabs=\"all\" text_text_shadow_horizontal_length=\"\" text_text_shadow_vertical_length=\"\" text_text_shadow_blur_strength=\"\" link_text_align=\"\" link_text_shadow_horizontal_length=\"\" link_text_shadow_vertical_length=\"\" link_text_shadow_blur_strength=\"\" ul_text_align=\"\" ul_text_shadow_horizontal_length=\"\" ul_text_shadow_vertical_length=\"\" ul_text_shadow_blur_strength=\"\" ol_text_align=\"\" ol_text_shadow_horizontal_length=\"\" ol_text_shadow_vertical_length=\"\" ol_text_shadow_blur_strength=\"\" quote_text_align=\"\" quote_text_shadow_horizontal_length=\"\" quote_text_shadow_vertical_length=\"\" quote_text_shadow_blur_strength=\"\" header_text_align=\"\" header_text_shadow_horizontal_length=\"\" header_text_shadow_vertical_length=\"\" header_text_shadow_blur_strength=\"\" header_2_text_align=\"\" header_2_text_shadow_horizontal_length=\"\" header_2_text_shadow_vertical_length=\"\" header_2_text_shadow_blur_strength=\"\" header_3_text_align=\"\" header_3_text_shadow_horizontal_length=\"\" header_3_text_shadow_vertical_length=\"\" header_3_text_shadow_blur_strength=\"\" header_4_text_align=\"\" header_4_text_shadow_horizontal_length=\"\" header_4_text_shadow_vertical_length=\"\" header_4_text_shadow_blur_strength=\"\" header_5_text_align=\"\" header_5_text_shadow_horizontal_length=\"\" header_5_text_shadow_vertical_length=\"\" header_5_text_shadow_blur_strength=\"\" header_6_text_align=\"\" header_6_text_shadow_horizontal_length=\"\" header_6_text_shadow_vertical_length=\"\" header_6_text_shadow_blur_strength=\"\" module_alignment=\"\" template_type=\"module\" z_index_tablet=\"500\"]\r\n\r\n<div class=\"ecs-no-events\">There are no upcoming Veranstaltungen.<\/div>\r\n<!--\r\n[ecs-list-events cat=\"Architekturpreis\" tag=\"mega-menu\" tag_cat_operator='AND']\r\n\r\n[ecs-list-events cat=\"Ausstellung\" titlesize=\"16px\" limit=\"1\" description=\"false\" tag=\"mega-menu\" venue=\"false\"]\r\ndesign=\"columns\"\r\ndesign=\"table\"\r\nthumb='true' thumbwidth='150' thumbheight='150'\r\nfutureonly='true'\r\nfeatured_only='true'\r\nexcerpt=\"true\" description=\"true\" raw_description=\"true\"\r\n-->\r\n\r\n[\/et_pb_text]<\/li><li class=\"mega-menu-item mega-menu-item-type-widget widget_custom_html mega-menu-item-custom_html-10\" id=\"mega-menu-item-custom_html-10\"><h4 class=\"mega-block-title\">Architekturpreise aktuell:<\/h4><div class=\"textwidget custom-html-widget\"><\/div><\/li><li class=\"mega-menu-item mega-menu-item-type-widget widget_custom_html mega-menu-item-custom_html-11\" id=\"mega-menu-item-custom_html-11\"><div class=\"textwidget custom-html-widget\"><br><\/div><\/li><li class=\"mega-menu-item mega-menu-item-type-widget widget_custom_html mega-menu-item-custom_html-25\" id=\"mega-menu-item-custom_html-25\"><h4 class=\"mega-block-title\">N\u00e4chste Veranstaltung:<\/h4><div class=\"textwidget custom-html-widget\">NEUER MENSCH, NEUE WOHNUNG\r\n<br>\r\n<\/div><\/li><li class=\"mega-menu-item mega-menu-item-type-widget widget_media_image mega-menu-item-media_image-11\" id=\"mega-menu-item-media_image-11\"><a href=\"\/veranstaltung\/neuer-mensch-neue-wohnung\/\"><img loading=\"lazy\" decoding=\"async\" width=\"251\" height=\"148\" src=\"https:\/\/dam-online.de\/wp-content\/uploads\/2019\/03\/9eac226e-flyout_klein_190308_programm_veranstaltung.jpg\" class=\"image wp-image-6443  attachment-251x148 size-251x148\" alt=\"\" style=\"max-width: 100%; height: auto;\" srcset=\"https:\/\/dam-online.de\/wp-content\/uploads\/2019\/03\/9eac226e-flyout_klein_190308_programm_veranstaltung.jpg 281w, https:\/\/dam-online.de\/wp-content\/uploads\/2019\/03\/9eac226e-flyout_klein_190308_programm_veranstaltung-150x89.jpg 150w, https:\/\/dam-online.de\/wp-content\/uploads\/2019\/03\/9eac226e-flyout_klein_190308_programm_veranstaltung-250x148.jpg 250w\" sizes=\"(max-width: 251px) 100vw, 251px\" \/><\/a><\/li><li class=\"mega-menu-item mega-menu-item-type-widget widget_custom_html mega-menu-item-custom_html-26\" id=\"mega-menu-item-custom_html-26\"><div class=\"textwidget custom-html-widget\">\t\t<br><\/div><\/li>\t\t<\/ul>\n<\/li>\t<\/ul>\n<\/li><li class=\"mega-menu-row\" id=\"mega-menu-6396-2\">\n\t<ul class=\"mega-sub-menu\" style='--columns:12' role='presentation'>\n<li class=\"mega-menu-column mega-menu-columns-3-of-12\" style=\"--columns:12; --span:3\" id=\"mega-menu-6396-2-0\">\n\t\t<ul class=\"mega-sub-menu\">\n<li class=\"mega-dam-im-stadtraum mega-menu-item mega-menu-item-type-post_type mega-menu-item-object-page mega-menu-item-55837 dam-im-stadtraum\" id=\"mega-menu-item-55837\"><a class=\"mega-menu-link\" href=\"https:\/\/dam-online.de\/programm\/dam-im-stadtraum\/\">DAM im Stadtraum<\/a><\/li>\t\t<\/ul>\n<\/li>\t<\/ul>\n<\/li><\/ul>\n<\/li><li class=\"mega-menu-item mega-menu-item-type-custom mega-menu-item-object-custom mega-menu-item-has-children mega-menu-megamenu mega-menu-grid mega-align-bottom-left mega-menu-grid mega-menu-item-6397\" id=\"mega-menu-item-6397\"><a class=\"mega-menu-link\" href=\"\/bildung\" aria-expanded=\"false\" aria-controls=\"mega-sub-menu-6397\">Bildung<span class=\"mega-indicator\" aria-hidden=\"true\"><\/span><\/a>\n<ul class=\"mega-sub-menu\" role='presentation' id='mega-sub-menu-6397'>\n<li class=\"mega-menu-row\" id=\"mega-menu-6397-0\">\n\t<ul class=\"mega-sub-menu\" style='--columns:12' role='presentation'>\n<li class=\"mega-menu-column mega-menu-columns-4-of-12\" style=\"--columns:12; --span:4\" id=\"mega-menu-6397-0-0\">\n\t\t<ul class=\"mega-sub-menu\">\n<li class=\"mega-menu-item mega-menu-item-type-post_type mega-menu-item-object-page mega-menu-item-36948\" id=\"mega-menu-item-36948\"><a class=\"mega-menu-link\" href=\"https:\/\/dam-online.de\/bildung\/programm\/erwachsene\/\">Erwachsene<\/a><\/li><li class=\"mega-menu-item mega-menu-item-type-custom mega-menu-item-object-custom mega-menu-item-36945\" id=\"mega-menu-item-36945\"><a class=\"mega-menu-link\" href=\"\/bildung\/programm\/kinder-jugendliche-familie\">Kinder, Jugendliche & Familien<\/a><\/li><li class=\"mega-menu-item mega-menu-item-type-custom mega-menu-item-object-custom mega-menu-item-36946\" id=\"mega-menu-item-36946\"><a class=\"mega-menu-link\" href=\"\/bildung\/programm\/schule-kita\">Schule & Kita<\/a><\/li><li class=\"mega-menu-item mega-menu-item-type-post_type mega-menu-item-object-page mega-menu-item-6476\" id=\"mega-menu-item-6476\"><a class=\"mega-menu-link\" href=\"https:\/\/dam-online.de\/bildung\/fuehrungen-touren\/\">F\u00fchrungen &amp; Touren<\/a><\/li><li class=\"mega-menu-item mega-menu-item-type-post_type mega-menu-item-object-page mega-menu-item-6472\" id=\"mega-menu-item-6472\"><a class=\"mega-menu-link\" href=\"https:\/\/dam-online.de\/bildung\/publikationen\/\">Publikationen<\/a><\/li><li class=\"mega-menu-item mega-menu-item-type-post_type mega-menu-item-object-page mega-menu-item-6473\" id=\"mega-menu-item-6473\"><a class=\"mega-menu-link\" href=\"https:\/\/dam-online.de\/bildung\/ansprechpartner\/\">Ansprechpartner<\/a><\/li>\t\t<\/ul>\n<\/li><li class=\"mega-menu-column mega-menu-columns-4-of-12\" style=\"--columns:12; --span:4\" id=\"mega-menu-6397-0-1\">\n\t\t<ul class=\"mega-sub-menu\">\n<li class=\"mega-menu-item mega-menu-item-type-widget widget_custom_html mega-menu-item-custom_html-12\" id=\"mega-menu-item-custom_html-12\"><h4 class=\"mega-block-title\">Kontakt<\/h4><div class=\"textwidget custom-html-widget\"><p>\r\nConfiyet Aydin, M.A.<br>\r\nStellvertretende Leitung Bildung und Vermittlung<a href=\"mailto:confiyet.aydin@stadt-frankfurt.de\">confiyet.aydin@stadt-frankfurt.de<\/a><a href=\"tel:+49 6921231076\">T +49 (0)69 212-31076<\/a>\r\n<\/p>\r\n\r\n<!--\r\n<p>\r\nRebekka Kremershof<br>\r\nLeitung Bildung und Vermittlung<br>\r\n\t<a href=\"mailto:rebekka.kremershof@stadt-frankfurt.de\">rebekka.kremershof@stadt-frankfurt.de<\/a>\r\n\tT +49 (0)69 212-31076<br>\r\n<\/p>\r\n--><\/div><\/li><li class=\"mega-menu-item mega-menu-item-type-widget widget_custom_html mega-menu-item-custom_html-41\" id=\"mega-menu-item-custom_html-41\"><h4 class=\"mega-block-title\">N\u00e4chste Veranstaltung<\/h4><div class=\"textwidget custom-html-widget\"><!--[ecs-list-events design=\"dam_ecs_events\" tag=\"mega-menu-vermittlung\" tag_cat_operator='AND'\r\nthumb='true' thumbwidth='300' thumbheight='210']-->\r\n\r\n<style>.compact.compact-2 .ecs-event .ecs-event-status.ecs-event-status-canceled, .compact.compact-2 .ecs-event-status.ecs-event-status-postponed {color:#DA394D;}.ecs-events.compact.compact-2 {display:table;border-spacing:5px;}.compact.compact-2 .ecs-event {width:100%;display:table-row;margin-bottom:5px;height:75px;}.compact.compact-2 .ecs-event .date_thumb {width:80px;display:table-cell;text-align:center;vertical-align:middle;background-color:#eeeeee;color:#050505;}.compact.compact-2 .ecs-event .date_thumb .month {font-size:16px;text-transform:uppercase;margin:0;padding:0;line-height:1;}.compact.compact-2 .ecs-event .date_thumb .day {font-size:26px;font-weight:bold;margin:0;padding:0;line-height:1;}.compact.compact-2 .ecs-event .summary, .compact .ecs-event .ecs-thumbnail, .compact .ecs-event .ecs-button {display:table-cell;vertical-align:middle;}.ecs-events.compact.compact-2 .ecs-button a {background-color:#666;background-image:none;border-radius:3px;border:0;box-shadow:none;color: #fff;cursor: pointer;display: inline-block;font-size: 11px;font-weight: 700;letter-spacing: 1px;line-height: normal;padding: 6px 9px;text-align: center;text-decoration:none;text-transform:uppercase;vertical-align:middle;zoom:1;white-space:nowrap;}.compact.compact-2 .ecs-event .ecs-button {padding-left:10px;}.compact.compact-2 .ecs-event .ecs-thumbnail img {max-width:none;display:table-cell;margin:0;padding:0;}.compact.compact-2 .ecs-event .ecs-excerpt {margin-top: 5px;}<\/style><div class=\"ecs-events compact compact-2\"><div class=\"ecs-event kinder-jugendliche-familien-en_ecs_category veranstaltung-en_ecs_category\"><div class=\"ecs-thumbnail\"><img loading=\"lazy\" decoding=\"async\" width=\"300\" height=\"200\" src=\"https:\/\/dam-online.de\/wp-content\/uploads\/2023\/06\/DAM_Familienfuehrung_Foto_MaximilianvonLachner_3198.jpg\" class=\"attachment-300x210 size-300x210 wp-post-image\" alt=\"\" srcset=\"https:\/\/dam-online.de\/wp-content\/uploads\/2023\/06\/DAM_Familienfuehrung_Foto_MaximilianvonLachner_3198.jpg 1600w, https:\/\/dam-online.de\/wp-content\/uploads\/2023\/06\/DAM_Familienfuehrung_Foto_MaximilianvonLachner_3198-300x200.jpg 300w, https:\/\/dam-online.de\/wp-content\/uploads\/2023\/06\/DAM_Familienfuehrung_Foto_MaximilianvonLachner_3198-1030x687.jpg 1030w, https:\/\/dam-online.de\/wp-content\/uploads\/2023\/06\/DAM_Familienfuehrung_Foto_MaximilianvonLachner_3198-768x512.jpg 768w, https:\/\/dam-online.de\/wp-content\/uploads\/2023\/06\/DAM_Familienfuehrung_Foto_MaximilianvonLachner_3198-1536x1024.jpg 1536w, https:\/\/dam-online.de\/wp-content\/uploads\/2023\/06\/DAM_Familienfuehrung_Foto_MaximilianvonLachner_3198-1080x720.jpg 1080w, https:\/\/dam-online.de\/wp-content\/uploads\/2023\/06\/DAM_Familienfuehrung_Foto_MaximilianvonLachner_3198-600x400.jpg 600w\" sizes=\"(max-width: 300px) 100vw, 300px\" \/><\/div><div class=\"summary\"><a href=\"https:\/\/dam-online.de\/en\/veranstaltung\/familienfuehrung-die-stadt-ist-der-sport-staedte-in-bewegung-beispiele-aus-ganz-europa-2-2\/\" rel=\"bookmark\">Familienf\u00fchrung: Die Stadt ist der Sport \u2013 St\u00e4dte in Bewegung: Beispiele aus ganz Europa<\/a><div class=\"ecs-date\"><span class=\"tribe-event-date-start\">3. May \u2013 13:00<\/span> \u2013 <span class=\"tribe-event-time\">14:00<\/span><\/div><\/div><\/div><div class=\"ecs-event kinder-jugendliche-familien-en_ecs_category veranstaltung-en_ecs_category vermittlung-en_ecs_category\"><div class=\"ecs-thumbnail\"><img loading=\"lazy\" decoding=\"async\" width=\"300\" height=\"200\" src=\"https:\/\/dam-online.de\/wp-content\/uploads\/2025\/12\/Minecraft_dunkel-scaled.jpg\" class=\"attachment-300x210 size-300x210 wp-post-image\" alt=\"\" \/><\/div><div class=\"summary\"><a href=\"https:\/\/dam-online.de\/en\/veranstaltung\/block-lab-minecraft-workshop-das-haus-3\/\" rel=\"bookmark\">Block Lab Minecraft Workshop: DAS HAUS<\/a><div class=\"ecs-date\"><span class=\"tribe-event-date-start\">8. May \u2013 16:00<\/span> \u2013 <span class=\"tribe-event-time\">18:00<\/span><\/div><\/div><\/div><\/div><script type=\"application\/ld+json\">\r\n[{\"@context\":\"http:\/\/schema.org\",\"@type\":\"Event\",\"name\":\"Familienf\\u00fchrung: Die Stadt ist der Sport \\u2013 St\\u00e4dte in Bewegung: Beispiele aus ganz Europa\",\"description\":\"&lt;p&gt;Wie kann man als Elternteil gemeinsam mit Kindern unterschiedlichen Alters ins Museum gehen, so dass es f\\u00fcr alle Beteiligten ein sch\\u00f6nes Erlebnis wird?&lt;\/p&gt;\\\\n\",\"image\":\"https:\/\/dam-online.de\/wp-content\/uploads\/2023\/06\/DAM_Familienfuehrung_Foto_MaximilianvonLachner_3198.jpg\",\"url\":\"https:\/\/dam-online.de\/en\/veranstaltung\/familienfuehrung-die-stadt-ist-der-sport-staedte-in-bewegung-beispiele-aus-ganz-europa-2-2\/\",\"eventAttendanceMode\":\"https:\/\/schema.org\/OfflineEventAttendanceMode\",\"eventStatus\":\"https:\/\/schema.org\/EventScheduled\",\"startDate\":\"2026-05-03T13:00:00+02:00\",\"endDate\":\"2026-05-03T14:00:00+02:00\",\"location\":{\"@type\":\"Place\",\"name\":\"DAM Schaumainkai\",\"description\":\"\",\"url\":\"https:\/\/dam-online.de\/ort\/dam-schaumainkai\/\",\"address\":{\"@type\":\"PostalAddress\"},\"telephone\":\"\",\"sameAs\":\"\"},\"performer\":\"Organization\"},{\"@context\":\"http:\/\/schema.org\",\"@type\":\"Event\",\"name\":\"Block Lab Minecraft Workshop: DAS HAUS\",\"description\":\"&lt;p&gt;Diese Staffel dreht sich ganz um das Thema \\u201eHaus\\u201c. Anhand von konkreten historischen Geb\\u00e4udebeispielen werden wir die&lt;br \/&gt;\\\\nEigenheiten der jeweiligen Epoche ausarbeiten, sowie uns mit Bautechniken und Grundrissen auseinandersetzen. &lt;\/p&gt;\\\\n\",\"image\":\"https:\/\/dam-online.de\/wp-content\/uploads\/2025\/12\/Minecraft_dunkel-scaled.jpg\",\"url\":\"https:\/\/dam-online.de\/en\/veranstaltung\/block-lab-minecraft-workshop-das-haus-3\/\",\"eventAttendanceMode\":\"https:\/\/schema.org\/OfflineEventAttendanceMode\",\"eventStatus\":\"https:\/\/schema.org\/EventScheduled\",\"startDate\":\"2026-05-08T16:00:00+02:00\",\"endDate\":\"2026-05-08T18:00:00+02:00\",\"location\":{\"@type\":\"Place\",\"name\":\"DAM Auditorium\",\"description\":\"\",\"url\":\"https:\/\/dam-online.de\/ort\/auditorium\/\",\"address\":{\"@type\":\"PostalAddress\",\"streetAddress\":\"Schaumainkai 43\",\"addressLocality\":\"Frankfurt am Main\",\"addressRegion\":\"Hessen\",\"postalCode\":\"60596\",\"addressCountry\":\"Deutschland\"},\"geo\":{\"@type\":\"GeoCoordinates\",\"latitude\":50.105076,\"longitude\":8.6768825},\"telephone\":\"069 212 38844\",\"sameAs\":\"\"},\"offers\":{\"@type\":\"Offer\",\"price\":\"3,50\",\"priceCurrency\":\"EUR\",\"url\":\"https:\/\/dam-online.de\/en\/veranstaltung\/block-lab-minecraft-workshop-das-haus-3\/\",\"category\":\"primary\",\"availability\":\"inStock\",\"validFrom\":\"2025-12-19T00:00:00+00:00\"},\"performer\":\"Organization\"}]\r\n<\/script>\r\n\r\n  <!--<p>\r\n\t\t\t[ecs-list-events design=\"compact\" tag=\"mega-menu-vermittlung\" tag_cat_operator='AND' exclude_cat='Architekturpreis, Ausstellung' thumb='true' thumbwidth='300' thumbheight='210' contentorder=\"date_thumb, thumbnail, title, date, venue, time, excerpt, button\" eventdetails=\"true\"]\r\n\t\t<\/p>--><\/div><\/li>\t\t<\/ul>\n<\/li><li class=\"mega-menu-column mega-menu-columns-4-of-12\" style=\"--columns:12; --span:4\" id=\"mega-menu-6397-0-2\">\n\t\t<ul class=\"mega-sub-menu\">\n<li class=\"mega-menu-item mega-menu-item-type-widget widget_media_image mega-menu-item-media_image-14\" id=\"mega-menu-item-media_image-14\"><a href=\"\/bildung\"><img loading=\"lazy\" decoding=\"async\" width=\"311\" height=\"441\" src=\"https:\/\/dam-online.de\/wp-content\/uploads\/2022\/02\/DAM_Vermittlung_FlyOutMenue_Miniplakat_311x441px_220215_03.jpg\" class=\"image wp-image-36697  attachment-full size-full\" alt=\"\" style=\"max-width: 100%; height: auto;\" srcset=\"https:\/\/dam-online.de\/wp-content\/uploads\/2022\/02\/DAM_Vermittlung_FlyOutMenue_Miniplakat_311x441px_220215_03.jpg 311w, https:\/\/dam-online.de\/wp-content\/uploads\/2022\/02\/DAM_Vermittlung_FlyOutMenue_Miniplakat_311x441px_220215_03-300x425.jpg 300w, https:\/\/dam-online.de\/wp-content\/uploads\/2022\/02\/DAM_Vermittlung_FlyOutMenue_Miniplakat_311x441px_220215_03-212x300.jpg 212w, https:\/\/dam-online.de\/wp-content\/uploads\/2022\/02\/DAM_Vermittlung_FlyOutMenue_Miniplakat_311x441px_220215_03-150x213.jpg 150w, https:\/\/dam-online.de\/wp-content\/uploads\/2022\/02\/DAM_Vermittlung_FlyOutMenue_Miniplakat_311x441px_220215_03-250x355.jpg 250w\" sizes=\"(max-width: 311px) 100vw, 311px\" \/><\/a><\/li>\t\t<\/ul>\n<\/li>\t<\/ul>\n<\/li><li class=\"mega-menu-row\" id=\"mega-menu-6397-1\">\n\t<ul class=\"mega-sub-menu\" style='--columns:12' role='presentation'>\n<li class=\"mega-menu-column mega-menu-columns-4-of-12 mega-hide-on-mobile mega-hide-on-desktop\" style=\"--columns:12; --span:4\" id=\"mega-menu-6397-1-0\">\n\t\t<ul class=\"mega-sub-menu\">\n<li class=\"mega-menu-item mega-menu-item-type-widget widget_media_image mega-menu-item-media_image-13\" id=\"mega-menu-item-media_image-13\"><h4 class=\"mega-block-title\">N\u00e4chste Veranstaltung<\/h4><a href=\"\/bildung\"><img loading=\"lazy\" decoding=\"async\" width=\"281\" height=\"166\" src=\"https:\/\/dam-online.de\/wp-content\/uploads\/2019\/03\/88dad958-flyout_klein_190308_bildung_veranstaltung.jpg\" class=\"image wp-image-6447  attachment-full size-full\" alt=\"\" style=\"max-width: 100%; height: auto;\" srcset=\"https:\/\/dam-online.de\/wp-content\/uploads\/2019\/03\/88dad958-flyout_klein_190308_bildung_veranstaltung.jpg 281w, https:\/\/dam-online.de\/wp-content\/uploads\/2019\/03\/88dad958-flyout_klein_190308_bildung_veranstaltung-150x89.jpg 150w, https:\/\/dam-online.de\/wp-content\/uploads\/2019\/03\/88dad958-flyout_klein_190308_bildung_veranstaltung-250x148.jpg 250w\" sizes=\"(max-width: 281px) 100vw, 281px\" \/><\/a><\/li>\t\t<\/ul>\n<\/li>\t<\/ul>\n<\/li><\/ul>\n<\/li><li class=\"mega-menu-item mega-menu-item-type-custom mega-menu-item-object-custom mega-menu-item-has-children mega-menu-megamenu mega-menu-grid mega-align-bottom-left mega-menu-grid mega-menu-item-6398\" id=\"mega-menu-item-6398\"><a class=\"mega-menu-link\" href=\"\/sammlungen\" aria-expanded=\"false\" aria-controls=\"mega-sub-menu-6398\">Sammlungen<span class=\"mega-indicator\" aria-hidden=\"true\"><\/span><\/a>\n<ul class=\"mega-sub-menu\" role='presentation' id='mega-sub-menu-6398'>\n<li class=\"mega-menu-row\" id=\"mega-menu-6398-0\">\n\t<ul class=\"mega-sub-menu\" style='--columns:12' role='presentation'>\n<li class=\"mega-menu-column mega-menu-columns-4-of-12\" style=\"--columns:12; --span:4\" id=\"mega-menu-6398-0-0\">\n\t\t<ul class=\"mega-sub-menu\">\n<li class=\"mega-menu-item mega-menu-item-type-post_type mega-menu-item-object-page mega-menu-item-6469\" id=\"mega-menu-item-6469\"><a class=\"mega-menu-link\" href=\"https:\/\/dam-online.de\/sammlungen\/dam-archiv\/\">DAM Archiv<\/a><\/li><li class=\"mega-menu-item mega-menu-item-type-post_type mega-menu-item-object-page mega-menu-item-6471\" id=\"mega-menu-item-6471\"><a class=\"mega-menu-link\" href=\"https:\/\/dam-online.de\/sammlungen\/sammlung-digital\/\">DAM Sammlung Digital<\/a><\/li><li class=\"mega-menu-item mega-menu-item-type-post_type mega-menu-item-object-page mega-menu-item-6470\" id=\"mega-menu-item-6470\"><a class=\"mega-menu-link\" href=\"https:\/\/dam-online.de\/sammlungen\/dam-bibliothek\/\">DAM Bibliothek<\/a><\/li>\t\t<\/ul>\n<\/li><li class=\"mega-menu-column mega-menu-columns-4-of-12\" style=\"--columns:12; --span:4\" id=\"mega-menu-6398-0-1\">\n\t\t<ul class=\"mega-sub-menu\">\n<li class=\"mega-menu-item mega-menu-item-type-widget widget_custom_html mega-menu-item-custom_html-15\" id=\"mega-menu-item-custom_html-15\"><h4 class=\"mega-block-title\">DAM Archiv<\/h4><div class=\"textwidget custom-html-widget\">\t\t\t\t<p>\r\n\t\t\t\tHedderichstra\u00dfe 108-110<br>\r\n\t\t\t\t60596 Frankfurt am Main<br>\r\n\t\t\t\t<a href=\"mailto:dam.archiv@stadt-frankfurt.de\">dam.archiv@stadt-frankfurt.de<\/a>\r\n\t\t\t\t<\/p>\r\n\t\t\t\t<p>\r\n\t\t\t\tArchivleitung<br>\r\n\t\t\t\tDr. Katja Leiskau<br>\r\n\t\t\t\t<a href=\"mailto:dam.archiv@stadt-frankfurt.de\">dam.archiv@stadt-frankfurt.de<\/a>\r\n\t\t\t\tT +49 (0)69 212-30831<br>\r\n\t\t\t\t<\/p>\r\n\t\t\t\t<br>\r\n\t\t\t\t<\/div><\/li><li class=\"mega-menu-item mega-menu-item-type-widget widget_custom_html mega-menu-item-custom_html-16\" id=\"mega-menu-item-custom_html-16\"><h4 class=\"mega-block-title\">DAM Bibliothek<\/h4><div class=\"textwidget custom-html-widget\">\t\t\t<p>\r\n\t\t\t\tHedderichstra\u00dfe 108-110<br>\r\n\t\t\t\t60596 Frankfurt am Main<br>\r\n\t\t\t\t<a href=\"mailto:dam.bibliothek@stadt-frankfurt.de\">dam.bibliothek@stadt-frankfurt.de<\/a>\r\n\t\t\t<\/p>\r\n\t\t\t<p>\r\n\t\t\t\tChristiane Eulig,<br>\r\n\t\t\t\tBibliothekarin<br>\r\n\t\t\t\tT +49 (0)69 212-30827<br>\r\n\t\t\t\t<a href=\"mailto:christiane.eulig@stadt-frankfurt.de\">christiane.eulig@stadt-frankfurt.de<\/a>\r\n\t\t\t<\/p><\/div><\/li>\t\t<\/ul>\n<\/li><li class=\"mega-menu-column mega-menu-columns-4-of-12\" style=\"--columns:12; --span:4\" id=\"mega-menu-6398-0-2\">\n\t\t<ul class=\"mega-sub-menu\">\n<li class=\"mega-menu-item mega-menu-item-type-widget widget_media_image mega-menu-item-media_image-15\" id=\"mega-menu-item-media_image-15\"><a href=\"\/sammlungen\/sammlung-digital\/\"><img loading=\"lazy\" decoding=\"async\" width=\"311\" height=\"441\" src=\"https:\/\/dam-online.de\/wp-content\/uploads\/2026\/02\/DAM_Sammler_Miniplakat_311x441px_72dpi_251112_01.jpg\" class=\"image wp-image-64467  attachment-full size-full\" alt=\"\" style=\"max-width: 100%; height: auto;\" srcset=\"https:\/\/dam-online.de\/wp-content\/uploads\/2026\/02\/DAM_Sammler_Miniplakat_311x441px_72dpi_251112_01.jpg 311w, https:\/\/dam-online.de\/wp-content\/uploads\/2026\/02\/DAM_Sammler_Miniplakat_311x441px_72dpi_251112_01-212x300.jpg 212w, https:\/\/dam-online.de\/wp-content\/uploads\/2026\/02\/DAM_Sammler_Miniplakat_311x441px_72dpi_251112_01-150x213.jpg 150w, https:\/\/dam-online.de\/wp-content\/uploads\/2026\/02\/DAM_Sammler_Miniplakat_311x441px_72dpi_251112_01-250x355.jpg 250w, https:\/\/dam-online.de\/wp-content\/uploads\/2026\/02\/DAM_Sammler_Miniplakat_311x441px_72dpi_251112_01-300x425.jpg 300w\" sizes=\"(max-width: 311px) 100vw, 311px\" \/><\/a><\/li>\t\t<\/ul>\n<\/li>\t<\/ul>\n<\/li><\/ul>\n<\/li><li class=\"mega-menu-item mega-menu-item-type-custom mega-menu-item-object-custom mega-menu-item-has-children mega-menu-megamenu mega-menu-grid mega-align-bottom-left mega-menu-grid mega-menu-item-6399\" id=\"mega-menu-item-6399\"><a class=\"mega-menu-link\" href=\"\/das-dam\" aria-expanded=\"false\" aria-controls=\"mega-sub-menu-6399\">Das DAM<span class=\"mega-indicator\" aria-hidden=\"true\"><\/span><\/a>\n<ul class=\"mega-sub-menu\" role='presentation' id='mega-sub-menu-6399'>\n<li class=\"mega-menu-row\" id=\"mega-menu-6399-0\">\n\t<ul class=\"mega-sub-menu\" style='--columns:12' role='presentation'>\n<li class=\"mega-menu-column mega-menu-columns-4-of-12\" style=\"--columns:12; --span:4\" id=\"mega-menu-6399-0-0\">\n\t\t<ul class=\"mega-sub-menu\">\n<li class=\"mega-menu-item mega-menu-item-type-post_type mega-menu-item-object-page mega-menu-item-6451\" id=\"mega-menu-item-6451\"><a class=\"mega-menu-link\" href=\"https:\/\/dam-online.de\/das-dam\/portrait\/\">Portrait<\/a><\/li><li class=\"mega-menu-item mega-menu-item-type-post_type mega-menu-item-object-page mega-menu-item-6449\" id=\"mega-menu-item-6449\"><a class=\"mega-menu-link\" href=\"https:\/\/dam-online.de\/das-dam\/team\/\">Team<\/a><\/li><li class=\"mega-menu-item mega-menu-item-type-custom mega-menu-item-object-custom mega-menu-item-9783\" id=\"mega-menu-item-9783\"><a class=\"mega-menu-link\" href=\"\/das-dam\/freunde-des-dam\">Freunde des DAM<\/a><\/li><li class=\"mega-menu-item mega-menu-item-type-post_type mega-menu-item-object-page mega-menu-item-9700\" id=\"mega-menu-item-9700\"><a class=\"mega-menu-link\" href=\"https:\/\/dam-online.de\/das-dam\/engagement\/sponsoren-und-unterstuetzer\/\">Sponsoren und Unterst\u00fctzer<\/a><\/li><li class=\"mega-menu-item mega-menu-item-type-post_type mega-menu-item-object-page mega-menu-item-17198\" id=\"mega-menu-item-17198\"><a class=\"mega-menu-link\" href=\"https:\/\/dam-online.de\/das-dam\/jobs\/\">Jobs<\/a><\/li>\t\t<\/ul>\n<\/li><li class=\"mega-menu-column mega-menu-columns-4-of-12\" style=\"--columns:12; --span:4\" id=\"mega-menu-6399-0-1\">\n\t\t<ul class=\"mega-sub-menu\">\n<li class=\"mega-menu-item mega-menu-item-type-widget widget_media_image mega-menu-item-media_image-16\" id=\"mega-menu-item-media_image-16\"><a href=\"\/das-dam\/freunde-des-dam\"><img loading=\"lazy\" decoding=\"async\" width=\"614\" height=\"427\" src=\"https:\/\/dam-online.de\/wp-content\/uploads\/2019\/05\/06932a10-20190502_damfreunde_flyer_0008_bearb.jpg\" class=\"image wp-image-9601  attachment-full size-full\" alt=\"Flyer Freunde des DAM - Ausschnitt, Foto: Moritz Bernoully\" style=\"max-width: 100%; height: auto;\" srcset=\"https:\/\/dam-online.de\/wp-content\/uploads\/2019\/05\/06932a10-20190502_damfreunde_flyer_0008_bearb.jpg 614w, https:\/\/dam-online.de\/wp-content\/uploads\/2019\/05\/06932a10-20190502_damfreunde_flyer_0008_bearb-300x209.jpg 300w, https:\/\/dam-online.de\/wp-content\/uploads\/2019\/05\/06932a10-20190502_damfreunde_flyer_0008_bearb-600x417.jpg 600w, https:\/\/dam-online.de\/wp-content\/uploads\/2019\/05\/06932a10-20190502_damfreunde_flyer_0008_bearb-150x104.jpg 150w, https:\/\/dam-online.de\/wp-content\/uploads\/2019\/05\/06932a10-20190502_damfreunde_flyer_0008_bearb-250x174.jpg 250w, https:\/\/dam-online.de\/wp-content\/uploads\/2019\/05\/06932a10-20190502_damfreunde_flyer_0008_bearb-350x243.jpg 350w\" sizes=\"(max-width: 614px) 100vw, 614px\" \/><\/a><\/li><li class=\"mega-menu-item mega-menu-item-type-widget widget_custom_html mega-menu-item-custom_html-20\" id=\"mega-menu-item-custom_html-20\"><h4 class=\"mega-block-title\">Freund werden<\/h4><div class=\"textwidget custom-html-widget\"><\/div><\/li>\t\t<\/ul>\n<\/li><li class=\"mega-menu-column mega-menu-columns-4-of-12\" style=\"--columns:12; --span:4\" id=\"mega-menu-6399-0-2\">\n\t\t<ul class=\"mega-sub-menu\">\n<li class=\"mega-menu-item mega-menu-item-type-widget widget_media_image mega-menu-item-media_image-18\" id=\"mega-menu-item-media_image-18\"><a href=\"\/das-dam\/\"><img loading=\"lazy\" decoding=\"async\" width=\"311\" height=\"441\" src=\"https:\/\/dam-online.de\/wp-content\/uploads\/2019\/03\/2a01c6c3-dam_flyout_190308_hausimhaus_pfeil.jpg\" class=\"image wp-image-7243  attachment-full size-full\" alt=\"\" style=\"max-width: 100%; height: auto;\" srcset=\"https:\/\/dam-online.de\/wp-content\/uploads\/2019\/03\/2a01c6c3-dam_flyout_190308_hausimhaus_pfeil.jpg 311w, https:\/\/dam-online.de\/wp-content\/uploads\/2019\/03\/2a01c6c3-dam_flyout_190308_hausimhaus_pfeil-300x425.jpg 300w, https:\/\/dam-online.de\/wp-content\/uploads\/2019\/03\/2a01c6c3-dam_flyout_190308_hausimhaus_pfeil-212x300.jpg 212w, https:\/\/dam-online.de\/wp-content\/uploads\/2019\/03\/2a01c6c3-dam_flyout_190308_hausimhaus_pfeil-150x213.jpg 150w, https:\/\/dam-online.de\/wp-content\/uploads\/2019\/03\/2a01c6c3-dam_flyout_190308_hausimhaus_pfeil-250x355.jpg 250w\" sizes=\"(max-width: 311px) 100vw, 311px\" \/><\/a><\/li>\t\t<\/ul>\n<\/li>\t<\/ul>\n<\/li><li class=\"mega-menu-row\" id=\"mega-menu-6399-1\">\n\t<ul class=\"mega-sub-menu\" style='--columns:12' role='presentation'>\n<li class=\"mega-menu-column mega-menu-columns-3-of-12\" style=\"--columns:12; --span:3\" id=\"mega-menu-6399-1-0\"><\/li>\t<\/ul>\n<\/li><\/ul>\n<\/li><\/ul><\/div><\/p>\n<p>&nbsp;<br \/>\n[\/et_pb_text][\/et_pb_column][\/et_pb_row][\/et_pb_section][et_pb_section fb_built=&#8221;1&#8243; _builder_version=&#8221;3.22&#8243;][et_pb_row _builder_version=&#8221;3.25&#8243; background_size=&#8221;initial&#8221; background_position=&#8221;top_left&#8221; background_repeat=&#8221;repeat&#8221; column_structure=&#8221;3_4,1_4&#8243;][et_pb_column type=&#8221;3_4&#8243; _builder_version=&#8221;3.25&#8243; custom_padding=&#8221;|||&#8221; custom_padding__hover=&#8221;|||&#8221;][et_pb_text admin_label=&#8221;Bereich&#8221; module_class=&#8221;bereich-titel&#8221; _builder_version=&#8221;3.27.4&#8243;]Education<br \/>\n[\/et_pb_text][et_pb_text admin_label=&#8221;Titel&#8221; module_class=&#8221;oswald&#8221; _builder_version=&#8221;3.27.4&#8243; z_index_tablet=&#8221;500&#8243; text_text_shadow_horizontal_length_tablet=&#8221;0px&#8221; text_text_shadow_vertical_length_tablet=&#8221;0px&#8221; text_text_shadow_blur_strength_tablet=&#8221;1px&#8221; link_text_shadow_horizontal_length_tablet=&#8221;0px&#8221; link_text_shadow_vertical_length_tablet=&#8221;0px&#8221; link_text_shadow_blur_strength_tablet=&#8221;1px&#8221; ul_text_shadow_horizontal_length_tablet=&#8221;0px&#8221; ul_text_shadow_vertical_length_tablet=&#8221;0px&#8221; ul_text_shadow_blur_strength_tablet=&#8221;1px&#8221; ol_text_shadow_horizontal_length_tablet=&#8221;0px&#8221; ol_text_shadow_vertical_length_tablet=&#8221;0px&#8221; ol_text_shadow_blur_strength_tablet=&#8221;1px&#8221; quote_text_shadow_horizontal_length_tablet=&#8221;0px&#8221; quote_text_shadow_vertical_length_tablet=&#8221;0px&#8221; quote_text_shadow_blur_strength_tablet=&#8221;1px&#8221; header_text_shadow_horizontal_length_tablet=&#8221;0px&#8221; header_text_shadow_vertical_length_tablet=&#8221;0px&#8221; header_text_shadow_blur_strength_tablet=&#8221;1px&#8221; header_2_text_shadow_horizontal_length_tablet=&#8221;0px&#8221; header_2_text_shadow_vertical_length_tablet=&#8221;0px&#8221; header_2_text_shadow_blur_strength_tablet=&#8221;1px&#8221; header_3_text_shadow_horizontal_length_tablet=&#8221;0px&#8221; header_3_text_shadow_vertical_length_tablet=&#8221;0px&#8221; header_3_text_shadow_blur_strength_tablet=&#8221;1px&#8221; header_4_text_shadow_horizontal_length_tablet=&#8221;0px&#8221; header_4_text_shadow_vertical_length_tablet=&#8221;0px&#8221; header_4_text_shadow_blur_strength_tablet=&#8221;1px&#8221; header_5_text_shadow_horizontal_length_tablet=&#8221;0px&#8221; header_5_text_shadow_vertical_length_tablet=&#8221;0px&#8221; header_5_text_shadow_blur_strength_tablet=&#8221;1px&#8221; header_6_text_shadow_horizontal_length_tablet=&#8221;0px&#8221; header_6_text_shadow_vertical_length_tablet=&#8221;0px&#8221; header_6_text_shadow_blur_strength_tablet=&#8221;1px&#8221; box_shadow_horizontal_tablet=&#8221;0px&#8221; box_shadow_vertical_tablet=&#8221;0px&#8221; box_shadow_blur_tablet=&#8221;40px&#8221; box_shadow_spread_tablet=&#8221;0px&#8221;]<\/p>\n<p>Archiraum.de<\/p>\n<p>[\/et_pb_text][et_pb_image src=&#8221;https:\/\/dam-online.de\/wp-content\/uploads\/2019\/04\/f4a0c46e-archiraum.de_screenshot_2.jpg&#8221; _builder_version=&#8221;3.24&#8243; z_index_tablet=&#8221;500&#8243; box_shadow_horizontal_tablet=&#8221;0px&#8221; box_shadow_vertical_tablet=&#8221;0px&#8221; box_shadow_blur_tablet=&#8221;40px&#8221; box_shadow_spread_tablet=&#8221;0px&#8221;][\/et_pb_image][et_pb_text admin_label=&#8221;Beschreibung&#8221; _builder_version=&#8221;4.6.0&#8243; hover_enabled=&#8221;0&#8243; z_index_tablet=&#8221;500&#8243; text_text_shadow_horizontal_length_tablet=&#8221;0px&#8221; text_text_shadow_vertical_length_tablet=&#8221;0px&#8221; text_text_shadow_blur_strength_tablet=&#8221;1px&#8221; link_text_shadow_horizontal_length_tablet=&#8221;0px&#8221; link_text_shadow_vertical_length_tablet=&#8221;0px&#8221; link_text_shadow_blur_strength_tablet=&#8221;1px&#8221; ul_text_shadow_horizontal_length_tablet=&#8221;0px&#8221; ul_text_shadow_vertical_length_tablet=&#8221;0px&#8221; ul_text_shadow_blur_strength_tablet=&#8221;1px&#8221; ol_text_shadow_horizontal_length_tablet=&#8221;0px&#8221; ol_text_shadow_vertical_length_tablet=&#8221;0px&#8221; ol_text_shadow_blur_strength_tablet=&#8221;1px&#8221; quote_text_shadow_horizontal_length_tablet=&#8221;0px&#8221; quote_text_shadow_vertical_length_tablet=&#8221;0px&#8221; quote_text_shadow_blur_strength_tablet=&#8221;1px&#8221; header_text_shadow_horizontal_length_tablet=&#8221;0px&#8221; header_text_shadow_vertical_length_tablet=&#8221;0px&#8221; header_text_shadow_blur_strength_tablet=&#8221;1px&#8221; header_2_text_shadow_horizontal_length_tablet=&#8221;0px&#8221; header_2_text_shadow_vertical_length_tablet=&#8221;0px&#8221; header_2_text_shadow_blur_strength_tablet=&#8221;1px&#8221; header_3_text_shadow_horizontal_length_tablet=&#8221;0px&#8221; header_3_text_shadow_vertical_length_tablet=&#8221;0px&#8221; header_3_text_shadow_blur_strength_tablet=&#8221;1px&#8221; header_4_text_shadow_horizontal_length_tablet=&#8221;0px&#8221; header_4_text_shadow_vertical_length_tablet=&#8221;0px&#8221; header_4_text_shadow_blur_strength_tablet=&#8221;1px&#8221; header_5_text_shadow_horizontal_length_tablet=&#8221;0px&#8221; header_5_text_shadow_vertical_length_tablet=&#8221;0px&#8221; header_5_text_shadow_blur_strength_tablet=&#8221;1px&#8221; header_6_text_shadow_horizontal_length_tablet=&#8221;0px&#8221; header_6_text_shadow_vertical_length_tablet=&#8221;0px&#8221; header_6_text_shadow_blur_strength_tablet=&#8221;1px&#8221; box_shadow_horizontal_tablet=&#8221;0px&#8221; box_shadow_vertical_tablet=&#8221;0px&#8221; box_shadow_blur_tablet=&#8221;40px&#8221; box_shadow_spread_tablet=&#8221;0px&#8221; sticky_enabled=&#8221;0&#8243;]<\/p>\n<h3>Erste interaktive Architektur-Website f\u00fcr Kinder von 8 bis 14 Jahren online \u2013 archiraum.de verbindet Spielen und Lernen<\/h3>\n<p>Eine Webseite, auf der Kinder die Welt der Architektur spielerisch entdecken k\u00f6nnen, ist nun online: <a href=\"http:\/\/archiraum.de\" target=\"_blank\" rel=\"noopener noreferrer\">archiraum.de<\/a> wurde speziell f\u00fcr 8- bis 14-J\u00e4hrige konzipiert und schlie\u00dft die L\u00fccke an entsprechenden Bildungsangeboten f\u00fcr diese Altersgruppe im virtuellen Raum.<\/p>\n<p>Jeden Tag sind Kinder von Architektur umgeben \u2013 in der Schule, zu Hause oder in ihrer Freizeit. Doch meistens wissen sie wenig \u00fcber den gebauten Raum, denn nicht alle haben Zugang zu entsprechenden Bildungsangeboten. Das \u00e4ndert sich nun: Unterst\u00fctzt durch das F\u00f6rderprogramm \u201eEin Netz f\u00fcr Kinder\u201c entstand dieses erste interaktive Kinder-Lernspiel, das fach\u00fcbergreifende Themengebiete der Architektur fachlich fundiert, aber dennoch spielerisch vermittelt.<\/p>\n<p><strong>Beim Spielen lernen und Zusammenh\u00e4nge entdecken<\/strong>: <a href=\"http:\/\/archiraum.de\" target=\"_blank\" rel=\"noopener noreferrer\">archiraum.de<\/a> bietet 8- bis 14-J\u00e4hrigen die M\u00f6glichkeit, auf dem iPad oder am Desktop-Computer die Vielfalt von Architektur kennen zu lernen. Den Einstieg in das multimedial konzipierte Spiel bildet eine bunte und dynamische Stadtlandschaft mit Geb\u00e4uden, Gr\u00fcnflachen und Verkehrsmitteln. Begleitet von den Animationsfiguren Lily und David erforschen die Kinder Themenbereiche wie z.B. Baumaterialien, einzelne Bauwerke und ihre Entstehungsgeschichte, Zahlen und Ma\u00dfstab, Geometrie, Statik, moderne Energiequellen oder Bionik. Die dabei angesammelten Punkte k\u00f6nnen auf einem Bauplatz oder in virtuelle Reisen zu besonderen Bauwerken eingel\u00f6st werden. Beim Spielen entdecken die Kinder Zusammenh\u00e4nge zwischen Architektur und Kunst, Gesellschaft, Wirtschaft, Technik und Natur. Dabei wechseln sich Wissens- und Lernspiele mit kreativen interaktiven Spielen ab. Zusammen mit dem multimedialen Einsatz von Text, Ton, Foto, Film und Animationen sorgt dies f\u00fcr kontinuierliche Abwechslung und Spannung beim Spielen.<\/p>\n<p><strong>Von Fachexperten entwickelt und realisiert<\/strong>: <a href=\"http:\/\/archiraum.de\" target=\"_blank\" rel=\"noopener noreferrer\">archiraum.de<\/a> wurde von den Architektinnen Bettina Gebhardt und Emanuela Parma konzipiert und realisiert. \u201eDurch zahlreiche Projekte der Architekturvermittlung an Schulen und im Deutschen Architekturmuseum in Frankfurt wei\u00df ich, wie sehr sich Kinder f\u00fcr Architektur interessieren und begeistern k\u00f6nnen\u201c, erl\u00e4utert Projektentwicklern Bettina Gebhardt. Im virtuellen Raum gab es jedoch bisher dazu kein vergleichbares Angebot. \u201eWir wollten deshalb f\u00fcr das Netz eine Plattform entwickeln, die nicht nur Wissen \u00fcber Architektur vermittelt\u201c, erg\u00e4nzt Architektin Emanuela Parma. \u201eWir wollten auch die Kreativit\u00e4t und Fantasie der Kinder anregen, und spielerisch weitere Themenbereiche aufgreifen, die mit Architektur zusammenh\u00e4ngen.\u201c<\/p>\n<p>Das Projekt wurde im Rahmen von \u201eEin Netz f\u00fcr Kinder\u201c von der Beauftragten der Bundesregierung f\u00fcr Kultur und Medien und vom Bundesministerium f\u00fcr Familie, Senioren, Frauen und Jugend in den Jahren 2013 bis 2016 gef\u00f6rdert. \u201eEin Netz f\u00fcr Kinder\u201c ist eine gemeinsame Initiative von Politik, Wirtschaft und Institutionen des Jugendmedienschutzes. Mit der F\u00f6rderung sollen die Anzahl, Qualit\u00e4t und Auffindbarkeit guter Kinderwebsites erh\u00f6ht werden. N\u00e4here Informationen zur Initiative unter <a href=\"http:\/\/www.enfk.de\" target=\"_blank\" rel=\"noopener noreferrer\">www.enfk.de<\/a>.<\/p>\n<p>Seit 2020 ist diese website im Besitz des DAM, finanziert durch eine freundliche F\u00f6rderung der Freunde des Deutschen Architekturmuseums e.V. \/\u00a0 <a href=\"http:\/\/www.dam-online.de\/freunde\">www.dam-online.de\/freunde<\/a><\/p>\n<p>[\/et_pb_text][\/et_pb_column][et_pb_column type=&#8221;1_4&#8243; _builder_version=&#8221;3.25&#8243; custom_padding=&#8221;|||&#8221; custom_padding__hover=&#8221;|||&#8221;][et_pb_sidebar area=&#8221;et_pb_widget_area_4&#8243; disabled_on=&#8221;off|off|off&#8221; _builder_version=&#8221;3.24&#8243;][\/et_pb_sidebar][\/et_pb_column][\/et_pb_row][et_pb_row _builder_version=&#8221;4.3.4&#8243; locked=&#8221;off&#8221;][et_pb_column type=&#8221;4_4&#8243; _builder_version=&#8221;4.3.4&#8243;][et_pb_text disabled_on=&#8221;off|off|off&#8221; admin_label=&#8221;Video zur Website  &#8221; module_class=&#8221;dam-rubrik-titel&#8221; _builder_version=&#8221;4.6.0&#8243; custom_margin=&#8221;50px||0px|&#8221; custom_padding=&#8221;50px||0px|&#8221; hover_enabled=&#8221;0&#8243; z_index_tablet=&#8221;500&#8243; text_text_shadow_horizontal_length_tablet=&#8221;0px&#8221; text_text_shadow_vertical_length_tablet=&#8221;0px&#8221; text_text_shadow_blur_strength_tablet=&#8221;1px&#8221; link_text_shadow_horizontal_length_tablet=&#8221;0px&#8221; link_text_shadow_vertical_length_tablet=&#8221;0px&#8221; link_text_shadow_blur_strength_tablet=&#8221;1px&#8221; ul_text_shadow_horizontal_length_tablet=&#8221;0px&#8221; ul_text_shadow_vertical_length_tablet=&#8221;0px&#8221; ul_text_shadow_blur_strength_tablet=&#8221;1px&#8221; ol_text_shadow_horizontal_length_tablet=&#8221;0px&#8221; ol_text_shadow_vertical_length_tablet=&#8221;0px&#8221; ol_text_shadow_blur_strength_tablet=&#8221;1px&#8221; quote_text_shadow_horizontal_length_tablet=&#8221;0px&#8221; quote_text_shadow_vertical_length_tablet=&#8221;0px&#8221; quote_text_shadow_blur_strength_tablet=&#8221;1px&#8221; header_text_shadow_horizontal_length_tablet=&#8221;0px&#8221; header_text_shadow_vertical_length_tablet=&#8221;0px&#8221; header_text_shadow_blur_strength_tablet=&#8221;1px&#8221; header_2_text_shadow_horizontal_length_tablet=&#8221;0px&#8221; header_2_text_shadow_vertical_length_tablet=&#8221;0px&#8221; header_2_text_shadow_blur_strength_tablet=&#8221;1px&#8221; header_3_text_shadow_horizontal_length_tablet=&#8221;0px&#8221; header_3_text_shadow_vertical_length_tablet=&#8221;0px&#8221; header_3_text_shadow_blur_strength_tablet=&#8221;1px&#8221; header_4_text_shadow_horizontal_length_tablet=&#8221;0px&#8221; header_4_text_shadow_vertical_length_tablet=&#8221;0px&#8221; header_4_text_shadow_blur_strength_tablet=&#8221;1px&#8221; header_5_text_shadow_horizontal_length_tablet=&#8221;0px&#8221; header_5_text_shadow_vertical_length_tablet=&#8221;0px&#8221; header_5_text_shadow_blur_strength_tablet=&#8221;1px&#8221; header_6_text_shadow_horizontal_length_tablet=&#8221;0px&#8221; header_6_text_shadow_vertical_length_tablet=&#8221;0px&#8221; header_6_text_shadow_blur_strength_tablet=&#8221;1px&#8221; box_shadow_horizontal_tablet=&#8221;0px&#8221; box_shadow_vertical_tablet=&#8221;0px&#8221; box_shadow_blur_tablet=&#8221;40px&#8221; box_shadow_spread_tablet=&#8221;0px&#8221; saved_tabs=&#8221;all&#8221; sticky_enabled=&#8221;0&#8243;]<\/p>\n<h3>Trailer zur Website <\/h3>\n<hr \/>\n<p>[\/et_pb_text][\/et_pb_column][\/et_pb_row][et_pb_row column_structure=&#8221;1_2,1_2&#8243; _builder_version=&#8221;4.3.4&#8243; locked=&#8221;off&#8221;][et_pb_column type=&#8221;1_2&#8243; _builder_version=&#8221;4.3.4&#8243;][et_pb_video src=&#8221;http:\/\/youtu.be\/rgM2QEN0SZI&#8221; admin_label=&#8221;Video Trailer Archiraum&#8221; _builder_version=&#8221;4.6.0&#8243; custom_margin=&#8221;-20px||50px||false|false&#8221; custom_padding=&#8221;||||false|false&#8221; locked=&#8221;off&#8221;][\/et_pb_video][\/et_pb_column][et_pb_column type=&#8221;1_2&#8243; _builder_version=&#8221;4.3.4&#8243;][\/et_pb_column][\/et_pb_row][\/et_pb_section]<\/p>\n","protected":false},"excerpt":{"rendered":"<p><div id=\"mega-menu-wrap-max_mega_menu_1\" class=\"mega-menu-wrap\"><div class=\"mega-menu-toggle\"><div class=\"mega-toggle-blocks-left\"><\/div><div class=\"mega-toggle-blocks-center\"><\/div><div class=\"mega-toggle-blocks-right\"><div class='mega-toggle-block mega-menu-toggle-block mega-toggle-block-1' id='mega-toggle-block-1'><button class='mega-toggle-standard mega-toggle-label' aria-haspopup='true' aria-expanded='false' aria-controls='mega-menu-max_mega_menu_1'><span class='mega-toggle-label-closed'><\/span><span class='mega-toggle-label-open'><\/span><\/button><\/div><\/div><\/div><ul id=\"mega-menu-max_mega_menu_1\" class=\"mega-menu max-mega-menu mega-menu-horizontal mega-no-js\" data-event=\"hover\" data-effect=\"disabled\" data-effect-speed=\"200\" data-effect-mobile=\"disabled\" data-effect-speed-mobile=\"0\" data-panel-width=\".et_pb_row\" data-mobile-force-width=\"false\" data-second-click=\"go\" data-document-click=\"collapse\" data-vertical-behaviour=\"accordion\" data-breakpoint=\"767\" data-unbind=\"true\" data-mobile-state=\"collapse_all\" data-mobile-direction=\"vertical\" data-hover-intent-timeout=\"300\" data-hover-intent-interval=\"100\" data-overlay-desktop=\"false\" data-overlay-mobile=\"false\"><li class=\"mega-m-besuch mega-menu-item mega-menu-item-type-custom mega-menu-item-object-custom mega-menu-item-has-children mega-menu-megamenu mega-menu-grid mega-align-bottom-left mega-menu-grid mega-has-icon mega-icon-left mega-menu-item-6395 m-besuch\" id=\"mega-menu-item-6395\"><a class=\"mega-custom-icon mega-menu-link\" href=\"\/Besuch\" aria-expanded=\"false\" aria-controls=\"mega-sub-menu-6395\">Besuch<span class=\"mega-indicator\" aria-hidden=\"true\"><\/span><\/a>\n<ul class=\"mega-sub-menu\" role='presentation' id='mega-sub-menu-6395'>\n<li class=\"mega-menu-row\" id=\"mega-menu-6395-0\">\n\t<ul class=\"mega-sub-menu\" style='--columns:12' role='presentation'>\n<li class=\"mega-menu-column mega-menu-columns-4-of-12\" style=\"--columns:12; --span:4\" id=\"mega-menu-6395-0-0\">\n\t\t<ul class=\"mega-sub-menu\">\n<li class=\"mega-menu-item mega-menu-item-type-post_type mega-menu-item-object-page mega-menu-item-6508\" id=\"mega-menu-item-6508\"><a class=\"mega-menu-link\" href=\"https:\/\/dam-online.de\/besuch\/info\/\">Infos & Services<\/a><\/li><li class=\"mega-menu-item mega-menu-item-type-post_type mega-menu-item-object-page mega-menu-item-6509\" id=\"mega-menu-item-6509\"><a class=\"mega-menu-link\" href=\"https:\/\/dam-online.de\/besuch\/fuehrungen\/\">F\u00fchrungen<\/a><\/li><li class=\"mega-menu-item mega-menu-item-type-post_type mega-menu-item-object-page mega-menu-item-6510\" id=\"mega-menu-item-6510\"><a class=\"mega-menu-link\" href=\"https:\/\/dam-online.de\/besuch\/museumsshop\/\">Museumsshop<\/a><\/li><li class=\"mega-menu-item mega-menu-item-type-post_type mega-menu-item-object-page mega-menu-item-61792\" id=\"mega-menu-item-61792\"><a class=\"mega-menu-link\" href=\"https:\/\/dam-online.de\/besuch\/cafe\/\">Caf\u00e9<\/a><\/li><li class=\"mega-menu-item mega-menu-item-type-post_type mega-menu-item-object-page mega-menu-item-6512\" id=\"mega-menu-item-6512\"><a class=\"mega-menu-link\" href=\"https:\/\/dam-online.de\/kontakt\/\">Kontakt<\/a><\/li><li class=\"mega-menu-item mega-menu-item-type-widget widget_custom_html mega-menu-item-custom_html-58\" id=\"mega-menu-item-custom_html-58\"><h4 class=\"mega-block-title\">DAM Aktuell<\/h4><div class=\"textwidget custom-html-widget\"><p id=\"dam-aktuell-inline\" class=\"dam-aktuell-inline\">\r\n\t...\t\r\n<\/p>\r\n<\/div><\/li>\t\t<\/ul>\n<\/li><li class=\"mega-menu-column mega-menu-columns-4-of-12\" style=\"--columns:12; --span:4\" id=\"mega-menu-6395-0-1\">\n\t\t<ul class=\"mega-sub-menu\">\n<li class=\"mega-menu-item mega-menu-item-type-widget widget_custom_html mega-menu-item-custom_html-39\" id=\"mega-menu-item-custom_html-39\"><h4 class=\"mega-block-title\">\u00d6ffnungszeiten<\/h4><div class=\"textwidget custom-html-widget\"><p style=\"font-size:1.1rem! important; line-height:1.3!important;\"><span data-fetch-shortcode data-code=\"mbhi\" data-arguments=\"location=&quot;DAM3&quot; includetime=&quot;true&quot; includeday=&quot;true&quot; format=&quot;24&quot; approximation=&quot;true&quot; openingsoonmessagetime=&quot;2700&quot; closingsoonmessagetime=&quot;2700&quot; openmessage=&quot;Heute ge\u00f6ffnet von {from} \u2013 {to} Uhr&quot; closedmessage=&quot;Derzeit geschlossen!&quot; openingsoonmessage=&quot;Opens in {x} minutes!&quot; closingsoonmessage=&quot;Closes in {x} minutes!&quot; removezeroes=&quot;false&quot;  extra_classes=&quot;&quot; show_specialdate_messages=&quot;true&quot; show_vacation_messages=&quot;true&quot; vacation_message_closed=&quot;Closed today!&quot; specialdate_message_open=&quot;open!&quot; specialdate_message_closed=&quot;closed!&quot; from=&quot;&quot; to=&quot;&quot; loading=&quot;loading ...&quot; output=&quot;&quot;\">loading ...<\/span>\r\n<\/p>\r\n\r\n<p>\r\n<span data-fetch-shortcode data-code=\"mbhi_hours\" data-arguments=\"location=&quot;DAM3&quot; format=&quot;24&quot; display=&quot;consolidated&quot; output=&quot;table&quot; includeholidays=&quot;true&quot; includevacations=&quot;false&quot; abbreviatedays=&quot;false&quot; consolidationseparator=&quot; - &quot; hourseparator=&quot; - &quot; entryseparator=&quot;, &quot; mhbr=&quot;true&quot; showonlytoday=&quot;&quot; dayentryseparator=&quot; &quot; removezeroes=&quot;false&quot; seo=&quot;true&quot;  hide_hours=&quot;false&quot; startonsunday=&quot;false&quot; extra_classes=&quot;&quot; dates_in_past=&quot;false&quot; replace_with_specials=&quot;false&quot; replace_with_vacations=&quot;false&quot; date_format=&quot;day first&quot; replaced_vacations_format=&quot;{day_short} ({name})&quot; replaced_specials_format=&quot;{day_short} ({name})&quot; included_vacations_format=&quot;&lt;br\/&gt;{from_day_of_month}. - {to_day_of_month}. {to_month_short}&quot; included_specials_format=&quot;{day_of_month}. {month_short}&quot; day_format=&quot;{day}&quot; view=&quot;normal&quot; rollover=&quot;true&quot; rollover_from=&quot;30&quot; rollover_to=&quot;14&quot;\">loading ...<\/span>\n<div itemtype=\"http:\/\/schema.org\/LocalBusiness\" itemscope>\n\t<meta itemprop=\"name\" content=\"DAM3\">\n    \t<meta itemprop=\"openingHours\" content=\"Tu 11:00-18:00\"><meta itemprop=\"openingHours\" content=\"We 11:00-20:00\"><meta itemprop=\"openingHours\" content=\"Th-Su 11:00-18:00\">            <div itemprop=\"openingHoursSpecification\" itemscope itemtype=\"http:\/\/schema.org\/OpeningHoursSpecification\">\n                                    <time itemprop=\"validFrom validThrough\" datetime=\"2026-10-03\"><\/time>\n                                    <time itemprop=\"opens\" datetime=\"11:00:00\"><\/time>\n                                    <time itemprop=\"closes\" datetime=\"18:00:00\"><\/time>\n                            <\/div>\n                        <div itemprop=\"openingHoursSpecification\" itemscope itemtype=\"http:\/\/schema.org\/OpeningHoursSpecification\">\n                                    <time itemprop=\"validFrom validThrough\" datetime=\"2026-12-26\"><\/time>\n                                    <time itemprop=\"opens\" datetime=\"11:00:00\"><\/time>\n                                    <time itemprop=\"closes\" datetime=\"18:00:00\"><\/time>\n                            <\/div>\n                        <div itemprop=\"openingHoursSpecification\" itemscope itemtype=\"http:\/\/schema.org\/OpeningHoursSpecification\">\n                                    <time itemprop=\"validFrom validThrough\" datetime=\"2026-12-31\"><\/time>\n                                    <time itemprop=\"opens\" datetime=\"11:00:00\"><\/time>\n                                    <time itemprop=\"closes\" datetime=\"18:00:00\"><\/time>\n                            <\/div>\n                        <div itemprop=\"openingHoursSpecification\" itemscope itemtype=\"http:\/\/schema.org\/OpeningHoursSpecification\">\n                                    <time itemprop=\"validFrom validThrough\" datetime=\"2026-02-17\"><\/time>\n                                    <time itemprop=\"opens\" datetime=\"11:00:00\"><\/time>\n                                    <time itemprop=\"closes\" datetime=\"18:00:00\"><\/time>\n                            <\/div>\n                        <div itemprop=\"openingHoursSpecification\" itemscope itemtype=\"http:\/\/schema.org\/OpeningHoursSpecification\">\n                                    <time itemprop=\"validFrom validThrough\" datetime=\"2026-04-03\"><\/time>\n                                    <time itemprop=\"opens\" datetime=\"11:00:00\"><\/time>\n                                    <time itemprop=\"closes\" datetime=\"18:00:00\"><\/time>\n                            <\/div>\n                        <div itemprop=\"openingHoursSpecification\" itemscope itemtype=\"http:\/\/schema.org\/OpeningHoursSpecification\">\n                                    <time itemprop=\"validFrom validThrough\" datetime=\"2026-04-05\"><\/time>\n                                    <time itemprop=\"opens\" datetime=\"11:00:00\"><\/time>\n                                    <time itemprop=\"closes\" datetime=\"18:00:00\"><\/time>\n                            <\/div>\n                        <div itemprop=\"openingHoursSpecification\" itemscope itemtype=\"http:\/\/schema.org\/OpeningHoursSpecification\">\n                                    <time itemprop=\"validFrom validThrough\" datetime=\"2026-04-06\"><\/time>\n                                    <time itemprop=\"opens\" datetime=\"11:00:00\"><\/time>\n                                    <time itemprop=\"closes\" datetime=\"18:00:00\"><\/time>\n                            <\/div>\n                        <div itemprop=\"openingHoursSpecification\" itemscope itemtype=\"http:\/\/schema.org\/OpeningHoursSpecification\">\n                                    <time itemprop=\"validFrom validThrough\" datetime=\"2026-05-01\"><\/time>\n                                    <time itemprop=\"opens\" datetime=\"11:00:00\"><\/time>\n                                    <time itemprop=\"closes\" datetime=\"18:00:00\"><\/time>\n                            <\/div>\n                        <div itemprop=\"openingHoursSpecification\" itemscope itemtype=\"http:\/\/schema.org\/OpeningHoursSpecification\">\n                                    <time itemprop=\"validFrom validThrough\" datetime=\"2026-05-14\"><\/time>\n                                    <time itemprop=\"opens\" datetime=\"11:00:00\"><\/time>\n                                    <time itemprop=\"closes\" datetime=\"18:00:00\"><\/time>\n                            <\/div>\n                        <div itemprop=\"openingHoursSpecification\" itemscope itemtype=\"http:\/\/schema.org\/OpeningHoursSpecification\">\n                                    <time itemprop=\"validFrom validThrough\" datetime=\"2026-05-24\"><\/time>\n                                    <time itemprop=\"opens\" datetime=\"11:00:00\"><\/time>\n                                    <time itemprop=\"closes\" datetime=\"18:00:00\"><\/time>\n                            <\/div>\n                        <div itemprop=\"openingHoursSpecification\" itemscope itemtype=\"http:\/\/schema.org\/OpeningHoursSpecification\">\n                                    <time itemprop=\"validFrom validThrough\" datetime=\"2026-05-25\"><\/time>\n                                    <time itemprop=\"opens\" datetime=\"11:00:00\"><\/time>\n                                    <time itemprop=\"closes\" datetime=\"18:00:00\"><\/time>\n                            <\/div>\n                        <div itemprop=\"openingHoursSpecification\" itemscope itemtype=\"http:\/\/schema.org\/OpeningHoursSpecification\">\n                                    <time itemprop=\"validFrom validThrough\" datetime=\"2026-05-26\"><\/time>\n                                    <time itemprop=\"opens\" datetime=\"11:00:00\"><\/time>\n                                    <time itemprop=\"closes\" datetime=\"18:00:00\"><\/time>\n                            <\/div>\n            <\/div>\n\r\n<\/p>\r\n<!-- \r\n\r\n[mbhi_specials location=\"DAM3\" format=\"24\" display=\"consolidated\" output=\"table\" mhbr=\"true\" included_specials_format=\"{date}. \"]\r\n\r\n[mbhi_specials location=\"DAM3\" format=\"24\" display=\"normal\" output=\"table\" mhbr=\"true\" included_specials_format=\"{date} {name} \"]\r\n-->\r\n\r\n<!-- \r\n<p style=\"font-size: 0.9rem!important; font-weight:bold; padding-left:0px;\">bis einschlie\u00dflich 31. Mai GESCHLOSSEN!<\/p>\r\n\r\n<p style=\"font-size: 0.9rem!important; font-weight:bold; padding-left:6px;\">24. - 25. Dezember & 1. Januar Geschlossen!<\/p>\r\n-->\r\n\r\n<!-- \r\n<p style=\"font-size: 0.9rem!important; font-weight:bold; padding-left:0px;\">Bis einschlie\u00dflich 31. Januar geschlossen!<\/p>\r\n-->\r\n\r\n<p style=\"font-size: 0.9rem!important; font-weight:bold; padding-left:6px;\">Heiligabend, 1. Weihnachtsfeiertag und 1. Januar GESCHLOSSEN!\r\n<\/p><\/div><\/li><li class=\"mega-menu-item mega-menu-item-type-widget widget_custom_html mega-menu-item-custom_html-8\" id=\"mega-menu-item-custom_html-8\"><h4 class=\"mega-block-title\">Anfahrt<\/h4><div class=\"textwidget custom-html-widget\">\t\t\t<p>\r\n\t\t\t\tDeutsches Architekturmuseum (DAM)<br>\r\n\t\t\t\tSchaumainkai 43<br>\r\n\t\t\t\t60596 Frankfurt am Main<br>\r\n\t\t\t\t<!--\r\n\t\t\t\tHenschelstra\u00dfe 18\r\n\t\t\t\t60314 Frankfurt am Main<br>\r\n\t\t\t\t-->\r\n\t\t\t\t<!--<span style=\"color: yellow!important\">\r\n\t\t\t\tEingang am Parkplatz<br>\r\n\t\t\t\tneben Corona-Testcenter<br>\r\n\t\t\t\t<\/span>-->\r\n\t\t\t\t<!--DAM Ostend<br>\r\n\t\t\t\tHenschelstr. 18<br>\r\n\t\t\t\t60314 Frankfurt am Main<br>-->\r\n\t\t\t\t<a style=\"text-decoration:underline!important\" href=\"https:\/\/www.google.de\/maps\/place\/Henschelstra%C3%9Fe+16,+60314+Frankfurt+am+Main\/@50.1142922,8.7089342,19.19z\/data=!4m5!3m4!1s0x47bd0e8ff9bdb463:0x8c5f8cdc0c4c6460!8m2!3d50.1142163!4d8.7092373\">Stadtplan<\/a>\r\n\t\t\t<\/p><\/div><\/li><li class=\"mega-menu-item mega-menu-item-type-widget widget_custom_html mega-menu-item-custom_html-24\" id=\"mega-menu-item-custom_html-24\"><h4 class=\"mega-block-title\">Kontakt<\/h4><div class=\"textwidget custom-html-widget\">\t\t\t<p>\r\n\t\t\t\tT 069 212 38844<br>\r\n\t\t\t<a href=\"mailto:info.dam@stadt-frankfurt.de\">info.dam@stadt-frankfurt.de<\/a>\r\n\t\t\t<\/p><\/div><\/li>\t\t<\/ul>\n<\/li><li class=\"mega-menu-column mega-menu-columns-4-of-12\" style=\"--columns:12; --span:4\" id=\"mega-menu-6395-0-2\">\n\t\t<ul class=\"mega-sub-menu\">\n<li class=\"mega-menu-item mega-menu-item-type-widget widget_media_image mega-menu-item-media_image-39\" id=\"mega-menu-item-media_image-39\"><a href=\"\/besuch\/info\/\"><img width=\"311\" height=\"441\" src=\"https:\/\/dam-online.de\/wp-content\/uploads\/2023\/04\/Miniplakat-25-06-13-2.jpg\" class=\"image wp-image-60768  attachment-full size-full\" alt=\"\" style=\"max-width: 100%; height: auto;\" decoding=\"async\" loading=\"lazy\" srcset=\"https:\/\/dam-online.de\/wp-content\/uploads\/2023\/04\/Miniplakat-25-06-13-2.jpg 311w, https:\/\/dam-online.de\/wp-content\/uploads\/2023\/04\/Miniplakat-25-06-13-2-212x300.jpg 212w, https:\/\/dam-online.de\/wp-content\/uploads\/2023\/04\/Miniplakat-25-06-13-2-150x213.jpg 150w, https:\/\/dam-online.de\/wp-content\/uploads\/2023\/04\/Miniplakat-25-06-13-2-250x355.jpg 250w, https:\/\/dam-online.de\/wp-content\/uploads\/2023\/04\/Miniplakat-25-06-13-2-300x425.jpg 300w\" sizes=\"(max-width: 311px) 100vw, 311px\" \/><\/a><\/li>\t\t<\/ul>\n<\/li>\t<\/ul>\n<\/li><\/ul>\n<\/li><li class=\"mega-menu-item mega-menu-item-type-custom mega-menu-item-object-custom mega-menu-item-has-children mega-menu-megamenu mega-menu-grid mega-align-bottom-left mega-menu-grid mega-menu-item-6396\" id=\"mega-menu-item-6396\"><a class=\"mega-menu-link\" href=\"\/Programm\" aria-expanded=\"false\" aria-controls=\"mega-sub-menu-6396\">Programm<span class=\"mega-indicator\" aria-hidden=\"true\"><\/span><\/a>\n<ul class=\"mega-sub-menu\" role='presentation' id='mega-sub-menu-6396'>\n<li class=\"mega-menu-row\" id=\"mega-menu-6396-0\">\n\t<ul class=\"mega-sub-menu\" style='--columns:12' role='presentation'>\n<li class=\"mega-menu-column mega-menu-columns-4-of-12\" style=\"--columns:12; --span:4\" id=\"mega-menu-6396-0-0\">\n\t\t<ul class=\"mega-sub-menu\">\n<li class=\"mega-menu-item mega-menu-item-type-post_type mega-menu-item-object-page mega-menu-item-6505\" id=\"mega-menu-item-6505\"><a class=\"mega-menu-link\" href=\"https:\/\/dam-online.de\/programm\/ausstellungen\/\">Ausstellungen<\/a><\/li><li class=\"mega-menu-item mega-menu-item-type-post_type mega-menu-item-object-page mega-menu-item-6506\" id=\"mega-menu-item-6506\"><a class=\"mega-menu-link\" href=\"https:\/\/dam-online.de\/programm\/veranstaltungen\/\">Veranstaltungen<\/a><\/li><li class=\"mega-menu-item mega-menu-item-type-post_type mega-menu-item-object-page mega-menu-item-6507\" id=\"mega-menu-item-6507\"><a class=\"mega-menu-link\" href=\"https:\/\/dam-online.de\/programm\/architekturpreise\/\">Architekturpreise<\/a><\/li><li class=\"mega-menu-item mega-menu-item-type-custom mega-menu-item-object-custom mega-menu-item-37033\" id=\"mega-menu-item-37033\"><a class=\"mega-menu-link\" href=\"\/shop\">Publikationen<\/a><\/li><li class=\"mega-dam-digital mega-menu-item mega-menu-item-type-post_type mega-menu-item-object-page mega-menu-item-22191 dam-digital\" id=\"mega-menu-item-22191\"><a class=\"mega-menu-link\" href=\"https:\/\/dam-online.de\/programm\/dam-digital\/\">DAM Digital<\/a><\/li>\t\t<\/ul>\n<\/li><li class=\"mega-menu-column mega-col-middle mega-menu-columns-4-of-12 col-middle\" style=\"--columns:12; --span:4\" id=\"mega-menu-6396-0-1\">\n\t\t<ul class=\"mega-sub-menu\">\n<li class=\"mega-menu-item mega-menu-item-type-widget widget_custom_html mega-menu-item-custom_html-40\" id=\"mega-menu-item-custom_html-40\"><div class=\"textwidget custom-html-widget\"><!--\r\n<p>\r\n[ecs-list-events exclude_id='53212' design=\"compact\" tag=\"mega-menu\" tag_cat_operator='AND' exclude_cat='Ausstellung' thumb='true' thumbwidth='300' thumbheight='210' contentorder=\"thumbnail, title, date\" eventdetails=\"true\"]\r\n<\/p> \r\n-->\r\n\r\n<p>\r\n<!--\r\n[ecs-list-events id='56629' design='compact' thumb='true' thumbwidth='300' thumbheight='210' contentorder='thumbnail, title, date' eventdetails='true']\r\n\r\n[ecs-list-events id='57939' design='compact' thumb='true' thumbwidth='300' thumbheight='210' contentorder='thumbnail, title, date' eventdetails='true']\r\n-->\r\n\r\n<style>.compact.compact-3 .ecs-event .ecs-event-status.ecs-event-status-canceled, .compact.compact-3 .ecs-event-status.ecs-event-status-postponed {color:#DA394D;}.ecs-events.compact.compact-3 {display:table;border-spacing:5px;}.compact.compact-3 .ecs-event {width:100%;display:table-row;margin-bottom:5px;height:75px;}.compact.compact-3 .ecs-event .date_thumb {width:80px;display:table-cell;text-align:center;vertical-align:middle;background-color:#eeeeee;color:#050505;}.compact.compact-3 .ecs-event .date_thumb .month {font-size:16px;text-transform:uppercase;margin:0;padding:0;line-height:1;}.compact.compact-3 .ecs-event .date_thumb .day {font-size:26px;font-weight:bold;margin:0;padding:0;line-height:1;}.compact.compact-3 .ecs-event .summary, .compact .ecs-event .ecs-thumbnail, .compact .ecs-event .ecs-button {display:table-cell;vertical-align:middle;}.ecs-events.compact.compact-3 .ecs-button a {background-color:#666;background-image:none;border-radius:3px;border:0;box-shadow:none;color: #fff;cursor: pointer;display: inline-block;font-size: 11px;font-weight: 700;letter-spacing: 1px;line-height: normal;padding: 6px 9px;text-align: center;text-decoration:none;text-transform:uppercase;vertical-align:middle;zoom:1;white-space:nowrap;}.compact.compact-3 .ecs-event .ecs-button {padding-left:10px;}.compact.compact-3 .ecs-event .ecs-thumbnail img {max-width:none;display:table-cell;margin:0;padding:0;}.compact.compact-3 .ecs-event .ecs-excerpt {margin-top: 5px;}<\/style><div class=\"ecs-events compact compact-3\"><div class=\"ecs-event veranstaltung-en_ecs_category\"><div class=\"ecs-thumbnail\"><img width=\"300\" height=\"200\" src=\"https:\/\/dam-online.de\/wp-content\/uploads\/2026\/02\/DAM_StadtSport_MoritzBernoully_web_03.jpg\" class=\"attachment-300x210 size-300x210 wp-post-image\" alt=\"\" decoding=\"async\" loading=\"lazy\" \/><\/div><div class=\"summary\"><a href=\"https:\/\/dam-online.de\/en\/veranstaltung\/calisthenics-battle-by-flythenics\/\" rel=\"bookmark\">UNITED BY BARZ \u2013 Calisthenics Community Event \u2013 mit Flythenics<\/a><div class=\"ecs-date\"><span class=\"tribe-event-date-start\">2. May \u2013 11:00<\/span> \u2013 <span class=\"tribe-event-time\">17:00<\/span><\/div><\/div><\/div><div class=\"ecs-event veranstaltung-en_ecs_category\"><div class=\"ecs-thumbnail\"><img width=\"300\" height=\"198\" src=\"https:\/\/dam-online.de\/wp-content\/uploads\/2026\/02\/Hauptbahnhof-Gleisfeld_mit-Logo_rot.jpg\" class=\"attachment-300x210 size-300x210 wp-post-image\" alt=\"\" decoding=\"async\" loading=\"lazy\" srcset=\"https:\/\/dam-online.de\/wp-content\/uploads\/2026\/02\/Hauptbahnhof-Gleisfeld_mit-Logo_rot-1280x845.jpg 1280w, https:\/\/dam-online.de\/wp-content\/uploads\/2026\/02\/Hauptbahnhof-Gleisfeld_mit-Logo_rot-980x647.jpg 980w, https:\/\/dam-online.de\/wp-content\/uploads\/2026\/02\/Hauptbahnhof-Gleisfeld_mit-Logo_rot-480x317.jpg 480w\" sizes=\"(min-width: 0px) and (max-width: 480px) 480px, (min-width: 481px) and (max-width: 980px) 980px, (min-width: 981px) and (max-width: 1280px) 1280px, 100vw\" \/><\/div><div class=\"summary\"><a href=\"https:\/\/dam-online.de\/en\/veranstaltung\/die-stadt-das-zeichnen-urban-sketching-wie-skizzieren-zum-stadterlebnis-wird\/\" rel=\"bookmark\">DIE STADT + DAS ZEICHNEN Urban Sketching &#8211; Wie Skizzieren zum Stadterlebnis wird<\/a><div class=\"ecs-date\"><span class=\"tribe-event-date-start\">6. May \u2013 19:00<\/span><\/div><\/div><\/div><\/div><script type=\"application\/ld+json\">\r\n[{\"@context\":\"http:\/\/schema.org\",\"@type\":\"Event\",\"name\":\"UNITED BY BARZ \\u2013 Calisthenics Community Event \\u2013 mit Flythenics\",\"description\":\"&lt;p&gt;Das Calisthenics Community Event im DAM bringt Athlet:innen, Sportbegeisterte und Zuschauer:innen zusammen \\u2013 f\\u00fcr einen Tag voller Kraft, Dynamik und echtem Community-Spirit.&lt;\/p&gt;\\\\n\",\"image\":\"https:\/\/dam-online.de\/wp-content\/uploads\/2026\/02\/DAM_StadtSport_MoritzBernoully_web_03.jpg\",\"url\":\"https:\/\/dam-online.de\/en\/veranstaltung\/calisthenics-battle-by-flythenics\/\",\"eventAttendanceMode\":\"https:\/\/schema.org\/OfflineEventAttendanceMode\",\"eventStatus\":\"https:\/\/schema.org\/EventScheduled\",\"startDate\":\"2026-05-02T11:00:00+02:00\",\"endDate\":\"2026-05-02T17:00:00+02:00\",\"location\":{\"@type\":\"Place\",\"name\":\"Deutsches Architekturmuseum (DAM)\",\"description\":\"\",\"url\":\"https:\/\/dam-online.de\/ort\/dam\/\",\"address\":{\"@type\":\"PostalAddress\",\"streetAddress\":\"Schaumainkai 43\",\"addressLocality\":\"Frankfurt \/ M.\",\"addressRegion\":\"Hessen\",\"postalCode\":\"D-60596\"},\"telephone\":\"+49 (0)69 212-38844\",\"sameAs\":\"\"},\"organizer\":{\"@type\":\"Person\",\"name\":\"Deutsches Architekturmuseum (DAM)\",\"description\":\"\",\"url\":\"https:\/\/dam-online.de\",\"telephone\":\"069 - 212 38844\",\"email\":\"&#105;&#110;f&#111;&#46;&#100;&#97;m&#64;&#115;&#116;&#97;&#100;t-fran&#107;f&#117;&#114;t&#46;&#100;e\",\"sameAs\":\"https:\/\/dam-online.de\"},\"performer\":\"Organization\"},{\"@context\":\"http:\/\/schema.org\",\"@type\":\"Event\",\"name\":\"DIE STADT + DAS ZEICHNEN Urban Sketching &#8211; Wie Skizzieren zum Stadterlebnis wird\",\"description\":\"&lt;p&gt;Wer sitzt denn da am Wegesrand? Mit Skizzenbuch und Stift? Urban Sketching hei\\u00dft das Live-Zeichnen vor Ort, was unter Architekt:innen oder K\\u00fcnstler:innen schon seit jeher verbreitet ist. Daraus ist in zahlreichen Gruppen seit 2007 eine weltweite Bewegung geworden.&lt;\/p&gt;\\\\n\",\"image\":\"https:\/\/dam-online.de\/wp-content\/uploads\/2026\/02\/Hauptbahnhof-Gleisfeld_mit-Logo_rot.jpg\",\"url\":\"https:\/\/dam-online.de\/en\/veranstaltung\/die-stadt-das-zeichnen-urban-sketching-wie-skizzieren-zum-stadterlebnis-wird\/\",\"eventAttendanceMode\":\"https:\/\/schema.org\/OfflineEventAttendanceMode\",\"eventStatus\":\"https:\/\/schema.org\/EventScheduled\",\"startDate\":\"2026-05-06T19:00:00+02:00\",\"endDate\":\"2026-05-06T19:00:00+02:00\",\"location\":{\"@type\":\"Place\",\"name\":\"DAM Auditorium\",\"description\":\"\",\"url\":\"https:\/\/dam-online.de\/ort\/auditorium\/\",\"address\":{\"@type\":\"PostalAddress\",\"streetAddress\":\"Schaumainkai 43\",\"addressLocality\":\"Frankfurt am Main\",\"addressRegion\":\"Hessen\",\"postalCode\":\"60596\",\"addressCountry\":\"Deutschland\"},\"geo\":{\"@type\":\"GeoCoordinates\",\"latitude\":50.105076,\"longitude\":8.6768825},\"telephone\":\"069 212 38844\",\"sameAs\":\"\"},\"organizer\":{\"@type\":\"Person\",\"name\":\"Deutsches Architekturmuseum (DAM)\",\"description\":\"\",\"url\":\"https:\/\/dam-online.de\",\"telephone\":\"069 - 212 38844\",\"email\":\"&#105;nfo&#46;d&#97;m&#64;&#115;t&#97;&#100;t-&#102;&#114;ank&#102;u&#114;t.d&#101;\",\"sameAs\":\"https:\/\/dam-online.de\"},\"offers\":{\"@type\":\"Offer\",\"price\":\"10\",\"priceCurrency\":\"EUR\",\"url\":\"https:\/\/dam-online.de\/en\/veranstaltung\/die-stadt-das-zeichnen-urban-sketching-wie-skizzieren-zum-stadterlebnis-wird\/\",\"category\":\"primary\",\"availability\":\"inStock\",\"validFrom\":\"2026-02-13T00:00:00+00:00\"},\"performer\":\"Organization\"}]\r\n<\/script>\r\n\r\n<\/p>\r\n\r\n<\/div><\/li>\t\t<\/ul>\n<\/li><li class=\"mega-menu-column mega-menu-columns-4-of-12\" style=\"--columns:12; --span:4\" id=\"mega-menu-6396-0-2\">\n\t\t<ul class=\"mega-sub-menu\">\n<li class=\"mega-menu-item mega-menu-item-type-widget widget_media_image mega-menu-item-media_image-12\" id=\"mega-menu-item-media_image-12\"><a href=\"\/veranstaltung\/suburbia-traeume-vom-eigenheim-\u00a5-wege-aus-der-wohnungskrise\/\" target=\"_blank\"><img width=\"311\" height=\"441\" src=\"https:\/\/dam-online.de\/wp-content\/uploads\/2026\/03\/DAM_Suburbia_Miniplakat_311x441px_300dpi_260205_bearb.jpg\" class=\"image wp-image-65161  attachment-full size-full\" alt=\"\" style=\"max-width: 100%; height: auto;\" decoding=\"async\" loading=\"lazy\" srcset=\"https:\/\/dam-online.de\/wp-content\/uploads\/2026\/03\/DAM_Suburbia_Miniplakat_311x441px_300dpi_260205_bearb.jpg 311w, https:\/\/dam-online.de\/wp-content\/uploads\/2026\/03\/DAM_Suburbia_Miniplakat_311x441px_300dpi_260205_bearb-212x300.jpg 212w, https:\/\/dam-online.de\/wp-content\/uploads\/2026\/03\/DAM_Suburbia_Miniplakat_311x441px_300dpi_260205_bearb-150x213.jpg 150w, https:\/\/dam-online.de\/wp-content\/uploads\/2026\/03\/DAM_Suburbia_Miniplakat_311x441px_300dpi_260205_bearb-250x355.jpg 250w, https:\/\/dam-online.de\/wp-content\/uploads\/2026\/03\/DAM_Suburbia_Miniplakat_311x441px_300dpi_260205_bearb-300x425.jpg 300w\" sizes=\"(max-width: 311px) 100vw, 311px\" \/><\/a><\/li>\t\t<\/ul>\n<\/li>\t<\/ul>\n<\/li><li class=\"mega-menu-row\" id=\"mega-menu-6396-1\">\n\t<ul class=\"mega-sub-menu\" style='--columns:12' role='presentation'>\n<li class=\"mega-menu-column mega-menu-columns-5-of-12 mega-hide-on-mobile mega-hide-on-desktop\" style=\"--columns:12; --span:5\" id=\"mega-menu-6396-1-0\">\n\t\t<ul class=\"mega-sub-menu\">\n<li class=\"mega-menu-item mega-menu-item-type-widget widget_media_image mega-menu-item-media_image-10\" id=\"mega-menu-item-media_image-10\"><div style=\"width: 260px\" class=\"wp-caption alignnone\"><a href=\"\/0-0-ausstellung-02\/\"><img width=\"250\" height=\"167\" src=\"https:\/\/dam-online.de\/wp-content\/uploads\/2019\/03\/3b9c3767-dam_dampreis2018_statuetten_foto_fritzphilipp-250x167.jpg\" class=\"image wp-image-6343  attachment-250x167 size-250x167\" alt=\"DAM Preis Statuetten \\ Foto: Fritz Philipp\" style=\"max-width: 100%; height: auto;\" decoding=\"async\" loading=\"lazy\" srcset=\"https:\/\/dam-online.de\/wp-content\/uploads\/2019\/03\/3b9c3767-dam_dampreis2018_statuetten_foto_fritzphilipp-250x167.jpg 250w, https:\/\/dam-online.de\/wp-content\/uploads\/2019\/03\/3b9c3767-dam_dampreis2018_statuetten_foto_fritzphilipp-300x200.jpg 300w, https:\/\/dam-online.de\/wp-content\/uploads\/2019\/03\/3b9c3767-dam_dampreis2018_statuetten_foto_fritzphilipp-600x400.jpg 600w, https:\/\/dam-online.de\/wp-content\/uploads\/2019\/03\/3b9c3767-dam_dampreis2018_statuetten_foto_fritzphilipp-768x512.jpg 768w, https:\/\/dam-online.de\/wp-content\/uploads\/2019\/03\/3b9c3767-dam_dampreis2018_statuetten_foto_fritzphilipp-1030x687.jpg 1030w, https:\/\/dam-online.de\/wp-content\/uploads\/2019\/03\/3b9c3767-dam_dampreis2018_statuetten_foto_fritzphilipp-150x100.jpg 150w, https:\/\/dam-online.de\/wp-content\/uploads\/2019\/03\/3b9c3767-dam_dampreis2018_statuetten_foto_fritzphilipp-350x233.jpg 350w, https:\/\/dam-online.de\/wp-content\/uploads\/2019\/03\/3b9c3767-dam_dampreis2018_statuetten_foto_fritzphilipp-1080x720.jpg 1080w, https:\/\/dam-online.de\/wp-content\/uploads\/2019\/03\/3b9c3767-dam_dampreis2018_statuetten_foto_fritzphilipp.jpg 1600w\" sizes=\"(max-width: 250px) 100vw, 250px\" \/><\/a><p class=\"wp-caption-text\">Foto: Fritz Philipp<\/p><\/div><\/li><li class=\"mega-menu-item mega-menu-item-type-widget widget_divi_pb_widget mega-menu-item-divi_pb_widget-4\" id=\"mega-menu-item-divi_pb_widget-4\"><div class=\"et_pb_module et_pb_text et_pb_text_0  et_pb_text_align_left et_pb_bg_layout_light\">\n\t\t\t\t\n\t\t\t\t\n\t\t\t\t\n\t\t\t\t\n\t\t\t\t<div class=\"et_pb_text_inner\">\r\n\r\n<div class=\"ecs-no-events\">There are no upcoming Veranstaltungen.<\/div>\r\n\r\n<!--&#091;ecs-list-events cat=\"Ausstellung\" tag=\"mega-menu\" tag_cat_operator='AND' exclude_cat='Architekturpreis, Veranstaltung, Vermittlung'&#093;-->\r\n\r\n<!--&#091;ecs-list-events cat=\"Ausstellung\" tag=\"mega-menu\" tag_cat_operator='AND'&#093;-->\r\n\r\n<!-- &#091;ecs-list-events cat=\"Ausstellung\" titlesize=\"16px\" limit=\"1\" description=\"false\" tag=\"mega-menu\" venue=\"false\"&#093; design=\"columns\" design=\"table\" thumb='true' thumbwidth='150' thumbheight='150' futureonly='true' featured_only='true' excerpt=\"true\" description=\"true\" raw_description=\"true\" -->\r\n\r\n<\/div>\n\t\t\t<\/div><\/li><li class=\"mega-menu-item mega-menu-item-type-widget widget_divi_pb_widget mega-menu-item-divi_pb_widget-5\" id=\"mega-menu-item-divi_pb_widget-5\"><div class=\"et_pb_module et_pb_text et_pb_text_1  et_pb_text_align_left et_pb_bg_layout_light\">\n\t\t\t\t\n\t\t\t\t\n\t\t\t\t\n\t\t\t\t\n\t\t\t\t<div class=\"et_pb_text_inner\">\r\n\r\n<div class=\"ecs-no-events\">There are no upcoming Veranstaltungen.<\/div>\r\n<!--\r\n&#091;ecs-list-events cat=\"Architekturpreis\" tag=\"mega-menu\" tag_cat_operator='AND'&#093;\r\n\r\n&#091;ecs-list-events cat=\"Ausstellung\" titlesize=\"16px\" limit=\"1\" description=\"false\" tag=\"mega-menu\" venue=\"false\"&#093;\r\ndesign=\"columns\"\r\ndesign=\"table\"\r\nthumb='true' thumbwidth='150' thumbheight='150'\r\nfutureonly='true'\r\nfeatured_only='true'\r\nexcerpt=\"true\" description=\"true\" raw_description=\"true\"\r\n-->\r\n\r\n<\/div>\n\t\t\t<\/div><\/li><li class=\"mega-menu-item mega-menu-item-type-widget widget_custom_html mega-menu-item-custom_html-10\" id=\"mega-menu-item-custom_html-10\"><h4 class=\"mega-block-title\">Architekturpreise aktuell:<\/h4><div class=\"textwidget custom-html-widget\"><\/div><\/li><li class=\"mega-menu-item mega-menu-item-type-widget widget_custom_html mega-menu-item-custom_html-11\" id=\"mega-menu-item-custom_html-11\"><div class=\"textwidget custom-html-widget\"><br><\/div><\/li><li class=\"mega-menu-item mega-menu-item-type-widget widget_custom_html mega-menu-item-custom_html-25\" id=\"mega-menu-item-custom_html-25\"><h4 class=\"mega-block-title\">N\u00e4chste Veranstaltung:<\/h4><div class=\"textwidget custom-html-widget\">NEUER MENSCH, NEUE WOHNUNG\r\n<br>\r\n<\/div><\/li><li class=\"mega-menu-item mega-menu-item-type-widget widget_media_image mega-menu-item-media_image-11\" id=\"mega-menu-item-media_image-11\"><a href=\"\/veranstaltung\/neuer-mensch-neue-wohnung\/\"><img width=\"251\" height=\"148\" src=\"https:\/\/dam-online.de\/wp-content\/uploads\/2019\/03\/9eac226e-flyout_klein_190308_programm_veranstaltung.jpg\" class=\"image wp-image-6443  attachment-251x148 size-251x148\" alt=\"\" style=\"max-width: 100%; height: auto;\" decoding=\"async\" loading=\"lazy\" srcset=\"https:\/\/dam-online.de\/wp-content\/uploads\/2019\/03\/9eac226e-flyout_klein_190308_programm_veranstaltung.jpg 281w, https:\/\/dam-online.de\/wp-content\/uploads\/2019\/03\/9eac226e-flyout_klein_190308_programm_veranstaltung-150x89.jpg 150w, https:\/\/dam-online.de\/wp-content\/uploads\/2019\/03\/9eac226e-flyout_klein_190308_programm_veranstaltung-250x148.jpg 250w\" sizes=\"(max-width: 251px) 100vw, 251px\" \/><\/a><\/li><li class=\"mega-menu-item mega-menu-item-type-widget widget_custom_html mega-menu-item-custom_html-26\" id=\"mega-menu-item-custom_html-26\"><div class=\"textwidget custom-html-widget\">\t\t<br><\/div><\/li>\t\t<\/ul>\n<\/li>\t<\/ul>\n<\/li><li class=\"mega-menu-row\" id=\"mega-menu-6396-2\">\n\t<ul class=\"mega-sub-menu\" style='--columns:12' role='presentation'>\n<li class=\"mega-menu-column mega-menu-columns-3-of-12\" style=\"--columns:12; --span:3\" id=\"mega-menu-6396-2-0\">\n\t\t<ul class=\"mega-sub-menu\">\n<li class=\"mega-dam-im-stadtraum mega-menu-item mega-menu-item-type-post_type mega-menu-item-object-page mega-menu-item-55837 dam-im-stadtraum\" id=\"mega-menu-item-55837\"><a class=\"mega-menu-link\" href=\"https:\/\/dam-online.de\/programm\/dam-im-stadtraum\/\">DAM im Stadtraum<\/a><\/li>\t\t<\/ul>\n<\/li>\t<\/ul>\n<\/li><\/ul>\n<\/li><li class=\"mega-menu-item mega-menu-item-type-custom mega-menu-item-object-custom mega-menu-item-has-children mega-menu-megamenu mega-menu-grid mega-align-bottom-left mega-menu-grid mega-menu-item-6397\" id=\"mega-menu-item-6397\"><a class=\"mega-menu-link\" href=\"\/bildung\" aria-expanded=\"false\" aria-controls=\"mega-sub-menu-6397\">Bildung<span class=\"mega-indicator\" aria-hidden=\"true\"><\/span><\/a>\n<ul class=\"mega-sub-menu\" role='presentation' id='mega-sub-menu-6397'>\n<li class=\"mega-menu-row\" id=\"mega-menu-6397-0\">\n\t<ul class=\"mega-sub-menu\" style='--columns:12' role='presentation'>\n<li class=\"mega-menu-column mega-menu-columns-4-of-12\" style=\"--columns:12; --span:4\" id=\"mega-menu-6397-0-0\">\n\t\t<ul class=\"mega-sub-menu\">\n<li class=\"mega-menu-item mega-menu-item-type-post_type mega-menu-item-object-page mega-menu-item-36948\" id=\"mega-menu-item-36948\"><a class=\"mega-menu-link\" href=\"https:\/\/dam-online.de\/bildung\/programm\/erwachsene\/\">Erwachsene<\/a><\/li><li class=\"mega-menu-item mega-menu-item-type-custom mega-menu-item-object-custom mega-menu-item-36945\" id=\"mega-menu-item-36945\"><a class=\"mega-menu-link\" href=\"\/bildung\/programm\/kinder-jugendliche-familie\">Kinder, Jugendliche & Familien<\/a><\/li><li class=\"mega-menu-item mega-menu-item-type-custom mega-menu-item-object-custom mega-menu-item-36946\" id=\"mega-menu-item-36946\"><a class=\"mega-menu-link\" href=\"\/bildung\/programm\/schule-kita\">Schule & Kita<\/a><\/li><li class=\"mega-menu-item mega-menu-item-type-post_type mega-menu-item-object-page mega-menu-item-6476\" id=\"mega-menu-item-6476\"><a class=\"mega-menu-link\" href=\"https:\/\/dam-online.de\/bildung\/fuehrungen-touren\/\">F\u00fchrungen &amp; Touren<\/a><\/li><li class=\"mega-menu-item mega-menu-item-type-post_type mega-menu-item-object-page mega-menu-item-6472\" id=\"mega-menu-item-6472\"><a class=\"mega-menu-link\" href=\"https:\/\/dam-online.de\/bildung\/publikationen\/\">Publikationen<\/a><\/li><li class=\"mega-menu-item mega-menu-item-type-post_type mega-menu-item-object-page mega-menu-item-6473\" id=\"mega-menu-item-6473\"><a class=\"mega-menu-link\" href=\"https:\/\/dam-online.de\/bildung\/ansprechpartner\/\">Ansprechpartner<\/a><\/li>\t\t<\/ul>\n<\/li><li class=\"mega-menu-column mega-menu-columns-4-of-12\" style=\"--columns:12; --span:4\" id=\"mega-menu-6397-0-1\">\n\t\t<ul class=\"mega-sub-menu\">\n<li class=\"mega-menu-item mega-menu-item-type-widget widget_custom_html mega-menu-item-custom_html-12\" id=\"mega-menu-item-custom_html-12\"><h4 class=\"mega-block-title\">Kontakt<\/h4><div class=\"textwidget custom-html-widget\"><p>\r\nConfiyet Aydin, M.A.<br>\r\nStellvertretende Leitung Bildung und Vermittlung<a href=\"mailto:confiyet.aydin@stadt-frankfurt.de\">confiyet.aydin@stadt-frankfurt.de<\/a><a href=\"tel:+49 6921231076\">T +49 (0)69 212-31076<\/a>\r\n<\/p>\r\n\r\n<!--\r\n<p>\r\nRebekka Kremershof<br>\r\nLeitung Bildung und Vermittlung<br>\r\n\t<a href=\"mailto:rebekka.kremershof@stadt-frankfurt.de\">rebekka.kremershof@stadt-frankfurt.de<\/a>\r\n\tT +49 (0)69 212-31076<br>\r\n<\/p>\r\n--><\/div><\/li><li class=\"mega-menu-item mega-menu-item-type-widget widget_custom_html mega-menu-item-custom_html-41\" id=\"mega-menu-item-custom_html-41\"><h4 class=\"mega-block-title\">N\u00e4chste Veranstaltung<\/h4><div class=\"textwidget custom-html-widget\"><!--[ecs-list-events design=\"dam_ecs_events\" tag=\"mega-menu-vermittlung\" tag_cat_operator='AND'\r\nthumb='true' thumbwidth='300' thumbheight='210']-->\r\n\r\n<style>.compact.compact-4 .ecs-event .ecs-event-status.ecs-event-status-canceled, .compact.compact-4 .ecs-event-status.ecs-event-status-postponed {color:#DA394D;}.ecs-events.compact.compact-4 {display:table;border-spacing:5px;}.compact.compact-4 .ecs-event {width:100%;display:table-row;margin-bottom:5px;height:75px;}.compact.compact-4 .ecs-event .date_thumb {width:80px;display:table-cell;text-align:center;vertical-align:middle;background-color:#eeeeee;color:#050505;}.compact.compact-4 .ecs-event .date_thumb .month {font-size:16px;text-transform:uppercase;margin:0;padding:0;line-height:1;}.compact.compact-4 .ecs-event .date_thumb .day {font-size:26px;font-weight:bold;margin:0;padding:0;line-height:1;}.compact.compact-4 .ecs-event .summary, .compact .ecs-event .ecs-thumbnail, .compact .ecs-event .ecs-button {display:table-cell;vertical-align:middle;}.ecs-events.compact.compact-4 .ecs-button a {background-color:#666;background-image:none;border-radius:3px;border:0;box-shadow:none;color: #fff;cursor: pointer;display: inline-block;font-size: 11px;font-weight: 700;letter-spacing: 1px;line-height: normal;padding: 6px 9px;text-align: center;text-decoration:none;text-transform:uppercase;vertical-align:middle;zoom:1;white-space:nowrap;}.compact.compact-4 .ecs-event .ecs-button {padding-left:10px;}.compact.compact-4 .ecs-event .ecs-thumbnail img {max-width:none;display:table-cell;margin:0;padding:0;}.compact.compact-4 .ecs-event .ecs-excerpt {margin-top: 5px;}<\/style><div class=\"ecs-events compact compact-4\"><div class=\"ecs-event kinder-jugendliche-familien-en_ecs_category veranstaltung-en_ecs_category\"><div class=\"ecs-thumbnail\"><img width=\"300\" height=\"200\" src=\"https:\/\/dam-online.de\/wp-content\/uploads\/2023\/06\/DAM_Familienfuehrung_Foto_MaximilianvonLachner_3198.jpg\" class=\"attachment-300x210 size-300x210 wp-post-image\" alt=\"\" decoding=\"async\" loading=\"lazy\" srcset=\"https:\/\/dam-online.de\/wp-content\/uploads\/2023\/06\/DAM_Familienfuehrung_Foto_MaximilianvonLachner_3198.jpg 1600w, https:\/\/dam-online.de\/wp-content\/uploads\/2023\/06\/DAM_Familienfuehrung_Foto_MaximilianvonLachner_3198-300x200.jpg 300w, https:\/\/dam-online.de\/wp-content\/uploads\/2023\/06\/DAM_Familienfuehrung_Foto_MaximilianvonLachner_3198-1030x687.jpg 1030w, https:\/\/dam-online.de\/wp-content\/uploads\/2023\/06\/DAM_Familienfuehrung_Foto_MaximilianvonLachner_3198-768x512.jpg 768w, https:\/\/dam-online.de\/wp-content\/uploads\/2023\/06\/DAM_Familienfuehrung_Foto_MaximilianvonLachner_3198-1536x1024.jpg 1536w, https:\/\/dam-online.de\/wp-content\/uploads\/2023\/06\/DAM_Familienfuehrung_Foto_MaximilianvonLachner_3198-1080x720.jpg 1080w, https:\/\/dam-online.de\/wp-content\/uploads\/2023\/06\/DAM_Familienfuehrung_Foto_MaximilianvonLachner_3198-600x400.jpg 600w\" sizes=\"(max-width: 300px) 100vw, 300px\" \/><\/div><div class=\"summary\"><a href=\"https:\/\/dam-online.de\/en\/veranstaltung\/familienfuehrung-die-stadt-ist-der-sport-staedte-in-bewegung-beispiele-aus-ganz-europa-2-2\/\" rel=\"bookmark\">Familienf\u00fchrung: Die Stadt ist der Sport \u2013 St\u00e4dte in Bewegung: Beispiele aus ganz Europa<\/a><div class=\"ecs-date\"><span class=\"tribe-event-date-start\">3. May \u2013 13:00<\/span> \u2013 <span class=\"tribe-event-time\">14:00<\/span><\/div><\/div><\/div><div class=\"ecs-event kinder-jugendliche-familien-en_ecs_category veranstaltung-en_ecs_category vermittlung-en_ecs_category\"><div class=\"ecs-thumbnail\"><img width=\"300\" height=\"200\" src=\"https:\/\/dam-online.de\/wp-content\/uploads\/2025\/12\/Minecraft_dunkel-scaled.jpg\" class=\"attachment-300x210 size-300x210 wp-post-image\" alt=\"\" decoding=\"async\" loading=\"lazy\" \/><\/div><div class=\"summary\"><a href=\"https:\/\/dam-online.de\/en\/veranstaltung\/block-lab-minecraft-workshop-das-haus-3\/\" rel=\"bookmark\">Block Lab Minecraft Workshop: DAS HAUS<\/a><div class=\"ecs-date\"><span class=\"tribe-event-date-start\">8. May \u2013 16:00<\/span> \u2013 <span class=\"tribe-event-time\">18:00<\/span><\/div><\/div><\/div><\/div><script type=\"application\/ld+json\">\r\n[{\"@context\":\"http:\/\/schema.org\",\"@type\":\"Event\",\"name\":\"Familienf\\u00fchrung: Die Stadt ist der Sport \\u2013 St\\u00e4dte in Bewegung: Beispiele aus ganz Europa\",\"description\":\"&lt;p&gt;Wie kann man als Elternteil gemeinsam mit Kindern unterschiedlichen Alters ins Museum gehen, so dass es f\\u00fcr alle Beteiligten ein sch\\u00f6nes Erlebnis wird?&lt;\/p&gt;\\\\n\",\"image\":\"https:\/\/dam-online.de\/wp-content\/uploads\/2023\/06\/DAM_Familienfuehrung_Foto_MaximilianvonLachner_3198.jpg\",\"url\":\"https:\/\/dam-online.de\/en\/veranstaltung\/familienfuehrung-die-stadt-ist-der-sport-staedte-in-bewegung-beispiele-aus-ganz-europa-2-2\/\",\"eventAttendanceMode\":\"https:\/\/schema.org\/OfflineEventAttendanceMode\",\"eventStatus\":\"https:\/\/schema.org\/EventScheduled\",\"startDate\":\"2026-05-03T13:00:00+02:00\",\"endDate\":\"2026-05-03T14:00:00+02:00\",\"location\":{\"@type\":\"Place\",\"name\":\"DAM Schaumainkai\",\"description\":\"\",\"url\":\"https:\/\/dam-online.de\/ort\/dam-schaumainkai\/\",\"address\":{\"@type\":\"PostalAddress\"},\"telephone\":\"\",\"sameAs\":\"\"},\"performer\":\"Organization\"},{\"@context\":\"http:\/\/schema.org\",\"@type\":\"Event\",\"name\":\"Block Lab Minecraft Workshop: DAS HAUS\",\"description\":\"&lt;p&gt;Diese Staffel dreht sich ganz um das Thema \\u201eHaus\\u201c. Anhand von konkreten historischen Geb\\u00e4udebeispielen werden wir die&lt;br \/&gt;\\\\nEigenheiten der jeweiligen Epoche ausarbeiten, sowie uns mit Bautechniken und Grundrissen auseinandersetzen. &lt;\/p&gt;\\\\n\",\"image\":\"https:\/\/dam-online.de\/wp-content\/uploads\/2025\/12\/Minecraft_dunkel-scaled.jpg\",\"url\":\"https:\/\/dam-online.de\/en\/veranstaltung\/block-lab-minecraft-workshop-das-haus-3\/\",\"eventAttendanceMode\":\"https:\/\/schema.org\/OfflineEventAttendanceMode\",\"eventStatus\":\"https:\/\/schema.org\/EventScheduled\",\"startDate\":\"2026-05-08T16:00:00+02:00\",\"endDate\":\"2026-05-08T18:00:00+02:00\",\"location\":{\"@type\":\"Place\",\"name\":\"DAM Auditorium\",\"description\":\"\",\"url\":\"https:\/\/dam-online.de\/ort\/auditorium\/\",\"address\":{\"@type\":\"PostalAddress\",\"streetAddress\":\"Schaumainkai 43\",\"addressLocality\":\"Frankfurt am Main\",\"addressRegion\":\"Hessen\",\"postalCode\":\"60596\",\"addressCountry\":\"Deutschland\"},\"geo\":{\"@type\":\"GeoCoordinates\",\"latitude\":50.105076,\"longitude\":8.6768825},\"telephone\":\"069 212 38844\",\"sameAs\":\"\"},\"offers\":{\"@type\":\"Offer\",\"price\":\"3,50\",\"priceCurrency\":\"EUR\",\"url\":\"https:\/\/dam-online.de\/en\/veranstaltung\/block-lab-minecraft-workshop-das-haus-3\/\",\"category\":\"primary\",\"availability\":\"inStock\",\"validFrom\":\"2025-12-19T00:00:00+00:00\"},\"performer\":\"Organization\"}]\r\n<\/script>\r\n\r\n  <!--<p>\r\n\t\t\t[ecs-list-events design=\"compact\" tag=\"mega-menu-vermittlung\" tag_cat_operator='AND' exclude_cat='Architekturpreis, Ausstellung' thumb='true' thumbwidth='300' thumbheight='210' contentorder=\"date_thumb, thumbnail, title, date, venue, time, excerpt, button\" eventdetails=\"true\"]\r\n\t\t<\/p>--><\/div><\/li>\t\t<\/ul>\n<\/li><li class=\"mega-menu-column mega-menu-columns-4-of-12\" style=\"--columns:12; --span:4\" id=\"mega-menu-6397-0-2\">\n\t\t<ul class=\"mega-sub-menu\">\n<li class=\"mega-menu-item mega-menu-item-type-widget widget_media_image mega-menu-item-media_image-14\" id=\"mega-menu-item-media_image-14\"><a href=\"\/bildung\"><img width=\"311\" height=\"441\" src=\"https:\/\/dam-online.de\/wp-content\/uploads\/2022\/02\/DAM_Vermittlung_FlyOutMenue_Miniplakat_311x441px_220215_03.jpg\" class=\"image wp-image-36697  attachment-full size-full\" alt=\"\" style=\"max-width: 100%; height: auto;\" decoding=\"async\" loading=\"lazy\" srcset=\"https:\/\/dam-online.de\/wp-content\/uploads\/2022\/02\/DAM_Vermittlung_FlyOutMenue_Miniplakat_311x441px_220215_03.jpg 311w, https:\/\/dam-online.de\/wp-content\/uploads\/2022\/02\/DAM_Vermittlung_FlyOutMenue_Miniplakat_311x441px_220215_03-300x425.jpg 300w, https:\/\/dam-online.de\/wp-content\/uploads\/2022\/02\/DAM_Vermittlung_FlyOutMenue_Miniplakat_311x441px_220215_03-212x300.jpg 212w, https:\/\/dam-online.de\/wp-content\/uploads\/2022\/02\/DAM_Vermittlung_FlyOutMenue_Miniplakat_311x441px_220215_03-150x213.jpg 150w, https:\/\/dam-online.de\/wp-content\/uploads\/2022\/02\/DAM_Vermittlung_FlyOutMenue_Miniplakat_311x441px_220215_03-250x355.jpg 250w\" sizes=\"(max-width: 311px) 100vw, 311px\" \/><\/a><\/li>\t\t<\/ul>\n<\/li>\t<\/ul>\n<\/li><li class=\"mega-menu-row\" id=\"mega-menu-6397-1\">\n\t<ul class=\"mega-sub-menu\" style='--columns:12' role='presentation'>\n<li class=\"mega-menu-column mega-menu-columns-4-of-12 mega-hide-on-mobile mega-hide-on-desktop\" style=\"--columns:12; --span:4\" id=\"mega-menu-6397-1-0\">\n\t\t<ul class=\"mega-sub-menu\">\n<li class=\"mega-menu-item mega-menu-item-type-widget widget_media_image mega-menu-item-media_image-13\" id=\"mega-menu-item-media_image-13\"><h4 class=\"mega-block-title\">N\u00e4chste Veranstaltung<\/h4><a href=\"\/bildung\"><img width=\"281\" height=\"166\" src=\"https:\/\/dam-online.de\/wp-content\/uploads\/2019\/03\/88dad958-flyout_klein_190308_bildung_veranstaltung.jpg\" class=\"image wp-image-6447  attachment-full size-full\" alt=\"\" style=\"max-width: 100%; height: auto;\" decoding=\"async\" loading=\"lazy\" srcset=\"https:\/\/dam-online.de\/wp-content\/uploads\/2019\/03\/88dad958-flyout_klein_190308_bildung_veranstaltung.jpg 281w, https:\/\/dam-online.de\/wp-content\/uploads\/2019\/03\/88dad958-flyout_klein_190308_bildung_veranstaltung-150x89.jpg 150w, https:\/\/dam-online.de\/wp-content\/uploads\/2019\/03\/88dad958-flyout_klein_190308_bildung_veranstaltung-250x148.jpg 250w\" sizes=\"(max-width: 281px) 100vw, 281px\" \/><\/a><\/li>\t\t<\/ul>\n<\/li>\t<\/ul>\n<\/li><\/ul>\n<\/li><li class=\"mega-menu-item mega-menu-item-type-custom mega-menu-item-object-custom mega-menu-item-has-children mega-menu-megamenu mega-menu-grid mega-align-bottom-left mega-menu-grid mega-menu-item-6398\" id=\"mega-menu-item-6398\"><a class=\"mega-menu-link\" href=\"\/sammlungen\" aria-expanded=\"false\" aria-controls=\"mega-sub-menu-6398\">Sammlungen<span class=\"mega-indicator\" aria-hidden=\"true\"><\/span><\/a>\n<ul class=\"mega-sub-menu\" role='presentation' id='mega-sub-menu-6398'>\n<li class=\"mega-menu-row\" id=\"mega-menu-6398-0\">\n\t<ul class=\"mega-sub-menu\" style='--columns:12' role='presentation'>\n<li class=\"mega-menu-column mega-menu-columns-4-of-12\" style=\"--columns:12; --span:4\" id=\"mega-menu-6398-0-0\">\n\t\t<ul class=\"mega-sub-menu\">\n<li class=\"mega-menu-item mega-menu-item-type-post_type mega-menu-item-object-page mega-menu-item-6469\" id=\"mega-menu-item-6469\"><a class=\"mega-menu-link\" href=\"https:\/\/dam-online.de\/sammlungen\/dam-archiv\/\">DAM Archiv<\/a><\/li><li class=\"mega-menu-item mega-menu-item-type-post_type mega-menu-item-object-page mega-menu-item-6471\" id=\"mega-menu-item-6471\"><a class=\"mega-menu-link\" href=\"https:\/\/dam-online.de\/sammlungen\/sammlung-digital\/\">DAM Sammlung Digital<\/a><\/li><li class=\"mega-menu-item mega-menu-item-type-post_type mega-menu-item-object-page mega-menu-item-6470\" id=\"mega-menu-item-6470\"><a class=\"mega-menu-link\" href=\"https:\/\/dam-online.de\/sammlungen\/dam-bibliothek\/\">DAM Bibliothek<\/a><\/li>\t\t<\/ul>\n<\/li><li class=\"mega-menu-column mega-menu-columns-4-of-12\" style=\"--columns:12; --span:4\" id=\"mega-menu-6398-0-1\">\n\t\t<ul class=\"mega-sub-menu\">\n<li class=\"mega-menu-item mega-menu-item-type-widget widget_custom_html mega-menu-item-custom_html-15\" id=\"mega-menu-item-custom_html-15\"><h4 class=\"mega-block-title\">DAM Archiv<\/h4><div class=\"textwidget custom-html-widget\">\t\t\t\t<p>\r\n\t\t\t\tHedderichstra\u00dfe 108-110<br>\r\n\t\t\t\t60596 Frankfurt am Main<br>\r\n\t\t\t\t<a href=\"mailto:dam.archiv@stadt-frankfurt.de\">dam.archiv@stadt-frankfurt.de<\/a>\r\n\t\t\t\t<\/p>\r\n\t\t\t\t<p>\r\n\t\t\t\tArchivleitung<br>\r\n\t\t\t\tDr. Katja Leiskau<br>\r\n\t\t\t\t<a href=\"mailto:dam.archiv@stadt-frankfurt.de\">dam.archiv@stadt-frankfurt.de<\/a>\r\n\t\t\t\tT +49 (0)69 212-30831<br>\r\n\t\t\t\t<\/p>\r\n\t\t\t\t<br>\r\n\t\t\t\t<\/div><\/li><li class=\"mega-menu-item mega-menu-item-type-widget widget_custom_html mega-menu-item-custom_html-16\" id=\"mega-menu-item-custom_html-16\"><h4 class=\"mega-block-title\">DAM Bibliothek<\/h4><div class=\"textwidget custom-html-widget\">\t\t\t<p>\r\n\t\t\t\tHedderichstra\u00dfe 108-110<br>\r\n\t\t\t\t60596 Frankfurt am Main<br>\r\n\t\t\t\t<a href=\"mailto:dam.bibliothek@stadt-frankfurt.de\">dam.bibliothek@stadt-frankfurt.de<\/a>\r\n\t\t\t<\/p>\r\n\t\t\t<p>\r\n\t\t\t\tChristiane Eulig,<br>\r\n\t\t\t\tBibliothekarin<br>\r\n\t\t\t\tT +49 (0)69 212-30827<br>\r\n\t\t\t\t<a href=\"mailto:christiane.eulig@stadt-frankfurt.de\">christiane.eulig@stadt-frankfurt.de<\/a>\r\n\t\t\t<\/p><\/div><\/li>\t\t<\/ul>\n<\/li><li class=\"mega-menu-column mega-menu-columns-4-of-12\" style=\"--columns:12; --span:4\" id=\"mega-menu-6398-0-2\">\n\t\t<ul class=\"mega-sub-menu\">\n<li class=\"mega-menu-item mega-menu-item-type-widget widget_media_image mega-menu-item-media_image-15\" id=\"mega-menu-item-media_image-15\"><a href=\"\/sammlungen\/sammlung-digital\/\"><img width=\"311\" height=\"441\" src=\"https:\/\/dam-online.de\/wp-content\/uploads\/2026\/02\/DAM_Sammler_Miniplakat_311x441px_72dpi_251112_01.jpg\" class=\"image wp-image-64467  attachment-full size-full\" alt=\"\" style=\"max-width: 100%; height: auto;\" decoding=\"async\" loading=\"lazy\" srcset=\"https:\/\/dam-online.de\/wp-content\/uploads\/2026\/02\/DAM_Sammler_Miniplakat_311x441px_72dpi_251112_01.jpg 311w, https:\/\/dam-online.de\/wp-content\/uploads\/2026\/02\/DAM_Sammler_Miniplakat_311x441px_72dpi_251112_01-212x300.jpg 212w, https:\/\/dam-online.de\/wp-content\/uploads\/2026\/02\/DAM_Sammler_Miniplakat_311x441px_72dpi_251112_01-150x213.jpg 150w, https:\/\/dam-online.de\/wp-content\/uploads\/2026\/02\/DAM_Sammler_Miniplakat_311x441px_72dpi_251112_01-250x355.jpg 250w, https:\/\/dam-online.de\/wp-content\/uploads\/2026\/02\/DAM_Sammler_Miniplakat_311x441px_72dpi_251112_01-300x425.jpg 300w\" sizes=\"(max-width: 311px) 100vw, 311px\" \/><\/a><\/li>\t\t<\/ul>\n<\/li>\t<\/ul>\n<\/li><\/ul>\n<\/li><li class=\"mega-menu-item mega-menu-item-type-custom mega-menu-item-object-custom mega-menu-item-has-children mega-menu-megamenu mega-menu-grid mega-align-bottom-left mega-menu-grid mega-menu-item-6399\" id=\"mega-menu-item-6399\"><a class=\"mega-menu-link\" href=\"\/das-dam\" aria-expanded=\"false\" aria-controls=\"mega-sub-menu-6399\">Das DAM<span class=\"mega-indicator\" aria-hidden=\"true\"><\/span><\/a>\n<ul class=\"mega-sub-menu\" role='presentation' id='mega-sub-menu-6399'>\n<li class=\"mega-menu-row\" id=\"mega-menu-6399-0\">\n\t<ul class=\"mega-sub-menu\" style='--columns:12' role='presentation'>\n<li class=\"mega-menu-column mega-menu-columns-4-of-12\" style=\"--columns:12; --span:4\" id=\"mega-menu-6399-0-0\">\n\t\t<ul class=\"mega-sub-menu\">\n<li class=\"mega-menu-item mega-menu-item-type-post_type mega-menu-item-object-page mega-menu-item-6451\" id=\"mega-menu-item-6451\"><a class=\"mega-menu-link\" href=\"https:\/\/dam-online.de\/das-dam\/portrait\/\">Portrait<\/a><\/li><li class=\"mega-menu-item mega-menu-item-type-post_type mega-menu-item-object-page mega-menu-item-6449\" id=\"mega-menu-item-6449\"><a class=\"mega-menu-link\" href=\"https:\/\/dam-online.de\/das-dam\/team\/\">Team<\/a><\/li><li class=\"mega-menu-item mega-menu-item-type-custom mega-menu-item-object-custom mega-menu-item-9783\" id=\"mega-menu-item-9783\"><a class=\"mega-menu-link\" href=\"\/das-dam\/freunde-des-dam\">Freunde des DAM<\/a><\/li><li class=\"mega-menu-item mega-menu-item-type-post_type mega-menu-item-object-page mega-menu-item-9700\" id=\"mega-menu-item-9700\"><a class=\"mega-menu-link\" href=\"https:\/\/dam-online.de\/das-dam\/engagement\/sponsoren-und-unterstuetzer\/\">Sponsoren und Unterst\u00fctzer<\/a><\/li><li class=\"mega-menu-item mega-menu-item-type-post_type mega-menu-item-object-page mega-menu-item-17198\" id=\"mega-menu-item-17198\"><a class=\"mega-menu-link\" href=\"https:\/\/dam-online.de\/das-dam\/jobs\/\">Jobs<\/a><\/li>\t\t<\/ul>\n<\/li><li class=\"mega-menu-column mega-menu-columns-4-of-12\" style=\"--columns:12; --span:4\" id=\"mega-menu-6399-0-1\">\n\t\t<ul class=\"mega-sub-menu\">\n<li class=\"mega-menu-item mega-menu-item-type-widget widget_media_image mega-menu-item-media_image-16\" id=\"mega-menu-item-media_image-16\"><a href=\"\/das-dam\/freunde-des-dam\"><img width=\"614\" height=\"427\" src=\"https:\/\/dam-online.de\/wp-content\/uploads\/2019\/05\/06932a10-20190502_damfreunde_flyer_0008_bearb.jpg\" class=\"image wp-image-9601  attachment-full size-full\" alt=\"Flyer Freunde des DAM - Ausschnitt, Foto: Moritz Bernoully\" style=\"max-width: 100%; height: auto;\" decoding=\"async\" loading=\"lazy\" srcset=\"https:\/\/dam-online.de\/wp-content\/uploads\/2019\/05\/06932a10-20190502_damfreunde_flyer_0008_bearb.jpg 614w, https:\/\/dam-online.de\/wp-content\/uploads\/2019\/05\/06932a10-20190502_damfreunde_flyer_0008_bearb-300x209.jpg 300w, https:\/\/dam-online.de\/wp-content\/uploads\/2019\/05\/06932a10-20190502_damfreunde_flyer_0008_bearb-600x417.jpg 600w, https:\/\/dam-online.de\/wp-content\/uploads\/2019\/05\/06932a10-20190502_damfreunde_flyer_0008_bearb-150x104.jpg 150w, https:\/\/dam-online.de\/wp-content\/uploads\/2019\/05\/06932a10-20190502_damfreunde_flyer_0008_bearb-250x174.jpg 250w, https:\/\/dam-online.de\/wp-content\/uploads\/2019\/05\/06932a10-20190502_damfreunde_flyer_0008_bearb-350x243.jpg 350w\" sizes=\"(max-width: 614px) 100vw, 614px\" \/><\/a><\/li><li class=\"mega-menu-item mega-menu-item-type-widget widget_custom_html mega-menu-item-custom_html-20\" id=\"mega-menu-item-custom_html-20\"><h4 class=\"mega-block-title\">Freund werden<\/h4><div class=\"textwidget custom-html-widget\"><\/div><\/li>\t\t<\/ul>\n<\/li><li class=\"mega-menu-column mega-menu-columns-4-of-12\" style=\"--columns:12; --span:4\" id=\"mega-menu-6399-0-2\">\n\t\t<ul class=\"mega-sub-menu\">\n<li class=\"mega-menu-item mega-menu-item-type-widget widget_media_image mega-menu-item-media_image-18\" id=\"mega-menu-item-media_image-18\"><a href=\"\/das-dam\/\"><img width=\"311\" height=\"441\" src=\"https:\/\/dam-online.de\/wp-content\/uploads\/2019\/03\/2a01c6c3-dam_flyout_190308_hausimhaus_pfeil.jpg\" class=\"image wp-image-7243  attachment-full size-full\" alt=\"\" style=\"max-width: 100%; height: auto;\" decoding=\"async\" loading=\"lazy\" srcset=\"https:\/\/dam-online.de\/wp-content\/uploads\/2019\/03\/2a01c6c3-dam_flyout_190308_hausimhaus_pfeil.jpg 311w, https:\/\/dam-online.de\/wp-content\/uploads\/2019\/03\/2a01c6c3-dam_flyout_190308_hausimhaus_pfeil-300x425.jpg 300w, https:\/\/dam-online.de\/wp-content\/uploads\/2019\/03\/2a01c6c3-dam_flyout_190308_hausimhaus_pfeil-212x300.jpg 212w, https:\/\/dam-online.de\/wp-content\/uploads\/2019\/03\/2a01c6c3-dam_flyout_190308_hausimhaus_pfeil-150x213.jpg 150w, https:\/\/dam-online.de\/wp-content\/uploads\/2019\/03\/2a01c6c3-dam_flyout_190308_hausimhaus_pfeil-250x355.jpg 250w\" sizes=\"(max-width: 311px) 100vw, 311px\" \/><\/a><\/li>\t\t<\/ul>\n<\/li>\t<\/ul>\n<\/li><li class=\"mega-menu-row\" id=\"mega-menu-6399-1\">\n\t<ul class=\"mega-sub-menu\" style='--columns:12' role='presentation'>\n<li class=\"mega-menu-column mega-menu-columns-3-of-12\" style=\"--columns:12; --span:3\" id=\"mega-menu-6399-1-0\"><\/li>\t<\/ul>\n<\/li><\/ul>\n<\/li><\/ul><\/div> &nbsp; Education Archiraum.de Erste interaktive Architektur-Website f\u00fcr Kinder von 8 bis 14 Jahren online \u2013 archiraum.de verbindet Spielen und Lernen Eine Webseite, auf der Kinder die Welt der [&hellip;]<\/p>\n","protected":false},"author":5,"featured_media":0,"parent":11756,"menu_order":11,"comment_status":"closed","ping_status":"closed","template":"","meta":{"_acf_changed":false,"_et_pb_use_builder":"on","_et_pb_old_content":"<h2>In den Sommerferien 2019: 29. Juni \u2013 11. August 2019<\/h2><p>Die traditionelle \u201eLegoBaustelle\u201c f\u00fcllt das Auditorium des DAM mit Tausenden von roten, blauen, gelben, schwarzen und wei\u00dfen Legosteinen und bietet Kindern ab 4 Jahren (\u00fcbrigens auch Eltern und Gro\u00dfeltern!) jede M\u00f6glichkeit, ihren Baufantasien freien Lauf zu lassen. Wer einfach drauflos bauen m\u00f6chte, tut das; alle anderen LegoBaumeister k\u00f6nnen an wechselnden Themenwettbewerben teilnehmen. Die besten Bauwerke werden pr\u00e4miert.<\/p><p>jeweils Di \u2013 So, 10 \u2013 18 Uhr, ab 4 Jahren<\/p><p>Teilnahmegeb\u00fchr LegoBaustelle: 3 \u20ac<br \/>Kombiticket Erwachsene f\u00fcr LegoBaustelle plus Ausstellungen: \u20ac 9<br \/>F\u00fcr Inhaber des Frankfurt Passes, der Ferienkarte und f\u00fcr Gefl\u00fcchtete immer \u20ac 1<\/p><p><strong>Wettbewerbe<\/strong><br \/>Wolkenkratzer 2040 - Wir reisen in die Zukunft!<br \/>29.06. - 12.07.2019<\/p><p>Lass dich treiben - Mit deinem Hausboot \u00fcber den Main!<br \/>13.07. - 26.07.2019<\/p><p>Ber\u00fchmt ber\u00fcchtigt - Wahrzeichen aus aller Welt!<br \/>27.07. - 11.08.2019<\/p><p>Eine Anmeldung f\u00fcr<strong> Gruppen<\/strong> ist erforderlich:<br \/><a>dam.vermittlung@stadt-frankfurt.de<\/a>  Tel. 069 \u2013 212 479 11<\/p>","_et_gb_content_width":"","footnotes":""},"hf_cat_page":[],"class_list":["post-11567","page","type-page","status-publish","hentry"],"acf":[],"_links":{"self":[{"href":"https:\/\/dam-online.de\/en\/wp-json\/wp\/v2\/pages\/11567","targetHints":{"allow":["GET"]}}],"collection":[{"href":"https:\/\/dam-online.de\/en\/wp-json\/wp\/v2\/pages"}],"about":[{"href":"https:\/\/dam-online.de\/en\/wp-json\/wp\/v2\/types\/page"}],"author":[{"embeddable":true,"href":"https:\/\/dam-online.de\/en\/wp-json\/wp\/v2\/users\/5"}],"replies":[{"embeddable":true,"href":"https:\/\/dam-online.de\/en\/wp-json\/wp\/v2\/comments?post=11567"}],"version-history":[{"count":0,"href":"https:\/\/dam-online.de\/en\/wp-json\/wp\/v2\/pages\/11567\/revisions"}],"up":[{"embeddable":true,"href":"https:\/\/dam-online.de\/en\/wp-json\/wp\/v2\/pages\/11756"}],"wp:attachment":[{"href":"https:\/\/dam-online.de\/en\/wp-json\/wp\/v2\/media?parent=11567"}],"wp:term":[{"taxonomy":"hf_cat_page","embeddable":true,"href":"https:\/\/dam-online.de\/en\/wp-json\/wp\/v2\/hf_cat_page?post=11567"}],"curies":[{"name":"wp","href":"https:\/\/api.w.org\/{rel}","templated":true}]}}