{"id":11543,"date":"2019-07-15T17:15:32","date_gmt":"2019-07-15T15:15:32","guid":{"rendered":"https:\/\/dam-online.de\/educational-program\/"},"modified":"2019-07-15T17:15:33","modified_gmt":"2019-07-15T15:15:33","slug":"educational-program","status":"publish","type":"page","link":"https:\/\/dam-online.de\/en\/education\/educational-program\/","title":{"rendered":"Educational Program"},"content":{"rendered":"<p>[et_pb_section bb_built=&#8221;1&#8243; admin_label=&#8221;DAM Inline-Menu Sektion&#8221; specialty=&#8221;off&#8221; _builder_version=&#8221;3.19.4&#8243; custom_margin=&#8221;0px||20px|&#8221; custom_padding=&#8221;0px||0px|&#8221; module_id=&#8221;dam-inline-menu&#8221; disabled_on=&#8221;off|off|off&#8221; disabled=&#8221;off&#8221; global_module=&#8221;6459&#8243; next_background_color=&#8221;#000000&#8243;][et_pb_row admin_label=&#8221;DAM Inline-Menu Row&#8221; global_parent=&#8221;6459&#8243; _builder_version=&#8221;3.19.4&#8243; custom_margin=&#8221;0px||0px|&#8221; custom_padding=&#8221;0px||0px|&#8221;][et_pb_column type=&#8221;4_4&#8243;][et_pb_text admin_label=&#8221;DAM Inline-Menu&#8221; global_parent=&#8221;6459&#8243; _builder_version=&#8221;3.19.4&#8243; custom_margin=&#8221;0px||0px|&#8221; custom_padding=&#8221;0px||0px|&#8221;]<\/p>\n<div id=\"mega-menu-wrap-max_mega_menu_1\" class=\"mega-menu-wrap\"><div class=\"mega-menu-toggle\"><div class=\"mega-toggle-blocks-left\"><\/div><div class=\"mega-toggle-blocks-center\"><\/div><div class=\"mega-toggle-blocks-right\"><div class='mega-toggle-block mega-menu-toggle-block mega-toggle-block-1' id='mega-toggle-block-1'><button aria-controls=\"mega-menu-max_mega_menu_1\" aria-expanded=\"false\" aria-haspopup=\"true\" class='mega-toggle-standard mega-toggle-label'><span class='mega-toggle-label-closed'><\/span><span class='mega-toggle-label-open'><\/span><\/button><\/div><\/div><\/div><ul id=\"mega-menu-max_mega_menu_1\" class=\"mega-menu max-mega-menu mega-menu-horizontal mega-no-js\" data-event=\"hover\" data-effect=\"disabled\" data-effect-speed=\"200\" data-effect-mobile=\"disabled\" data-effect-speed-mobile=\"0\" data-panel-width=\".et_pb_row\" data-mobile-force-width=\"false\" data-second-click=\"go\" data-document-click=\"collapse\" data-vertical-behaviour=\"accordion\" data-breakpoint=\"767\" data-unbind=\"true\" data-mobile-state=\"collapse_all\" data-mobile-direction=\"vertical\" data-overlay-desktop=\"false\" data-overlay-mobile=\"false\"><li class=\"mega-m-besuch mega-menu-item mega-menu-item-type-custom mega-menu-item-object-custom mega-menu-item-has-children mega-menu-megamenu mega-menu-grid mega-align-bottom-left mega-has-icon mega-icon-left mega-menu-item-6395 m-besuch\" id=\"mega-menu-item-6395\"><a class=\"mega-custom-icon mega-menu-link\" href=\"\/Besuch\" aria-expanded=\"false\" aria-controls=\"mega-sub-menu-6395\">Besuch<span class=\"mega-indicator\" aria-hidden=\"true\"><\/span><\/a>\n<ul class=\"mega-sub-menu\" role='presentation' id='mega-sub-menu-6395'>\n<li class=\"mega-menu-row\" id=\"mega-menu-6395-0\">\n\t<ul class=\"mega-sub-menu\" style='--columns:12' role='presentation'>\n<li class=\"mega-menu-column mega-menu-columns-4-of-12\" style=\"--columns:12; --span:4\" id=\"mega-menu-6395-0-0\">\n\t\t<ul class=\"mega-sub-menu\">\n<li class=\"mega-menu-item mega-menu-item-type-post_type mega-menu-item-object-page mega-menu-item-6508\" id=\"mega-menu-item-6508\"><a class=\"mega-menu-link\" href=\"https:\/\/dam-online.de\/besuch\/info\/\">Infos & Services<\/a><\/li><li class=\"mega-menu-item mega-menu-item-type-post_type mega-menu-item-object-page mega-menu-item-6509\" id=\"mega-menu-item-6509\"><a class=\"mega-menu-link\" href=\"https:\/\/dam-online.de\/besuch\/fuehrungen\/\">F\u00fchrungen<\/a><\/li><li class=\"mega-menu-item mega-menu-item-type-post_type mega-menu-item-object-page mega-menu-item-6510\" id=\"mega-menu-item-6510\"><a class=\"mega-menu-link\" href=\"https:\/\/dam-online.de\/besuch\/museumsshop\/\">Museumsshop<\/a><\/li><li class=\"mega-menu-item mega-menu-item-type-post_type mega-menu-item-object-page mega-menu-item-61792\" id=\"mega-menu-item-61792\"><a class=\"mega-menu-link\" href=\"https:\/\/dam-online.de\/besuch\/cafe\/\">Caf\u00e9<\/a><\/li><li class=\"mega-menu-item mega-menu-item-type-post_type mega-menu-item-object-page mega-menu-item-6512\" id=\"mega-menu-item-6512\"><a class=\"mega-menu-link\" href=\"https:\/\/dam-online.de\/kontakt\/\">Kontakt<\/a><\/li><li class=\"mega-menu-item mega-menu-item-type-widget widget_custom_html mega-menu-item-custom_html-58\" id=\"mega-menu-item-custom_html-58\"><h4 class=\"mega-block-title\">DAM Aktuell<\/h4><div class=\"textwidget custom-html-widget\"><p id=\"dam-aktuell-inline\" class=\"dam-aktuell-inline\">\r\n\t...\t\r\n<\/p>\r\n<\/div><\/li>\t\t<\/ul>\n<\/li><li class=\"mega-menu-column mega-menu-columns-4-of-12\" style=\"--columns:12; --span:4\" id=\"mega-menu-6395-0-1\">\n\t\t<ul class=\"mega-sub-menu\">\n<li class=\"mega-menu-item mega-menu-item-type-widget widget_custom_html mega-menu-item-custom_html-39\" id=\"mega-menu-item-custom_html-39\"><h4 class=\"mega-block-title\">\u00d6ffnungszeiten<\/h4><div class=\"textwidget custom-html-widget\"><p style=\"font-size:1.1rem! important; line-height:1.3!important;\"><span data-fetch-shortcode data-code=\"mbhi\" data-arguments=\"location=&quot;DAM3&quot; includetime=&quot;true&quot; includeday=&quot;true&quot; format=&quot;24&quot; approximation=&quot;true&quot; openingsoonmessagetime=&quot;2700&quot; closingsoonmessagetime=&quot;2700&quot; openmessage=&quot;Heute ge\u00f6ffnet von {from} \u2013 {to} Uhr&quot; closedmessage=&quot;Derzeit geschlossen!&quot; openingsoonmessage=&quot;Opens in {x} minutes!&quot; closingsoonmessage=&quot;Closes in {x} minutes!&quot; removezeroes=&quot;false&quot;  extra_classes=&quot;&quot; show_specialdate_messages=&quot;true&quot; show_vacation_messages=&quot;true&quot; vacation_message_closed=&quot;Closed today!&quot; specialdate_message_open=&quot;open!&quot; specialdate_message_closed=&quot;closed!&quot; from=&quot;&quot; to=&quot;&quot; loading=&quot;loading ...&quot; output=&quot;&quot;\">loading ...<\/span>\r\n<\/p>\r\n\r\n<p>\r\n<span data-fetch-shortcode data-code=\"mbhi_hours\" data-arguments=\"location=&quot;DAM3&quot; format=&quot;24&quot; display=&quot;consolidated&quot; output=&quot;table&quot; includeholidays=&quot;true&quot; includevacations=&quot;false&quot; abbreviatedays=&quot;false&quot; consolidationseparator=&quot; - &quot; hourseparator=&quot; - &quot; entryseparator=&quot;, &quot; mhbr=&quot;true&quot; showonlytoday=&quot;&quot; dayentryseparator=&quot; &quot; removezeroes=&quot;false&quot; seo=&quot;true&quot;  hide_hours=&quot;false&quot; startonsunday=&quot;false&quot; extra_classes=&quot;&quot; dates_in_past=&quot;false&quot; replace_with_specials=&quot;false&quot; replace_with_vacations=&quot;false&quot; date_format=&quot;day first&quot; replaced_vacations_format=&quot;{day_short} ({name})&quot; replaced_specials_format=&quot;{day_short} ({name})&quot; included_vacations_format=&quot;&lt;br\/&gt;{from_day_of_month}. - {to_day_of_month}. {to_month_short}&quot; included_specials_format=&quot;{day_of_month}. {month_short}&quot; day_format=&quot;{day}&quot; view=&quot;normal&quot; rollover=&quot;true&quot; rollover_from=&quot;30&quot; rollover_to=&quot;14&quot;\">loading ...<\/span>\n<div itemtype=\"http:\/\/schema.org\/LocalBusiness\" itemscope>\n\t<meta itemprop=\"name\" content=\"DAM3\">\n    \t<meta itemprop=\"openingHours\" content=\"Tu 11:00-18:00\"><meta itemprop=\"openingHours\" content=\"We 11:00-20:00\"><meta itemprop=\"openingHours\" content=\"Th-Su 11:00-18:00\">            <div itemprop=\"openingHoursSpecification\" itemscope itemtype=\"http:\/\/schema.org\/OpeningHoursSpecification\">\n                                    <time itemprop=\"validFrom validThrough\" datetime=\"2026-10-03\"><\/time>\n                                    <time itemprop=\"opens\" datetime=\"11:00:00\"><\/time>\n                                    <time itemprop=\"closes\" datetime=\"18:00:00\"><\/time>\n                            <\/div>\n                        <div itemprop=\"openingHoursSpecification\" itemscope itemtype=\"http:\/\/schema.org\/OpeningHoursSpecification\">\n                                    <time itemprop=\"validFrom validThrough\" datetime=\"2026-12-26\"><\/time>\n                                    <time itemprop=\"opens\" datetime=\"11:00:00\"><\/time>\n                                    <time itemprop=\"closes\" datetime=\"18:00:00\"><\/time>\n                            <\/div>\n                        <div itemprop=\"openingHoursSpecification\" itemscope itemtype=\"http:\/\/schema.org\/OpeningHoursSpecification\">\n                                    <time itemprop=\"validFrom validThrough\" datetime=\"2026-12-31\"><\/time>\n                                    <time itemprop=\"opens\" datetime=\"11:00:00\"><\/time>\n                                    <time itemprop=\"closes\" datetime=\"18:00:00\"><\/time>\n                            <\/div>\n                        <div itemprop=\"openingHoursSpecification\" itemscope itemtype=\"http:\/\/schema.org\/OpeningHoursSpecification\">\n                                    <time itemprop=\"validFrom validThrough\" datetime=\"2026-02-17\"><\/time>\n                                    <time itemprop=\"opens\" datetime=\"11:00:00\"><\/time>\n                                    <time itemprop=\"closes\" datetime=\"18:00:00\"><\/time>\n                            <\/div>\n                        <div itemprop=\"openingHoursSpecification\" itemscope itemtype=\"http:\/\/schema.org\/OpeningHoursSpecification\">\n                                    <time itemprop=\"validFrom validThrough\" datetime=\"2026-04-03\"><\/time>\n                                    <time itemprop=\"opens\" datetime=\"11:00:00\"><\/time>\n                                    <time itemprop=\"closes\" datetime=\"18:00:00\"><\/time>\n                            <\/div>\n                        <div itemprop=\"openingHoursSpecification\" itemscope itemtype=\"http:\/\/schema.org\/OpeningHoursSpecification\">\n                                    <time itemprop=\"validFrom validThrough\" datetime=\"2026-04-05\"><\/time>\n                                    <time itemprop=\"opens\" datetime=\"11:00:00\"><\/time>\n                                    <time itemprop=\"closes\" datetime=\"18:00:00\"><\/time>\n                            <\/div>\n                        <div itemprop=\"openingHoursSpecification\" itemscope itemtype=\"http:\/\/schema.org\/OpeningHoursSpecification\">\n                                    <time itemprop=\"validFrom validThrough\" datetime=\"2026-04-06\"><\/time>\n                                    <time itemprop=\"opens\" datetime=\"11:00:00\"><\/time>\n                                    <time itemprop=\"closes\" datetime=\"18:00:00\"><\/time>\n                            <\/div>\n                        <div itemprop=\"openingHoursSpecification\" itemscope itemtype=\"http:\/\/schema.org\/OpeningHoursSpecification\">\n                                    <time itemprop=\"validFrom validThrough\" datetime=\"2026-05-01\"><\/time>\n                                    <time itemprop=\"opens\" datetime=\"11:00:00\"><\/time>\n                                    <time itemprop=\"closes\" datetime=\"18:00:00\"><\/time>\n                            <\/div>\n                        <div itemprop=\"openingHoursSpecification\" itemscope itemtype=\"http:\/\/schema.org\/OpeningHoursSpecification\">\n                                    <time itemprop=\"validFrom validThrough\" datetime=\"2026-05-14\"><\/time>\n                                    <time itemprop=\"opens\" datetime=\"11:00:00\"><\/time>\n                                    <time itemprop=\"closes\" datetime=\"18:00:00\"><\/time>\n                            <\/div>\n                        <div itemprop=\"openingHoursSpecification\" itemscope itemtype=\"http:\/\/schema.org\/OpeningHoursSpecification\">\n                                    <time itemprop=\"validFrom validThrough\" datetime=\"2026-05-24\"><\/time>\n                                    <time itemprop=\"opens\" datetime=\"11:00:00\"><\/time>\n                                    <time itemprop=\"closes\" datetime=\"18:00:00\"><\/time>\n                            <\/div>\n                        <div itemprop=\"openingHoursSpecification\" itemscope itemtype=\"http:\/\/schema.org\/OpeningHoursSpecification\">\n                                    <time itemprop=\"validFrom validThrough\" datetime=\"2026-05-25\"><\/time>\n                                    <time itemprop=\"opens\" datetime=\"11:00:00\"><\/time>\n                                    <time itemprop=\"closes\" datetime=\"18:00:00\"><\/time>\n                            <\/div>\n                        <div itemprop=\"openingHoursSpecification\" itemscope itemtype=\"http:\/\/schema.org\/OpeningHoursSpecification\">\n                                    <time itemprop=\"validFrom validThrough\" datetime=\"2026-05-26\"><\/time>\n                                    <time itemprop=\"opens\" datetime=\"11:00:00\"><\/time>\n                                    <time itemprop=\"closes\" datetime=\"18:00:00\"><\/time>\n                            <\/div>\n            <\/div>\n\r\n<\/p>\r\n<!-- \r\n\r\n[mbhi_specials location=\"DAM3\" format=\"24\" display=\"consolidated\" output=\"table\" mhbr=\"true\" included_specials_format=\"{date}. \"]\r\n\r\n[mbhi_specials location=\"DAM3\" format=\"24\" display=\"normal\" output=\"table\" mhbr=\"true\" included_specials_format=\"{date} {name} \"]\r\n-->\r\n\r\n<!-- \r\n<p style=\"font-size: 0.9rem!important; font-weight:bold; padding-left:0px;\">bis einschlie\u00dflich 31. Mai GESCHLOSSEN!<\/p>\r\n\r\n<p style=\"font-size: 0.9rem!important; font-weight:bold; padding-left:6px;\">24. - 25. Dezember & 1. Januar Geschlossen!<\/p>\r\n-->\r\n\r\n<!-- \r\n<p style=\"font-size: 0.9rem!important; font-weight:bold; padding-left:0px;\">Bis einschlie\u00dflich 31. Januar geschlossen!<\/p>\r\n-->\r\n\r\n<p style=\"font-size: 0.9rem!important; font-weight:bold; padding-left:6px;\">Heiligabend, 1. Weihnachtsfeiertag und 1. Januar GESCHLOSSEN!\r\n<\/p><\/div><\/li><li class=\"mega-menu-item mega-menu-item-type-widget widget_custom_html mega-menu-item-custom_html-8\" id=\"mega-menu-item-custom_html-8\"><h4 class=\"mega-block-title\">Anfahrt<\/h4><div class=\"textwidget custom-html-widget\">\t\t\t<p>\r\n\t\t\t\tDeutsches Architekturmuseum (DAM)<br>\r\n\t\t\t\tSchaumainkai 43<br>\r\n\t\t\t\t60596 Frankfurt am Main<br>\r\n\t\t\t\t<!--\r\n\t\t\t\tHenschelstra\u00dfe 18\r\n\t\t\t\t60314 Frankfurt am Main<br>\r\n\t\t\t\t-->\r\n\t\t\t\t<!--<span style=\"color: yellow!important\">\r\n\t\t\t\tEingang am Parkplatz<br>\r\n\t\t\t\tneben Corona-Testcenter<br>\r\n\t\t\t\t<\/span>-->\r\n\t\t\t\t<!--DAM Ostend<br>\r\n\t\t\t\tHenschelstr. 18<br>\r\n\t\t\t\t60314 Frankfurt am Main<br>-->\r\n\t\t\t\t<a style=\"text-decoration:underline!important\" href=\"https:\/\/www.google.de\/maps\/place\/Henschelstra%C3%9Fe+16,+60314+Frankfurt+am+Main\/@50.1142922,8.7089342,19.19z\/data=!4m5!3m4!1s0x47bd0e8ff9bdb463:0x8c5f8cdc0c4c6460!8m2!3d50.1142163!4d8.7092373\">Stadtplan<\/a>\r\n\t\t\t<\/p><\/div><\/li><li class=\"mega-menu-item mega-menu-item-type-widget widget_custom_html mega-menu-item-custom_html-24\" id=\"mega-menu-item-custom_html-24\"><h4 class=\"mega-block-title\">Kontakt<\/h4><div class=\"textwidget custom-html-widget\">\t\t\t<p>\r\n\t\t\t\tT 069 212 38844<br>\r\n\t\t\t<a href=\"mailto:info.dam@stadt-frankfurt.de\">info.dam@stadt-frankfurt.de<\/a>\r\n\t\t\t<\/p><\/div><\/li>\t\t<\/ul>\n<\/li><li class=\"mega-menu-column mega-menu-columns-4-of-12\" style=\"--columns:12; --span:4\" id=\"mega-menu-6395-0-2\">\n\t\t<ul class=\"mega-sub-menu\">\n<li class=\"mega-menu-item mega-menu-item-type-widget widget_media_image mega-menu-item-media_image-39\" id=\"mega-menu-item-media_image-39\"><a href=\"\/besuch\/info\/\"><img loading=\"lazy\" decoding=\"async\" width=\"311\" height=\"441\" src=\"https:\/\/dam-online.de\/wp-content\/uploads\/2023\/04\/Miniplakat-25-06-13-2.jpg\" class=\"image wp-image-60768  attachment-full size-full\" alt=\"\" style=\"max-width: 100%; height: auto;\" srcset=\"https:\/\/dam-online.de\/wp-content\/uploads\/2023\/04\/Miniplakat-25-06-13-2.jpg 311w, https:\/\/dam-online.de\/wp-content\/uploads\/2023\/04\/Miniplakat-25-06-13-2-212x300.jpg 212w, https:\/\/dam-online.de\/wp-content\/uploads\/2023\/04\/Miniplakat-25-06-13-2-150x213.jpg 150w, https:\/\/dam-online.de\/wp-content\/uploads\/2023\/04\/Miniplakat-25-06-13-2-250x355.jpg 250w, https:\/\/dam-online.de\/wp-content\/uploads\/2023\/04\/Miniplakat-25-06-13-2-300x425.jpg 300w\" sizes=\"(max-width: 311px) 100vw, 311px\" \/><\/a><\/li>\t\t<\/ul>\n<\/li>\t<\/ul>\n<\/li><\/ul>\n<\/li><li class=\"mega-menu-item mega-menu-item-type-custom mega-menu-item-object-custom mega-menu-item-has-children mega-menu-megamenu mega-menu-grid mega-align-bottom-left mega-menu-item-6396\" id=\"mega-menu-item-6396\"><a class=\"mega-menu-link\" href=\"\/Programm\" aria-expanded=\"false\" aria-controls=\"mega-sub-menu-6396\">Programm<span class=\"mega-indicator\" aria-hidden=\"true\"><\/span><\/a>\n<ul class=\"mega-sub-menu\" role='presentation' id='mega-sub-menu-6396'>\n<li class=\"mega-menu-row\" id=\"mega-menu-6396-0\">\n\t<ul class=\"mega-sub-menu\" style='--columns:12' role='presentation'>\n<li class=\"mega-menu-column mega-menu-columns-4-of-12\" style=\"--columns:12; --span:4\" id=\"mega-menu-6396-0-0\">\n\t\t<ul class=\"mega-sub-menu\">\n<li class=\"mega-menu-item mega-menu-item-type-post_type mega-menu-item-object-page mega-menu-item-6505\" id=\"mega-menu-item-6505\"><a class=\"mega-menu-link\" href=\"https:\/\/dam-online.de\/programm\/ausstellungen\/\">Ausstellungen<\/a><\/li><li class=\"mega-menu-item mega-menu-item-type-post_type mega-menu-item-object-page mega-menu-item-6506\" id=\"mega-menu-item-6506\"><a class=\"mega-menu-link\" href=\"https:\/\/dam-online.de\/programm\/veranstaltungen\/\">Veranstaltungen<\/a><\/li><li class=\"mega-menu-item mega-menu-item-type-post_type mega-menu-item-object-page mega-menu-item-6507\" id=\"mega-menu-item-6507\"><a class=\"mega-menu-link\" href=\"https:\/\/dam-online.de\/programm\/architekturpreise\/\">Architekturpreise<\/a><\/li><li class=\"mega-menu-item mega-menu-item-type-custom mega-menu-item-object-custom mega-menu-item-37033\" id=\"mega-menu-item-37033\"><a class=\"mega-menu-link\" href=\"\/shop\">Publikationen<\/a><\/li><li class=\"mega-dam-digital mega-menu-item mega-menu-item-type-post_type mega-menu-item-object-page mega-menu-item-22191 dam-digital\" id=\"mega-menu-item-22191\"><a class=\"mega-menu-link\" href=\"https:\/\/dam-online.de\/programm\/dam-digital\/\">DAM Digital<\/a><\/li>\t\t<\/ul>\n<\/li><li class=\"mega-menu-column mega-col-middle mega-menu-columns-4-of-12 col-middle\" style=\"--columns:12; --span:4\" id=\"mega-menu-6396-0-1\">\n\t\t<ul class=\"mega-sub-menu\">\n<li class=\"mega-menu-item mega-menu-item-type-widget widget_custom_html mega-menu-item-custom_html-40\" id=\"mega-menu-item-custom_html-40\"><div class=\"textwidget custom-html-widget\"><!--\r\n<p>\r\n[ecs-list-events exclude_id='53212' design=\"compact\" tag=\"mega-menu\" tag_cat_operator='AND' exclude_cat='Ausstellung' thumb='true' thumbwidth='300' thumbheight='210' contentorder=\"thumbnail, title, date\" eventdetails=\"true\"]\r\n<\/p> \r\n-->\r\n\r\n<p>\r\n\r\n\r\n<style>.compact.compact-ed126111-9b8d-4315-bca3-0378cb4792d2 .ecs-event .ecs-event-status.ecs-event-status-canceled, .compact.compact-ed126111-9b8d-4315-bca3-0378cb4792d2 .ecs-event-status.ecs-event-status-postponed {color:#DA394D;}.ecs-events.compact.compact-ed126111-9b8d-4315-bca3-0378cb4792d2 {display:table;border-spacing:5px;}.compact.compact-ed126111-9b8d-4315-bca3-0378cb4792d2 .ecs-event {width:100%;display:table-row;margin-bottom:5px;height:75px;}.compact.compact-ed126111-9b8d-4315-bca3-0378cb4792d2 .ecs-event .date_thumb {width:80px;display:table-cell;text-align:center;vertical-align:middle;background-color:#eeeeee;color:#050505;}.compact.compact-ed126111-9b8d-4315-bca3-0378cb4792d2 .ecs-event .date_thumb .month {font-size:16px;text-transform:uppercase;margin:0;padding:0;line-height:1;}.compact.compact-ed126111-9b8d-4315-bca3-0378cb4792d2 .ecs-event .date_thumb .day {font-size:26px;font-weight:bold;margin:0;padding:0;line-height:1;}.compact.compact-ed126111-9b8d-4315-bca3-0378cb4792d2 .ecs-event .summary, .compact .ecs-event .ecs-thumbnail, .compact .ecs-event .ecs-button {display:table-cell;vertical-align:middle;}.ecs-events.compact.compact-ed126111-9b8d-4315-bca3-0378cb4792d2 .ecs-button a {background-color:#666;background-image:none;border-radius:3px;border:0;box-shadow:none;color: #fff;cursor: pointer;display: inline-block;font-size: 11px;font-weight: 700;letter-spacing: 1px;line-height: normal;padding: 6px 9px;text-align: center;text-decoration:none;text-transform:uppercase;vertical-align:middle;zoom:1;white-space:nowrap;}.compact.compact-ed126111-9b8d-4315-bca3-0378cb4792d2 .ecs-event .ecs-button {padding-left:10px;}.compact.compact-ed126111-9b8d-4315-bca3-0378cb4792d2 .ecs-event .ecs-thumbnail img {max-width:none;display:table-cell;margin:0;padding:0;}.compact.compact-ed126111-9b8d-4315-bca3-0378cb4792d2 .ecs-event .ecs-excerpt {margin-top: 5px;}<\/style><div class=\"ecs-events compact compact-ed126111-9b8d-4315-bca3-0378cb4792d2\"><div class=\"ecs-event veranstaltung-en_ecs_category\"><div class=\"ecs-thumbnail\"><img loading=\"lazy\" decoding=\"async\" width=\"300\" height=\"169\" src=\"https:\/\/dam-online.de\/wp-content\/uploads\/2026\/06\/DAM_Best-of-DAM-Book-Award_Ausstellung_Foto-Fritz-Philipp-35_quer.jpg\" class=\"attachment-300x210 size-300x210 wp-post-image\" alt=\"\" \/><\/div><div class=\"summary\"><a href=\"https:\/\/dam-online.de\/en\/veranstaltung\/sommer-lese-lounge-im-dam\/\" rel=\"bookmark\">Sommer-Lese-Lounge im DAM\u00a0<\/a><div class=\"ecs-date\"><span class=\"tribe-event-date-start\">1. July<\/span> \u2013 <span class=\"tribe-event-date-end\">6. September<\/span><\/div><\/div><\/div><div class=\"ecs-event veranstaltung-en_ecs_category\"><div class=\"ecs-thumbnail\"><img loading=\"lazy\" decoding=\"async\" width=\"300\" height=\"187\" src=\"https:\/\/dam-online.de\/wp-content\/uploads\/2026\/05\/Lampionfest.jpg\" class=\"attachment-300x210 size-300x210 wp-post-image\" alt=\"\" \/><\/div><div class=\"summary\"><a href=\"https:\/\/dam-online.de\/en\/veranstaltung\/100-jahre-neues-frankfurt-lampionfest-am-bornheimer-hang\/\" rel=\"bookmark\">100 Jahre Neues Frankfurt: Lampionfest am Bornheimer Hang<\/a><div class=\"ecs-date\"><span class=\"tribe-event-date-start\">5. September \u2013 14:00<\/span> \u2013 <span class=\"tribe-event-time\">23:00<\/span><\/div><\/div><\/div><\/div><script type=\"application\/ld+json\">\r\n[{\"@context\":\"http:\/\/schema.org\",\"@type\":\"Event\",\"name\":\"Sommer-Lese-Lounge im DAM\\u00a0\",\"description\":\"&lt;p&gt;Abk\\u00fchlung gesucht? Das dritte Obergeschoss des Deutschen Architekturmuseums mit dem ikonischen Haus im Haus wird in diesem Sommer aufgrund einer Ausstellungspause zur Sommer-Lounge mit Sitzgelegenheiten und Architekturb\\u00fcchern zum St\\u00f6bern. Genie\\u00dfen Sie den ruhigen, k\\u00fchlen Ort w\\u00e4hrend Ihres Ausstellungsbesuchs f\\u00fcr eine Pause zwischendurch mit Blick auf die Frankfurter Skyline.&lt;\/p&gt;\\\\n\",\"image\":\"https:\/\/dam-online.de\/wp-content\/uploads\/2026\/06\/DAM_Best-of-DAM-Book-Award_Ausstellung_Foto-Fritz-Philipp-35_quer.jpg\",\"url\":\"https:\/\/dam-online.de\/en\/veranstaltung\/sommer-lese-lounge-im-dam\/\",\"eventAttendanceMode\":\"https:\/\/schema.org\/OfflineEventAttendanceMode\",\"eventStatus\":\"https:\/\/schema.org\/EventScheduled\",\"startDate\":\"2026-07-01T00:00:00+02:00\",\"endDate\":\"2026-09-06T23:59:59+02:00\",\"location\":{\"@type\":\"Place\",\"name\":\"Deutsches Architekturmuseum (DAM)\",\"description\":\"\",\"url\":\"https:\/\/dam-online.de\/ort\/dam\/\",\"address\":{\"@type\":\"PostalAddress\",\"streetAddress\":\"Schaumainkai 43\",\"addressLocality\":\"Frankfurt \/ M.\",\"addressRegion\":\"Hessen\",\"postalCode\":\"D-60596\"},\"telephone\":\"+49 (0)69 212-38844\",\"sameAs\":\"\"},\"organizer\":{\"@type\":\"Person\",\"name\":\"Deutsches Architekturmuseum (DAM)\",\"description\":\"\",\"url\":\"https:\/\/dam-online.de\",\"telephone\":\"069 - 212 38844\",\"email\":\"i&#110;&#102;&#111;&#46;dam&#64;&#115;t&#97;d&#116;&#45;&#102;&#114;&#97;n&#107;&#102;ur&#116;.&#100;e\",\"sameAs\":\"https:\/\/dam-online.de\"},\"performer\":\"Organization\"},{\"@context\":\"http:\/\/schema.org\",\"@type\":\"Event\",\"name\":\"100 Jahre Neues Frankfurt: Lampionfest am Bornheimer Hang\",\"description\":\"&lt;p&gt;Das Stadtteilfest zur Jubil\\u00e4umsreihe\\u00a0\\u201e100 Jahre Neues Frankfurt\\u201c\\u00a0wird am\\u00a0Bornheimer Hang\\u00a0fortgesetzt. Nach dem erfolgreichen Auftakt im vergangenen Jahr auf dem Paulsplatz am 02.07.25 und in der Hellerhofsiedlung am 13. und 14.09.25 findet das dritte Lampionfest am Samstag, den\\u00a005. September 2026, arnheimer Hang statt, in der gr\\u00f6\\u00dften Siedlung des wegweisenden Stadtentwicklungsprogramms.&lt;\/p&gt;\\\\n\",\"image\":\"https:\/\/dam-online.de\/wp-content\/uploads\/2026\/05\/Lampionfest.jpg\",\"url\":\"https:\/\/dam-online.de\/en\/veranstaltung\/100-jahre-neues-frankfurt-lampionfest-am-bornheimer-hang\/\",\"eventAttendanceMode\":\"https:\/\/schema.org\/OfflineEventAttendanceMode\",\"eventStatus\":\"https:\/\/schema.org\/EventScheduled\",\"startDate\":\"2026-09-05T14:00:00+02:00\",\"endDate\":\"2026-09-05T23:00:00+02:00\",\"location\":{\"@type\":\"Place\",\"name\":\"Bornheimer Hang\",\"description\":\"\",\"url\":\"https:\/\/dam-online.de\/ort\/bornheimer-hang\/\",\"address\":{\"@type\":\"PostalAddress\",\"addressLocality\":\"Frankfurt am Main\",\"postalCode\":\"60385\",\"addressCountry\":\"Deutschland\"},\"telephone\":\"\",\"sameAs\":\"\"},\"organizer\":{\"@type\":\"Person\",\"name\":\"Deutsches Architekturmuseum (DAM)\",\"description\":\"\",\"url\":\"https:\/\/dam-online.de\",\"telephone\":\"069 - 212 38844\",\"email\":\"i&#110;&#102;&#111;.&#100;&#97;&#109;&#64;&#115;t&#97;dt&#45;fran&#107;&#102;&#117;&#114;t.d&#101;\",\"sameAs\":\"https:\/\/dam-online.de\"},\"performer\":\"Organization\"}]\r\n<\/script>\r\n<\/p>\r\n\r\n<!--\r\n[ecs-list-events design=\"compact\" tag=\"mega-menu-vermittlung\" tag_cat_operator='AND' exclude_cat='Architekturpreis, Ausstellung' thumb='true' thumbwidth='300' thumbheight='210' contentorder=\"thumbnail, title, date\" eventdetails=\"true\" limit='2' order='ASC' include_in_progress='true' days='60' hide_finished='true']\r\n\r\n\r\n<p>\r\n[ecs-list-events id='56629' design='compact' thumb='true' thumbwidth='300' thumbheight='210' contentorder='thumbnail, title, date' eventdetails='true']\r\n\r\n[ecs-list-events id='57939' design='compact' thumb='true' thumbwidth='300' thumbheight='210' contentorder='thumbnail, title, date' eventdetails='true']\r\n<\/p>\r\n--><\/div><\/li>\t\t<\/ul>\n<\/li><li class=\"mega-menu-column mega-menu-columns-4-of-12\" style=\"--columns:12; --span:4\" id=\"mega-menu-6396-0-2\">\n\t\t<ul class=\"mega-sub-menu\">\n<li class=\"mega-menu-item mega-menu-item-type-widget widget_media_image mega-menu-item-media_image-12\" id=\"mega-menu-item-media_image-12\"><a href=\"\/veranstaltung\/too-hot\/\" target=\"_blank\"><img loading=\"lazy\" decoding=\"async\" width=\"311\" height=\"441\" src=\"https:\/\/dam-online.de\/wp-content\/uploads\/2026\/06\/DAM_TOO_HOT_Miniplakat_311x441px_300dpi_260602_bearb.jpg\" class=\"image wp-image-65953  attachment-full size-full\" alt=\"\" style=\"max-width: 100%; height: auto;\" srcset=\"https:\/\/dam-online.de\/wp-content\/uploads\/2026\/06\/DAM_TOO_HOT_Miniplakat_311x441px_300dpi_260602_bearb.jpg 311w, https:\/\/dam-online.de\/wp-content\/uploads\/2026\/06\/DAM_TOO_HOT_Miniplakat_311x441px_300dpi_260602_bearb-212x300.jpg 212w, https:\/\/dam-online.de\/wp-content\/uploads\/2026\/06\/DAM_TOO_HOT_Miniplakat_311x441px_300dpi_260602_bearb-150x213.jpg 150w, https:\/\/dam-online.de\/wp-content\/uploads\/2026\/06\/DAM_TOO_HOT_Miniplakat_311x441px_300dpi_260602_bearb-250x355.jpg 250w, https:\/\/dam-online.de\/wp-content\/uploads\/2026\/06\/DAM_TOO_HOT_Miniplakat_311x441px_300dpi_260602_bearb-300x425.jpg 300w\" sizes=\"(max-width: 311px) 100vw, 311px\" \/><\/a><\/li>\t\t<\/ul>\n<\/li>\t<\/ul>\n<\/li><li class=\"mega-menu-row\" id=\"mega-menu-6396-1\">\n\t<ul class=\"mega-sub-menu\" style='--columns:12' role='presentation'>\n<li class=\"mega-menu-column mega-menu-columns-5-of-12 mega-hide-on-mobile mega-hide-on-desktop\" style=\"--columns:12; --span:5\" id=\"mega-menu-6396-1-0\">\n\t\t<ul class=\"mega-sub-menu\">\n<li class=\"mega-menu-item mega-menu-item-type-widget widget_media_image mega-menu-item-media_image-10\" id=\"mega-menu-item-media_image-10\"><div style=\"width: 260px\" class=\"wp-caption alignnone\"><a href=\"\/0-0-ausstellung-02\/\"><img loading=\"lazy\" decoding=\"async\" width=\"250\" height=\"167\" src=\"https:\/\/dam-online.de\/wp-content\/uploads\/2019\/03\/3b9c3767-dam_dampreis2018_statuetten_foto_fritzphilipp-250x167.jpg\" class=\"image wp-image-6343  attachment-250x167 size-250x167\" alt=\"DAM Preis Statuetten \\ Foto: Fritz Philipp\" style=\"max-width: 100%; height: auto;\" srcset=\"https:\/\/dam-online.de\/wp-content\/uploads\/2019\/03\/3b9c3767-dam_dampreis2018_statuetten_foto_fritzphilipp-250x167.jpg 250w, https:\/\/dam-online.de\/wp-content\/uploads\/2019\/03\/3b9c3767-dam_dampreis2018_statuetten_foto_fritzphilipp-300x200.jpg 300w, https:\/\/dam-online.de\/wp-content\/uploads\/2019\/03\/3b9c3767-dam_dampreis2018_statuetten_foto_fritzphilipp-600x400.jpg 600w, https:\/\/dam-online.de\/wp-content\/uploads\/2019\/03\/3b9c3767-dam_dampreis2018_statuetten_foto_fritzphilipp-768x512.jpg 768w, https:\/\/dam-online.de\/wp-content\/uploads\/2019\/03\/3b9c3767-dam_dampreis2018_statuetten_foto_fritzphilipp-1030x687.jpg 1030w, https:\/\/dam-online.de\/wp-content\/uploads\/2019\/03\/3b9c3767-dam_dampreis2018_statuetten_foto_fritzphilipp-150x100.jpg 150w, https:\/\/dam-online.de\/wp-content\/uploads\/2019\/03\/3b9c3767-dam_dampreis2018_statuetten_foto_fritzphilipp-350x233.jpg 350w, https:\/\/dam-online.de\/wp-content\/uploads\/2019\/03\/3b9c3767-dam_dampreis2018_statuetten_foto_fritzphilipp-1080x720.jpg 1080w, https:\/\/dam-online.de\/wp-content\/uploads\/2019\/03\/3b9c3767-dam_dampreis2018_statuetten_foto_fritzphilipp.jpg 1600w\" sizes=\"(max-width: 250px) 100vw, 250px\" \/><\/a><p class=\"wp-caption-text\">Foto: Fritz Philipp<\/p><\/div><\/li><li class=\"mega-menu-item mega-menu-item-type-widget widget_divi_pb_widget mega-menu-item-divi_pb_widget-4\" id=\"mega-menu-item-divi_pb_widget-4\">[et_pb_text admin_label=\"DAM Mega-Menu Post Item\" _builder_version=\"3.21.1\" text_line_height_last_edited=\"off|\" saved_tabs=\"all\" animation_duration=\"250ms\" link_text_align=\"\" ul_text_align=\"\" ol_text_align=\"\" quote_text_align=\"\" header_text_align=\"\" header_2_text_align=\"\" header_3_text_align=\"\" header_4_text_align=\"\" header_5_text_align=\"\" header_6_text_align=\"\" module_alignment=\"\" text_text_shadow_horizontal_length=\"\" text_text_shadow_vertical_length=\"\" text_text_shadow_blur_strength=\"\" link_text_shadow_horizontal_length=\"\" link_text_shadow_vertical_length=\"\" link_text_shadow_blur_strength=\"\" ul_text_shadow_horizontal_length=\"\" ul_text_shadow_vertical_length=\"\" ul_text_shadow_blur_strength=\"\" ol_text_shadow_horizontal_length=\"\" ol_text_shadow_vertical_length=\"\" ol_text_shadow_blur_strength=\"\" quote_text_shadow_horizontal_length=\"\" quote_text_shadow_vertical_length=\"\" quote_text_shadow_blur_strength=\"\" header_text_shadow_horizontal_length=\"\" header_text_shadow_vertical_length=\"\" header_text_shadow_blur_strength=\"\" header_2_text_shadow_horizontal_length=\"\" header_2_text_shadow_vertical_length=\"\" header_2_text_shadow_blur_strength=\"\" header_3_text_shadow_horizontal_length=\"\" header_3_text_shadow_vertical_length=\"\" header_3_text_shadow_blur_strength=\"\" header_4_text_shadow_horizontal_length=\"\" header_4_text_shadow_vertical_length=\"\" header_4_text_shadow_blur_strength=\"\" header_5_text_shadow_horizontal_length=\"\" header_5_text_shadow_vertical_length=\"\" header_5_text_shadow_blur_strength=\"\" header_6_text_shadow_horizontal_length=\"\" header_6_text_shadow_vertical_length=\"\" header_6_text_shadow_blur_strength=\"\" collapsed=\"on\" template_type=\"module\" z_index_tablet=\"500\"]\r\n\r\n<div class=\"ecs-no-events\">There are no upcoming Veranstaltungen.<\/div>\r\n\r\n<!--[ecs-list-events cat=\"Ausstellung\" tag=\"mega-menu\" tag_cat_operator='AND' exclude_cat='Architekturpreis, Veranstaltung, Vermittlung']-->\r\n\r\n<!--[ecs-list-events cat=\"Ausstellung\" tag=\"mega-menu\" tag_cat_operator='AND']-->\r\n\r\n<!-- [ecs-list-events cat=\"Ausstellung\" titlesize=\"16px\" limit=\"1\" description=\"false\" tag=\"mega-menu\" venue=\"false\"] design=\"columns\" design=\"table\" thumb='true' thumbwidth='150' thumbheight='150' futureonly='true' featured_only='true' excerpt=\"true\" description=\"true\" raw_description=\"true\" -->\r\n\r\n[\/et_pb_text]<\/li><li class=\"mega-menu-item mega-menu-item-type-widget widget_divi_pb_widget mega-menu-item-divi_pb_widget-5\" id=\"mega-menu-item-divi_pb_widget-5\">[et_pb_text admin_label=\"DAM Mega-Menu Event Preis\" _builder_version=\"3.21.1\" saved_tabs=\"all\" text_text_shadow_horizontal_length=\"\" text_text_shadow_vertical_length=\"\" text_text_shadow_blur_strength=\"\" link_text_align=\"\" link_text_shadow_horizontal_length=\"\" link_text_shadow_vertical_length=\"\" link_text_shadow_blur_strength=\"\" ul_text_align=\"\" ul_text_shadow_horizontal_length=\"\" ul_text_shadow_vertical_length=\"\" ul_text_shadow_blur_strength=\"\" ol_text_align=\"\" ol_text_shadow_horizontal_length=\"\" ol_text_shadow_vertical_length=\"\" ol_text_shadow_blur_strength=\"\" quote_text_align=\"\" quote_text_shadow_horizontal_length=\"\" quote_text_shadow_vertical_length=\"\" quote_text_shadow_blur_strength=\"\" header_text_align=\"\" header_text_shadow_horizontal_length=\"\" header_text_shadow_vertical_length=\"\" header_text_shadow_blur_strength=\"\" header_2_text_align=\"\" header_2_text_shadow_horizontal_length=\"\" header_2_text_shadow_vertical_length=\"\" header_2_text_shadow_blur_strength=\"\" header_3_text_align=\"\" header_3_text_shadow_horizontal_length=\"\" header_3_text_shadow_vertical_length=\"\" header_3_text_shadow_blur_strength=\"\" header_4_text_align=\"\" header_4_text_shadow_horizontal_length=\"\" header_4_text_shadow_vertical_length=\"\" header_4_text_shadow_blur_strength=\"\" header_5_text_align=\"\" header_5_text_shadow_horizontal_length=\"\" header_5_text_shadow_vertical_length=\"\" header_5_text_shadow_blur_strength=\"\" header_6_text_align=\"\" header_6_text_shadow_horizontal_length=\"\" header_6_text_shadow_vertical_length=\"\" header_6_text_shadow_blur_strength=\"\" module_alignment=\"\" template_type=\"module\" z_index_tablet=\"500\"]\r\n\r\n<div class=\"ecs-no-events\">There are no upcoming Veranstaltungen.<\/div>\r\n<!--\r\n[ecs-list-events cat=\"Architekturpreis\" tag=\"mega-menu\" tag_cat_operator='AND']\r\n\r\n[ecs-list-events cat=\"Ausstellung\" titlesize=\"16px\" limit=\"1\" description=\"false\" tag=\"mega-menu\" venue=\"false\"]\r\ndesign=\"columns\"\r\ndesign=\"table\"\r\nthumb='true' thumbwidth='150' thumbheight='150'\r\nfutureonly='true'\r\nfeatured_only='true'\r\nexcerpt=\"true\" description=\"true\" raw_description=\"true\"\r\n-->\r\n\r\n[\/et_pb_text]<\/li><li class=\"mega-menu-item mega-menu-item-type-widget widget_custom_html mega-menu-item-custom_html-10\" id=\"mega-menu-item-custom_html-10\"><h4 class=\"mega-block-title\">Architekturpreise aktuell:<\/h4><div class=\"textwidget custom-html-widget\"><\/div><\/li><li class=\"mega-menu-item mega-menu-item-type-widget widget_custom_html mega-menu-item-custom_html-11\" id=\"mega-menu-item-custom_html-11\"><div class=\"textwidget custom-html-widget\"><br><\/div><\/li><li class=\"mega-menu-item mega-menu-item-type-widget widget_custom_html mega-menu-item-custom_html-25\" id=\"mega-menu-item-custom_html-25\"><h4 class=\"mega-block-title\">N\u00e4chste Veranstaltung:<\/h4><div class=\"textwidget custom-html-widget\">NEUER MENSCH, NEUE WOHNUNG\r\n<br>\r\n<\/div><\/li><li class=\"mega-menu-item mega-menu-item-type-widget widget_media_image mega-menu-item-media_image-11\" id=\"mega-menu-item-media_image-11\"><a href=\"\/veranstaltung\/neuer-mensch-neue-wohnung\/\"><img loading=\"lazy\" decoding=\"async\" width=\"251\" height=\"148\" src=\"https:\/\/dam-online.de\/wp-content\/uploads\/2019\/03\/9eac226e-flyout_klein_190308_programm_veranstaltung.jpg\" class=\"image wp-image-6443  attachment-251x148 size-251x148\" alt=\"\" style=\"max-width: 100%; height: auto;\" srcset=\"https:\/\/dam-online.de\/wp-content\/uploads\/2019\/03\/9eac226e-flyout_klein_190308_programm_veranstaltung.jpg 281w, https:\/\/dam-online.de\/wp-content\/uploads\/2019\/03\/9eac226e-flyout_klein_190308_programm_veranstaltung-150x89.jpg 150w, https:\/\/dam-online.de\/wp-content\/uploads\/2019\/03\/9eac226e-flyout_klein_190308_programm_veranstaltung-250x148.jpg 250w\" sizes=\"(max-width: 251px) 100vw, 251px\" \/><\/a><\/li><li class=\"mega-menu-item mega-menu-item-type-widget widget_custom_html mega-menu-item-custom_html-26\" id=\"mega-menu-item-custom_html-26\"><div class=\"textwidget custom-html-widget\">\t\t<br><\/div><\/li>\t\t<\/ul>\n<\/li>\t<\/ul>\n<\/li><li class=\"mega-menu-row\" id=\"mega-menu-6396-2\">\n\t<ul class=\"mega-sub-menu\" style='--columns:12' role='presentation'>\n<li class=\"mega-menu-column mega-menu-columns-3-of-12\" style=\"--columns:12; --span:3\" id=\"mega-menu-6396-2-0\">\n\t\t<ul class=\"mega-sub-menu\">\n<li class=\"mega-dam-im-stadtraum mega-menu-item mega-menu-item-type-post_type mega-menu-item-object-page mega-menu-item-55837 dam-im-stadtraum\" id=\"mega-menu-item-55837\"><a class=\"mega-menu-link\" href=\"https:\/\/dam-online.de\/programm\/dam-im-stadtraum\/\">DAM im Stadtraum<\/a><\/li>\t\t<\/ul>\n<\/li>\t<\/ul>\n<\/li><\/ul>\n<\/li><li class=\"mega-menu-item mega-menu-item-type-custom mega-menu-item-object-custom mega-menu-item-has-children mega-menu-megamenu mega-menu-grid mega-align-bottom-left mega-menu-item-6397\" id=\"mega-menu-item-6397\"><a class=\"mega-menu-link\" href=\"\/bildung\" aria-expanded=\"false\" aria-controls=\"mega-sub-menu-6397\">Bildung<span class=\"mega-indicator\" aria-hidden=\"true\"><\/span><\/a>\n<ul class=\"mega-sub-menu\" role='presentation' id='mega-sub-menu-6397'>\n<li class=\"mega-menu-row\" id=\"mega-menu-6397-0\">\n\t<ul class=\"mega-sub-menu\" style='--columns:12' role='presentation'>\n<li class=\"mega-menu-column mega-menu-columns-4-of-12\" style=\"--columns:12; --span:4\" id=\"mega-menu-6397-0-0\">\n\t\t<ul class=\"mega-sub-menu\">\n<li class=\"mega-menu-item mega-menu-item-type-post_type mega-menu-item-object-page mega-menu-item-36948\" id=\"mega-menu-item-36948\"><a class=\"mega-menu-link\" href=\"https:\/\/dam-online.de\/bildung\/programm\/erwachsene\/\">Erwachsene<\/a><\/li><li class=\"mega-menu-item mega-menu-item-type-custom mega-menu-item-object-custom mega-menu-item-36945\" id=\"mega-menu-item-36945\"><a class=\"mega-menu-link\" href=\"\/bildung\/programm\/kinder-jugendliche-familie\">Kinder, Jugendliche & Familien<\/a><\/li><li class=\"mega-menu-item mega-menu-item-type-custom mega-menu-item-object-custom mega-menu-item-36946\" id=\"mega-menu-item-36946\"><a class=\"mega-menu-link\" href=\"\/bildung\/programm\/schule-kita\">Schule & Kita<\/a><\/li><li class=\"mega-menu-item mega-menu-item-type-post_type mega-menu-item-object-page mega-menu-item-6476\" id=\"mega-menu-item-6476\"><a class=\"mega-menu-link\" href=\"https:\/\/dam-online.de\/bildung\/fuehrungen-touren\/\">F\u00fchrungen &amp; Touren<\/a><\/li><li class=\"mega-menu-item mega-menu-item-type-post_type mega-menu-item-object-page mega-menu-item-6472\" id=\"mega-menu-item-6472\"><a class=\"mega-menu-link\" href=\"https:\/\/dam-online.de\/bildung\/publikationen\/\">Publikationen<\/a><\/li><li class=\"mega-menu-item mega-menu-item-type-post_type mega-menu-item-object-page mega-menu-item-6473\" id=\"mega-menu-item-6473\"><a class=\"mega-menu-link\" href=\"https:\/\/dam-online.de\/bildung\/ansprechpartner\/\">Ansprechpartner<\/a><\/li>\t\t<\/ul>\n<\/li><li class=\"mega-menu-column mega-menu-columns-4-of-12\" style=\"--columns:12; --span:4\" id=\"mega-menu-6397-0-1\">\n\t\t<ul class=\"mega-sub-menu\">\n<li class=\"mega-menu-item mega-menu-item-type-widget widget_custom_html mega-menu-item-custom_html-12\" id=\"mega-menu-item-custom_html-12\"><h4 class=\"mega-block-title\">Kontakt<\/h4><div class=\"textwidget custom-html-widget\"><p>\r\nConfiyet Aydin, M.A.<br>\r\nStellvertretende Leitung Bildung und Vermittlung<a href=\"mailto:confiyet.aydin@stadt-frankfurt.de\">confiyet.aydin@stadt-frankfurt.de<\/a><a href=\"tel:+49 6921231076\">T +49 (0)69 212-31076<\/a>\r\n<\/p>\r\n\r\n<!--\r\n<p>\r\nRebekka Kremershof<br>\r\nLeitung Bildung und Vermittlung<br>\r\n\t<a href=\"mailto:rebekka.kremershof@stadt-frankfurt.de\">rebekka.kremershof@stadt-frankfurt.de<\/a>\r\n\tT +49 (0)69 212-31076<br>\r\n<\/p>\r\n--><\/div><\/li><li class=\"mega-menu-item mega-menu-item-type-widget widget_custom_html mega-menu-item-custom_html-41\" id=\"mega-menu-item-custom_html-41\"><h4 class=\"mega-block-title\">N\u00e4chste Veranstaltung<\/h4><div class=\"textwidget custom-html-widget\"><!--[ecs-list-events design=\"dam_ecs_events\" tag=\"mega-menu-vermittlung\" tag_cat_operator='AND'\r\nthumb='true' thumbwidth='300' thumbheight='210']-->\r\n\r\n<style>.compact.compact-a3b5971c-d51a-4a86-84ab-66650847fd08 .ecs-event .ecs-event-status.ecs-event-status-canceled, .compact.compact-a3b5971c-d51a-4a86-84ab-66650847fd08 .ecs-event-status.ecs-event-status-postponed {color:#DA394D;}.ecs-events.compact.compact-a3b5971c-d51a-4a86-84ab-66650847fd08 {display:table;border-spacing:5px;}.compact.compact-a3b5971c-d51a-4a86-84ab-66650847fd08 .ecs-event {width:100%;display:table-row;margin-bottom:5px;height:75px;}.compact.compact-a3b5971c-d51a-4a86-84ab-66650847fd08 .ecs-event .date_thumb {width:80px;display:table-cell;text-align:center;vertical-align:middle;background-color:#eeeeee;color:#050505;}.compact.compact-a3b5971c-d51a-4a86-84ab-66650847fd08 .ecs-event .date_thumb .month {font-size:16px;text-transform:uppercase;margin:0;padding:0;line-height:1;}.compact.compact-a3b5971c-d51a-4a86-84ab-66650847fd08 .ecs-event .date_thumb .day {font-size:26px;font-weight:bold;margin:0;padding:0;line-height:1;}.compact.compact-a3b5971c-d51a-4a86-84ab-66650847fd08 .ecs-event .summary, .compact .ecs-event .ecs-thumbnail, .compact .ecs-event .ecs-button {display:table-cell;vertical-align:middle;}.ecs-events.compact.compact-a3b5971c-d51a-4a86-84ab-66650847fd08 .ecs-button a {background-color:#666;background-image:none;border-radius:3px;border:0;box-shadow:none;color: #fff;cursor: pointer;display: inline-block;font-size: 11px;font-weight: 700;letter-spacing: 1px;line-height: normal;padding: 6px 9px;text-align: center;text-decoration:none;text-transform:uppercase;vertical-align:middle;zoom:1;white-space:nowrap;}.compact.compact-a3b5971c-d51a-4a86-84ab-66650847fd08 .ecs-event .ecs-button {padding-left:10px;}.compact.compact-a3b5971c-d51a-4a86-84ab-66650847fd08 .ecs-event .ecs-thumbnail img {max-width:none;display:table-cell;margin:0;padding:0;}.compact.compact-a3b5971c-d51a-4a86-84ab-66650847fd08 .ecs-event .ecs-excerpt {margin-top: 5px;}<\/style><div class=\"ecs-events compact compact-a3b5971c-d51a-4a86-84ab-66650847fd08\"><div class=\"ecs-event kinder-jugendliche-familien-en_ecs_category veranstaltung-en_ecs_category vermittlung-en_ecs_category\"><div class=\"ecs-thumbnail\"><img loading=\"lazy\" decoding=\"async\" width=\"300\" height=\"200\" src=\"https:\/\/dam-online.de\/wp-content\/uploads\/2023\/06\/DAM_Familienfuehrung_Foto_MaximilianvonLachner_3198.jpg\" class=\"attachment-300x210 size-300x210 wp-post-image\" alt=\"\" srcset=\"https:\/\/dam-online.de\/wp-content\/uploads\/2023\/06\/DAM_Familienfuehrung_Foto_MaximilianvonLachner_3198.jpg 1600w, https:\/\/dam-online.de\/wp-content\/uploads\/2023\/06\/DAM_Familienfuehrung_Foto_MaximilianvonLachner_3198-300x200.jpg 300w, https:\/\/dam-online.de\/wp-content\/uploads\/2023\/06\/DAM_Familienfuehrung_Foto_MaximilianvonLachner_3198-1030x687.jpg 1030w, https:\/\/dam-online.de\/wp-content\/uploads\/2023\/06\/DAM_Familienfuehrung_Foto_MaximilianvonLachner_3198-768x512.jpg 768w, https:\/\/dam-online.de\/wp-content\/uploads\/2023\/06\/DAM_Familienfuehrung_Foto_MaximilianvonLachner_3198-1536x1024.jpg 1536w, https:\/\/dam-online.de\/wp-content\/uploads\/2023\/06\/DAM_Familienfuehrung_Foto_MaximilianvonLachner_3198-1080x720.jpg 1080w, https:\/\/dam-online.de\/wp-content\/uploads\/2023\/06\/DAM_Familienfuehrung_Foto_MaximilianvonLachner_3198-600x400.jpg 600w\" sizes=\"(max-width: 300px) 100vw, 300px\" \/><\/div><div class=\"summary\"><a href=\"https:\/\/dam-online.de\/en\/veranstaltung\/familienfuehrung-suburbia-traeume-vom-eigenheim-wege-aus-der-wohnungskrise-3\/\" rel=\"bookmark\">Familienf\u00fchrung: Suburbia \u2013 Tr\u00e4ume vom Eigenheim \u2013 Wege aus der Wohnungskrise<\/a><div class=\"ecs-date\"><span class=\"tribe-event-date-start\">6. September \u2013 13:00<\/span> \u2013 <span class=\"tribe-event-time\">14:00<\/span><\/div><\/div><\/div><div class=\"ecs-event veranstaltung-en_ecs_category vermittlung-en_ecs_category\"><div class=\"ecs-thumbnail\"><img loading=\"lazy\" decoding=\"async\" width=\"300\" height=\"202\" src=\"https:\/\/dam-online.de\/wp-content\/uploads\/2026\/03\/DAM_SUBURBIA_Man-waters-lawn_Contemporary-Suburbium-2017-Ed-Templeto_-Digital-print-on-paper-scaled.jpg\" class=\"attachment-300x210 size-300x210 wp-post-image\" alt=\"\" \/><\/div><div class=\"summary\"><a href=\"https:\/\/dam-online.de\/en\/veranstaltung\/after-work-fuehrung-suburbia-01-07\/2026-09-09\/\" rel=\"bookmark\">After Work F\u00fchrung SUBURBIA<\/a><div class=\"ecs-date\"><span class=\"tribe-event-date-start\">9. September \u2013 8:00<\/span> \u2013 <span class=\"tribe-event-time\">17:00<\/span><\/div><\/div><\/div><\/div><script type=\"application\/ld+json\">\r\n[{\"@context\":\"http:\/\/schema.org\",\"@type\":\"Event\",\"name\":\"Familienf\\u00fchrung: Suburbia \\u2013 Tr\\u00e4ume vom Eigenheim \\u2013 Wege aus der Wohnungskrise\",\"description\":\"&lt;p&gt;Wie kann man als Elternteil gemeinsam mit Kindern unterschiedlichen Alters ins Museum gehen, so dass es f\\u00fcr alle Beteiligten ein sch\\u00f6nes Erlebnis wird?&lt;\/p&gt;\\\\n\",\"image\":\"https:\/\/dam-online.de\/wp-content\/uploads\/2023\/06\/DAM_Familienfuehrung_Foto_MaximilianvonLachner_3198.jpg\",\"url\":\"https:\/\/dam-online.de\/en\/veranstaltung\/familienfuehrung-suburbia-traeume-vom-eigenheim-wege-aus-der-wohnungskrise-3\/\",\"eventAttendanceMode\":\"https:\/\/schema.org\/OfflineEventAttendanceMode\",\"eventStatus\":\"https:\/\/schema.org\/EventScheduled\",\"startDate\":\"2026-09-06T13:00:00+02:00\",\"endDate\":\"2026-09-06T14:00:00+02:00\",\"location\":{\"@type\":\"Place\",\"name\":\"Deutsches Architekturmuseum (DAM)\",\"description\":\"\",\"url\":\"https:\/\/dam-online.de\/ort\/dam\/\",\"address\":{\"@type\":\"PostalAddress\",\"streetAddress\":\"Schaumainkai 43\",\"addressLocality\":\"Frankfurt \/ M.\",\"addressRegion\":\"Hessen\",\"postalCode\":\"D-60596\"},\"telephone\":\"+49 (0)69 212-38844\",\"sameAs\":\"\"},\"performer\":\"Organization\"},{\"@context\":\"http:\/\/schema.org\",\"@type\":\"Event\",\"name\":\"After Work F\\u00fchrung SUBURBIA\",\"description\":\"&lt;p&gt;Anna Scheuermann, Architektin und Kuratorin, nimmt Sie mit auf einen Rundgang durch die Ausstellung SUBURBIA. Die Teilnahme ist im Museumseintritt inbegriffen.&lt;\/p&gt;\\\\n\",\"image\":\"https:\/\/dam-online.de\/wp-content\/uploads\/2026\/03\/DAM_SUBURBIA_Man-waters-lawn_Contemporary-Suburbium-2017-Ed-Templeto_-Digital-print-on-paper-scaled.jpg\",\"url\":\"https:\/\/dam-online.de\/en\/veranstaltung\/after-work-fuehrung-suburbia-01-07\/2026-09-09\/\",\"eventAttendanceMode\":\"https:\/\/schema.org\/OfflineEventAttendanceMode\",\"eventStatus\":\"https:\/\/schema.org\/EventScheduled\",\"startDate\":\"2026-09-09T08:00:00+02:00\",\"endDate\":\"2026-09-09T17:00:00+02:00\",\"location\":{\"@type\":\"Place\",\"name\":\"Deutsches Architekturmuseum (DAM)\",\"description\":\"\",\"url\":\"https:\/\/dam-online.de\/ort\/dam\/\",\"address\":{\"@type\":\"PostalAddress\",\"streetAddress\":\"Schaumainkai 43\",\"addressLocality\":\"Frankfurt \/ M.\",\"addressRegion\":\"Hessen\",\"postalCode\":\"D-60596\"},\"telephone\":\"+49 (0)69 212-38844\",\"sameAs\":\"\"},\"performer\":\"Organization\"}]\r\n<\/script>\r\n\r\n  <!--<p>\r\n\t\t\t[ecs-list-events design=\"compact\" tag=\"mega-menu-vermittlung\" tag_cat_operator='AND' exclude_cat='Architekturpreis, Ausstellung' thumb='true' thumbwidth='300' thumbheight='210' contentorder=\"date_thumb, thumbnail, title, date, venue, time, excerpt, button\" eventdetails=\"true\"]\r\n\t\t<\/p>--><\/div><\/li>\t\t<\/ul>\n<\/li><li class=\"mega-menu-column mega-menu-columns-4-of-12\" style=\"--columns:12; --span:4\" id=\"mega-menu-6397-0-2\">\n\t\t<ul class=\"mega-sub-menu\">\n<li class=\"mega-menu-item mega-menu-item-type-widget widget_media_image mega-menu-item-media_image-14\" id=\"mega-menu-item-media_image-14\"><a href=\"\/bildung\"><img loading=\"lazy\" decoding=\"async\" width=\"311\" height=\"441\" src=\"https:\/\/dam-online.de\/wp-content\/uploads\/2022\/02\/DAM_Vermittlung_FlyOutMenue_Miniplakat_311x441px_220215_03.jpg\" class=\"image wp-image-36697  attachment-full size-full\" alt=\"\" style=\"max-width: 100%; height: auto;\" srcset=\"https:\/\/dam-online.de\/wp-content\/uploads\/2022\/02\/DAM_Vermittlung_FlyOutMenue_Miniplakat_311x441px_220215_03.jpg 311w, https:\/\/dam-online.de\/wp-content\/uploads\/2022\/02\/DAM_Vermittlung_FlyOutMenue_Miniplakat_311x441px_220215_03-300x425.jpg 300w, https:\/\/dam-online.de\/wp-content\/uploads\/2022\/02\/DAM_Vermittlung_FlyOutMenue_Miniplakat_311x441px_220215_03-212x300.jpg 212w, https:\/\/dam-online.de\/wp-content\/uploads\/2022\/02\/DAM_Vermittlung_FlyOutMenue_Miniplakat_311x441px_220215_03-150x213.jpg 150w, https:\/\/dam-online.de\/wp-content\/uploads\/2022\/02\/DAM_Vermittlung_FlyOutMenue_Miniplakat_311x441px_220215_03-250x355.jpg 250w\" sizes=\"(max-width: 311px) 100vw, 311px\" \/><\/a><\/li>\t\t<\/ul>\n<\/li>\t<\/ul>\n<\/li><li class=\"mega-menu-row\" id=\"mega-menu-6397-1\">\n\t<ul class=\"mega-sub-menu\" style='--columns:12' role='presentation'>\n<li class=\"mega-menu-column mega-menu-columns-4-of-12 mega-hide-on-mobile mega-hide-on-desktop\" style=\"--columns:12; --span:4\" id=\"mega-menu-6397-1-0\">\n\t\t<ul class=\"mega-sub-menu\">\n<li class=\"mega-menu-item mega-menu-item-type-widget widget_media_image mega-menu-item-media_image-13\" id=\"mega-menu-item-media_image-13\"><h4 class=\"mega-block-title\">N\u00e4chste Veranstaltung<\/h4><a href=\"\/bildung\"><img loading=\"lazy\" decoding=\"async\" width=\"281\" height=\"166\" src=\"https:\/\/dam-online.de\/wp-content\/uploads\/2019\/03\/88dad958-flyout_klein_190308_bildung_veranstaltung.jpg\" class=\"image wp-image-6447  attachment-full size-full\" alt=\"\" style=\"max-width: 100%; height: auto;\" srcset=\"https:\/\/dam-online.de\/wp-content\/uploads\/2019\/03\/88dad958-flyout_klein_190308_bildung_veranstaltung.jpg 281w, https:\/\/dam-online.de\/wp-content\/uploads\/2019\/03\/88dad958-flyout_klein_190308_bildung_veranstaltung-150x89.jpg 150w, https:\/\/dam-online.de\/wp-content\/uploads\/2019\/03\/88dad958-flyout_klein_190308_bildung_veranstaltung-250x148.jpg 250w\" sizes=\"(max-width: 281px) 100vw, 281px\" \/><\/a><\/li>\t\t<\/ul>\n<\/li>\t<\/ul>\n<\/li><\/ul>\n<\/li><li class=\"mega-menu-item mega-menu-item-type-custom mega-menu-item-object-custom mega-menu-item-has-children mega-menu-megamenu mega-menu-grid mega-align-bottom-left mega-menu-item-6398\" id=\"mega-menu-item-6398\"><a class=\"mega-menu-link\" href=\"\/sammlungen\" aria-expanded=\"false\" aria-controls=\"mega-sub-menu-6398\">Sammlungen<span class=\"mega-indicator\" aria-hidden=\"true\"><\/span><\/a>\n<ul class=\"mega-sub-menu\" role='presentation' id='mega-sub-menu-6398'>\n<li class=\"mega-menu-row\" id=\"mega-menu-6398-0\">\n\t<ul class=\"mega-sub-menu\" style='--columns:12' role='presentation'>\n<li class=\"mega-menu-column mega-menu-columns-4-of-12\" style=\"--columns:12; --span:4\" id=\"mega-menu-6398-0-0\">\n\t\t<ul class=\"mega-sub-menu\">\n<li class=\"mega-menu-item mega-menu-item-type-post_type mega-menu-item-object-page mega-menu-item-6469\" id=\"mega-menu-item-6469\"><a class=\"mega-menu-link\" href=\"https:\/\/dam-online.de\/sammlungen\/dam-archiv\/\">DAM Archiv<\/a><\/li><li class=\"mega-menu-item mega-menu-item-type-post_type mega-menu-item-object-page mega-menu-item-6471\" id=\"mega-menu-item-6471\"><a class=\"mega-menu-link\" href=\"https:\/\/dam-online.de\/sammlungen\/sammlung-digital\/\">DAM Sammlung Digital<\/a><\/li><li class=\"mega-menu-item mega-menu-item-type-post_type mega-menu-item-object-page mega-menu-item-6470\" id=\"mega-menu-item-6470\"><a class=\"mega-menu-link\" href=\"https:\/\/dam-online.de\/sammlungen\/dam-bibliothek\/\">DAM Bibliothek<\/a><\/li>\t\t<\/ul>\n<\/li><li class=\"mega-menu-column mega-menu-columns-4-of-12\" style=\"--columns:12; --span:4\" id=\"mega-menu-6398-0-1\">\n\t\t<ul class=\"mega-sub-menu\">\n<li class=\"mega-menu-item mega-menu-item-type-widget widget_custom_html mega-menu-item-custom_html-15\" id=\"mega-menu-item-custom_html-15\"><h4 class=\"mega-block-title\">DAM Archiv<\/h4><div class=\"textwidget custom-html-widget\">\t\t\t\t<p>\r\n\t\t\t\tHedderichstra\u00dfe 108-110<br>\r\n\t\t\t\t60596 Frankfurt am Main<br>\r\n\t\t\t\t<a href=\"mailto:dam.archiv@stadt-frankfurt.de\">dam.archiv@stadt-frankfurt.de<\/a>\r\n\t\t\t\t<\/p>\r\n\t\t\t\t<p>\r\n\t\t\t\tArchivleitung<br>\r\n\t\t\t\tDr. Katja Leiskau<br>\r\n\t\t\t\t<a href=\"mailto:dam.archiv@stadt-frankfurt.de\">dam.archiv@stadt-frankfurt.de<\/a>\r\n\t\t\t\tT +49 (0)69 212-30831<br>\r\n\t\t\t\t<\/p>\r\n\t\t\t\t<br>\r\n\t\t\t\t<\/div><\/li><li class=\"mega-menu-item mega-menu-item-type-widget widget_custom_html mega-menu-item-custom_html-16\" id=\"mega-menu-item-custom_html-16\"><h4 class=\"mega-block-title\">DAM Bibliothek<\/h4><div class=\"textwidget custom-html-widget\">\t\t\t<p>\r\n\t\t\t\tHedderichstra\u00dfe 108-110<br>\r\n\t\t\t\t60596 Frankfurt am Main<br>\r\n\t\t\t\t<a href=\"mailto:dam.bibliothek@stadt-frankfurt.de\">dam.bibliothek@stadt-frankfurt.de<\/a>\r\n\t\t\t<\/p>\r\n\t\t\t<p>\r\n\t\t\t\tChristiane Eulig,<br>\r\n\t\t\t\tBibliothekarin<br>\r\n\t\t\t\tT +49 (0)69 212-30827<br>\r\n\t\t\t\t<a href=\"mailto:christiane.eulig@stadt-frankfurt.de\">christiane.eulig@stadt-frankfurt.de<\/a>\r\n\t\t\t<\/p><\/div><\/li>\t\t<\/ul>\n<\/li><li class=\"mega-menu-column mega-menu-columns-4-of-12\" style=\"--columns:12; --span:4\" id=\"mega-menu-6398-0-2\">\n\t\t<ul class=\"mega-sub-menu\">\n<li class=\"mega-menu-item mega-menu-item-type-widget widget_media_image mega-menu-item-media_image-15\" id=\"mega-menu-item-media_image-15\"><a href=\"\/sammlungen\/sammlung-digital\/\"><img loading=\"lazy\" decoding=\"async\" width=\"311\" height=\"441\" src=\"https:\/\/dam-online.de\/wp-content\/uploads\/2026\/02\/DAM_Sammler_Miniplakat_311x441px_72dpi_251112_01.jpg\" class=\"image wp-image-64467  attachment-full size-full\" alt=\"\" style=\"max-width: 100%; height: auto;\" srcset=\"https:\/\/dam-online.de\/wp-content\/uploads\/2026\/02\/DAM_Sammler_Miniplakat_311x441px_72dpi_251112_01.jpg 311w, https:\/\/dam-online.de\/wp-content\/uploads\/2026\/02\/DAM_Sammler_Miniplakat_311x441px_72dpi_251112_01-212x300.jpg 212w, https:\/\/dam-online.de\/wp-content\/uploads\/2026\/02\/DAM_Sammler_Miniplakat_311x441px_72dpi_251112_01-150x213.jpg 150w, https:\/\/dam-online.de\/wp-content\/uploads\/2026\/02\/DAM_Sammler_Miniplakat_311x441px_72dpi_251112_01-250x355.jpg 250w, https:\/\/dam-online.de\/wp-content\/uploads\/2026\/02\/DAM_Sammler_Miniplakat_311x441px_72dpi_251112_01-300x425.jpg 300w\" sizes=\"(max-width: 311px) 100vw, 311px\" \/><\/a><\/li>\t\t<\/ul>\n<\/li>\t<\/ul>\n<\/li><\/ul>\n<\/li><li class=\"mega-menu-item mega-menu-item-type-custom mega-menu-item-object-custom mega-menu-item-has-children mega-menu-megamenu mega-menu-grid mega-align-bottom-left mega-menu-item-6399\" id=\"mega-menu-item-6399\"><a class=\"mega-menu-link\" href=\"\/das-dam\" aria-expanded=\"false\" aria-controls=\"mega-sub-menu-6399\">Das DAM<span class=\"mega-indicator\" aria-hidden=\"true\"><\/span><\/a>\n<ul class=\"mega-sub-menu\" role='presentation' id='mega-sub-menu-6399'>\n<li class=\"mega-menu-row\" id=\"mega-menu-6399-0\">\n\t<ul class=\"mega-sub-menu\" style='--columns:12' role='presentation'>\n<li class=\"mega-menu-column mega-menu-columns-4-of-12\" style=\"--columns:12; --span:4\" id=\"mega-menu-6399-0-0\">\n\t\t<ul class=\"mega-sub-menu\">\n<li class=\"mega-menu-item mega-menu-item-type-post_type mega-menu-item-object-page mega-menu-item-6451\" id=\"mega-menu-item-6451\"><a class=\"mega-menu-link\" href=\"https:\/\/dam-online.de\/das-dam\/portrait\/\">Portrait<\/a><\/li><li class=\"mega-menu-item mega-menu-item-type-post_type mega-menu-item-object-page mega-menu-item-6449\" id=\"mega-menu-item-6449\"><a class=\"mega-menu-link\" href=\"https:\/\/dam-online.de\/das-dam\/team\/\">Team<\/a><\/li><li class=\"mega-menu-item mega-menu-item-type-custom mega-menu-item-object-custom mega-menu-item-9783\" id=\"mega-menu-item-9783\"><a class=\"mega-menu-link\" href=\"\/das-dam\/freunde-des-dam\">Freunde des DAM<\/a><\/li><li class=\"mega-menu-item mega-menu-item-type-post_type mega-menu-item-object-page mega-menu-item-9700\" id=\"mega-menu-item-9700\"><a class=\"mega-menu-link\" href=\"https:\/\/dam-online.de\/das-dam\/engagement\/sponsoren-und-unterstuetzer\/\">Sponsoren und Unterst\u00fctzer<\/a><\/li><li class=\"mega-menu-item mega-menu-item-type-post_type mega-menu-item-object-page mega-menu-item-17198\" id=\"mega-menu-item-17198\"><a class=\"mega-menu-link\" href=\"https:\/\/dam-online.de\/das-dam\/jobs\/\">Jobs<\/a><\/li>\t\t<\/ul>\n<\/li><li class=\"mega-menu-column mega-menu-columns-4-of-12\" style=\"--columns:12; --span:4\" id=\"mega-menu-6399-0-1\">\n\t\t<ul class=\"mega-sub-menu\">\n<li class=\"mega-menu-item mega-menu-item-type-widget widget_media_image mega-menu-item-media_image-16\" id=\"mega-menu-item-media_image-16\"><a href=\"\/das-dam\/freunde-des-dam\"><img loading=\"lazy\" decoding=\"async\" width=\"614\" height=\"427\" src=\"https:\/\/dam-online.de\/wp-content\/uploads\/2019\/05\/06932a10-20190502_damfreunde_flyer_0008_bearb.jpg\" class=\"image wp-image-9601  attachment-full size-full\" alt=\"Flyer Freunde des DAM - Ausschnitt, Foto: Moritz Bernoully\" style=\"max-width: 100%; height: auto;\" srcset=\"https:\/\/dam-online.de\/wp-content\/uploads\/2019\/05\/06932a10-20190502_damfreunde_flyer_0008_bearb.jpg 614w, https:\/\/dam-online.de\/wp-content\/uploads\/2019\/05\/06932a10-20190502_damfreunde_flyer_0008_bearb-300x209.jpg 300w, https:\/\/dam-online.de\/wp-content\/uploads\/2019\/05\/06932a10-20190502_damfreunde_flyer_0008_bearb-600x417.jpg 600w, https:\/\/dam-online.de\/wp-content\/uploads\/2019\/05\/06932a10-20190502_damfreunde_flyer_0008_bearb-150x104.jpg 150w, https:\/\/dam-online.de\/wp-content\/uploads\/2019\/05\/06932a10-20190502_damfreunde_flyer_0008_bearb-250x174.jpg 250w, https:\/\/dam-online.de\/wp-content\/uploads\/2019\/05\/06932a10-20190502_damfreunde_flyer_0008_bearb-350x243.jpg 350w\" sizes=\"(max-width: 614px) 100vw, 614px\" \/><\/a><\/li><li class=\"mega-menu-item mega-menu-item-type-widget widget_custom_html mega-menu-item-custom_html-20\" id=\"mega-menu-item-custom_html-20\"><h4 class=\"mega-block-title\">Freund werden<\/h4><div class=\"textwidget custom-html-widget\"><\/div><\/li>\t\t<\/ul>\n<\/li><li class=\"mega-menu-column mega-menu-columns-4-of-12\" style=\"--columns:12; --span:4\" id=\"mega-menu-6399-0-2\">\n\t\t<ul class=\"mega-sub-menu\">\n<li class=\"mega-menu-item mega-menu-item-type-widget widget_media_image mega-menu-item-media_image-18\" id=\"mega-menu-item-media_image-18\"><a href=\"\/das-dam\/\"><img loading=\"lazy\" decoding=\"async\" width=\"311\" height=\"441\" src=\"https:\/\/dam-online.de\/wp-content\/uploads\/2019\/03\/2a01c6c3-dam_flyout_190308_hausimhaus_pfeil.jpg\" class=\"image wp-image-7243  attachment-full size-full\" alt=\"\" style=\"max-width: 100%; height: auto;\" srcset=\"https:\/\/dam-online.de\/wp-content\/uploads\/2019\/03\/2a01c6c3-dam_flyout_190308_hausimhaus_pfeil.jpg 311w, https:\/\/dam-online.de\/wp-content\/uploads\/2019\/03\/2a01c6c3-dam_flyout_190308_hausimhaus_pfeil-300x425.jpg 300w, https:\/\/dam-online.de\/wp-content\/uploads\/2019\/03\/2a01c6c3-dam_flyout_190308_hausimhaus_pfeil-212x300.jpg 212w, https:\/\/dam-online.de\/wp-content\/uploads\/2019\/03\/2a01c6c3-dam_flyout_190308_hausimhaus_pfeil-150x213.jpg 150w, https:\/\/dam-online.de\/wp-content\/uploads\/2019\/03\/2a01c6c3-dam_flyout_190308_hausimhaus_pfeil-250x355.jpg 250w\" sizes=\"(max-width: 311px) 100vw, 311px\" \/><\/a><\/li>\t\t<\/ul>\n<\/li>\t<\/ul>\n<\/li><li class=\"mega-menu-row\" id=\"mega-menu-6399-1\">\n\t<ul class=\"mega-sub-menu\" style='--columns:12' role='presentation'>\n<li class=\"mega-menu-column mega-menu-columns-3-of-12\" style=\"--columns:12; --span:3\" id=\"mega-menu-6399-1-0\"><\/li>\t<\/ul>\n<\/li><\/ul>\n<\/li><\/ul><\/div>\n<p>&nbsp;<\/p>\n<p>[\/et_pb_text][\/et_pb_column][\/et_pb_row][\/et_pb_section][et_pb_section bb_built=&#8221;1&#8243; fullwidth=&#8221;off&#8221; specialty=&#8221;off&#8221; prev_background_color=&#8221;#000000&#8243;][et_pb_row][et_pb_column type=&#8221;4_4&#8243;][et_pb_text admin_label=&#8221;Veranstaltungen&#8221; _builder_version=&#8221;3.21.1&#8243; z_index_tablet=&#8221;500&#8243;]<\/p>\n<div\n\t class=\"tribe-common tribe-events tribe-events-view tribe-events-view--photo alignwide tribe-events-view--shortcode tribe-events-view--shortcode-a0375609 tribe-events-pro\" \tdata-js=\"tribe-events-view\"\n\tdata-view-rest-url=\"https:\/\/dam-online.de\/en\/wp-json\/tribe\/views\/v2\/html\"\n\tdata-view-rest-method=\"GET\"\n\tdata-view-manage-url=\"\"\n\t\t\tdata-view-shortcode=\"a0375609\"\n\t\t\t\tdata-view-breakpoint-pointer=\"583a98db-01af-49ec-ab5f-b96c0639551a\"\n\t>\n\t<section class=\"tribe-common-l-container tribe-events-l-container\">\n\t\t<div\n\tclass=\"tribe-events-view-loader tribe-common-a11y-hidden\"\n\trole=\"alert\"\n\taria-live=\"polite\"\n>\n\t<span class=\"tribe-events-view-loader__text tribe-common-a11y-visual-hide\">\n\t\t10 Veranstaltungen found.\t<\/span>\n\t<div class=\"tribe-events-view-loader__dots tribe-common-c-loader\">\n\t\t<svg\n\t class=\"tribe-common-c-svgicon tribe-common-c-svgicon--dot tribe-common-c-loader__dot tribe-common-c-loader__dot--first\" \taria-hidden=\"true\"\n\tviewBox=\"0 0 15 15\"\n\txmlns=\"http:\/\/www.w3.org\/2000\/svg\"\n>\n\t<circle cx=\"7.5\" cy=\"7.5\" r=\"7.5\"\/>\n<\/svg>\n\t\t<svg\n\t class=\"tribe-common-c-svgicon tribe-common-c-svgicon--dot tribe-common-c-loader__dot tribe-common-c-loader__dot--second\" \taria-hidden=\"true\"\n\tviewBox=\"0 0 15 15\"\n\txmlns=\"http:\/\/www.w3.org\/2000\/svg\"\n>\n\t<circle cx=\"7.5\" cy=\"7.5\" r=\"7.5\"\/>\n<\/svg>\n\t\t<svg\n\t class=\"tribe-common-c-svgicon tribe-common-c-svgicon--dot tribe-common-c-loader__dot tribe-common-c-loader__dot--third\" \taria-hidden=\"true\"\n\tviewBox=\"0 0 15 15\"\n\txmlns=\"http:\/\/www.w3.org\/2000\/svg\"\n>\n\t<circle cx=\"7.5\" cy=\"7.5\" r=\"7.5\"\/>\n<\/svg>\n\t<\/div>\n<\/div>\n\n\t\t<script type=\"application\/ld+json\">\r\n[{\"@context\":\"http:\/\/schema.org\",\"@type\":\"Event\",\"name\":\"Familienf\\u00fchrung: Suburbia \\u2013 Tr\\u00e4ume vom Eigenheim \\u2013 Wege aus der Wohnungskrise\",\"description\":\"&lt;p&gt;Wie kann man als Elternteil gemeinsam mit Kindern unterschiedlichen Alters ins Museum gehen, so dass es f\\u00fcr alle Beteiligten ein sch\\u00f6nes Erlebnis wird?&lt;\/p&gt;\\\\n\",\"image\":\"https:\/\/dam-online.de\/wp-content\/uploads\/2023\/06\/DAM_Familienfuehrung_Foto_MaximilianvonLachner_3198.jpg\",\"url\":\"https:\/\/dam-online.de\/en\/veranstaltung\/familienfuehrung-suburbia-traeume-vom-eigenheim-wege-aus-der-wohnungskrise-3\/\",\"eventAttendanceMode\":\"https:\/\/schema.org\/OfflineEventAttendanceMode\",\"eventStatus\":\"https:\/\/schema.org\/EventScheduled\",\"startDate\":\"2026-09-06T13:00:00+02:00\",\"endDate\":\"2026-09-06T14:00:00+02:00\",\"location\":{\"@type\":\"Place\",\"name\":\"Deutsches Architekturmuseum (DAM)\",\"description\":\"\",\"url\":\"https:\/\/dam-online.de\/ort\/dam\/\",\"address\":{\"@type\":\"PostalAddress\",\"streetAddress\":\"Schaumainkai 43\",\"addressLocality\":\"Frankfurt \/ M.\",\"addressRegion\":\"Hessen\",\"postalCode\":\"D-60596\"},\"telephone\":\"+49 (0)69 212-38844\",\"sameAs\":\"\"},\"performer\":\"Organization\"},{\"@context\":\"http:\/\/schema.org\",\"@type\":\"Event\",\"name\":\"After Work F\\u00fchrung SUBURBIA\",\"description\":\"&lt;p&gt;Anna Scheuermann, Architektin und Kuratorin, nimmt Sie mit auf einen Rundgang durch die Ausstellung SUBURBIA. Die Teilnahme ist im Museumseintritt inbegriffen.&lt;\/p&gt;\\\\n\",\"image\":\"https:\/\/dam-online.de\/wp-content\/uploads\/2026\/03\/DAM_SUBURBIA_Man-waters-lawn_Contemporary-Suburbium-2017-Ed-Templeto_-Digital-print-on-paper-scaled.jpg\",\"url\":\"https:\/\/dam-online.de\/en\/veranstaltung\/after-work-fuehrung-suburbia-01-07\/2026-09-09\/\",\"eventAttendanceMode\":\"https:\/\/schema.org\/OfflineEventAttendanceMode\",\"eventStatus\":\"https:\/\/schema.org\/EventScheduled\",\"startDate\":\"2026-09-09T08:00:00+02:00\",\"endDate\":\"2026-09-09T17:00:00+02:00\",\"location\":{\"@type\":\"Place\",\"name\":\"Deutsches Architekturmuseum (DAM)\",\"description\":\"\",\"url\":\"https:\/\/dam-online.de\/ort\/dam\/\",\"address\":{\"@type\":\"PostalAddress\",\"streetAddress\":\"Schaumainkai 43\",\"addressLocality\":\"Frankfurt \/ M.\",\"addressRegion\":\"Hessen\",\"postalCode\":\"D-60596\"},\"telephone\":\"+49 (0)69 212-38844\",\"sameAs\":\"\"},\"performer\":\"Organization\"},{\"@context\":\"http:\/\/schema.org\",\"@type\":\"Event\",\"name\":\"After Work F\\u00fchrung: Too Hot &#8211; Heisse St\\u00e4dte, neue Wege\",\"description\":\"&lt;p&gt;Wir nehmen Sie mit auf einen Rundgang durch die Ausstellung TOO HOT. &lt;\/p&gt;\\\\n\",\"image\":\"https:\/\/dam-online.de\/wp-content\/uploads\/2026\/06\/DAM_Too-Hot_Bern_Marzili-Aare_Caspar-Martig.jpg\",\"url\":\"https:\/\/dam-online.de\/en\/veranstaltung\/after-work-fuehrung-too-hot-heisse-staedte-neue-wege-16-09\/\",\"eventAttendanceMode\":\"https:\/\/schema.org\/OfflineEventAttendanceMode\",\"eventStatus\":\"https:\/\/schema.org\/EventScheduled\",\"startDate\":\"2026-09-16T17:00:00+02:00\",\"endDate\":\"2026-09-16T17:00:00+02:00\",\"location\":{\"@type\":\"Place\",\"name\":\"Deutsches Architekturmuseum (DAM)\",\"description\":\"\",\"url\":\"https:\/\/dam-online.de\/ort\/dam\/\",\"address\":{\"@type\":\"PostalAddress\",\"streetAddress\":\"Schaumainkai 43\",\"addressLocality\":\"Frankfurt \/ M.\",\"addressRegion\":\"Hessen\",\"postalCode\":\"D-60596\"},\"telephone\":\"+49 (0)69 212-38844\",\"sameAs\":\"\"},\"organizer\":{\"@type\":\"Person\",\"name\":\"Deutsches Architekturmuseum (DAM)\",\"description\":\"\",\"url\":\"https:\/\/dam-online.de\",\"telephone\":\"069 - 212 38844\",\"email\":\"i&#110;&#102;o.d&#97;m&#64;s&#116;ad&#116;-&#102;ra&#110;&#107;&#102;&#117;&#114;&#116;.&#100;&#101;\",\"sameAs\":\"https:\/\/dam-online.de\"},\"performer\":\"Organization\"},{\"@context\":\"http:\/\/schema.org\",\"@type\":\"Event\",\"name\":\"TOO HOT: Climatewalk \\u2013 Stadtklima erleben und urbane Hitze verstehen\",\"description\":\"&lt;p&gt;Steigende Temperaturen und h\\u00e4ufigere Hitzeperioden geh\\u00f6ren zu den sp\\u00fcrbarsten Folgen des Klimawandels \\u2013 besonders in dicht bebauten St\\u00e4dten. Doch wie wirkt sich Hitze im Stadtraum tats\\u00e4chlich aus und welche Rolle spielen Geb\\u00e4ude, Stra\\u00dfenr\\u00e4ume und Gr\\u00fcnfl\\u00e4chen f\\u00fcr das lokale Mikroklima? Beim Climatewalk werden diese Zusammenh\\u00e4nge direkt vor Ort erfahrbar.&lt;\/p&gt;\\\\n\",\"image\":\"https:\/\/dam-online.de\/wp-content\/uploads\/2026\/04\/Jil-Schroth-1-scaled.jpg\",\"url\":\"https:\/\/dam-online.de\/en\/veranstaltung\/too-hot-climatewalk-stadtklima-erleben-und-urbane-hitze-verstehen-3\/\",\"eventAttendanceMode\":\"https:\/\/schema.org\/OfflineEventAttendanceMode\",\"eventStatus\":\"https:\/\/schema.org\/EventScheduled\",\"startDate\":\"2026-09-19T13:00:00+02:00\",\"endDate\":\"2026-09-19T13:00:00+02:00\",\"location\":{\"@type\":\"Place\",\"name\":\"Deutsches Architekturmuseunm\",\"description\":\"\",\"url\":\"https:\/\/dam-online.de\/ort\/deutsches-architekturmuseunm\/\",\"address\":{\"@type\":\"PostalAddress\"},\"telephone\":\"\",\"sameAs\":\"\"},\"organizer\":{\"@type\":\"Person\",\"name\":\"Deutsches Architekturmuseum (DAM)\",\"description\":\"\",\"url\":\"https:\/\/dam-online.de\",\"telephone\":\"069 - 212 38844\",\"email\":\"&#105;&#110;&#102;&#111;.d&#97;&#109;&#64;&#115;ta&#100;t&#45;f&#114;a&#110;k&#102;ur&#116;.&#100;e\",\"sameAs\":\"https:\/\/dam-online.de\"},\"offers\":{\"@type\":\"Offer\",\"price\":\"12\",\"priceCurrency\":\"EUR\",\"url\":\"https:\/\/dam-online.de\/en\/veranstaltung\/too-hot-climatewalk-stadtklima-erleben-und-urbane-hitze-verstehen-3\/\",\"category\":\"primary\",\"availability\":\"inStock\",\"validFrom\":\"2026-08-10T00:00:00+00:00\"},\"performer\":\"Organization\"},{\"@context\":\"http:\/\/schema.org\",\"@type\":\"Event\",\"name\":\"Bauwerkstatt: Warum Menschen H\\u00e4user bauen\",\"description\":\"&lt;p&gt;Der Workshop besch\\u00e4ftigt sich mit grundlegenden Fragen rund um das Wohnen: Warum bauen Menschen H\\u00e4user und seit wann tun sie das?&lt;\/p&gt;\\\\n\",\"image\":\"https:\/\/dam-online.de\/wp-content\/uploads\/2026\/06\/Urhuette_02-scaled.jpg\",\"url\":\"https:\/\/dam-online.de\/en\/veranstaltung\/bauwerkstatt-warum-menschen-haeuser-bauen\/\",\"eventAttendanceMode\":\"https:\/\/schema.org\/OfflineEventAttendanceMode\",\"eventStatus\":\"https:\/\/schema.org\/EventScheduled\",\"startDate\":\"2026-09-26T11:00:00+02:00\",\"endDate\":\"2026-09-26T13:30:00+02:00\",\"location\":{\"@type\":\"Place\",\"name\":\"DAM Auditorium\",\"description\":\"\",\"url\":\"https:\/\/dam-online.de\/ort\/auditorium\/\",\"address\":{\"@type\":\"PostalAddress\"},\"geo\":{\"@type\":\"GeoCoordinates\",\"latitude\":50.105076,\"longitude\":8.6768825},\"telephone\":\"\",\"sameAs\":\"\"},\"organizer\":{\"@type\":\"Person\",\"name\":\"Deutsches Architekturmuseum (DAM)\",\"description\":\"\",\"url\":\"https:\/\/dam-online.de\",\"telephone\":\"069 - 212 38844\",\"email\":\"in&#102;o.d&#97;&#109;&#64;&#115;&#116;adt-&#102;&#114;ank&#102;&#117;r&#116;&#46;&#100;e\",\"sameAs\":\"https:\/\/dam-online.de\"},\"offers\":{\"@type\":\"Offer\",\"price\":\"7,50\",\"priceCurrency\":\"EUR\",\"url\":\"https:\/\/dam-online.de\/en\/veranstaltung\/bauwerkstatt-warum-menschen-haeuser-bauen\/\",\"category\":\"primary\",\"availability\":\"inStock\",\"validFrom\":\"2026-06-08T00:00:00+00:00\"},\"performer\":\"Organization\"},{\"@context\":\"http:\/\/schema.org\",\"@type\":\"Event\",\"name\":\"Trees, Time, Landscape-Architecture! \/ Transformation eines Hafengebietes in Schweden\",\"description\":\"&lt;p&gt;Teil 3\/6 der Vortragsreihe: Internationale Landschaftsarchitektur \\u201eTOO HOT \\u2013 HEISSE ST\\u00c4DTE, K\\u00dcHLE L\\u00d6SUNGEN. LANDSCHAFTSARCHITEKTUR, KLIMA UND GESUNDHEIT IM DIALOG\\u201c: 30. SEPTEMBER 2026, 19 - 21 Uhr DAM Auditorium\\u00a0 Im Vorfeld [&hellip;]&lt;\/p&gt;\\\\n\",\"image\":\"https:\/\/dam-online.de\/wp-content\/uploads\/2026\/06\/BDLA_02-scaled.jpg\",\"url\":\"https:\/\/dam-online.de\/en\/veranstaltung\/trees-time-landscape-architecture-transformation-eines-hafengebietes-in-schweden\/\",\"eventAttendanceMode\":\"https:\/\/schema.org\/OfflineEventAttendanceMode\",\"eventStatus\":\"https:\/\/schema.org\/EventScheduled\",\"startDate\":\"2026-09-30T19:00:00+02:00\",\"endDate\":\"2026-09-30T21:00:00+02:00\",\"location\":{\"@type\":\"Place\",\"name\":\"DAM Auditorium\",\"description\":\"\",\"url\":\"https:\/\/dam-online.de\/ort\/auditorium\/\",\"address\":{\"@type\":\"PostalAddress\"},\"geo\":{\"@type\":\"GeoCoordinates\",\"latitude\":50.105076,\"longitude\":8.6768825},\"telephone\":\"\",\"sameAs\":\"\"},\"organizer\":{\"@type\":\"Person\",\"name\":\"Deutsches Architekturmuseum (DAM)\",\"description\":\"\",\"url\":\"https:\/\/dam-online.de\",\"telephone\":\"069 - 212 38844\",\"email\":\"i&#110;fo&#46;da&#109;&#64;&#115;t&#97;d&#116;&#45;&#102;&#114;an&#107;f&#117;rt&#46;de\",\"sameAs\":\"https:\/\/dam-online.de\"},\"performer\":\"Organization\"},{\"@context\":\"http:\/\/schema.org\",\"@type\":\"Event\",\"name\":\"Herbstferien-Special: Block Lab Minecraft Workshop\",\"description\":\"&lt;p&gt;Im fesselnden Workshop \\u201eBlockLab\\u201c erleben die Teilnehmer: innen eine innovative Ann\\u00e4herung an architektonische Themen, w\\u00e4hrend sie in der virtuellen Welt von \\u201eMinecraft\\u201c navigieren. Schl\\u00fcsselbegriffe wie Nachhaltigkeit, Konstruktion, Statik und Nutzung dienen als lebendige Grundlage f\\u00fcr vertiefende Diskussionen und Erkundungen.&lt;\/p&gt;\\\\n\",\"image\":\"https:\/\/dam-online.de\/wp-content\/uploads\/2026\/06\/minecraft-praunheim-11-scaled.jpg\",\"url\":\"https:\/\/dam-online.de\/en\/veranstaltung\/herbstferien-special-block-lab-minecraft-workshop\/\",\"eventAttendanceMode\":\"https:\/\/schema.org\/OfflineEventAttendanceMode\",\"eventStatus\":\"https:\/\/schema.org\/EventScheduled\",\"startDate\":\"2026-10-09T10:00:00+02:00\",\"endDate\":\"2026-10-10T15:00:00+02:00\",\"location\":{\"@type\":\"Place\",\"name\":\"DAM Auditorium\",\"description\":\"\",\"url\":\"https:\/\/dam-online.de\/ort\/auditorium\/\",\"address\":{\"@type\":\"PostalAddress\"},\"geo\":{\"@type\":\"GeoCoordinates\",\"latitude\":50.105076,\"longitude\":8.6768825},\"telephone\":\"\",\"sameAs\":\"\"},\"organizer\":{\"@type\":\"Person\",\"name\":\"Deutsches Architekturmuseum (DAM)\",\"description\":\"\",\"url\":\"https:\/\/dam-online.de\",\"telephone\":\"069 - 212 38844\",\"email\":\"i&#110;f&#111;.d&#97;m&#64;&#115;&#116;&#97;&#100;t-f&#114;&#97;n&#107;f&#117;&#114;t&#46;d&#101;\",\"sameAs\":\"https:\/\/dam-online.de\"},\"offers\":{\"@type\":\"Offer\",\"price\":\"25\",\"priceCurrency\":\"EUR\",\"url\":\"https:\/\/dam-online.de\/en\/veranstaltung\/herbstferien-special-block-lab-minecraft-workshop\/\",\"category\":\"primary\",\"availability\":\"inStock\",\"validFrom\":\"2026-06-08T00:00:00+00:00\"},\"performer\":\"Organization\"},{\"@context\":\"http:\/\/schema.org\",\"@type\":\"Event\",\"name\":\"Kurator:innenf\\u00fchrung TOO HOT &#8211; Hei\\u00dfe St\\u00e4dte, neue Wege\",\"description\":\"&lt;p&gt;Too Hot zeigt Beispiele aus dreizehn europ\\u00e4ischen St\\u00e4dten verschiedener Klimata, von der Kleinstadt bis zur Metropole. Sie reagieren auf die Klimakrise mit konkreten Ma\\u00dfnahmen f\\u00fcr Klimaschutz und Anpassung: darunter gebaute Projekte, strategische Planungen und zivilgesellschaftliche Initiativen.&lt;\/p&gt;\\\\n\",\"image\":\"https:\/\/dam-online.de\/wp-content\/uploads\/2026\/05\/DAM_TooHot_Ausstellung_Foto_MoritzBernoully_028-scaled.jpg\",\"url\":\"https:\/\/dam-online.de\/en\/veranstaltung\/kuratorinnenfuehrung-too-hot-heisse-staedte-neue-wege-2\/\",\"eventAttendanceMode\":\"https:\/\/schema.org\/OfflineEventAttendanceMode\",\"eventStatus\":\"https:\/\/schema.org\/EventScheduled\",\"startDate\":\"2026-10-13T17:00:00+02:00\",\"endDate\":\"2026-10-13T18:00:00+02:00\",\"location\":{\"@type\":\"Place\",\"name\":\"Deutsches Architekturmuseum (DAM)\",\"description\":\"\",\"url\":\"https:\/\/dam-online.de\/ort\/dam\/\",\"address\":{\"@type\":\"PostalAddress\",\"streetAddress\":\"Schaumainkai 43\",\"addressLocality\":\"Frankfurt \/ M.\",\"addressRegion\":\"Hessen\",\"postalCode\":\"D-60596\"},\"telephone\":\"+49 (0)69 212-38844\",\"sameAs\":\"\"},\"organizer\":{\"@type\":\"Person\",\"name\":\"Deutsches Architekturmuseum (DAM)\",\"description\":\"\",\"url\":\"https:\/\/dam-online.de\",\"telephone\":\"069 - 212 38844\",\"email\":\"info&#46;&#100;a&#109;&#64;&#115;ta&#100;t&#45;fra&#110;&#107;f&#117;&#114;&#116;.&#100;&#101;\",\"sameAs\":\"https:\/\/dam-online.de\"},\"performer\":\"Organization\"},{\"@context\":\"http:\/\/schema.org\",\"@type\":\"Event\",\"name\":\"Hitze in St\\u00e4dten \\u2013 Messung, Modellierung und Klimaanpassung \/ Gr\\u00fcne Infrastrukturen: Wirksame Hebel gegen den Klimawandel\",\"description\":\"&lt;p&gt;Teil 4\/6 der Vortragsreihe: Internationale Landschaftsarchitektur \\u201eTOO HOT \\u2013 HEISSE ST\\u00c4DTE, K\\u00dcHLE L\\u00d6SUNGEN. LANDSCHAFTSARCHITEKTUR, KLIMA UND GESUNDHEIT IM DIALOG\\u201c: 14. OKTOBER 2026, 19 - 21 Uhr DAM Auditorium\\u00a0 Im Vorfeld [&hellip;]&lt;\/p&gt;\\\\n\",\"image\":\"https:\/\/dam-online.de\/wp-content\/uploads\/2026\/06\/BDLA_02-scaled.jpg\",\"url\":\"https:\/\/dam-online.de\/en\/veranstaltung\/hitze-in-staedten-messung-modellierung-und-klimaanpassung-gruene-infrastrukturen-wirksame-hebel-gegen-den-klimawandel\/\",\"eventAttendanceMode\":\"https:\/\/schema.org\/OfflineEventAttendanceMode\",\"eventStatus\":\"https:\/\/schema.org\/EventScheduled\",\"startDate\":\"2026-10-14T19:00:00+02:00\",\"endDate\":\"2026-10-14T21:00:00+02:00\",\"location\":{\"@type\":\"Place\",\"name\":\"DAM Auditorium\",\"description\":\"\",\"url\":\"https:\/\/dam-online.de\/ort\/auditorium\/\",\"address\":{\"@type\":\"PostalAddress\"},\"geo\":{\"@type\":\"GeoCoordinates\",\"latitude\":50.105076,\"longitude\":8.6768825},\"telephone\":\"\",\"sameAs\":\"\"},\"organizer\":{\"@type\":\"Person\",\"name\":\"Deutsches Architekturmuseum (DAM)\",\"description\":\"\",\"url\":\"https:\/\/dam-online.de\",\"telephone\":\"069 - 212 38844\",\"email\":\"inf&#111;&#46;d&#97;&#109;&#64;s&#116;&#97;&#100;t&#45;f&#114;&#97;n&#107;f&#117;rt.&#100;e\",\"sameAs\":\"https:\/\/dam-online.de\"},\"performer\":\"Organization\"},{\"@context\":\"http:\/\/schema.org\",\"@type\":\"Event\",\"name\":\"Familienf\\u00fchrung: Too Hot &#8211; Hei\\u00dfe St\\u00e4dte, neue Wege\",\"description\":\"&lt;p&gt;Wie kann man als Elternteil gemeinsam mit Kindern unterschiedlichen Alters ins Museum gehen, so dass es f\\u00fcr alle Beteiligten ein sch\\u00f6nes Erlebnis wird?&lt;\/p&gt;\\\\n\",\"image\":\"https:\/\/dam-online.de\/wp-content\/uploads\/2023\/06\/DAM_Familienfuehrung_Foto_MaximilianvonLachner_3198.jpg\",\"url\":\"https:\/\/dam-online.de\/en\/veranstaltung\/familienfuehrung-too-hot-heisse-staedte-neue-wege\/\",\"eventAttendanceMode\":\"https:\/\/schema.org\/OfflineEventAttendanceMode\",\"eventStatus\":\"https:\/\/schema.org\/EventScheduled\",\"startDate\":\"2026-10-25T13:00:00+01:00\",\"endDate\":\"2026-10-25T14:00:00+01:00\",\"location\":{\"@type\":\"Place\",\"name\":\"Deutsches Architekturmuseum (DAM)\",\"description\":\"\",\"url\":\"https:\/\/dam-online.de\/ort\/dam\/\",\"address\":{\"@type\":\"PostalAddress\",\"streetAddress\":\"Schaumainkai 43\",\"addressLocality\":\"Frankfurt \/ M.\",\"addressRegion\":\"Hessen\",\"postalCode\":\"D-60596\"},\"telephone\":\"+49 (0)69 212-38844\",\"sameAs\":\"\"},\"performer\":\"Organization\"}]\r\n<\/script>\n\t\t<script data-js=\"tribe-events-view-data\" type=\"application\/json\">\n\t{\"slug\":\"photo\",\"prev_url\":\"https:\\\/\\\/dam-online.de\\\/en\\\/veranstaltungen\\\/photo\\\/?rest_route=%2Fwp%2Fv2%2Fpages%2F11543&shortcode=a0375609&eventDisplay=past\",\"next_url\":\"https:\\\/\\\/dam-online.de\\\/en\\\/veranstaltungen\\\/photo\\\/page\\\/2\\\/?shortcode=a0375609\",\"view_class\":\"Tribe\\\\Events\\\\Pro\\\\Views\\\\V2\\\\Views\\\\Photo_View\",\"view_slug\":\"photo\",\"view_label\":\"Photo\",\"title\":\"Vermittlung | DAM Online\",\"events\":[10050614,10050681,10050664,10050716,10050626,10050620,10050634,10050705,10050621,10050622],\"url\":\"https:\\\/\\\/dam-online.de\\\/en\\\/veranstaltungen\\\/photo\\\/?shortcode=a0375609\",\"url_event_date\":false,\"bar\":{\"keyword\":\"\",\"date\":\"\"},\"today\":\"2026-09-03 00:00:00\",\"now\":\"2026-09-03 14:57:03\",\"home_url\":\"https:\\\/\\\/dam-online.de\\\/en\\\/\",\"rest_url\":\"https:\\\/\\\/dam-online.de\\\/en\\\/wp-json\\\/tribe\\\/views\\\/v2\\\/html\",\"rest_method\":\"GET\",\"rest_nonce\":\"\",\"should_manage_url\":false,\"today_url\":\"https:\\\/\\\/dam-online.de\\\/en\\\/veranstaltungen\\\/photo\\\/?rest_route=%2Fwp%2Fv2%2Fpages%2F11543&shortcode=a0375609\",\"today_title\":\"Click to select today's date\",\"today_label\":\"Today\",\"prev_label\":\"\",\"next_label\":\"\",\"date_formats\":{\"compact\":\"Y-m-d\",\"month_and_year_compact\":\"Y-m\",\"month_and_year\":\"F Y\",\"time_range_separator\":\" \\u2013 \",\"date_time_separator\":\" \\u2013 \"},\"messages\":[],\"start_of_week\":\"1\",\"header_title\":\"\",\"header_title_element\":\"h1\",\"content_title\":\"\",\"show_content_title\":false,\"breadcrumbs\":[],\"backlink\":false,\"before_events\":\"\",\"after_events\":\"\",\"display_events_bar\":true,\"disable_event_search\":true,\"live_refresh\":false,\"ical\":{\"display_link\":true,\"link\":{\"url\":\"https:\\\/\\\/dam-online.de\\\/en\\\/veranstaltungen\\\/photo\\\/?shortcode=a0375609&#038;ical=1\",\"text\":\"Export Veranstaltungen\",\"title\":\"Use this to share calendar data with Google Calendar, Apple iCal and other compatible apps\"}},\"container_classes\":[\"tribe-common\",\"tribe-events\",\"tribe-events-view\",\"tribe-events-view--photo\",\"alignwide\",\"tribe-events-view--shortcode\",\"tribe-events-view--shortcode-a0375609\",\"tribe-events-pro\"],\"container_data\":{\"shortcode\":\"a0375609\"},\"is_past\":false,\"breakpoints\":{\"xsmall\":500,\"medium\":768,\"full\":960},\"breakpoint_pointer\":\"583a98db-01af-49ec-ab5f-b96c0639551a\",\"is_initial_load\":false,\"public_views\":{\"list\":{\"view_class\":\"Tribe\\\\Events\\\\Views\\\\V2\\\\Views\\\\List_View\",\"view_url\":\"https:\\\/\\\/dam-online.de\\\/en\\\/veranstaltungen\\\/list\\\/?shortcode=a0375609\",\"view_label\":\"List\",\"aria_label\":\"Display Veranstaltungen in List View\"},\"month\":{\"view_class\":\"Tribe\\\\Events\\\\Views\\\\V2\\\\Views\\\\Month_View\",\"view_url\":\"https:\\\/\\\/dam-online.de\\\/en\\\/veranstaltungen\\\/month\\\/?shortcode=a0375609\",\"view_label\":\"Month\",\"aria_label\":\"Display Veranstaltungen in Month View\"},\"photo\":{\"view_class\":\"Tribe\\\\Events\\\\Pro\\\\Views\\\\V2\\\\Views\\\\Photo_View\",\"view_url\":\"https:\\\/\\\/dam-online.de\\\/en\\\/veranstaltungen\\\/photo\\\/?shortcode=a0375609\",\"view_label\":\"Photo\",\"aria_label\":\"Display Veranstaltungen in Photo View\"}},\"show_latest_past\":true,\"past\":false,\"placeholder_url\":\"https:\\\/\\\/dam-online.de\\\/en\\\/wp-content\\\/plugins\\\/events-calendar-pro\\\/src\\\/resources\\\/images\\\/tribe-event-placeholder-image.svg\",\"show_now\":true,\"now_label\":\"Now\",\"now_label_mobile\":\"Now\",\"show_end\":true,\"selected_start_datetime\":\"2026-09-03\",\"selected_start_date_mobile\":\"2026-09-03\",\"selected_start_date_label\":\"3. September\",\"selected_end_datetime\":\"2026-10-25\",\"selected_end_date_mobile\":\"2026-10-25\",\"selected_end_date_label\":\"25. October\",\"datepicker_date\":\"2026-09-03\",\"subscribe_links\":{\"gcal\":{\"label\":\"Google Calendar\",\"single_label\":\"Add to Google Calendar\",\"visible\":true,\"block_slug\":\"hasGoogleCalendar\"},\"ical\":{\"label\":\"iCalendar\",\"single_label\":\"Add to iCalendar\",\"visible\":true,\"block_slug\":\"hasiCal\"},\"outlook-365\":{\"label\":\"Outlook 365\",\"single_label\":\"Outlook 365\",\"visible\":true,\"block_slug\":\"hasOutlook365\"},\"outlook-live\":{\"label\":\"Outlook Live\",\"single_label\":\"Outlook Live\",\"visible\":true,\"block_slug\":\"hasOutlookLive\"},\"ics\":{\"label\":\"Export .ics file\",\"single_label\":\"Export .ics file\",\"visible\":true,\"block_slug\":null},\"outlook-ics\":{\"label\":\"Export Outlook .ics file\",\"single_label\":\"Export Outlook .ics file\",\"visible\":true,\"block_slug\":null}},\"display_recurring_toggle\":false,\"_context\":{\"slug\":\"photo\",\"should_manage_url\":false},\"text\":\"Loading...\",\"classes\":[\"tribe-common-c-loader__dot\",\"tribe-common-c-loader__dot--third\"]}<\/script>\n\n\t\t\n\t\t\n<header  class=\"tribe-events-header\" >\n\t<div class=\"tribe-events-header__content-title\">\n\t<h1 class=\"screen-reader-text tec-a11y-title-hidden\">Veranstaltungen<\/h1><\/div>\n\n\t\n\t\n\t<div\n\t class=\"tribe-events-header__events-bar tribe-events-c-events-bar\" \tdata-js=\"tribe-events-events-bar\"\n>\n\n\t<h2 class=\"tribe-common-a11y-visual-hide\">\n\t\tViews Navigation\t<\/h2>\n\n\t\n\t<div class=\"tribe-events-c-events-bar__views\">\n\t<h3 class=\"tribe-common-a11y-visual-hide\">\n\t\tVeranstaltung Views Navigation\t<\/h3>\n\t<div  class=\"tribe-events-c-view-selector\"  data-js=\"tribe-events-view-selector\">\n\t\t<button\n\t\t\tclass=\"tribe-events-c-view-selector__button tribe-common-c-btn__clear\"\n\t\t\tdata-js=\"tribe-events-view-selector-button\"\n\t\t\taria-current=\"true\"\n\t\t\taria-description=\"Select Calendar View\"\n\t\t>\n\t\t\t<span class=\"tribe-events-c-view-selector__button-icon\">\n\t\t\t\t<svg\n\t class=\"tribe-common-c-svgicon tribe-common-c-svgicon--photo tribe-events-c-view-selector__button-icon-svg\" \taria-hidden=\"true\"\n\tviewBox=\"0 0 19 18\"\n\txmlns=\"http:\/\/www.w3.org\/2000\/svg\"\n>\n\t<path fill-rule=\"evenodd\" clip-rule=\"evenodd\" d=\"M17.536 0H.539a.484.484 0 00-.495.483v17.034c0 .27.218.483.495.483h16.997a.484.484 0 00.495-.483V.483A.484.484 0 0017.536 0zm-.515.986V13.73l-1.907-2.938c-.555-.58-1.584-.58-2.139 0l-1.327 1.41-3.841-4.31a1.548 1.548 0 00-1.169-.502c-.435 0-.871.193-1.148.522l-4.436 4.929V.986h15.967zM1.054 14.329v2.705h15.987v-1.835l-2.66-3.73c-.178-.175-.495-.175-.653 0l-1.703 1.816c-.1.097-.218.174-.377.155a.569.569 0 01-.376-.174L7.054 8.53a.577.577 0 00-.416-.174.504.504 0 00-.396.174l-5.188 5.798z\" class=\"tribe-common-c-svgicon__svg-fill\"\/><path fill-rule=\"evenodd\" clip-rule=\"evenodd\" d=\"M14.682 5.875c0 1.043-.825 1.875-1.82 1.875-.993 0-1.818-.832-1.818-1.875C11.044 4.83 11.85 4 12.863 4c1.012 0 1.819.831 1.819 1.875zm-.957 0c0-.483-.393-.89-.862-.89s-.863.407-.863.89c0 .483.394.889.863.889s.862-.406.862-.89z\" class=\"tribe-common-c-svgicon__svg-fill\"\/>\n<\/svg>\n\t\t\t<\/span>\n\t\t\t<span class=\"tribe-events-c-view-selector__button-text tribe-common-a11y-visual-hide\">\n\t\t\t\tPhoto\t\t\t<\/span>\n\t\t\t<svg\n\t class=\"tribe-common-c-svgicon tribe-common-c-svgicon--caret-down tribe-events-c-view-selector__button-icon-caret-svg\" \taria-hidden=\"true\"\n\tviewBox=\"0 0 10 7\"\n\txmlns=\"http:\/\/www.w3.org\/2000\/svg\"\n>\n\t<path fill-rule=\"evenodd\" clip-rule=\"evenodd\" d=\"M1.008.609L5 4.6 8.992.61l.958.958L5 6.517.05 1.566l.958-.958z\" class=\"tribe-common-c-svgicon__svg-fill\"\/>\n<\/svg>\n\t\t<\/button>\n\t\t<div\n\tclass=\"tribe-events-c-view-selector__content\"\n\tid=\"tribe-events-view-selector-content\"\n\tdata-js=\"tribe-events-view-selector-list-container\"\n>\n\t<ul class=\"tribe-events-c-view-selector__list\">\n\t\t\t\t\t<li\n\t class=\"tribe-events-c-view-selector__list-item tribe-events-c-view-selector__list-item--list\" >\n\t<a\n\t\thref=\"https:\/\/dam-online.de\/en\/veranstaltungen\/list\/?shortcode=a0375609\"\n\t\tclass=\"tribe-events-c-view-selector__list-item-link\"\n\t\tdata-js=\"tribe-events-view-link\"\n\t\taria-label=\"Display Veranstaltungen in List View\"\n\t\t\t>\n\t\t<span class=\"tribe-events-c-view-selector__list-item-icon\">\n\t\t\t<svg\n\t class=\"tribe-common-c-svgicon tribe-common-c-svgicon--list tribe-events-c-view-selector__list-item-icon-svg\" \taria-hidden=\"true\"\n\tviewBox=\"0 0 19 19\"\n\txmlns=\"http:\/\/www.w3.org\/2000\/svg\"\n>\n\t<path fill-rule=\"evenodd\" clip-rule=\"evenodd\" d=\"M.451.432V17.6c0 .238.163.432.364.432H18.12c.2 0 .364-.194.364-.432V.432c0-.239-.163-.432-.364-.432H.815c-.2 0-.364.193-.364.432zm.993.81h16.024V3.56H1.444V1.24zM17.468 3.56H1.444v13.227h16.024V3.56z\" class=\"tribe-common-c-svgicon__svg-fill\"\/>\n\t<g clip-path=\"url(#tribe-events-c-view-selector__list-item-icon-svg-0)\" class=\"tribe-common-c-svgicon__svg-fill\">\n\t\t<path fill-rule=\"evenodd\" clip-rule=\"evenodd\" d=\"M11.831 4.912v1.825c0 .504.409.913.913.913h1.825a.913.913 0 00.912-.913V4.912A.913.913 0 0014.57 4h-1.825a.912.912 0 00-.913.912z\"\/>\n\t\t<path d=\"M8.028 7.66a.449.449 0 00.446-.448v-.364c0-.246-.2-.448-.446-.448h-4.13a.449.449 0 00-.447.448v.364c0 .246.201.448.447.448h4.13zM9.797 5.26a.449.449 0 00.447-.448v-.364c0-.246-.201-.448-.447-.448h-5.9a.449.449 0 00-.446.448v.364c0 .246.201.448.447.448h5.9z\"\/>\n\t<\/g>\n\t<g clip-path=\"url(#tribe-events-c-view-selector__list-item-icon-svg-1)\" class=\"tribe-common-c-svgicon__svg-fill\">\n\t\t\t<path fill-rule=\"evenodd\" clip-rule=\"evenodd\" d=\"M11.831 10.912v1.825c0 .505.409.913.913.913h1.825a.913.913 0 00.912-.912v-1.825A.913.913 0 0014.57 10h-1.825a.912.912 0 00-.913.912z\"\/>\n\t\t<path d=\"M8.028 13.66a.449.449 0 00.446-.448v-.364c0-.246-.2-.448-.446-.448h-4.13a.449.449 0 00-.447.448v.364c0 .246.201.448.447.448h4.13zM9.797 11.26a.449.449 0 00.447-.448v-.364c0-.246-.201-.448-.447-.448h-5.9a.449.449 0 00-.446.448v.364c0 .246.201.448.447.448h5.9z\"\/>\n\t<\/g>\n\t<defs>\n\t\t<clipPath id=\"tribe-events-c-view-selector__list-item-icon-svg-0\">\n\t\t\t<path transform=\"translate(3.451 4)\" d=\"M0 0h13v4H0z\"\/>\n\t\t<\/clipPath>\n\t\t<clipPath id=\"tribe-events-c-view-selector__list-item-icon-svg-1\">\n\t\t\t<path transform=\"translate(3.451 10)\" d=\"M0 0h13v4H0z\"\/>\n\t\t<\/clipPath>\n\t<\/defs>\n<\/svg>\n\t\t<\/span>\n\t\t<span class=\"tribe-events-c-view-selector__list-item-text\">\n\t\t\tList\t\t<\/span>\n\t<\/a>\n<\/li>\n\t\t\t\t\t<li\n\t class=\"tribe-events-c-view-selector__list-item tribe-events-c-view-selector__list-item--month\" >\n\t<a\n\t\thref=\"https:\/\/dam-online.de\/en\/veranstaltungen\/month\/?shortcode=a0375609\"\n\t\tclass=\"tribe-events-c-view-selector__list-item-link\"\n\t\tdata-js=\"tribe-events-view-link\"\n\t\taria-label=\"Display Veranstaltungen in Month View\"\n\t\t\t>\n\t\t<span class=\"tribe-events-c-view-selector__list-item-icon\">\n\t\t\t<svg\n\t class=\"tribe-common-c-svgicon tribe-common-c-svgicon--month tribe-events-c-view-selector__list-item-icon-svg\" \taria-hidden=\"true\"\n\tviewBox=\"0 0 18 19\"\n\txmlns=\"http:\/\/www.w3.org\/2000\/svg\"\n>\n\t<path fill-rule=\"evenodd\" clip-rule=\"evenodd\" d=\"M0 .991v17.04c0 .236.162.428.361.428h17.175c.2 0 .361-.192.361-.429V.991c0-.237-.162-.428-.361-.428H.36C.161.563 0 .754 0 .99zm.985.803H16.89v2.301H.985v-2.3zM16.89 5.223H.985v12H16.89v-12zM6.31 7.366v.857c0 .237.192.429.429.429h.857a.429.429 0 00.428-.429v-.857a.429.429 0 00-.428-.429H6.74a.429.429 0 00-.429.429zm3.429.857v-.857c0-.237.191-.429.428-.429h.857c.237 0 .429.192.429.429v.857a.429.429 0 01-.429.429h-.857a.429.429 0 01-.428-.429zm3.428-.857v.857c0 .237.192.429.429.429h.857a.429.429 0 00.428-.429v-.857a.429.429 0 00-.428-.429h-.857a.429.429 0 00-.429.429zm-6.857 4.286v-.858c0-.236.192-.428.429-.428h.857c.236 0 .428.192.428.428v.858a.429.429 0 01-.428.428H6.74a.429.429 0 01-.429-.428zm3.429-.858v.858c0 .236.191.428.428.428h.857a.429.429 0 00.429-.428v-.858a.429.429 0 00-.429-.428h-.857a.428.428 0 00-.428.428zm3.428.858v-.858c0-.236.192-.428.429-.428h.857c.236 0 .428.192.428.428v.858a.429.429 0 01-.428.428h-.857a.429.429 0 01-.429-.428zm-10.286-.858v.858c0 .236.192.428.429.428h.857a.429.429 0 00.429-.428v-.858a.429.429 0 00-.429-.428h-.857a.429.429 0 00-.429.428zm0 4.286v-.857c0-.237.192-.429.429-.429h.857c.237 0 .429.192.429.429v.857a.429.429 0 01-.429.429h-.857a.429.429 0 01-.429-.429zm3.429-.857v.857c0 .237.192.429.429.429h.857a.429.429 0 00.428-.429v-.857a.429.429 0 00-.428-.429H6.74a.429.429 0 00-.429.429zm3.429.857v-.857c0-.237.191-.429.428-.429h.857c.237 0 .429.192.429.429v.857a.429.429 0 01-.429.429h-.857a.429.429 0 01-.428-.429z\" class=\"tribe-common-c-svgicon__svg-fill\"\/>\n<\/svg>\n\t\t<\/span>\n\t\t<span class=\"tribe-events-c-view-selector__list-item-text\">\n\t\t\tMonth\t\t<\/span>\n\t<\/a>\n<\/li>\n\t\t\t\t\t<li\n\t class=\"tribe-events-c-view-selector__list-item tribe-events-c-view-selector__list-item--photo tribe-events-c-view-selector__list-item--active\" >\n\t<a\n\t\thref=\"https:\/\/dam-online.de\/en\/veranstaltungen\/photo\/?shortcode=a0375609\"\n\t\tclass=\"tribe-events-c-view-selector__list-item-link\"\n\t\tdata-js=\"tribe-events-view-link\"\n\t\taria-label=\"Display Veranstaltungen in Photo View\"\n\t\t\t\taria-current=\"true\"\n\t\t\t>\n\t\t<span class=\"tribe-events-c-view-selector__list-item-icon\">\n\t\t\t<svg\n\t class=\"tribe-common-c-svgicon tribe-common-c-svgicon--photo tribe-events-c-view-selector__list-item-icon-svg\" \taria-hidden=\"true\"\n\tviewBox=\"0 0 19 18\"\n\txmlns=\"http:\/\/www.w3.org\/2000\/svg\"\n>\n\t<path fill-rule=\"evenodd\" clip-rule=\"evenodd\" d=\"M17.536 0H.539a.484.484 0 00-.495.483v17.034c0 .27.218.483.495.483h16.997a.484.484 0 00.495-.483V.483A.484.484 0 0017.536 0zm-.515.986V13.73l-1.907-2.938c-.555-.58-1.584-.58-2.139 0l-1.327 1.41-3.841-4.31a1.548 1.548 0 00-1.169-.502c-.435 0-.871.193-1.148.522l-4.436 4.929V.986h15.967zM1.054 14.329v2.705h15.987v-1.835l-2.66-3.73c-.178-.175-.495-.175-.653 0l-1.703 1.816c-.1.097-.218.174-.377.155a.569.569 0 01-.376-.174L7.054 8.53a.577.577 0 00-.416-.174.504.504 0 00-.396.174l-5.188 5.798z\" class=\"tribe-common-c-svgicon__svg-fill\"\/><path fill-rule=\"evenodd\" clip-rule=\"evenodd\" d=\"M14.682 5.875c0 1.043-.825 1.875-1.82 1.875-.993 0-1.818-.832-1.818-1.875C11.044 4.83 11.85 4 12.863 4c1.012 0 1.819.831 1.819 1.875zm-.957 0c0-.483-.393-.89-.862-.89s-.863.407-.863.89c0 .483.394.889.863.889s.862-.406.862-.89z\" class=\"tribe-common-c-svgicon__svg-fill\"\/>\n<\/svg>\n\t\t<\/span>\n\t\t<span class=\"tribe-events-c-view-selector__list-item-text\">\n\t\t\tPhoto\t\t<\/span>\n\t<\/a>\n<\/li>\n\t\t\t<\/ul>\n<\/div>\n\t<\/div>\n<\/div>\n\n<\/div>\n\n\t<div class=\"tribe-events-c-top-bar tribe-events-header__top-bar\">\n\n\t<nav class=\"tribe-events-c-top-bar__nav tribe-common-a11y-hidden\">\n\t<ul class=\"tribe-events-c-top-bar__nav-list\">\n\t\t<li class=\"tribe-events-c-top-bar__nav-list-item\">\n\t<a\n\t\thref=\"https:\/\/dam-online.de\/en\/veranstaltungen\/photo\/?rest_route=%2Fwp%2Fv2%2Fpages%2F11543&#038;shortcode=a0375609&#038;eventDisplay=past\"\n\t\tclass=\"tribe-common-c-btn-icon tribe-common-c-btn-icon--caret-left tribe-events-c-top-bar__nav-link tribe-events-c-top-bar__nav-link--prev\"\n\t\taria-label=\"Previous Veranstaltungen\"\n\t\ttitle=\"Previous Veranstaltungen\"\n\t\tdata-js=\"tribe-events-view-link\"\n\t>\n\t\t<svg\n\t class=\"tribe-common-c-svgicon tribe-common-c-svgicon--caret-left tribe-common-c-btn-icon__icon-svg tribe-events-c-top-bar__nav-link-icon-svg\" \taria-hidden=\"true\"\n\tviewBox=\"0 0 10 16\"\n\txmlns=\"http:\/\/www.w3.org\/2000\/svg\"\n>\n\t<path d=\"M9.7 14.4l-1.5 1.5L.3 8 8.2.1l1.5 1.5L3.3 8l6.4 6.4z\"\/>\n<\/svg>\n\t<\/a>\n<\/li>\n\n\t\t<li class=\"tribe-events-c-top-bar__nav-list-item\">\n\t<a\n\t\thref=\"https:\/\/dam-online.de\/en\/veranstaltungen\/photo\/page\/2\/?shortcode=a0375609\"\n\t\tclass=\"tribe-common-c-btn-icon tribe-common-c-btn-icon--caret-right tribe-events-c-top-bar__nav-link tribe-events-c-top-bar__nav-link--next\"\n\t\taria-label=\"Next Veranstaltungen\"\n\t\ttitle=\"Next Veranstaltungen\"\n\t\tdata-js=\"tribe-events-view-link\"\n\t>\n\t\t<svg\n\t class=\"tribe-common-c-svgicon tribe-common-c-svgicon--caret-right tribe-common-c-btn-icon__icon-svg tribe-events-c-top-bar__nav-link-icon-svg\" \taria-hidden=\"true\"\n\tviewBox=\"0 0 10 16\"\n\txmlns=\"http:\/\/www.w3.org\/2000\/svg\"\n>\n\t<path d=\"M.3 1.6L1.8.1 9.7 8l-7.9 7.9-1.5-1.5L6.7 8 .3 1.6z\"\/>\n<\/svg>\n\t<\/a>\n<\/li>\n\t<\/ul>\n<\/nav>\n\n\t<a\n\thref=\"https:\/\/dam-online.de\/en\/veranstaltungen\/photo\/?rest_route=%2Fwp%2Fv2%2Fpages%2F11543&#038;shortcode=a0375609\"\n\tclass=\"tribe-common-c-btn-border-small tribe-events-c-top-bar__today-button tribe-common-a11y-hidden\"\n\tdata-js=\"tribe-events-view-link\"\n\taria-description=\"Click to select today&#039;s date\"\n>\n\tToday<\/a>\n\n\t<div class=\"tribe-events-c-top-bar__datepicker\">\n\t<button\n\t\tclass=\"tribe-common-c-btn__clear tribe-common-h3 tribe-common-h--alt tribe-events-c-top-bar__datepicker-button\"\n\t\tdata-js=\"tribe-events-top-bar-datepicker-button\"\n\t\ttype=\"button\"\n\t\taria-label=\"Click to toggle datepicker\"\n\t\ttitle=\"Click to toggle datepicker\"\n\t>\n\t\t<time\n\t\t\tdatetime=\"2026-09-03\"\n\t\t\tclass=\"tribe-events-c-top-bar__datepicker-time\"\n\t\t>\n\t\t\t\t\t\t\t<span class=\"tribe-events-c-top-bar__datepicker-mobile\">\n\t\t\t\t\tNow\t\t\t\t<\/span>\n\t\t\t\t<span class=\"tribe-events-c-top-bar__datepicker-desktop tribe-common-a11y-hidden\">\n\t\t\t\t\tNow\t\t\t\t<\/span>\n\t\t\t\t\t<\/time>\n\t\t\t\t\t<span class=\"tribe-events-c-top-bar__datepicker-separator\"> - <\/span>\n\t\t\t<time\n\t\t\t\tdatetime=\"2026-10-25\"\n\t\t\t\tclass=\"tribe-events-c-top-bar__datepicker-time\"\n\t\t\t>\n\t\t\t\t<span class=\"tribe-events-c-top-bar__datepicker-mobile\">\n\t\t\t\t\t2026-10-25\t\t\t\t<\/span>\n\t\t\t\t<span class=\"tribe-events-c-top-bar__datepicker-desktop tribe-common-a11y-hidden\">\n\t\t\t\t\t25. October\t\t\t\t<\/span>\n\t\t\t<\/time>\n\t\t\t\t<svg\n\t class=\"tribe-common-c-svgicon tribe-common-c-svgicon--caret-down tribe-events-c-top-bar__datepicker-button-icon-svg\" \taria-hidden=\"true\"\n\tviewBox=\"0 0 10 7\"\n\txmlns=\"http:\/\/www.w3.org\/2000\/svg\"\n>\n\t<path fill-rule=\"evenodd\" clip-rule=\"evenodd\" d=\"M1.008.609L5 4.6 8.992.61l.958.958L5 6.517.05 1.566l.958-.958z\" class=\"tribe-common-c-svgicon__svg-fill\"\/>\n<\/svg>\n\t<\/button>\n\t<label\n\t\tclass=\"tribe-events-c-top-bar__datepicker-label tribe-common-a11y-visual-hide\"\n\t\tfor=\"tribe-events-top-bar-date\"\n\t>\n\t\tSelect date.\t<\/label>\n\t<input\n\t\ttype=\"text\"\n\t\tclass=\"tribe-events-c-top-bar__datepicker-input tribe-common-a11y-visual-hide\"\n\t\tdata-js=\"tribe-events-top-bar-date\"\n\t\tid=\"tribe-events-top-bar-date\"\n\t\tname=\"tribe-events-views[tribe-bar-date]\"\n\t\tvalue=\"2026-09-03\"\n\t\ttabindex=\"-1\"\n\t\tautocomplete=\"off\"\n\t\treadonly=\"readonly\"\n\t\/>\n\t<div class=\"tribe-events-c-top-bar__datepicker-container\" data-js=\"tribe-events-top-bar-datepicker-container\"><\/div>\n\t<template class=\"tribe-events-c-top-bar__datepicker-template-prev-icon\">\n\t\t<svg\n\t class=\"tribe-common-c-svgicon tribe-common-c-svgicon--caret-left tribe-events-c-top-bar__datepicker-nav-icon-svg\" \taria-hidden=\"true\"\n\tviewBox=\"0 0 10 16\"\n\txmlns=\"http:\/\/www.w3.org\/2000\/svg\"\n>\n\t<path d=\"M9.7 14.4l-1.5 1.5L.3 8 8.2.1l1.5 1.5L3.3 8l6.4 6.4z\"\/>\n<\/svg>\n\t<\/template>\n\t<template class=\"tribe-events-c-top-bar__datepicker-template-next-icon\">\n\t\t<svg\n\t class=\"tribe-common-c-svgicon tribe-common-c-svgicon--caret-right tribe-events-c-top-bar__datepicker-nav-icon-svg\" \taria-hidden=\"true\"\n\tviewBox=\"0 0 10 16\"\n\txmlns=\"http:\/\/www.w3.org\/2000\/svg\"\n>\n\t<path d=\"M.3 1.6L1.8.1 9.7 8l-7.9 7.9-1.5-1.5L6.7 8 .3 1.6z\"\/>\n<\/svg>\n\t<\/template>\n<\/div>\n\n\t\n\t<div class=\"tribe-events-c-top-bar__actions tribe-common-a11y-hidden\">\n\t<\/div>\n\n<\/div>\n<\/header>\n\n\t\t\n\t\t<div class=\"tribe-events-pro-photo\">\n\t\t\t<h2\n\t\t\t\tid=\"tribe-events-photo-view-heading\"\n\t\t\t\tclass=\"tribe-common-a11y-visual-hide\"\n\t\t\t>\n\t\t\t\tList of events in Photo View\t\t\t<\/h2>\n\t\t\t<ul class=\"tribe-common-g-row tribe-common-g-row--gutters\" aria-labelledby=\"tribe-events-photo-view-heading\">\n\n\t\t\t\t\t\t\t\t\t\n\t\t\t\t\t<li  class=\"tribe-common-g-col tribe-events-pro-photo__event post-10050614 tribe_events type-tribe_events status-publish has-post-thumbnail hentry tag-begleitprogramm-too-hot tag-mega-menu-vermittlung-en veranstaltungs_formate-begleitprogramm veranstaltungs_formate-fuehrung veranstaltungs_bedingungen-normalpreis tribe_events_cat-kinder-jugendliche-familien-en tribe_events_cat-veranstaltung-en tribe_events_cat-vermittlung-en cat_kinder-jugendliche-familien-en cat_veranstaltung-en cat_vermittlung-en\" >\n\t<article>\n\t\t<div class=\"tribe-events-pro-photo__event-featured-image-wrapper\">\n\t<a\n\t\thref=\"https:\/\/dam-online.de\/en\/veranstaltung\/familienfuehrung-suburbia-traeume-vom-eigenheim-wege-aus-der-wohnungskrise-3\/\"\n\t\trel=\"bookmark\"\n\t\tclass=\"tribe-events-pro-photo__event-featured-image-link\"\n\t>\n\t\t<span class=\"tribe-events-pro-photo__event-featured-image-link-inner tribe-common-a11y-hidden\">Familienf\u00fchrung: Suburbia \u2013 Tr\u00e4ume vom Eigenheim \u2013 Wege aus der Wohnungskrise<\/span>\n\t\t<img\n\t\t\tclass=\"tribe-events-pro-photo__event-featured-image\"\n\t\t\tsrc=\"https:\/\/dam-online.de\/wp-content\/uploads\/2023\/06\/DAM_Familienfuehrung_Foto_MaximilianvonLachner_3198.jpg\"\n\t\t\trole=\"presentation\"\n\t\t\t\t\t\t\tsrcset=\"https:\/\/dam-online.de\/wp-content\/uploads\/2023\/06\/DAM_Familienfuehrung_Foto_MaximilianvonLachner_3198-300x200.jpg 300w, https:\/\/dam-online.de\/wp-content\/uploads\/2023\/06\/DAM_Familienfuehrung_Foto_MaximilianvonLachner_3198-1030x687.jpg 1030w, https:\/\/dam-online.de\/wp-content\/uploads\/2023\/06\/DAM_Familienfuehrung_Foto_MaximilianvonLachner_3198-768x512.jpg 768w, https:\/\/dam-online.de\/wp-content\/uploads\/2023\/06\/DAM_Familienfuehrung_Foto_MaximilianvonLachner_3198-1536x1024.jpg 1536w, https:\/\/dam-online.de\/wp-content\/uploads\/2023\/06\/DAM_Familienfuehrung_Foto_MaximilianvonLachner_3198-1080x720.jpg 1080w, https:\/\/dam-online.de\/wp-content\/uploads\/2023\/06\/DAM_Familienfuehrung_Foto_MaximilianvonLachner_3198-600x400.jpg 600w, https:\/\/dam-online.de\/wp-content\/uploads\/2023\/06\/DAM_Familienfuehrung_Foto_MaximilianvonLachner_3198.jpg 1600w\"\n\t\t\t\t\t\t\t\t\t\talt=\"\"\n\t\t\t\t\t\t\t\t\t\ttitle=\"Deutsches Architekturmuseum &#8211; Das Deutsche Architekturmuseum bietet mit den Familienf\u00fchrungen Eltern und Kindern die M\u00f6glichkeit, Architekturausstellungen auf spielerische Weise  zu erkunden. Das neue Format erm\u00f6glicht Museumsbesuche f\u00fcr Gro\u00df und Klei\"\n\t\t\t\t\t\t\t\t\t\twidth=\"1600\"\n\t\t\t\t\t\t\t\t\t\theight=\"1067\"\n\t\t\t\t\t\/>\n\t<\/a>\n<\/div>\n\n\t\t<div class=\"tribe-events-pro-photo__event-details-wrapper\">\n\t\t\t<div class=\"tribe-events-pro-photo__event-date-tag tribe-common-g-col\">\n\t<time class=\"tribe-events-pro-photo__event-date-tag-datetime\" datetime=\"2026-09-06\">\n\t\t<span class=\"tribe-events-pro-photo__event-date-tag-month\">\n\t\t\tSep\t\t<\/span>\n\t\t<span class=\"tribe-events-pro-photo__event-date-tag-daynum tribe-common-h5 tribe-common-h4--min-medium\">\n\t\t\t6\t\t<\/span>\n\t<\/time>\n<\/div>\n\t\t\t<div class=\"tribe-events-pro-photo__event-details\">\n\t\t\t\t<h3 class=\"tribe-events-pro-photo__event-title tribe-common-h6\">\n\t<a\n\t\thref=\"https:\/\/dam-online.de\/en\/veranstaltung\/familienfuehrung-suburbia-traeume-vom-eigenheim-wege-aus-der-wohnungskrise-3\/\"\n\t\ttitle=\"Familienf\u00fchrung: Suburbia \u2013 Tr\u00e4ume vom Eigenheim \u2013 Wege aus der Wohnungskrise\"\n\t\trel=\"bookmark\"\n\t\tclass=\"tribe-events-pro-photo__event-title-link tribe-common-anchor-thin\"\n\t>\n\t\tFamilienf\u00fchrung: Suburbia \u2013 Tr\u00e4ume vom Eigenheim \u2013 Wege aus der Wohnungskrise\t<\/a>\n<\/h3>\n\t\t\t\t<div class=\"tribe-events-pro-photo__event-datetime tribe-common-b2\">\n\t\t\t\t<time datetime=\"13:00\">\n\t\t\t13:00\t\t<\/time>\n\t\t\t\t\t<span class=\"tribe-events-events-pro-photo__event-datetime-separator\"> \u2013 <\/span>\n\t\t\t<time datetime=\"14:00\">\n\t\t\t\t14:00\t\t\t<\/time>\n\t\t\t\t<\/div>\n\t\t\t\t\t\t\t\t\t\t\t<\/div>\n\t\t<\/div>\n\t<\/article>\n<\/li>\n\n\t\t\t\t\t\t\t\t\t\n\t\t\t\t\t<li  class=\"tribe-common-g-col tribe-events-pro-photo__event post-10050681 tribe_events type-tribe_events status-publish has-post-thumbnail hentry tag-begleitprogramm-suburbia tag-mega-menu-vermittlung-en veranstaltungs_formate-begleitprogramm veranstaltungs_formate-fuehrung tribe_events_cat-veranstaltung-en tribe_events_cat-vermittlung-en cat_veranstaltung-en cat_vermittlung-en tribe-recurring-event tribe-recurring-event-parent\" >\n\t<article>\n\t\t<div class=\"tribe-events-pro-photo__event-featured-image-wrapper\">\n\t<a\n\t\thref=\"https:\/\/dam-online.de\/en\/veranstaltung\/after-work-fuehrung-suburbia-01-07\/2026-09-09\/\"\n\t\trel=\"bookmark\"\n\t\tclass=\"tribe-events-pro-photo__event-featured-image-link\"\n\t>\n\t\t<span class=\"tribe-events-pro-photo__event-featured-image-link-inner tribe-common-a11y-hidden\">After Work F\u00fchrung SUBURBIA<\/span>\n\t\t<img\n\t\t\tclass=\"tribe-events-pro-photo__event-featured-image\"\n\t\t\tsrc=\"https:\/\/dam-online.de\/wp-content\/uploads\/2026\/03\/DAM_SUBURBIA_Man-waters-lawn_Contemporary-Suburbium-2017-Ed-Templeto_-Digital-print-on-paper-scaled.jpg\"\n\t\t\trole=\"presentation\"\n\t\t\t\t\t\t\t\t\t\talt=\"\"\n\t\t\t\t\t\t\t\t\t\ttitle=\"SUBURBIA Living the Dream &#8211; Rethinking the Housing Crisis\"\n\t\t\t\t\t\t\t\t\t\twidth=\"1600\"\n\t\t\t\t\t\t\t\t\t\theight=\"1078\"\n\t\t\t\t\t\/>\n\t<\/a>\n<\/div>\n\n\t\t<div class=\"tribe-events-pro-photo__event-details-wrapper\">\n\t\t\t<div class=\"tribe-events-pro-photo__event-date-tag tribe-common-g-col\">\n\t<time class=\"tribe-events-pro-photo__event-date-tag-datetime\" datetime=\"2026-09-09\">\n\t\t<span class=\"tribe-events-pro-photo__event-date-tag-month\">\n\t\t\tSep\t\t<\/span>\n\t\t<span class=\"tribe-events-pro-photo__event-date-tag-daynum tribe-common-h5 tribe-common-h4--min-medium\">\n\t\t\t9\t\t<\/span>\n\t<\/time>\n<\/div>\n\t\t\t<div class=\"tribe-events-pro-photo__event-details\">\n\t\t\t\t<h3 class=\"tribe-events-pro-photo__event-title tribe-common-h6\">\n\t<a\n\t\thref=\"https:\/\/dam-online.de\/en\/veranstaltung\/after-work-fuehrung-suburbia-01-07\/2026-09-09\/\"\n\t\ttitle=\"After Work F\u00fchrung SUBURBIA\"\n\t\trel=\"bookmark\"\n\t\tclass=\"tribe-events-pro-photo__event-title-link tribe-common-anchor-thin\"\n\t>\n\t\tAfter Work F\u00fchrung SUBURBIA\t<\/a>\n<\/h3>\n\t\t\t\t<div class=\"tribe-events-pro-photo__event-datetime tribe-common-b2\">\n\t\t\t\t<time datetime=\"08:00\">\n\t\t\t8:00\t\t<\/time>\n\t\t\t\t\t<span class=\"tribe-events-events-pro-photo__event-datetime-separator\"> \u2013 <\/span>\n\t\t\t<time datetime=\"17:00\">\n\t\t\t\t17:00\t\t\t<\/time>\n\t\t\t\t<\/div>\n\t\t\t\t\t\t\t\t\t\t\t<\/div>\n\t\t<\/div>\n\t<\/article>\n<\/li>\n\n\t\t\t\t\t\t\t\t\t\n\t\t\t\t\t<li  class=\"tribe-common-g-col tribe-events-pro-photo__event post-10050664 tribe_events type-tribe_events status-publish has-post-thumbnail hentry tag-begleitprogramm-too-hot tag-mega-menu-vermittlung-en veranstaltungs_formate-begleitprogramm veranstaltungs_formate-fuehrung veranstaltungs_bedingungen-im-haus veranstaltungs_bedingungen-mit-eintritt tribe_events_cat-erwachsene-en tribe_events_cat-veranstaltung-en tribe_events_cat-vermittlung-en cat_erwachsene-en cat_veranstaltung-en cat_vermittlung-en\" >\n\t<article>\n\t\t<div class=\"tribe-events-pro-photo__event-featured-image-wrapper\">\n\t<a\n\t\thref=\"https:\/\/dam-online.de\/en\/veranstaltung\/after-work-fuehrung-too-hot-heisse-staedte-neue-wege-16-09\/\"\n\t\trel=\"bookmark\"\n\t\tclass=\"tribe-events-pro-photo__event-featured-image-link\"\n\t>\n\t\t<span class=\"tribe-events-pro-photo__event-featured-image-link-inner tribe-common-a11y-hidden\">After Work F\u00fchrung: Too Hot &#8211; Heisse St\u00e4dte, neue Wege<\/span>\n\t\t<img\n\t\t\tclass=\"tribe-events-pro-photo__event-featured-image\"\n\t\t\tsrc=\"https:\/\/dam-online.de\/wp-content\/uploads\/2026\/06\/DAM_Too-Hot_Bern_Marzili-Aare_Caspar-Martig.jpg\"\n\t\t\trole=\"presentation\"\n\t\t\t\t\t\t\t\t\t\talt=\"\"\n\t\t\t\t\t\t\t\t\t\ttitle=\"DAM_Too-Hot_Bern_Marzili-Aare_Caspar-Martig\"\n\t\t\t\t\t\t\t\t\t\twidth=\"1600\"\n\t\t\t\t\t\t\t\t\t\theight=\"900\"\n\t\t\t\t\t\/>\n\t<\/a>\n<\/div>\n\n\t\t<div class=\"tribe-events-pro-photo__event-details-wrapper\">\n\t\t\t<div class=\"tribe-events-pro-photo__event-date-tag tribe-common-g-col\">\n\t<time class=\"tribe-events-pro-photo__event-date-tag-datetime\" datetime=\"2026-09-16\">\n\t\t<span class=\"tribe-events-pro-photo__event-date-tag-month\">\n\t\t\tSep\t\t<\/span>\n\t\t<span class=\"tribe-events-pro-photo__event-date-tag-daynum tribe-common-h5 tribe-common-h4--min-medium\">\n\t\t\t16\t\t<\/span>\n\t<\/time>\n<\/div>\n\t\t\t<div class=\"tribe-events-pro-photo__event-details\">\n\t\t\t\t<h3 class=\"tribe-events-pro-photo__event-title tribe-common-h6\">\n\t<a\n\t\thref=\"https:\/\/dam-online.de\/en\/veranstaltung\/after-work-fuehrung-too-hot-heisse-staedte-neue-wege-16-09\/\"\n\t\ttitle=\"After Work F\u00fchrung: Too Hot &#8211; Heisse St\u00e4dte, neue Wege\"\n\t\trel=\"bookmark\"\n\t\tclass=\"tribe-events-pro-photo__event-title-link tribe-common-anchor-thin\"\n\t>\n\t\tAfter Work F\u00fchrung: Too Hot &#8211; Heisse St\u00e4dte, neue Wege\t<\/a>\n<\/h3>\n\t\t\t\t<div class=\"tribe-events-pro-photo__event-datetime tribe-common-b2\">\n\t\t\t\t<time datetime=\"17:00\">\n\t\t\t17:00\t\t<\/time>\n\t\t\t\t<\/div>\n\t\t\t\t\t\t\t\t\t\t\t<\/div>\n\t\t<\/div>\n\t<\/article>\n<\/li>\n\n\t\t\t\t\t\t\t\t\t\n\t\t\t\t\t<li  class=\"tribe-common-g-col tribe-events-pro-photo__event post-10050716 tribe_events type-tribe_events status-publish has-post-thumbnail hentry tag-begleitprogramm-too-hot tag-mega-menu-vermittlung-en veranstaltungs_formate-begleitprogramm veranstaltungs_formate-tour veranstaltungs_bedingungen-extern veranstaltungs_bedingungen-mit-anmeldung veranstaltungs_bedingungen-mit-teilnahmegebuehr tribe_events_cat-erwachsene-en tribe_events_cat-veranstaltung-en tribe_events_cat-vermittlung-en cat_erwachsene-en cat_veranstaltung-en cat_vermittlung-en\" >\n\t<article>\n\t\t<div class=\"tribe-events-pro-photo__event-featured-image-wrapper\">\n\t<a\n\t\thref=\"https:\/\/dam-online.de\/en\/veranstaltung\/too-hot-climatewalk-stadtklima-erleben-und-urbane-hitze-verstehen-3\/\"\n\t\trel=\"bookmark\"\n\t\tclass=\"tribe-events-pro-photo__event-featured-image-link\"\n\t>\n\t\t<span class=\"tribe-events-pro-photo__event-featured-image-link-inner tribe-common-a11y-hidden\">TOO HOT: Climatewalk \u2013 Stadtklima erleben und urbane Hitze verstehen<\/span>\n\t\t<img\n\t\t\tclass=\"tribe-events-pro-photo__event-featured-image\"\n\t\t\tsrc=\"https:\/\/dam-online.de\/wp-content\/uploads\/2026\/04\/Jil-Schroth-1-scaled.jpg\"\n\t\t\trole=\"presentation\"\n\t\t\t\t\t\t\t\t\t\talt=\"\"\n\t\t\t\t\t\t\t\t\t\ttitle=\"Jil-Schroth-1\"\n\t\t\t\t\t\t\t\t\t\twidth=\"1600\"\n\t\t\t\t\t\t\t\t\t\theight=\"1067\"\n\t\t\t\t\t\/>\n\t<\/a>\n<\/div>\n\n\t\t<div class=\"tribe-events-pro-photo__event-details-wrapper\">\n\t\t\t<div class=\"tribe-events-pro-photo__event-date-tag tribe-common-g-col\">\n\t<time class=\"tribe-events-pro-photo__event-date-tag-datetime\" datetime=\"2026-09-19\">\n\t\t<span class=\"tribe-events-pro-photo__event-date-tag-month\">\n\t\t\tSep\t\t<\/span>\n\t\t<span class=\"tribe-events-pro-photo__event-date-tag-daynum tribe-common-h5 tribe-common-h4--min-medium\">\n\t\t\t19\t\t<\/span>\n\t<\/time>\n<\/div>\n\t\t\t<div class=\"tribe-events-pro-photo__event-details\">\n\t\t\t\t<h3 class=\"tribe-events-pro-photo__event-title tribe-common-h6\">\n\t<a\n\t\thref=\"https:\/\/dam-online.de\/en\/veranstaltung\/too-hot-climatewalk-stadtklima-erleben-und-urbane-hitze-verstehen-3\/\"\n\t\ttitle=\"TOO HOT: Climatewalk \u2013 Stadtklima erleben und urbane Hitze verstehen\"\n\t\trel=\"bookmark\"\n\t\tclass=\"tribe-events-pro-photo__event-title-link tribe-common-anchor-thin\"\n\t>\n\t\tTOO HOT: Climatewalk \u2013 Stadtklima erleben und urbane Hitze verstehen\t<\/a>\n<\/h3>\n\t\t\t\t<div class=\"tribe-events-pro-photo__event-datetime tribe-common-b2\">\n\t\t\t\t<time datetime=\"13:00\">\n\t\t\t13:00\t\t<\/time>\n\t\t\t\t<\/div>\n\t\t\t\t\t\t\t\t<div class=\"tribe-events-c-small-cta tribe-common-b3 tribe-events-pro-photo__event-cost\">\n\t<span class=\"tribe-events-c-small-cta__price\">\n\t\t\u20ac 12\t<\/span>\n<\/div>\n\t\t\t<\/div>\n\t\t<\/div>\n\t<\/article>\n<\/li>\n\n\t\t\t\t\t\t\t\t\t\n\t\t\t\t\t<li  class=\"tribe-common-g-col tribe-events-pro-photo__event post-10050626 tribe_events type-tribe_events status-publish has-post-thumbnail hentry tag-mega-menu-vermittlung-en veranstaltungs_formate-workshop veranstaltungs_bedingungen-fuer-familien-kinder-jugendliche veranstaltungs_bedingungen-im-haus veranstaltungs_bedingungen-mit-anmeldung tribe_events_cat-kinder-jugendliche-familien-en tribe_events_cat-veranstaltung-en tribe_events_cat-vermittlung-en cat_kinder-jugendliche-familien-en cat_veranstaltung-en cat_vermittlung-en\" >\n\t<article>\n\t\t<div class=\"tribe-events-pro-photo__event-featured-image-wrapper\">\n\t<a\n\t\thref=\"https:\/\/dam-online.de\/en\/veranstaltung\/bauwerkstatt-warum-menschen-haeuser-bauen\/\"\n\t\trel=\"bookmark\"\n\t\tclass=\"tribe-events-pro-photo__event-featured-image-link\"\n\t>\n\t\t<span class=\"tribe-events-pro-photo__event-featured-image-link-inner tribe-common-a11y-hidden\">Bauwerkstatt: Warum Menschen H\u00e4user bauen<\/span>\n\t\t<img\n\t\t\tclass=\"tribe-events-pro-photo__event-featured-image\"\n\t\t\tsrc=\"https:\/\/dam-online.de\/wp-content\/uploads\/2026\/06\/Urhuette_02-scaled.jpg\"\n\t\t\trole=\"presentation\"\n\t\t\t\t\t\t\t\t\t\talt=\"\"\n\t\t\t\t\t\t\t\t\t\ttitle=\"Urh\u00fctte_02\"\n\t\t\t\t\t\t\t\t\t\twidth=\"1600\"\n\t\t\t\t\t\t\t\t\t\theight=\"1200\"\n\t\t\t\t\t\/>\n\t<\/a>\n<\/div>\n\n\t\t<div class=\"tribe-events-pro-photo__event-details-wrapper\">\n\t\t\t<div class=\"tribe-events-pro-photo__event-date-tag tribe-common-g-col\">\n\t<time class=\"tribe-events-pro-photo__event-date-tag-datetime\" datetime=\"2026-09-26\">\n\t\t<span class=\"tribe-events-pro-photo__event-date-tag-month\">\n\t\t\tSep\t\t<\/span>\n\t\t<span class=\"tribe-events-pro-photo__event-date-tag-daynum tribe-common-h5 tribe-common-h4--min-medium\">\n\t\t\t26\t\t<\/span>\n\t<\/time>\n<\/div>\n\t\t\t<div class=\"tribe-events-pro-photo__event-details\">\n\t\t\t\t<h3 class=\"tribe-events-pro-photo__event-title tribe-common-h6\">\n\t<a\n\t\thref=\"https:\/\/dam-online.de\/en\/veranstaltung\/bauwerkstatt-warum-menschen-haeuser-bauen\/\"\n\t\ttitle=\"Bauwerkstatt: Warum Menschen H\u00e4user bauen\"\n\t\trel=\"bookmark\"\n\t\tclass=\"tribe-events-pro-photo__event-title-link tribe-common-anchor-thin\"\n\t>\n\t\tBauwerkstatt: Warum Menschen H\u00e4user bauen\t<\/a>\n<\/h3>\n\t\t\t\t<div class=\"tribe-events-pro-photo__event-datetime tribe-common-b2\">\n\t\t\t\t<time datetime=\"11:00\">\n\t\t\t11:00\t\t<\/time>\n\t\t\t\t\t<span class=\"tribe-events-events-pro-photo__event-datetime-separator\"> \u2013 <\/span>\n\t\t\t<time datetime=\"13:30\">\n\t\t\t\t13:30\t\t\t<\/time>\n\t\t\t\t<\/div>\n\t\t\t\t\t\t\t\t<div class=\"tribe-events-c-small-cta tribe-common-b3 tribe-events-pro-photo__event-cost\">\n\t<span class=\"tribe-events-c-small-cta__price\">\n\t\t\u20ac 7,50\t<\/span>\n<\/div>\n\t\t\t<\/div>\n\t\t<\/div>\n\t<\/article>\n<\/li>\n\n\t\t\t\t\t\t\t\t\t\n\t\t\t\t\t<li  class=\"tribe-common-g-col tribe-events-pro-photo__event post-10050620 tribe_events type-tribe_events status-publish has-post-thumbnail hentry tag-begleitprogramm-too-hot tag-mega-menu-en veranstaltungs_formate-begleitprogramm veranstaltungs_formate-vortrag veranstaltungs_formate-vortragsreihe veranstaltungs_bedingungen-im-haus veranstaltungs_bedingungen-mit-eintritt tribe_events_cat-erwachsene-en tribe_events_cat-veranstaltung-en tribe_events_cat-vermittlung-en cat_erwachsene-en cat_veranstaltung-en cat_vermittlung-en\" >\n\t<article>\n\t\t<div class=\"tribe-events-pro-photo__event-featured-image-wrapper\">\n\t<a\n\t\thref=\"https:\/\/dam-online.de\/en\/veranstaltung\/trees-time-landscape-architecture-transformation-eines-hafengebietes-in-schweden\/\"\n\t\trel=\"bookmark\"\n\t\tclass=\"tribe-events-pro-photo__event-featured-image-link\"\n\t>\n\t\t<span class=\"tribe-events-pro-photo__event-featured-image-link-inner tribe-common-a11y-hidden\">Trees, Time, Landscape-Architecture! \/ Transformation eines Hafengebietes in Schweden<\/span>\n\t\t<img\n\t\t\tclass=\"tribe-events-pro-photo__event-featured-image\"\n\t\t\tsrc=\"https:\/\/dam-online.de\/wp-content\/uploads\/2026\/06\/BDLA_02-scaled.jpg\"\n\t\t\trole=\"presentation\"\n\t\t\t\t\t\t\t\t\t\talt=\"\"\n\t\t\t\t\t\t\t\t\t\ttitle=\"BDLA_02\"\n\t\t\t\t\t\t\t\t\t\twidth=\"1600\"\n\t\t\t\t\t\t\t\t\t\theight=\"900\"\n\t\t\t\t\t\/>\n\t<\/a>\n<\/div>\n\n\t\t<div class=\"tribe-events-pro-photo__event-details-wrapper\">\n\t\t\t<div class=\"tribe-events-pro-photo__event-date-tag tribe-common-g-col\">\n\t<time class=\"tribe-events-pro-photo__event-date-tag-datetime\" datetime=\"2026-09-30\">\n\t\t<span class=\"tribe-events-pro-photo__event-date-tag-month\">\n\t\t\tSep\t\t<\/span>\n\t\t<span class=\"tribe-events-pro-photo__event-date-tag-daynum tribe-common-h5 tribe-common-h4--min-medium\">\n\t\t\t30\t\t<\/span>\n\t<\/time>\n<\/div>\n\t\t\t<div class=\"tribe-events-pro-photo__event-details\">\n\t\t\t\t<h3 class=\"tribe-events-pro-photo__event-title tribe-common-h6\">\n\t<a\n\t\thref=\"https:\/\/dam-online.de\/en\/veranstaltung\/trees-time-landscape-architecture-transformation-eines-hafengebietes-in-schweden\/\"\n\t\ttitle=\"Trees, Time, Landscape-Architecture! \/ Transformation eines Hafengebietes in Schweden\"\n\t\trel=\"bookmark\"\n\t\tclass=\"tribe-events-pro-photo__event-title-link tribe-common-anchor-thin\"\n\t>\n\t\tTrees, Time, Landscape-Architecture! \/ Transformation eines Hafengebietes in Schweden\t<\/a>\n<\/h3>\n\t\t\t\t<div class=\"tribe-events-pro-photo__event-datetime tribe-common-b2\">\n\t\t\t\t<time datetime=\"19:00\">\n\t\t\t19:00\t\t<\/time>\n\t\t\t\t\t<span class=\"tribe-events-events-pro-photo__event-datetime-separator\"> \u2013 <\/span>\n\t\t\t<time datetime=\"21:00\">\n\t\t\t\t21:00\t\t\t<\/time>\n\t\t\t\t<\/div>\n\t\t\t\t\t\t\t\t\t\t\t<\/div>\n\t\t<\/div>\n\t<\/article>\n<\/li>\n\n\t\t\t\t\t\t\t\t\t\n\t\t\t\t\t<li  class=\"tribe-common-g-col tribe-events-pro-photo__event post-10050634 tribe_events type-tribe_events status-publish has-post-thumbnail hentry tag-mega-menu-vermittlung-en veranstaltungs_formate-ferienprogramm veranstaltungs_formate-workshop veranstaltungs_bedingungen-fuer-familien-kinder-jugendliche veranstaltungs_bedingungen-im-haus veranstaltungs_bedingungen-mit-anmeldung veranstaltungs_bedingungen-mit-teilnahmegebuehr tribe_events_cat-kinder-jugendliche-familien-en tribe_events_cat-veranstaltung-en tribe_events_cat-vermittlung-en cat_kinder-jugendliche-familien-en cat_veranstaltung-en cat_vermittlung-en\" >\n\t<article>\n\t\t<div class=\"tribe-events-pro-photo__event-featured-image-wrapper\">\n\t<a\n\t\thref=\"https:\/\/dam-online.de\/en\/veranstaltung\/herbstferien-special-block-lab-minecraft-workshop\/\"\n\t\trel=\"bookmark\"\n\t\tclass=\"tribe-events-pro-photo__event-featured-image-link\"\n\t>\n\t\t<span class=\"tribe-events-pro-photo__event-featured-image-link-inner tribe-common-a11y-hidden\">Herbstferien-Special: Block Lab Minecraft Workshop<\/span>\n\t\t<img\n\t\t\tclass=\"tribe-events-pro-photo__event-featured-image\"\n\t\t\tsrc=\"https:\/\/dam-online.de\/wp-content\/uploads\/2026\/06\/minecraft-praunheim-11-scaled.jpg\"\n\t\t\trole=\"presentation\"\n\t\t\t\t\t\t\t\t\t\talt=\"\"\n\t\t\t\t\t\t\t\t\t\ttitle=\"minecraft-praunheim-11\"\n\t\t\t\t\t\t\t\t\t\twidth=\"1600\"\n\t\t\t\t\t\t\t\t\t\theight=\"1068\"\n\t\t\t\t\t\/>\n\t<\/a>\n<\/div>\n\n\t\t<div class=\"tribe-events-pro-photo__event-details-wrapper\">\n\t\t\t<div class=\"tribe-events-pro-photo__event-date-tag tribe-common-g-col\">\n\t<time class=\"tribe-events-pro-photo__event-date-tag-datetime\" datetime=\"2026-10-09\">\n\t\t<span class=\"tribe-events-pro-photo__event-date-tag-month\">\n\t\t\tOct\t\t<\/span>\n\t\t<span class=\"tribe-events-pro-photo__event-date-tag-daynum tribe-common-h5 tribe-common-h4--min-medium\">\n\t\t\t9\t\t<\/span>\n\t<\/time>\n<\/div>\n\t\t\t<div class=\"tribe-events-pro-photo__event-details\">\n\t\t\t\t<h3 class=\"tribe-events-pro-photo__event-title tribe-common-h6\">\n\t<a\n\t\thref=\"https:\/\/dam-online.de\/en\/veranstaltung\/herbstferien-special-block-lab-minecraft-workshop\/\"\n\t\ttitle=\"Herbstferien-Special: Block Lab Minecraft Workshop\"\n\t\trel=\"bookmark\"\n\t\tclass=\"tribe-events-pro-photo__event-title-link tribe-common-anchor-thin\"\n\t>\n\t\tHerbstferien-Special: Block Lab Minecraft Workshop\t<\/a>\n<\/h3>\n\t\t\t\t<div class=\"tribe-events-pro-photo__event-datetime tribe-common-b2\">\n\t\t\t\t<span class=\"tribe-event-date-start\">9. October \u2013 10:00<\/span> \u2013 <span class=\"tribe-event-date-end\">10. October \u2013 15:00<\/span>\t\t<\/div>\n\t\t\t\t\t\t\t\t<div class=\"tribe-events-c-small-cta tribe-common-b3 tribe-events-pro-photo__event-cost\">\n\t<span class=\"tribe-events-c-small-cta__price\">\n\t\t\u20ac 25\t<\/span>\n<\/div>\n\t\t\t<\/div>\n\t\t<\/div>\n\t<\/article>\n<\/li>\n\n\t\t\t\t\t\t\t\t\t\n\t\t\t\t\t<li  class=\"tribe-common-g-col tribe-events-pro-photo__event post-10050705 tribe_events type-tribe_events status-publish has-post-thumbnail hentry tag-begleitprogramm-too-hot tag-mega-menu-vermittlung-en veranstaltungs_formate-begleitprogramm veranstaltungs_formate-fuehrung veranstaltungs_bedingungen-fuer-erwachsene veranstaltungs_bedingungen-im-haus veranstaltungs_bedingungen-mit-eintritt tribe_events_cat-erwachsene-en tribe_events_cat-veranstaltung-en tribe_events_cat-vermittlung-en cat_erwachsene-en cat_veranstaltung-en cat_vermittlung-en\" >\n\t<article>\n\t\t<div class=\"tribe-events-pro-photo__event-featured-image-wrapper\">\n\t<a\n\t\thref=\"https:\/\/dam-online.de\/en\/veranstaltung\/kuratorinnenfuehrung-too-hot-heisse-staedte-neue-wege-2\/\"\n\t\trel=\"bookmark\"\n\t\tclass=\"tribe-events-pro-photo__event-featured-image-link\"\n\t>\n\t\t<span class=\"tribe-events-pro-photo__event-featured-image-link-inner tribe-common-a11y-hidden\">Kurator:innenf\u00fchrung TOO HOT &#8211; Hei\u00dfe St\u00e4dte, neue Wege<\/span>\n\t\t<img\n\t\t\tclass=\"tribe-events-pro-photo__event-featured-image\"\n\t\t\tsrc=\"https:\/\/dam-online.de\/wp-content\/uploads\/2026\/05\/DAM_TooHot_Ausstellung_Foto_MoritzBernoully_028-scaled.jpg\"\n\t\t\trole=\"presentation\"\n\t\t\t\t\t\t\t\t\t\talt=\"\"\n\t\t\t\t\t\t\t\t\t\ttitle=\"Too Hot &#8211; Scorching Cities, New Ideas\"\n\t\t\t\t\t\t\t\t\t\twidth=\"1600\"\n\t\t\t\t\t\t\t\t\t\theight=\"1066\"\n\t\t\t\t\t\/>\n\t<\/a>\n<\/div>\n\n\t\t<div class=\"tribe-events-pro-photo__event-details-wrapper\">\n\t\t\t<div class=\"tribe-events-pro-photo__event-date-tag tribe-common-g-col\">\n\t<time class=\"tribe-events-pro-photo__event-date-tag-datetime\" datetime=\"2026-10-13\">\n\t\t<span class=\"tribe-events-pro-photo__event-date-tag-month\">\n\t\t\tOct\t\t<\/span>\n\t\t<span class=\"tribe-events-pro-photo__event-date-tag-daynum tribe-common-h5 tribe-common-h4--min-medium\">\n\t\t\t13\t\t<\/span>\n\t<\/time>\n<\/div>\n\t\t\t<div class=\"tribe-events-pro-photo__event-details\">\n\t\t\t\t<h3 class=\"tribe-events-pro-photo__event-title tribe-common-h6\">\n\t<a\n\t\thref=\"https:\/\/dam-online.de\/en\/veranstaltung\/kuratorinnenfuehrung-too-hot-heisse-staedte-neue-wege-2\/\"\n\t\ttitle=\"Kurator:innenf\u00fchrung TOO HOT &#8211; Hei\u00dfe St\u00e4dte, neue Wege\"\n\t\trel=\"bookmark\"\n\t\tclass=\"tribe-events-pro-photo__event-title-link tribe-common-anchor-thin\"\n\t>\n\t\tKurator:innenf\u00fchrung TOO HOT &#8211; Hei\u00dfe St\u00e4dte, neue Wege\t<\/a>\n<\/h3>\n\t\t\t\t<div class=\"tribe-events-pro-photo__event-datetime tribe-common-b2\">\n\t\t\t\t<time datetime=\"17:00\">\n\t\t\t17:00\t\t<\/time>\n\t\t\t\t\t<span class=\"tribe-events-events-pro-photo__event-datetime-separator\"> \u2013 <\/span>\n\t\t\t<time datetime=\"18:00\">\n\t\t\t\t18:00\t\t\t<\/time>\n\t\t\t\t<\/div>\n\t\t\t\t\t\t\t\t\t\t\t<\/div>\n\t\t<\/div>\n\t<\/article>\n<\/li>\n\n\t\t\t\t\t\t\t\t\t\n\t\t\t\t\t<li  class=\"tribe-common-g-col tribe-events-pro-photo__event post-10050621 tribe_events type-tribe_events status-publish has-post-thumbnail hentry tag-begleitprogramm-too-hot tag-mega-menu-en veranstaltungs_formate-begleitprogramm veranstaltungs_formate-vortrag veranstaltungs_formate-vortragsreihe veranstaltungs_bedingungen-im-haus veranstaltungs_bedingungen-mit-eintritt tribe_events_cat-erwachsene-en tribe_events_cat-veranstaltung-en tribe_events_cat-vermittlung-en cat_erwachsene-en cat_veranstaltung-en cat_vermittlung-en\" >\n\t<article>\n\t\t<div class=\"tribe-events-pro-photo__event-featured-image-wrapper\">\n\t<a\n\t\thref=\"https:\/\/dam-online.de\/en\/veranstaltung\/hitze-in-staedten-messung-modellierung-und-klimaanpassung-gruene-infrastrukturen-wirksame-hebel-gegen-den-klimawandel\/\"\n\t\trel=\"bookmark\"\n\t\tclass=\"tribe-events-pro-photo__event-featured-image-link\"\n\t>\n\t\t<span class=\"tribe-events-pro-photo__event-featured-image-link-inner tribe-common-a11y-hidden\">Hitze in St\u00e4dten \u2013 Messung, Modellierung und Klimaanpassung \/ Gr\u00fcne Infrastrukturen: Wirksame Hebel gegen den Klimawandel<\/span>\n\t\t<img\n\t\t\tclass=\"tribe-events-pro-photo__event-featured-image\"\n\t\t\tsrc=\"https:\/\/dam-online.de\/wp-content\/uploads\/2026\/06\/BDLA_02-scaled.jpg\"\n\t\t\trole=\"presentation\"\n\t\t\t\t\t\t\t\t\t\talt=\"\"\n\t\t\t\t\t\t\t\t\t\ttitle=\"BDLA_02\"\n\t\t\t\t\t\t\t\t\t\twidth=\"1600\"\n\t\t\t\t\t\t\t\t\t\theight=\"900\"\n\t\t\t\t\t\/>\n\t<\/a>\n<\/div>\n\n\t\t<div class=\"tribe-events-pro-photo__event-details-wrapper\">\n\t\t\t<div class=\"tribe-events-pro-photo__event-date-tag tribe-common-g-col\">\n\t<time class=\"tribe-events-pro-photo__event-date-tag-datetime\" datetime=\"2026-10-14\">\n\t\t<span class=\"tribe-events-pro-photo__event-date-tag-month\">\n\t\t\tOct\t\t<\/span>\n\t\t<span class=\"tribe-events-pro-photo__event-date-tag-daynum tribe-common-h5 tribe-common-h4--min-medium\">\n\t\t\t14\t\t<\/span>\n\t<\/time>\n<\/div>\n\t\t\t<div class=\"tribe-events-pro-photo__event-details\">\n\t\t\t\t<h3 class=\"tribe-events-pro-photo__event-title tribe-common-h6\">\n\t<a\n\t\thref=\"https:\/\/dam-online.de\/en\/veranstaltung\/hitze-in-staedten-messung-modellierung-und-klimaanpassung-gruene-infrastrukturen-wirksame-hebel-gegen-den-klimawandel\/\"\n\t\ttitle=\"Hitze in St\u00e4dten \u2013 Messung, Modellierung und Klimaanpassung \/ Gr\u00fcne Infrastrukturen: Wirksame Hebel gegen den Klimawandel\"\n\t\trel=\"bookmark\"\n\t\tclass=\"tribe-events-pro-photo__event-title-link tribe-common-anchor-thin\"\n\t>\n\t\tHitze in St\u00e4dten \u2013 Messung, Modellierung und Klimaanpassung \/ Gr\u00fcne Infrastrukturen: Wirksame Hebel gegen den Klimawandel\t<\/a>\n<\/h3>\n\t\t\t\t<div class=\"tribe-events-pro-photo__event-datetime tribe-common-b2\">\n\t\t\t\t<time datetime=\"19:00\">\n\t\t\t19:00\t\t<\/time>\n\t\t\t\t\t<span class=\"tribe-events-events-pro-photo__event-datetime-separator\"> \u2013 <\/span>\n\t\t\t<time datetime=\"21:00\">\n\t\t\t\t21:00\t\t\t<\/time>\n\t\t\t\t<\/div>\n\t\t\t\t\t\t\t\t\t\t\t<\/div>\n\t\t<\/div>\n\t<\/article>\n<\/li>\n\n\t\t\t\t\t\t\t\t\t\n\t\t\t\t\t<li  class=\"tribe-common-g-col tribe-events-pro-photo__event post-10050622 tribe_events type-tribe_events status-publish has-post-thumbnail hentry tag-begleitprogramm-too-hot tag-mega-menu-vermittlung-en veranstaltungs_formate-begleitprogramm veranstaltungs_formate-fuehrung veranstaltungs_bedingungen-normalpreis tribe_events_cat-kinder-jugendliche-familien-en tribe_events_cat-veranstaltung-en tribe_events_cat-vermittlung-en cat_kinder-jugendliche-familien-en cat_veranstaltung-en cat_vermittlung-en\" >\n\t<article>\n\t\t<div class=\"tribe-events-pro-photo__event-featured-image-wrapper\">\n\t<a\n\t\thref=\"https:\/\/dam-online.de\/en\/veranstaltung\/familienfuehrung-too-hot-heisse-staedte-neue-wege\/\"\n\t\trel=\"bookmark\"\n\t\tclass=\"tribe-events-pro-photo__event-featured-image-link\"\n\t>\n\t\t<span class=\"tribe-events-pro-photo__event-featured-image-link-inner tribe-common-a11y-hidden\">Familienf\u00fchrung: Too Hot &#8211; Hei\u00dfe St\u00e4dte, neue Wege<\/span>\n\t\t<img\n\t\t\tclass=\"tribe-events-pro-photo__event-featured-image\"\n\t\t\tsrc=\"https:\/\/dam-online.de\/wp-content\/uploads\/2023\/06\/DAM_Familienfuehrung_Foto_MaximilianvonLachner_3198.jpg\"\n\t\t\trole=\"presentation\"\n\t\t\t\t\t\t\tsrcset=\"https:\/\/dam-online.de\/wp-content\/uploads\/2023\/06\/DAM_Familienfuehrung_Foto_MaximilianvonLachner_3198-300x200.jpg 300w, https:\/\/dam-online.de\/wp-content\/uploads\/2023\/06\/DAM_Familienfuehrung_Foto_MaximilianvonLachner_3198-1030x687.jpg 1030w, https:\/\/dam-online.de\/wp-content\/uploads\/2023\/06\/DAM_Familienfuehrung_Foto_MaximilianvonLachner_3198-768x512.jpg 768w, https:\/\/dam-online.de\/wp-content\/uploads\/2023\/06\/DAM_Familienfuehrung_Foto_MaximilianvonLachner_3198-1536x1024.jpg 1536w, https:\/\/dam-online.de\/wp-content\/uploads\/2023\/06\/DAM_Familienfuehrung_Foto_MaximilianvonLachner_3198-1080x720.jpg 1080w, https:\/\/dam-online.de\/wp-content\/uploads\/2023\/06\/DAM_Familienfuehrung_Foto_MaximilianvonLachner_3198-600x400.jpg 600w, https:\/\/dam-online.de\/wp-content\/uploads\/2023\/06\/DAM_Familienfuehrung_Foto_MaximilianvonLachner_3198.jpg 1600w\"\n\t\t\t\t\t\t\t\t\t\talt=\"\"\n\t\t\t\t\t\t\t\t\t\ttitle=\"Deutsches Architekturmuseum &#8211; Das Deutsche Architekturmuseum bietet mit den Familienf\u00fchrungen Eltern und Kindern die M\u00f6glichkeit, Architekturausstellungen auf spielerische Weise  zu erkunden. Das neue Format erm\u00f6glicht Museumsbesuche f\u00fcr Gro\u00df und Klei\"\n\t\t\t\t\t\t\t\t\t\twidth=\"1600\"\n\t\t\t\t\t\t\t\t\t\theight=\"1067\"\n\t\t\t\t\t\/>\n\t<\/a>\n<\/div>\n\n\t\t<div class=\"tribe-events-pro-photo__event-details-wrapper\">\n\t\t\t<div class=\"tribe-events-pro-photo__event-date-tag tribe-common-g-col\">\n\t<time class=\"tribe-events-pro-photo__event-date-tag-datetime\" datetime=\"2026-10-25\">\n\t\t<span class=\"tribe-events-pro-photo__event-date-tag-month\">\n\t\t\tOct\t\t<\/span>\n\t\t<span class=\"tribe-events-pro-photo__event-date-tag-daynum tribe-common-h5 tribe-common-h4--min-medium\">\n\t\t\t25\t\t<\/span>\n\t<\/time>\n<\/div>\n\t\t\t<div class=\"tribe-events-pro-photo__event-details\">\n\t\t\t\t<h3 class=\"tribe-events-pro-photo__event-title tribe-common-h6\">\n\t<a\n\t\thref=\"https:\/\/dam-online.de\/en\/veranstaltung\/familienfuehrung-too-hot-heisse-staedte-neue-wege\/\"\n\t\ttitle=\"Familienf\u00fchrung: Too Hot &#8211; Hei\u00dfe St\u00e4dte, neue Wege\"\n\t\trel=\"bookmark\"\n\t\tclass=\"tribe-events-pro-photo__event-title-link tribe-common-anchor-thin\"\n\t>\n\t\tFamilienf\u00fchrung: Too Hot &#8211; Hei\u00dfe St\u00e4dte, neue Wege\t<\/a>\n<\/h3>\n\t\t\t\t<div class=\"tribe-events-pro-photo__event-datetime tribe-common-b2\">\n\t\t\t\t<time datetime=\"13:00\">\n\t\t\t13:00\t\t<\/time>\n\t\t\t\t\t<span class=\"tribe-events-events-pro-photo__event-datetime-separator\"> \u2013 <\/span>\n\t\t\t<time datetime=\"14:00\">\n\t\t\t\t14:00\t\t\t<\/time>\n\t\t\t\t<\/div>\n\t\t\t\t\t\t\t\t\t\t\t<\/div>\n\t\t<\/div>\n\t<\/article>\n<\/li>\n\n\t\t\t\t\n\t\t\t<\/ul>\n\n\t\t<\/div>\n\n\t\t<nav class=\"tribe-events-pro-photo-nav tribe-events-c-nav\">\n\t<ul class=\"tribe-events-c-nav__list\">\n\t\t<li class=\"tribe-events-c-nav__list-item tribe-events-c-nav__list-item--prev\">\n\t<a\n\t\thref=\"https:\/\/dam-online.de\/en\/veranstaltungen\/photo\/?rest_route=%2Fwp%2Fv2%2Fpages%2F11543&#038;shortcode=a0375609&#038;eventDisplay=past\"\n\t\trel=\"prev\"\n\t\tclass=\"tribe-events-c-nav__prev tribe-common-b2 tribe-common-b1--min-medium\"\n\t\tdata-js=\"tribe-events-view-link\"\n\t\taria-label=\"Previous Veranstaltungen\"\n\t\ttitle=\"Previous Veranstaltungen\"\n\t>\n\t\t<svg\n\t class=\"tribe-common-c-svgicon tribe-common-c-svgicon--caret-left tribe-events-c-nav__prev-icon-svg\" \taria-hidden=\"true\"\n\tviewBox=\"0 0 10 16\"\n\txmlns=\"http:\/\/www.w3.org\/2000\/svg\"\n>\n\t<path d=\"M9.7 14.4l-1.5 1.5L.3 8 8.2.1l1.5 1.5L3.3 8l6.4 6.4z\"\/>\n<\/svg>\n\t\t<span class=\"tribe-events-c-nav__prev-label\">\n\t\t\tPrevious <span class=\"tribe-events-c-nav__prev-label-plural tribe-common-a11y-visual-hide\">Veranstaltungen<\/span>\t\t<\/span>\n\t<\/a>\n<\/li>\n\n\t\t<li class=\"tribe-events-c-nav__list-item tribe-events-c-nav__list-item--today\">\n\t<a\n\t\thref=\"https:\/\/dam-online.de\/en\/veranstaltungen\/photo\/?rest_route=%2Fwp%2Fv2%2Fpages%2F11543&#038;shortcode=a0375609\"\n\t\tclass=\"tribe-events-c-nav__today tribe-common-b2\"\n\t\tdata-js=\"tribe-events-view-link\"\n\t\taria-label=\"Click to select today&#039;s date\"\n\t\ttitle=\"Click to select today&#039;s date\"\n\t>\n\t\tToday\t<\/a>\n<\/li>\n\n\t\t<li class=\"tribe-events-c-nav__list-item tribe-events-c-nav__list-item--next\">\n\t<a\n\t\thref=\"https:\/\/dam-online.de\/en\/veranstaltungen\/photo\/page\/2\/?shortcode=a0375609\"\n\t\trel=\"next\"\n\t\tclass=\"tribe-events-c-nav__next tribe-common-b2 tribe-common-b1--min-medium\"\n\t\tdata-js=\"tribe-events-view-link\"\n\t\taria-label=\"Next Veranstaltungen\"\n\t\ttitle=\"Next Veranstaltungen\"\n\t>\n\t\t<span class=\"tribe-events-c-nav__next-label\">\n\t\t\tNext <span class=\"tribe-events-c-nav__next-label-plural tribe-common-a11y-visual-hide\">Veranstaltungen<\/span>\t\t<\/span>\n\t\t<svg\n\t class=\"tribe-common-c-svgicon tribe-common-c-svgicon--caret-right tribe-events-c-nav__next-icon-svg\" \taria-hidden=\"true\"\n\tviewBox=\"0 0 10 16\"\n\txmlns=\"http:\/\/www.w3.org\/2000\/svg\"\n>\n\t<path d=\"M.3 1.6L1.8.1 9.7 8l-7.9 7.9-1.5-1.5L6.7 8 .3 1.6z\"\/>\n<\/svg>\n\t<\/a>\n<\/li>\n\t<\/ul>\n<\/nav>\n\n\t\t<div class=\"tribe-events-c-subscribe-dropdown__container\">\n\t<div class=\"tribe-events-c-subscribe-dropdown\">\n\t\t<div class=\"tribe-common-c-btn-border tribe-events-c-subscribe-dropdown__button\">\n\t\t\t<button\n\t\t\t\tclass=\"tribe-events-c-subscribe-dropdown__button-text tribe-common-c-btn--clear\"\n\t\t\t\taria-expanded=\"false\"\n\t\t\t\taria-controls=\"tribe-events-subscribe-dropdown-content\"\n\t\t\t\taria-label=\"\"\n\t\t\t>\n\t\t\t\tSubscribe to calendar\t\t\t<\/button>\n\t\t\t<svg\n\t class=\"tribe-common-c-svgicon tribe-common-c-svgicon--caret-down tribe-events-c-subscribe-dropdown__button-icon\" \taria-hidden=\"true\"\n\tviewBox=\"0 0 10 7\"\n\txmlns=\"http:\/\/www.w3.org\/2000\/svg\"\n>\n\t<path fill-rule=\"evenodd\" clip-rule=\"evenodd\" d=\"M1.008.609L5 4.6 8.992.61l.958.958L5 6.517.05 1.566l.958-.958z\" class=\"tribe-common-c-svgicon__svg-fill\"\/>\n<\/svg>\n\t\t<\/div>\n\t\t<div id=\"tribe-events-c-subscribe-dropdown-content\" class=\"tribe-events-c-subscribe-dropdown__content\">\n\t\t\t<ul class=\"tribe-events-c-subscribe-dropdown__list\">\n\t\t\t\t\t\t\t\t\t\n<li class=\"tribe-events-c-subscribe-dropdown__list-item tribe-events-c-subscribe-dropdown__list-item--gcal\">\n\t<a\n\t\thref=\"https:\/\/www.google.com\/calendar\/render?cid=webcal%3A%2F%2Fdam-online.de%2Fen%2F%3Fpost_type%3Dtribe_events%26ical%3D1%26eventDisplay%3Dlist%26tribe_events_cat%3Dvermittlung-en\"\n\t\tclass=\"tribe-events-c-subscribe-dropdown__list-item-link\"\n\t\ttarget=\"_blank\"\n\t\trel=\"noopener noreferrer nofollow noindex\"\n\t>\n\t\tGoogle Calendar\t<\/a>\n<\/li>\n\t\t\t\t\t\t\t\t\t\n<li class=\"tribe-events-c-subscribe-dropdown__list-item tribe-events-c-subscribe-dropdown__list-item--ical\">\n\t<a\n\t\thref=\"webcal:\/\/dam-online.de\/en\/?post_type=tribe_events&#038;ical=1&#038;eventDisplay=list&#038;tribe_events_cat=vermittlung-en\"\n\t\tclass=\"tribe-events-c-subscribe-dropdown__list-item-link\"\n\t\ttarget=\"_blank\"\n\t\trel=\"noopener noreferrer nofollow noindex\"\n\t>\n\t\tiCalendar\t<\/a>\n<\/li>\n\t\t\t\t\t\t\t\t\t\n<li class=\"tribe-events-c-subscribe-dropdown__list-item tribe-events-c-subscribe-dropdown__list-item--outlook-365\">\n\t<a\n\t\thref=\"https:\/\/outlook.office.com\/owa?path=\/calendar\/action\/compose&#038;rru=addsubscription&#038;url=webcal%3A%2F%2Fdam-online.de%2Fen%2F%3Fpost_type%3Dtribe_events%26ical%3D1%26eventDisplay%3Dlist%26tribe_events_cat%3Dvermittlung-en&#038;name=DAM+Online+Vermittlung+|+DAM+Online\"\n\t\tclass=\"tribe-events-c-subscribe-dropdown__list-item-link\"\n\t\ttarget=\"_blank\"\n\t\trel=\"noopener noreferrer nofollow noindex\"\n\t>\n\t\tOutlook 365\t<\/a>\n<\/li>\n\t\t\t\t\t\t\t\t\t\n<li class=\"tribe-events-c-subscribe-dropdown__list-item tribe-events-c-subscribe-dropdown__list-item--outlook-live\">\n\t<a\n\t\thref=\"https:\/\/outlook.live.com\/owa?path=\/calendar\/action\/compose&#038;rru=addsubscription&#038;url=webcal%3A%2F%2Fdam-online.de%2Fen%2F%3Fpost_type%3Dtribe_events%26ical%3D1%26eventDisplay%3Dlist%26tribe_events_cat%3Dvermittlung-en&#038;name=DAM+Online+Vermittlung+|+DAM+Online\"\n\t\tclass=\"tribe-events-c-subscribe-dropdown__list-item-link\"\n\t\ttarget=\"_blank\"\n\t\trel=\"noopener noreferrer nofollow noindex\"\n\t>\n\t\tOutlook Live\t<\/a>\n<\/li>\n\t\t\t\t\t\t\t\t\t\n<li class=\"tribe-events-c-subscribe-dropdown__list-item tribe-events-c-subscribe-dropdown__list-item--ics\">\n\t<a\n\t\thref=\"https:\/\/dam-online.de\/en\/veranstaltungen\/photo\/?shortcode=a0375609&#038;ical=1\"\n\t\tclass=\"tribe-events-c-subscribe-dropdown__list-item-link\"\n\t\ttarget=\"_blank\"\n\t\trel=\"noopener noreferrer nofollow noindex\"\n\t>\n\t\tExport .ics file\t<\/a>\n<\/li>\n\t\t\t\t\t\t\t\t\t\n<li class=\"tribe-events-c-subscribe-dropdown__list-item tribe-events-c-subscribe-dropdown__list-item--outlook-ics\">\n\t<a\n\t\thref=\"https:\/\/dam-online.de\/en\/veranstaltungen\/photo\/?shortcode=a0375609&#038;outlook-ical=1#038;ical=1\"\n\t\tclass=\"tribe-events-c-subscribe-dropdown__list-item-link\"\n\t\ttarget=\"_blank\"\n\t\trel=\"noopener noreferrer nofollow noindex\"\n\t>\n\t\tExport Outlook .ics file\t<\/a>\n<\/li>\n\t\t\t\t\t\t\t<\/ul>\n\t\t<\/div>\n\t<\/div>\n<\/div>\n\n\t\t\t<\/section>\n<\/div>\n\n<script data-js='tribe-events-view-nonce-data' type='application\/json'>{\"tvn1\":\"52213b0247\",\"tvn2\":\"\"}<\/script>\n<p>[\/et_pb_text][\/et_pb_column][\/et_pb_row][\/et_pb_section]<\/p>\n","protected":false},"excerpt":{"rendered":"<p>[et_pb_section bb_built=&#8221;1&#8243; admin_label=&#8221;DAM Inline-Menu Sektion&#8221; specialty=&#8221;off&#8221; _builder_version=&#8221;3.19.4&#8243; custom_margin=&#8221;0px||20px|&#8221; custom_padding=&#8221;0px||0px|&#8221; module_id=&#8221;dam-inline-menu&#8221; disabled_on=&#8221;off|off|off&#8221; disabled=&#8221;off&#8221; global_module=&#8221;6459&#8243; next_background_color=&#8221;#000000&#8243;][et_pb_row admin_label=&#8221;DAM Inline-Menu Row&#8221; global_parent=&#8221;6459&#8243; _builder_version=&#8221;3.19.4&#8243; custom_margin=&#8221;0px||0px|&#8221; custom_padding=&#8221;0px||0px|&#8221;][et_pb_column type=&#8221;4_4&#8243;][et_pb_text admin_label=&#8221;DAM Inline-Menu&#8221; global_parent=&#8221;6459&#8243; _builder_version=&#8221;3.19.4&#8243; custom_margin=&#8221;0px||0px|&#8221; custom_padding=&#8221;0px||0px|&#8221;] &nbsp; [\/et_pb_text][\/et_pb_column][\/et_pb_row][\/et_pb_section][et_pb_section [&hellip;]<\/p>\n","protected":false},"author":2,"featured_media":0,"parent":11756,"menu_order":0,"comment_status":"closed","ping_status":"closed","template":"","meta":{"_acf_changed":false,"_et_pb_use_builder":"on","_et_pb_old_content":"","_et_gb_content_width":"","footnotes":""},"hf_cat_page":[],"class_list":["post-11543","page","type-page","status-publish","hentry","cat_kinder-jugendliche-familien-en","cat_veranstaltung-en","cat_vermittlung-en"],"acf":[],"_links":{"self":[{"href":"https:\/\/dam-online.de\/en\/wp-json\/wp\/v2\/pages\/11543","targetHints":{"allow":["GET"]}}],"collection":[{"href":"https:\/\/dam-online.de\/en\/wp-json\/wp\/v2\/pages"}],"about":[{"href":"https:\/\/dam-online.de\/en\/wp-json\/wp\/v2\/types\/page"}],"author":[{"embeddable":true,"href":"https:\/\/dam-online.de\/en\/wp-json\/wp\/v2\/users\/2"}],"replies":[{"embeddable":true,"href":"https:\/\/dam-online.de\/en\/wp-json\/wp\/v2\/comments?post=11543"}],"version-history":[{"count":0,"href":"https:\/\/dam-online.de\/en\/wp-json\/wp\/v2\/pages\/11543\/revisions"}],"up":[{"embeddable":true,"href":"https:\/\/dam-online.de\/en\/wp-json\/wp\/v2\/pages\/11756"}],"wp:attachment":[{"href":"https:\/\/dam-online.de\/en\/wp-json\/wp\/v2\/media?parent=11543"}],"wp:term":[{"taxonomy":"hf_cat_page","embeddable":true,"href":"https:\/\/dam-online.de\/en\/wp-json\/wp\/v2\/hf_cat_page?post=11543"}],"curies":[{"name":"wp","href":"https:\/\/api.w.org\/{rel}","templated":true}]}}