{"id":11537,"date":"2019-07-15T17:05:10","date_gmt":"2019-07-15T15:05:10","guid":{"rendered":"https:\/\/dam-online.de\/dam-collection\/"},"modified":"2026-02-24T14:45:14","modified_gmt":"2026-02-24T13:45:14","slug":"dam-collection","status":"publish","type":"page","link":"https:\/\/dam-online.de\/en\/collections\/dam-collection\/","title":{"rendered":"DAM Collection"},"content":{"rendered":"<p>[et_pb_section fb_built=&#8221;1&#8243; disabled_on=&#8221;off|off|off&#8221; admin_label=&#8221;DAM Inline-Menu Sektion&#8221; module_id=&#8221;dam-inline-menu&#8221; _builder_version=&#8221;4.16&#8243; custom_margin=&#8221;0px||20px|&#8221; custom_padding=&#8221;0px||0px|&#8221; global_colors_info=&#8221;{}&#8221;][et_pb_row admin_label=&#8221;DAM Inline-Menu Row&#8221; _builder_version=&#8221;4.16&#8243; custom_margin=&#8221;0px||0px|&#8221; custom_padding=&#8221;0px||0px|&#8221; global_colors_info=&#8221;{}&#8221;][et_pb_column type=&#8221;4_4&#8243; _builder_version=&#8221;4.16&#8243; custom_padding=&#8221;|||&#8221; global_colors_info=&#8221;{}&#8221; custom_padding__hover=&#8221;|||&#8221;][et_pb_text admin_label=&#8221;DAM Inline-Menu&#8221; _builder_version=&#8221;4.16&#8243; custom_margin=&#8221;0px||0px|&#8221; custom_padding=&#8221;0px||0px|&#8221; global_colors_info=&#8221;{}&#8221;]<div id=\"mega-menu-wrap-max_mega_menu_1\" class=\"mega-menu-wrap\"><div class=\"mega-menu-toggle\"><div class=\"mega-toggle-blocks-left\"><\/div><div class=\"mega-toggle-blocks-center\"><\/div><div class=\"mega-toggle-blocks-right\"><div class='mega-toggle-block mega-menu-toggle-block mega-toggle-block-1' id='mega-toggle-block-1'><button class='mega-toggle-standard mega-toggle-label' aria-haspopup='true' aria-expanded='false' aria-controls='mega-menu-max_mega_menu_1'><span class='mega-toggle-label-closed'><\/span><span class='mega-toggle-label-open'><\/span><\/button><\/div><\/div><\/div><ul id=\"mega-menu-max_mega_menu_1\" class=\"mega-menu max-mega-menu mega-menu-horizontal mega-no-js\" data-event=\"hover\" data-effect=\"disabled\" data-effect-speed=\"200\" data-effect-mobile=\"disabled\" data-effect-speed-mobile=\"0\" data-panel-width=\".et_pb_row\" data-mobile-force-width=\"false\" data-second-click=\"go\" data-document-click=\"collapse\" data-vertical-behaviour=\"accordion\" data-breakpoint=\"767\" data-unbind=\"true\" data-mobile-state=\"collapse_all\" data-mobile-direction=\"vertical\" data-hover-intent-timeout=\"300\" data-hover-intent-interval=\"100\" data-overlay-desktop=\"false\" data-overlay-mobile=\"false\"><li class=\"mega-m-besuch mega-menu-item mega-menu-item-type-custom mega-menu-item-object-custom mega-menu-item-has-children mega-menu-megamenu mega-menu-grid mega-align-bottom-left mega-menu-grid mega-has-icon mega-icon-left mega-menu-item-6395 m-besuch\" id=\"mega-menu-item-6395\"><a class=\"mega-custom-icon mega-menu-link\" href=\"\/Besuch\" aria-expanded=\"false\" aria-controls=\"mega-sub-menu-6395\">Besuch<span class=\"mega-indicator\" aria-hidden=\"true\"><\/span><\/a>\n<ul class=\"mega-sub-menu\" role='presentation' id='mega-sub-menu-6395'>\n<li class=\"mega-menu-row\" id=\"mega-menu-6395-0\">\n\t<ul class=\"mega-sub-menu\" style='--columns:12' role='presentation'>\n<li class=\"mega-menu-column mega-menu-columns-4-of-12\" style=\"--columns:12; --span:4\" id=\"mega-menu-6395-0-0\">\n\t\t<ul class=\"mega-sub-menu\">\n<li class=\"mega-menu-item mega-menu-item-type-post_type mega-menu-item-object-page mega-menu-item-6508\" id=\"mega-menu-item-6508\"><a class=\"mega-menu-link\" href=\"https:\/\/dam-online.de\/besuch\/info\/\">Infos & Services<\/a><\/li><li class=\"mega-menu-item mega-menu-item-type-post_type mega-menu-item-object-page mega-menu-item-6509\" id=\"mega-menu-item-6509\"><a class=\"mega-menu-link\" href=\"https:\/\/dam-online.de\/besuch\/fuehrungen\/\">F\u00fchrungen<\/a><\/li><li class=\"mega-menu-item mega-menu-item-type-post_type mega-menu-item-object-page mega-menu-item-6510\" id=\"mega-menu-item-6510\"><a class=\"mega-menu-link\" href=\"https:\/\/dam-online.de\/besuch\/museumsshop\/\">Museumsshop<\/a><\/li><li class=\"mega-menu-item mega-menu-item-type-post_type mega-menu-item-object-page mega-menu-item-61792\" id=\"mega-menu-item-61792\"><a class=\"mega-menu-link\" href=\"https:\/\/dam-online.de\/besuch\/cafe\/\">Caf\u00e9<\/a><\/li><li class=\"mega-menu-item mega-menu-item-type-post_type mega-menu-item-object-page mega-menu-item-6512\" id=\"mega-menu-item-6512\"><a class=\"mega-menu-link\" href=\"https:\/\/dam-online.de\/kontakt\/\">Kontakt<\/a><\/li><li class=\"mega-menu-item mega-menu-item-type-widget widget_custom_html mega-menu-item-custom_html-58\" id=\"mega-menu-item-custom_html-58\"><h4 class=\"mega-block-title\">DAM Aktuell<\/h4><div class=\"textwidget custom-html-widget\"><p id=\"dam-aktuell-inline\" class=\"dam-aktuell-inline\">\r\n\t...\t\r\n<\/p>\r\n<\/div><\/li>\t\t<\/ul>\n<\/li><li class=\"mega-menu-column mega-menu-columns-4-of-12\" style=\"--columns:12; --span:4\" id=\"mega-menu-6395-0-1\">\n\t\t<ul class=\"mega-sub-menu\">\n<li class=\"mega-menu-item mega-menu-item-type-widget widget_custom_html mega-menu-item-custom_html-39\" id=\"mega-menu-item-custom_html-39\"><h4 class=\"mega-block-title\">\u00d6ffnungszeiten<\/h4><div class=\"textwidget custom-html-widget\"><p style=\"font-size:1.1rem! important; line-height:1.3!important;\"><span data-fetch-shortcode data-code=\"mbhi\" data-arguments=\"location=&quot;DAM3&quot; includetime=&quot;true&quot; includeday=&quot;true&quot; format=&quot;24&quot; approximation=&quot;true&quot; openingsoonmessagetime=&quot;2700&quot; closingsoonmessagetime=&quot;2700&quot; openmessage=&quot;Heute ge\u00f6ffnet von {from} \u2013 {to} Uhr&quot; closedmessage=&quot;Derzeit geschlossen!&quot; openingsoonmessage=&quot;Opens in {x} minutes!&quot; closingsoonmessage=&quot;Closes in {x} minutes!&quot; removezeroes=&quot;false&quot;  extra_classes=&quot;&quot; show_specialdate_messages=&quot;true&quot; show_vacation_messages=&quot;true&quot; vacation_message_closed=&quot;Closed today!&quot; specialdate_message_open=&quot;open!&quot; specialdate_message_closed=&quot;closed!&quot; from=&quot;&quot; to=&quot;&quot; loading=&quot;loading ...&quot; output=&quot;&quot;\">loading ...<\/span>\r\n<\/p>\r\n\r\n<p>\r\n<span data-fetch-shortcode data-code=\"mbhi_hours\" data-arguments=\"location=&quot;DAM3&quot; format=&quot;24&quot; display=&quot;consolidated&quot; output=&quot;table&quot; includeholidays=&quot;true&quot; includevacations=&quot;false&quot; abbreviatedays=&quot;false&quot; consolidationseparator=&quot; - &quot; hourseparator=&quot; - &quot; entryseparator=&quot;, &quot; mhbr=&quot;true&quot; showonlytoday=&quot;&quot; dayentryseparator=&quot; &quot; removezeroes=&quot;false&quot; seo=&quot;true&quot;  hide_hours=&quot;false&quot; startonsunday=&quot;false&quot; extra_classes=&quot;&quot; dates_in_past=&quot;false&quot; replace_with_specials=&quot;false&quot; replace_with_vacations=&quot;false&quot; date_format=&quot;day first&quot; replaced_vacations_format=&quot;{day_short} ({name})&quot; replaced_specials_format=&quot;{day_short} ({name})&quot; included_vacations_format=&quot;&lt;br\/&gt;{from_day_of_month}. - {to_day_of_month}. {to_month_short}&quot; included_specials_format=&quot;{day_of_month}. {month_short}&quot; day_format=&quot;{day}&quot; view=&quot;normal&quot; rollover=&quot;true&quot; rollover_from=&quot;30&quot; rollover_to=&quot;14&quot;\">loading ...<\/span>\n<div itemtype=\"http:\/\/schema.org\/LocalBusiness\" itemscope>\n\t<meta itemprop=\"name\" content=\"DAM3\">\n    \t<meta itemprop=\"openingHours\" content=\"Tu 11:00-18:00\"><meta itemprop=\"openingHours\" content=\"We 11:00-20:00\"><meta itemprop=\"openingHours\" content=\"Th-Su 11:00-18:00\">            <div itemprop=\"openingHoursSpecification\" itemscope itemtype=\"http:\/\/schema.org\/OpeningHoursSpecification\">\n                                    <time itemprop=\"validFrom validThrough\" datetime=\"2026-10-03\"><\/time>\n                                    <time itemprop=\"opens\" datetime=\"11:00:00\"><\/time>\n                                    <time itemprop=\"closes\" datetime=\"18:00:00\"><\/time>\n                            <\/div>\n                        <div itemprop=\"openingHoursSpecification\" itemscope itemtype=\"http:\/\/schema.org\/OpeningHoursSpecification\">\n                                    <time itemprop=\"validFrom validThrough\" datetime=\"2026-12-26\"><\/time>\n                                    <time itemprop=\"opens\" datetime=\"11:00:00\"><\/time>\n                                    <time itemprop=\"closes\" datetime=\"18:00:00\"><\/time>\n                            <\/div>\n                        <div itemprop=\"openingHoursSpecification\" itemscope itemtype=\"http:\/\/schema.org\/OpeningHoursSpecification\">\n                                    <time itemprop=\"validFrom validThrough\" datetime=\"2026-12-31\"><\/time>\n                                    <time itemprop=\"opens\" datetime=\"11:00:00\"><\/time>\n                                    <time itemprop=\"closes\" datetime=\"18:00:00\"><\/time>\n                            <\/div>\n                        <div itemprop=\"openingHoursSpecification\" itemscope itemtype=\"http:\/\/schema.org\/OpeningHoursSpecification\">\n                                    <time itemprop=\"validFrom validThrough\" datetime=\"2026-02-17\"><\/time>\n                                    <time itemprop=\"opens\" datetime=\"11:00:00\"><\/time>\n                                    <time itemprop=\"closes\" datetime=\"18:00:00\"><\/time>\n                            <\/div>\n                        <div itemprop=\"openingHoursSpecification\" itemscope itemtype=\"http:\/\/schema.org\/OpeningHoursSpecification\">\n                                    <time itemprop=\"validFrom validThrough\" datetime=\"2026-04-03\"><\/time>\n                                    <time itemprop=\"opens\" datetime=\"11:00:00\"><\/time>\n                                    <time itemprop=\"closes\" datetime=\"18:00:00\"><\/time>\n                            <\/div>\n                        <div itemprop=\"openingHoursSpecification\" itemscope itemtype=\"http:\/\/schema.org\/OpeningHoursSpecification\">\n                                    <time itemprop=\"validFrom validThrough\" datetime=\"2026-04-05\"><\/time>\n                                    <time itemprop=\"opens\" datetime=\"11:00:00\"><\/time>\n                                    <time itemprop=\"closes\" datetime=\"18:00:00\"><\/time>\n                            <\/div>\n                        <div itemprop=\"openingHoursSpecification\" itemscope itemtype=\"http:\/\/schema.org\/OpeningHoursSpecification\">\n                                    <time itemprop=\"validFrom validThrough\" datetime=\"2026-04-06\"><\/time>\n                                    <time itemprop=\"opens\" datetime=\"11:00:00\"><\/time>\n                                    <time itemprop=\"closes\" datetime=\"18:00:00\"><\/time>\n                            <\/div>\n                        <div itemprop=\"openingHoursSpecification\" itemscope itemtype=\"http:\/\/schema.org\/OpeningHoursSpecification\">\n                                    <time itemprop=\"validFrom validThrough\" datetime=\"2026-05-01\"><\/time>\n                                    <time itemprop=\"opens\" datetime=\"11:00:00\"><\/time>\n                                    <time itemprop=\"closes\" datetime=\"18:00:00\"><\/time>\n                            <\/div>\n                        <div itemprop=\"openingHoursSpecification\" itemscope itemtype=\"http:\/\/schema.org\/OpeningHoursSpecification\">\n                                    <time itemprop=\"validFrom validThrough\" datetime=\"2026-05-14\"><\/time>\n                                    <time itemprop=\"opens\" datetime=\"11:00:00\"><\/time>\n                                    <time itemprop=\"closes\" datetime=\"18:00:00\"><\/time>\n                            <\/div>\n                        <div itemprop=\"openingHoursSpecification\" itemscope itemtype=\"http:\/\/schema.org\/OpeningHoursSpecification\">\n                                    <time itemprop=\"validFrom validThrough\" datetime=\"2026-05-24\"><\/time>\n                                    <time itemprop=\"opens\" datetime=\"11:00:00\"><\/time>\n                                    <time itemprop=\"closes\" datetime=\"18:00:00\"><\/time>\n                            <\/div>\n                        <div itemprop=\"openingHoursSpecification\" itemscope itemtype=\"http:\/\/schema.org\/OpeningHoursSpecification\">\n                                    <time itemprop=\"validFrom validThrough\" datetime=\"2026-05-25\"><\/time>\n                                    <time itemprop=\"opens\" datetime=\"11:00:00\"><\/time>\n                                    <time itemprop=\"closes\" datetime=\"18:00:00\"><\/time>\n                            <\/div>\n                        <div itemprop=\"openingHoursSpecification\" itemscope itemtype=\"http:\/\/schema.org\/OpeningHoursSpecification\">\n                                    <time itemprop=\"validFrom validThrough\" datetime=\"2026-05-26\"><\/time>\n                                    <time itemprop=\"opens\" datetime=\"11:00:00\"><\/time>\n                                    <time itemprop=\"closes\" datetime=\"18:00:00\"><\/time>\n                            <\/div>\n            <\/div>\n\r\n<\/p>\r\n<!-- \r\n\r\n[mbhi_specials location=\"DAM3\" format=\"24\" display=\"consolidated\" output=\"table\" mhbr=\"true\" included_specials_format=\"{date}. \"]\r\n\r\n[mbhi_specials location=\"DAM3\" format=\"24\" display=\"normal\" output=\"table\" mhbr=\"true\" included_specials_format=\"{date} {name} \"]\r\n-->\r\n\r\n<!-- \r\n<p style=\"font-size: 0.9rem!important; font-weight:bold; padding-left:0px;\">bis einschlie\u00dflich 31. Mai GESCHLOSSEN!<\/p>\r\n\r\n<p style=\"font-size: 0.9rem!important; font-weight:bold; padding-left:6px;\">24. - 25. Dezember & 1. Januar Geschlossen!<\/p>\r\n-->\r\n\r\n<!-- \r\n<p style=\"font-size: 0.9rem!important; font-weight:bold; padding-left:0px;\">Bis einschlie\u00dflich 31. Januar geschlossen!<\/p>\r\n-->\r\n\r\n<p style=\"font-size: 0.9rem!important; font-weight:bold; padding-left:6px;\">Heiligabend, 1. Weihnachtsfeiertag und 1. Januar GESCHLOSSEN!\r\n<\/p><\/div><\/li><li class=\"mega-menu-item mega-menu-item-type-widget widget_custom_html mega-menu-item-custom_html-8\" id=\"mega-menu-item-custom_html-8\"><h4 class=\"mega-block-title\">Anfahrt<\/h4><div class=\"textwidget custom-html-widget\">\t\t\t<p>\r\n\t\t\t\tDeutsches Architekturmuseum (DAM)<br>\r\n\t\t\t\tSchaumainkai 43<br>\r\n\t\t\t\t60596 Frankfurt am Main<br>\r\n\t\t\t\t<!--\r\n\t\t\t\tHenschelstra\u00dfe 18\r\n\t\t\t\t60314 Frankfurt am Main<br>\r\n\t\t\t\t-->\r\n\t\t\t\t<!--<span style=\"color: yellow!important\">\r\n\t\t\t\tEingang am Parkplatz<br>\r\n\t\t\t\tneben Corona-Testcenter<br>\r\n\t\t\t\t<\/span>-->\r\n\t\t\t\t<!--DAM Ostend<br>\r\n\t\t\t\tHenschelstr. 18<br>\r\n\t\t\t\t60314 Frankfurt am Main<br>-->\r\n\t\t\t\t<a style=\"text-decoration:underline!important\" href=\"https:\/\/www.google.de\/maps\/place\/Henschelstra%C3%9Fe+16,+60314+Frankfurt+am+Main\/@50.1142922,8.7089342,19.19z\/data=!4m5!3m4!1s0x47bd0e8ff9bdb463:0x8c5f8cdc0c4c6460!8m2!3d50.1142163!4d8.7092373\">Stadtplan<\/a>\r\n\t\t\t<\/p><\/div><\/li><li class=\"mega-menu-item mega-menu-item-type-widget widget_custom_html mega-menu-item-custom_html-24\" id=\"mega-menu-item-custom_html-24\"><h4 class=\"mega-block-title\">Kontakt<\/h4><div class=\"textwidget custom-html-widget\">\t\t\t<p>\r\n\t\t\t\tT 069 212 38844<br>\r\n\t\t\t<a href=\"mailto:info.dam@stadt-frankfurt.de\">info.dam@stadt-frankfurt.de<\/a>\r\n\t\t\t<\/p><\/div><\/li>\t\t<\/ul>\n<\/li><li class=\"mega-menu-column mega-menu-columns-4-of-12\" style=\"--columns:12; --span:4\" id=\"mega-menu-6395-0-2\">\n\t\t<ul class=\"mega-sub-menu\">\n<li class=\"mega-menu-item mega-menu-item-type-widget widget_media_image mega-menu-item-media_image-39\" id=\"mega-menu-item-media_image-39\"><a href=\"\/besuch\/info\/\"><img loading=\"lazy\" decoding=\"async\" width=\"311\" height=\"441\" src=\"https:\/\/dam-online.de\/wp-content\/uploads\/2023\/04\/Miniplakat-25-06-13-2.jpg\" class=\"image wp-image-60768  attachment-full size-full\" alt=\"\" style=\"max-width: 100%; height: auto;\" srcset=\"https:\/\/dam-online.de\/wp-content\/uploads\/2023\/04\/Miniplakat-25-06-13-2.jpg 311w, https:\/\/dam-online.de\/wp-content\/uploads\/2023\/04\/Miniplakat-25-06-13-2-212x300.jpg 212w, https:\/\/dam-online.de\/wp-content\/uploads\/2023\/04\/Miniplakat-25-06-13-2-150x213.jpg 150w, https:\/\/dam-online.de\/wp-content\/uploads\/2023\/04\/Miniplakat-25-06-13-2-250x355.jpg 250w, https:\/\/dam-online.de\/wp-content\/uploads\/2023\/04\/Miniplakat-25-06-13-2-300x425.jpg 300w\" sizes=\"(max-width: 311px) 100vw, 311px\" \/><\/a><\/li>\t\t<\/ul>\n<\/li>\t<\/ul>\n<\/li><\/ul>\n<\/li><li class=\"mega-menu-item mega-menu-item-type-custom mega-menu-item-object-custom mega-menu-item-has-children mega-menu-megamenu mega-menu-grid mega-align-bottom-left mega-menu-grid mega-menu-item-6396\" id=\"mega-menu-item-6396\"><a class=\"mega-menu-link\" href=\"\/Programm\" aria-expanded=\"false\" aria-controls=\"mega-sub-menu-6396\">Programm<span class=\"mega-indicator\" aria-hidden=\"true\"><\/span><\/a>\n<ul class=\"mega-sub-menu\" role='presentation' id='mega-sub-menu-6396'>\n<li class=\"mega-menu-row\" id=\"mega-menu-6396-0\">\n\t<ul class=\"mega-sub-menu\" style='--columns:12' role='presentation'>\n<li class=\"mega-menu-column mega-menu-columns-4-of-12\" style=\"--columns:12; --span:4\" id=\"mega-menu-6396-0-0\">\n\t\t<ul class=\"mega-sub-menu\">\n<li class=\"mega-menu-item mega-menu-item-type-post_type mega-menu-item-object-page mega-menu-item-6505\" id=\"mega-menu-item-6505\"><a class=\"mega-menu-link\" href=\"https:\/\/dam-online.de\/programm\/ausstellungen\/\">Ausstellungen<\/a><\/li><li class=\"mega-menu-item mega-menu-item-type-post_type mega-menu-item-object-page mega-menu-item-6506\" id=\"mega-menu-item-6506\"><a class=\"mega-menu-link\" href=\"https:\/\/dam-online.de\/programm\/veranstaltungen\/\">Veranstaltungen<\/a><\/li><li class=\"mega-menu-item mega-menu-item-type-post_type mega-menu-item-object-page mega-menu-item-6507\" id=\"mega-menu-item-6507\"><a class=\"mega-menu-link\" href=\"https:\/\/dam-online.de\/programm\/architekturpreise\/\">Architekturpreise<\/a><\/li><li class=\"mega-menu-item mega-menu-item-type-custom mega-menu-item-object-custom mega-menu-item-37033\" id=\"mega-menu-item-37033\"><a class=\"mega-menu-link\" href=\"\/shop\">Publikationen<\/a><\/li><li class=\"mega-dam-digital mega-menu-item mega-menu-item-type-post_type mega-menu-item-object-page mega-menu-item-22191 dam-digital\" id=\"mega-menu-item-22191\"><a class=\"mega-menu-link\" href=\"https:\/\/dam-online.de\/programm\/dam-digital\/\">DAM Digital<\/a><\/li>\t\t<\/ul>\n<\/li><li class=\"mega-menu-column mega-col-middle mega-menu-columns-4-of-12 col-middle\" style=\"--columns:12; --span:4\" id=\"mega-menu-6396-0-1\">\n\t\t<ul class=\"mega-sub-menu\">\n<li class=\"mega-menu-item mega-menu-item-type-widget widget_custom_html mega-menu-item-custom_html-40\" id=\"mega-menu-item-custom_html-40\"><div class=\"textwidget custom-html-widget\"><!--\r\n<p>\r\n[ecs-list-events exclude_id='53212' design=\"compact\" tag=\"mega-menu\" tag_cat_operator='AND' exclude_cat='Ausstellung' thumb='true' thumbwidth='300' thumbheight='210' contentorder=\"thumbnail, title, date\" eventdetails=\"true\"]\r\n<\/p> \r\n-->\r\n\r\n<p>\r\n<!--\r\n[ecs-list-events id='56629' design='compact' thumb='true' thumbwidth='300' thumbheight='210' contentorder='thumbnail, title, date' eventdetails='true']\r\n\r\n[ecs-list-events id='57939' design='compact' thumb='true' thumbwidth='300' thumbheight='210' contentorder='thumbnail, title, date' eventdetails='true']\r\n-->\r\n\r\n<style>.compact.compact-1 .ecs-event .ecs-event-status.ecs-event-status-canceled, .compact.compact-1 .ecs-event-status.ecs-event-status-postponed {color:#DA394D;}.ecs-events.compact.compact-1 {display:table;border-spacing:5px;}.compact.compact-1 .ecs-event {width:100%;display:table-row;margin-bottom:5px;height:75px;}.compact.compact-1 .ecs-event .date_thumb {width:80px;display:table-cell;text-align:center;vertical-align:middle;background-color:#eeeeee;color:#050505;}.compact.compact-1 .ecs-event .date_thumb .month {font-size:16px;text-transform:uppercase;margin:0;padding:0;line-height:1;}.compact.compact-1 .ecs-event .date_thumb .day {font-size:26px;font-weight:bold;margin:0;padding:0;line-height:1;}.compact.compact-1 .ecs-event .summary, .compact .ecs-event .ecs-thumbnail, .compact .ecs-event .ecs-button {display:table-cell;vertical-align:middle;}.ecs-events.compact.compact-1 .ecs-button a {background-color:#666;background-image:none;border-radius:3px;border:0;box-shadow:none;color: #fff;cursor: pointer;display: inline-block;font-size: 11px;font-weight: 700;letter-spacing: 1px;line-height: normal;padding: 6px 9px;text-align: center;text-decoration:none;text-transform:uppercase;vertical-align:middle;zoom:1;white-space:nowrap;}.compact.compact-1 .ecs-event .ecs-button {padding-left:10px;}.compact.compact-1 .ecs-event .ecs-thumbnail img {max-width:none;display:table-cell;margin:0;padding:0;}.compact.compact-1 .ecs-event .ecs-excerpt {margin-top: 5px;}<\/style><div class=\"ecs-events compact compact-1\"><div class=\"ecs-event veranstaltung-en_ecs_category\"><div class=\"ecs-thumbnail\"><img loading=\"lazy\" decoding=\"async\" width=\"300\" height=\"200\" src=\"https:\/\/dam-online.de\/wp-content\/uploads\/2026\/02\/DAM_StadtSport_MoritzBernoully_web_03.jpg\" class=\"attachment-300x210 size-300x210 wp-post-image\" alt=\"\" \/><\/div><div class=\"summary\"><a href=\"https:\/\/dam-online.de\/en\/veranstaltung\/calisthenics-battle-by-flythenics\/\" rel=\"bookmark\">UNITED BY BARZ \u2013 Calisthenics Community Event \u2013 mit Flythenics<\/a><div class=\"ecs-date\"><span class=\"tribe-event-date-start\">2. May \u2013 11:00<\/span> \u2013 <span class=\"tribe-event-time\">17:00<\/span><\/div><\/div><\/div><div class=\"ecs-event veranstaltung-en_ecs_category\"><div class=\"ecs-thumbnail\"><img loading=\"lazy\" decoding=\"async\" width=\"300\" height=\"198\" src=\"https:\/\/dam-online.de\/wp-content\/uploads\/2026\/02\/Hauptbahnhof-Gleisfeld_mit-Logo_rot.jpg\" class=\"attachment-300x210 size-300x210 wp-post-image\" alt=\"\" \/><\/div><div class=\"summary\"><a href=\"https:\/\/dam-online.de\/en\/veranstaltung\/die-stadt-das-zeichnen-urban-sketching-wie-skizzieren-zum-stadterlebnis-wird\/\" rel=\"bookmark\">DIE STADT + DAS ZEICHNEN Urban Sketching &#8211; Wie Skizzieren zum Stadterlebnis wird<\/a><div class=\"ecs-date\"><span class=\"tribe-event-date-start\">6. May \u2013 19:00<\/span><\/div><\/div><\/div><\/div><script type=\"application\/ld+json\">\r\n[{\"@context\":\"http:\/\/schema.org\",\"@type\":\"Event\",\"name\":\"UNITED BY BARZ \\u2013 Calisthenics Community Event \\u2013 mit Flythenics\",\"description\":\"&lt;p&gt;Das Calisthenics Community Event im DAM bringt Athlet:innen, Sportbegeisterte und Zuschauer:innen zusammen \\u2013 f\\u00fcr einen Tag voller Kraft, Dynamik und echtem Community-Spirit.&lt;\/p&gt;\\\\n\",\"image\":\"https:\/\/dam-online.de\/wp-content\/uploads\/2026\/02\/DAM_StadtSport_MoritzBernoully_web_03.jpg\",\"url\":\"https:\/\/dam-online.de\/en\/veranstaltung\/calisthenics-battle-by-flythenics\/\",\"eventAttendanceMode\":\"https:\/\/schema.org\/OfflineEventAttendanceMode\",\"eventStatus\":\"https:\/\/schema.org\/EventScheduled\",\"startDate\":\"2026-05-02T11:00:00+02:00\",\"endDate\":\"2026-05-02T17:00:00+02:00\",\"location\":{\"@type\":\"Place\",\"name\":\"Deutsches Architekturmuseum (DAM)\",\"description\":\"\",\"url\":\"https:\/\/dam-online.de\/ort\/dam\/\",\"address\":{\"@type\":\"PostalAddress\",\"streetAddress\":\"Schaumainkai 43\",\"addressLocality\":\"Frankfurt \/ M.\",\"addressRegion\":\"Hessen\",\"postalCode\":\"D-60596\"},\"telephone\":\"+49 (0)69 212-38844\",\"sameAs\":\"\"},\"organizer\":{\"@type\":\"Person\",\"name\":\"Deutsches Architekturmuseum (DAM)\",\"description\":\"\",\"url\":\"https:\/\/dam-online.de\",\"telephone\":\"069 - 212 38844\",\"email\":\"&#105;nf&#111;&#46;&#100;am&#64;&#115;&#116;a&#100;&#116;&#45;&#102;rank&#102;&#117;&#114;t.d&#101;\",\"sameAs\":\"https:\/\/dam-online.de\"},\"performer\":\"Organization\"},{\"@context\":\"http:\/\/schema.org\",\"@type\":\"Event\",\"name\":\"DIE STADT + DAS ZEICHNEN Urban Sketching &#8211; Wie Skizzieren zum Stadterlebnis wird\",\"description\":\"&lt;p&gt;Wer sitzt denn da am Wegesrand? Mit Skizzenbuch und Stift? Urban Sketching hei\\u00dft das Live-Zeichnen vor Ort, was unter Architekt:innen oder K\\u00fcnstler:innen schon seit jeher verbreitet ist. Daraus ist in zahlreichen Gruppen seit 2007 eine weltweite Bewegung geworden.&lt;\/p&gt;\\\\n\",\"image\":\"https:\/\/dam-online.de\/wp-content\/uploads\/2026\/02\/Hauptbahnhof-Gleisfeld_mit-Logo_rot.jpg\",\"url\":\"https:\/\/dam-online.de\/en\/veranstaltung\/die-stadt-das-zeichnen-urban-sketching-wie-skizzieren-zum-stadterlebnis-wird\/\",\"eventAttendanceMode\":\"https:\/\/schema.org\/OfflineEventAttendanceMode\",\"eventStatus\":\"https:\/\/schema.org\/EventScheduled\",\"startDate\":\"2026-05-06T19:00:00+02:00\",\"endDate\":\"2026-05-06T19:00:00+02:00\",\"location\":{\"@type\":\"Place\",\"name\":\"DAM Auditorium\",\"description\":\"\",\"url\":\"https:\/\/dam-online.de\/ort\/auditorium\/\",\"address\":{\"@type\":\"PostalAddress\",\"streetAddress\":\"Schaumainkai 43\",\"addressLocality\":\"Frankfurt am Main\",\"addressRegion\":\"Hessen\",\"postalCode\":\"60596\",\"addressCountry\":\"Deutschland\"},\"geo\":{\"@type\":\"GeoCoordinates\",\"latitude\":50.105076,\"longitude\":8.6768825},\"telephone\":\"069 212 38844\",\"sameAs\":\"\"},\"organizer\":{\"@type\":\"Person\",\"name\":\"Deutsches Architekturmuseum (DAM)\",\"description\":\"\",\"url\":\"https:\/\/dam-online.de\",\"telephone\":\"069 - 212 38844\",\"email\":\"&#105;n&#102;&#111;&#46;&#100;a&#109;&#64;s&#116;&#97;dt&#45;fra&#110;kf&#117;rt&#46;&#100;&#101;\",\"sameAs\":\"https:\/\/dam-online.de\"},\"offers\":{\"@type\":\"Offer\",\"price\":\"10\",\"priceCurrency\":\"EUR\",\"url\":\"https:\/\/dam-online.de\/en\/veranstaltung\/die-stadt-das-zeichnen-urban-sketching-wie-skizzieren-zum-stadterlebnis-wird\/\",\"category\":\"primary\",\"availability\":\"inStock\",\"validFrom\":\"2026-02-13T00:00:00+00:00\"},\"performer\":\"Organization\"}]\r\n<\/script>\r\n\r\n<\/p>\r\n\r\n<\/div><\/li>\t\t<\/ul>\n<\/li><li class=\"mega-menu-column mega-menu-columns-4-of-12\" style=\"--columns:12; --span:4\" id=\"mega-menu-6396-0-2\">\n\t\t<ul class=\"mega-sub-menu\">\n<li class=\"mega-menu-item mega-menu-item-type-widget widget_media_image mega-menu-item-media_image-12\" id=\"mega-menu-item-media_image-12\"><a href=\"\/veranstaltung\/suburbia-traeume-vom-eigenheim-\u00a5-wege-aus-der-wohnungskrise\/\" target=\"_blank\"><img loading=\"lazy\" decoding=\"async\" width=\"311\" height=\"441\" src=\"https:\/\/dam-online.de\/wp-content\/uploads\/2026\/03\/DAM_Suburbia_Miniplakat_311x441px_300dpi_260205_bearb.jpg\" class=\"image wp-image-65161  attachment-full size-full\" alt=\"\" style=\"max-width: 100%; height: auto;\" srcset=\"https:\/\/dam-online.de\/wp-content\/uploads\/2026\/03\/DAM_Suburbia_Miniplakat_311x441px_300dpi_260205_bearb.jpg 311w, https:\/\/dam-online.de\/wp-content\/uploads\/2026\/03\/DAM_Suburbia_Miniplakat_311x441px_300dpi_260205_bearb-212x300.jpg 212w, https:\/\/dam-online.de\/wp-content\/uploads\/2026\/03\/DAM_Suburbia_Miniplakat_311x441px_300dpi_260205_bearb-150x213.jpg 150w, https:\/\/dam-online.de\/wp-content\/uploads\/2026\/03\/DAM_Suburbia_Miniplakat_311x441px_300dpi_260205_bearb-250x355.jpg 250w, https:\/\/dam-online.de\/wp-content\/uploads\/2026\/03\/DAM_Suburbia_Miniplakat_311x441px_300dpi_260205_bearb-300x425.jpg 300w\" sizes=\"(max-width: 311px) 100vw, 311px\" \/><\/a><\/li>\t\t<\/ul>\n<\/li>\t<\/ul>\n<\/li><li class=\"mega-menu-row\" id=\"mega-menu-6396-1\">\n\t<ul class=\"mega-sub-menu\" style='--columns:12' role='presentation'>\n<li class=\"mega-menu-column mega-menu-columns-5-of-12 mega-hide-on-mobile mega-hide-on-desktop\" style=\"--columns:12; --span:5\" id=\"mega-menu-6396-1-0\">\n\t\t<ul class=\"mega-sub-menu\">\n<li class=\"mega-menu-item mega-menu-item-type-widget widget_media_image mega-menu-item-media_image-10\" id=\"mega-menu-item-media_image-10\"><div style=\"width: 260px\" class=\"wp-caption alignnone\"><a href=\"\/0-0-ausstellung-02\/\"><img loading=\"lazy\" decoding=\"async\" width=\"250\" height=\"167\" src=\"https:\/\/dam-online.de\/wp-content\/uploads\/2019\/03\/3b9c3767-dam_dampreis2018_statuetten_foto_fritzphilipp-250x167.jpg\" class=\"image wp-image-6343  attachment-250x167 size-250x167\" alt=\"DAM Preis Statuetten \\ Foto: Fritz Philipp\" style=\"max-width: 100%; height: auto;\" srcset=\"https:\/\/dam-online.de\/wp-content\/uploads\/2019\/03\/3b9c3767-dam_dampreis2018_statuetten_foto_fritzphilipp-250x167.jpg 250w, https:\/\/dam-online.de\/wp-content\/uploads\/2019\/03\/3b9c3767-dam_dampreis2018_statuetten_foto_fritzphilipp-300x200.jpg 300w, https:\/\/dam-online.de\/wp-content\/uploads\/2019\/03\/3b9c3767-dam_dampreis2018_statuetten_foto_fritzphilipp-600x400.jpg 600w, https:\/\/dam-online.de\/wp-content\/uploads\/2019\/03\/3b9c3767-dam_dampreis2018_statuetten_foto_fritzphilipp-768x512.jpg 768w, https:\/\/dam-online.de\/wp-content\/uploads\/2019\/03\/3b9c3767-dam_dampreis2018_statuetten_foto_fritzphilipp-1030x687.jpg 1030w, https:\/\/dam-online.de\/wp-content\/uploads\/2019\/03\/3b9c3767-dam_dampreis2018_statuetten_foto_fritzphilipp-150x100.jpg 150w, https:\/\/dam-online.de\/wp-content\/uploads\/2019\/03\/3b9c3767-dam_dampreis2018_statuetten_foto_fritzphilipp-350x233.jpg 350w, https:\/\/dam-online.de\/wp-content\/uploads\/2019\/03\/3b9c3767-dam_dampreis2018_statuetten_foto_fritzphilipp-1080x720.jpg 1080w, https:\/\/dam-online.de\/wp-content\/uploads\/2019\/03\/3b9c3767-dam_dampreis2018_statuetten_foto_fritzphilipp.jpg 1600w\" sizes=\"(max-width: 250px) 100vw, 250px\" \/><\/a><p class=\"wp-caption-text\">Foto: Fritz Philipp<\/p><\/div><\/li><li class=\"mega-menu-item mega-menu-item-type-widget widget_divi_pb_widget mega-menu-item-divi_pb_widget-4\" id=\"mega-menu-item-divi_pb_widget-4\">[et_pb_text admin_label=\"DAM Mega-Menu Post Item\" _builder_version=\"3.21.1\" text_line_height_last_edited=\"off|\" saved_tabs=\"all\" animation_duration=\"250ms\" link_text_align=\"\" ul_text_align=\"\" ol_text_align=\"\" quote_text_align=\"\" header_text_align=\"\" header_2_text_align=\"\" header_3_text_align=\"\" header_4_text_align=\"\" header_5_text_align=\"\" header_6_text_align=\"\" module_alignment=\"\" text_text_shadow_horizontal_length=\"\" text_text_shadow_vertical_length=\"\" text_text_shadow_blur_strength=\"\" link_text_shadow_horizontal_length=\"\" link_text_shadow_vertical_length=\"\" link_text_shadow_blur_strength=\"\" ul_text_shadow_horizontal_length=\"\" ul_text_shadow_vertical_length=\"\" ul_text_shadow_blur_strength=\"\" ol_text_shadow_horizontal_length=\"\" ol_text_shadow_vertical_length=\"\" ol_text_shadow_blur_strength=\"\" quote_text_shadow_horizontal_length=\"\" quote_text_shadow_vertical_length=\"\" quote_text_shadow_blur_strength=\"\" header_text_shadow_horizontal_length=\"\" header_text_shadow_vertical_length=\"\" header_text_shadow_blur_strength=\"\" header_2_text_shadow_horizontal_length=\"\" header_2_text_shadow_vertical_length=\"\" header_2_text_shadow_blur_strength=\"\" header_3_text_shadow_horizontal_length=\"\" header_3_text_shadow_vertical_length=\"\" header_3_text_shadow_blur_strength=\"\" header_4_text_shadow_horizontal_length=\"\" header_4_text_shadow_vertical_length=\"\" header_4_text_shadow_blur_strength=\"\" header_5_text_shadow_horizontal_length=\"\" header_5_text_shadow_vertical_length=\"\" header_5_text_shadow_blur_strength=\"\" header_6_text_shadow_horizontal_length=\"\" header_6_text_shadow_vertical_length=\"\" header_6_text_shadow_blur_strength=\"\" collapsed=\"on\" template_type=\"module\" z_index_tablet=\"500\"]\r\n\r\n<div class=\"ecs-no-events\">There are no upcoming Veranstaltungen.<\/div>\r\n\r\n<!--[ecs-list-events cat=\"Ausstellung\" tag=\"mega-menu\" tag_cat_operator='AND' exclude_cat='Architekturpreis, Veranstaltung, Vermittlung']-->\r\n\r\n<!--[ecs-list-events cat=\"Ausstellung\" tag=\"mega-menu\" tag_cat_operator='AND']-->\r\n\r\n<!-- [ecs-list-events cat=\"Ausstellung\" titlesize=\"16px\" limit=\"1\" description=\"false\" tag=\"mega-menu\" venue=\"false\"] design=\"columns\" design=\"table\" thumb='true' thumbwidth='150' thumbheight='150' futureonly='true' featured_only='true' excerpt=\"true\" description=\"true\" raw_description=\"true\" -->\r\n\r\n[\/et_pb_text]<\/li><li class=\"mega-menu-item mega-menu-item-type-widget widget_divi_pb_widget mega-menu-item-divi_pb_widget-5\" id=\"mega-menu-item-divi_pb_widget-5\">[et_pb_text admin_label=\"DAM Mega-Menu Event Preis\" _builder_version=\"3.21.1\" saved_tabs=\"all\" text_text_shadow_horizontal_length=\"\" text_text_shadow_vertical_length=\"\" text_text_shadow_blur_strength=\"\" link_text_align=\"\" link_text_shadow_horizontal_length=\"\" link_text_shadow_vertical_length=\"\" link_text_shadow_blur_strength=\"\" ul_text_align=\"\" ul_text_shadow_horizontal_length=\"\" ul_text_shadow_vertical_length=\"\" ul_text_shadow_blur_strength=\"\" ol_text_align=\"\" ol_text_shadow_horizontal_length=\"\" ol_text_shadow_vertical_length=\"\" ol_text_shadow_blur_strength=\"\" quote_text_align=\"\" quote_text_shadow_horizontal_length=\"\" quote_text_shadow_vertical_length=\"\" quote_text_shadow_blur_strength=\"\" header_text_align=\"\" header_text_shadow_horizontal_length=\"\" header_text_shadow_vertical_length=\"\" header_text_shadow_blur_strength=\"\" header_2_text_align=\"\" header_2_text_shadow_horizontal_length=\"\" header_2_text_shadow_vertical_length=\"\" header_2_text_shadow_blur_strength=\"\" header_3_text_align=\"\" header_3_text_shadow_horizontal_length=\"\" header_3_text_shadow_vertical_length=\"\" header_3_text_shadow_blur_strength=\"\" header_4_text_align=\"\" header_4_text_shadow_horizontal_length=\"\" header_4_text_shadow_vertical_length=\"\" header_4_text_shadow_blur_strength=\"\" header_5_text_align=\"\" header_5_text_shadow_horizontal_length=\"\" header_5_text_shadow_vertical_length=\"\" header_5_text_shadow_blur_strength=\"\" header_6_text_align=\"\" header_6_text_shadow_horizontal_length=\"\" header_6_text_shadow_vertical_length=\"\" header_6_text_shadow_blur_strength=\"\" module_alignment=\"\" template_type=\"module\" z_index_tablet=\"500\"]\r\n\r\n<div class=\"ecs-no-events\">There are no upcoming Veranstaltungen.<\/div>\r\n<!--\r\n[ecs-list-events cat=\"Architekturpreis\" tag=\"mega-menu\" tag_cat_operator='AND']\r\n\r\n[ecs-list-events cat=\"Ausstellung\" titlesize=\"16px\" limit=\"1\" description=\"false\" tag=\"mega-menu\" venue=\"false\"]\r\ndesign=\"columns\"\r\ndesign=\"table\"\r\nthumb='true' thumbwidth='150' thumbheight='150'\r\nfutureonly='true'\r\nfeatured_only='true'\r\nexcerpt=\"true\" description=\"true\" raw_description=\"true\"\r\n-->\r\n\r\n[\/et_pb_text]<\/li><li class=\"mega-menu-item mega-menu-item-type-widget widget_custom_html mega-menu-item-custom_html-10\" id=\"mega-menu-item-custom_html-10\"><h4 class=\"mega-block-title\">Architekturpreise aktuell:<\/h4><div class=\"textwidget custom-html-widget\"><\/div><\/li><li class=\"mega-menu-item mega-menu-item-type-widget widget_custom_html mega-menu-item-custom_html-11\" id=\"mega-menu-item-custom_html-11\"><div class=\"textwidget custom-html-widget\"><br><\/div><\/li><li class=\"mega-menu-item mega-menu-item-type-widget widget_custom_html mega-menu-item-custom_html-25\" id=\"mega-menu-item-custom_html-25\"><h4 class=\"mega-block-title\">N\u00e4chste Veranstaltung:<\/h4><div class=\"textwidget custom-html-widget\">NEUER MENSCH, NEUE WOHNUNG\r\n<br>\r\n<\/div><\/li><li class=\"mega-menu-item mega-menu-item-type-widget widget_media_image mega-menu-item-media_image-11\" id=\"mega-menu-item-media_image-11\"><a href=\"\/veranstaltung\/neuer-mensch-neue-wohnung\/\"><img loading=\"lazy\" decoding=\"async\" width=\"251\" height=\"148\" src=\"https:\/\/dam-online.de\/wp-content\/uploads\/2019\/03\/9eac226e-flyout_klein_190308_programm_veranstaltung.jpg\" class=\"image wp-image-6443  attachment-251x148 size-251x148\" alt=\"\" style=\"max-width: 100%; height: auto;\" srcset=\"https:\/\/dam-online.de\/wp-content\/uploads\/2019\/03\/9eac226e-flyout_klein_190308_programm_veranstaltung.jpg 281w, https:\/\/dam-online.de\/wp-content\/uploads\/2019\/03\/9eac226e-flyout_klein_190308_programm_veranstaltung-150x89.jpg 150w, https:\/\/dam-online.de\/wp-content\/uploads\/2019\/03\/9eac226e-flyout_klein_190308_programm_veranstaltung-250x148.jpg 250w\" sizes=\"(max-width: 251px) 100vw, 251px\" \/><\/a><\/li><li class=\"mega-menu-item mega-menu-item-type-widget widget_custom_html mega-menu-item-custom_html-26\" id=\"mega-menu-item-custom_html-26\"><div class=\"textwidget custom-html-widget\">\t\t<br><\/div><\/li>\t\t<\/ul>\n<\/li>\t<\/ul>\n<\/li><li class=\"mega-menu-row\" id=\"mega-menu-6396-2\">\n\t<ul class=\"mega-sub-menu\" style='--columns:12' role='presentation'>\n<li class=\"mega-menu-column mega-menu-columns-3-of-12\" style=\"--columns:12; --span:3\" id=\"mega-menu-6396-2-0\">\n\t\t<ul class=\"mega-sub-menu\">\n<li class=\"mega-dam-im-stadtraum mega-menu-item mega-menu-item-type-post_type mega-menu-item-object-page mega-menu-item-55837 dam-im-stadtraum\" id=\"mega-menu-item-55837\"><a class=\"mega-menu-link\" href=\"https:\/\/dam-online.de\/programm\/dam-im-stadtraum\/\">DAM im Stadtraum<\/a><\/li>\t\t<\/ul>\n<\/li>\t<\/ul>\n<\/li><\/ul>\n<\/li><li class=\"mega-menu-item mega-menu-item-type-custom mega-menu-item-object-custom mega-menu-item-has-children mega-menu-megamenu mega-menu-grid mega-align-bottom-left mega-menu-grid mega-menu-item-6397\" id=\"mega-menu-item-6397\"><a class=\"mega-menu-link\" href=\"\/bildung\" aria-expanded=\"false\" aria-controls=\"mega-sub-menu-6397\">Bildung<span class=\"mega-indicator\" aria-hidden=\"true\"><\/span><\/a>\n<ul class=\"mega-sub-menu\" role='presentation' id='mega-sub-menu-6397'>\n<li class=\"mega-menu-row\" id=\"mega-menu-6397-0\">\n\t<ul class=\"mega-sub-menu\" style='--columns:12' role='presentation'>\n<li class=\"mega-menu-column mega-menu-columns-4-of-12\" style=\"--columns:12; --span:4\" id=\"mega-menu-6397-0-0\">\n\t\t<ul class=\"mega-sub-menu\">\n<li class=\"mega-menu-item mega-menu-item-type-post_type mega-menu-item-object-page mega-menu-item-36948\" id=\"mega-menu-item-36948\"><a class=\"mega-menu-link\" href=\"https:\/\/dam-online.de\/bildung\/programm\/erwachsene\/\">Erwachsene<\/a><\/li><li class=\"mega-menu-item mega-menu-item-type-custom mega-menu-item-object-custom mega-menu-item-36945\" id=\"mega-menu-item-36945\"><a class=\"mega-menu-link\" href=\"\/bildung\/programm\/kinder-jugendliche-familie\">Kinder, Jugendliche & Familien<\/a><\/li><li class=\"mega-menu-item mega-menu-item-type-custom mega-menu-item-object-custom mega-menu-item-36946\" id=\"mega-menu-item-36946\"><a class=\"mega-menu-link\" href=\"\/bildung\/programm\/schule-kita\">Schule & Kita<\/a><\/li><li class=\"mega-menu-item mega-menu-item-type-post_type mega-menu-item-object-page mega-menu-item-6476\" id=\"mega-menu-item-6476\"><a class=\"mega-menu-link\" href=\"https:\/\/dam-online.de\/bildung\/fuehrungen-touren\/\">F\u00fchrungen &amp; Touren<\/a><\/li><li class=\"mega-menu-item mega-menu-item-type-post_type mega-menu-item-object-page mega-menu-item-6472\" id=\"mega-menu-item-6472\"><a class=\"mega-menu-link\" href=\"https:\/\/dam-online.de\/bildung\/publikationen\/\">Publikationen<\/a><\/li><li class=\"mega-menu-item mega-menu-item-type-post_type mega-menu-item-object-page mega-menu-item-6473\" id=\"mega-menu-item-6473\"><a class=\"mega-menu-link\" href=\"https:\/\/dam-online.de\/bildung\/ansprechpartner\/\">Ansprechpartner<\/a><\/li>\t\t<\/ul>\n<\/li><li class=\"mega-menu-column mega-menu-columns-4-of-12\" style=\"--columns:12; --span:4\" id=\"mega-menu-6397-0-1\">\n\t\t<ul class=\"mega-sub-menu\">\n<li class=\"mega-menu-item mega-menu-item-type-widget widget_custom_html mega-menu-item-custom_html-12\" id=\"mega-menu-item-custom_html-12\"><h4 class=\"mega-block-title\">Kontakt<\/h4><div class=\"textwidget custom-html-widget\"><p>\r\nConfiyet Aydin, M.A.<br>\r\nStellvertretende Leitung Bildung und Vermittlung<a href=\"mailto:confiyet.aydin@stadt-frankfurt.de\">confiyet.aydin@stadt-frankfurt.de<\/a><a href=\"tel:+49 6921231076\">T +49 (0)69 212-31076<\/a>\r\n<\/p>\r\n\r\n<!--\r\n<p>\r\nRebekka Kremershof<br>\r\nLeitung Bildung und Vermittlung<br>\r\n\t<a href=\"mailto:rebekka.kremershof@stadt-frankfurt.de\">rebekka.kremershof@stadt-frankfurt.de<\/a>\r\n\tT +49 (0)69 212-31076<br>\r\n<\/p>\r\n--><\/div><\/li><li class=\"mega-menu-item mega-menu-item-type-widget widget_custom_html mega-menu-item-custom_html-41\" id=\"mega-menu-item-custom_html-41\"><h4 class=\"mega-block-title\">N\u00e4chste Veranstaltung<\/h4><div class=\"textwidget custom-html-widget\"><!--[ecs-list-events design=\"dam_ecs_events\" tag=\"mega-menu-vermittlung\" tag_cat_operator='AND'\r\nthumb='true' thumbwidth='300' thumbheight='210']-->\r\n\r\n<style>.compact.compact-2 .ecs-event .ecs-event-status.ecs-event-status-canceled, .compact.compact-2 .ecs-event-status.ecs-event-status-postponed {color:#DA394D;}.ecs-events.compact.compact-2 {display:table;border-spacing:5px;}.compact.compact-2 .ecs-event {width:100%;display:table-row;margin-bottom:5px;height:75px;}.compact.compact-2 .ecs-event .date_thumb {width:80px;display:table-cell;text-align:center;vertical-align:middle;background-color:#eeeeee;color:#050505;}.compact.compact-2 .ecs-event .date_thumb .month {font-size:16px;text-transform:uppercase;margin:0;padding:0;line-height:1;}.compact.compact-2 .ecs-event .date_thumb .day {font-size:26px;font-weight:bold;margin:0;padding:0;line-height:1;}.compact.compact-2 .ecs-event .summary, .compact .ecs-event .ecs-thumbnail, .compact .ecs-event .ecs-button {display:table-cell;vertical-align:middle;}.ecs-events.compact.compact-2 .ecs-button a {background-color:#666;background-image:none;border-radius:3px;border:0;box-shadow:none;color: #fff;cursor: pointer;display: inline-block;font-size: 11px;font-weight: 700;letter-spacing: 1px;line-height: normal;padding: 6px 9px;text-align: center;text-decoration:none;text-transform:uppercase;vertical-align:middle;zoom:1;white-space:nowrap;}.compact.compact-2 .ecs-event .ecs-button {padding-left:10px;}.compact.compact-2 .ecs-event .ecs-thumbnail img {max-width:none;display:table-cell;margin:0;padding:0;}.compact.compact-2 .ecs-event .ecs-excerpt {margin-top: 5px;}<\/style><div class=\"ecs-events compact compact-2\"><div class=\"ecs-event veranstaltung-en_ecs_category vermittlung-en_ecs_category\"><div class=\"ecs-thumbnail\"><img loading=\"lazy\" decoding=\"async\" width=\"263\" height=\"210\" src=\"https:\/\/dam-online.de\/wp-content\/uploads\/2026\/03\/DAM_SUBURBIA_Angela-Strassheim_Elsa.jpg\" class=\"attachment-300x210 size-300x210 wp-post-image\" alt=\"\" \/><\/div><div class=\"summary\"><a href=\"https:\/\/dam-online.de\/en\/veranstaltung\/after-work-fuehrung-suburbia-29-04\/\" rel=\"bookmark\">After Work F\u00fchrung SUBURBIA<\/a><div class=\"ecs-date\"><span class=\"tribe-event-date-start\">29. April \u2013 17:00<\/span><\/div><\/div><\/div><div class=\"ecs-event kinder-jugendliche-familien-en_ecs_category veranstaltung-en_ecs_category\"><div class=\"ecs-thumbnail\"><img loading=\"lazy\" decoding=\"async\" width=\"300\" height=\"200\" src=\"https:\/\/dam-online.de\/wp-content\/uploads\/2023\/06\/DAM_Familienfuehrung_Foto_MaximilianvonLachner_3198.jpg\" class=\"attachment-300x210 size-300x210 wp-post-image\" alt=\"\" srcset=\"https:\/\/dam-online.de\/wp-content\/uploads\/2023\/06\/DAM_Familienfuehrung_Foto_MaximilianvonLachner_3198.jpg 1600w, https:\/\/dam-online.de\/wp-content\/uploads\/2023\/06\/DAM_Familienfuehrung_Foto_MaximilianvonLachner_3198-300x200.jpg 300w, https:\/\/dam-online.de\/wp-content\/uploads\/2023\/06\/DAM_Familienfuehrung_Foto_MaximilianvonLachner_3198-1030x687.jpg 1030w, https:\/\/dam-online.de\/wp-content\/uploads\/2023\/06\/DAM_Familienfuehrung_Foto_MaximilianvonLachner_3198-768x512.jpg 768w, https:\/\/dam-online.de\/wp-content\/uploads\/2023\/06\/DAM_Familienfuehrung_Foto_MaximilianvonLachner_3198-1536x1024.jpg 1536w, https:\/\/dam-online.de\/wp-content\/uploads\/2023\/06\/DAM_Familienfuehrung_Foto_MaximilianvonLachner_3198-1080x720.jpg 1080w, https:\/\/dam-online.de\/wp-content\/uploads\/2023\/06\/DAM_Familienfuehrung_Foto_MaximilianvonLachner_3198-600x400.jpg 600w\" sizes=\"(max-width: 300px) 100vw, 300px\" \/><\/div><div class=\"summary\"><a href=\"https:\/\/dam-online.de\/en\/veranstaltung\/familienfuehrung-die-stadt-ist-der-sport-staedte-in-bewegung-beispiele-aus-ganz-europa-2-2\/\" rel=\"bookmark\">Familienf\u00fchrung: Die Stadt ist der Sport \u2013 St\u00e4dte in Bewegung: Beispiele aus ganz Europa<\/a><div class=\"ecs-date\"><span class=\"tribe-event-date-start\">3. May \u2013 13:00<\/span> \u2013 <span class=\"tribe-event-time\">14:00<\/span><\/div><\/div><\/div><\/div><script type=\"application\/ld+json\">\r\n[{\"@context\":\"http:\/\/schema.org\",\"@type\":\"Event\",\"name\":\"After Work F\\u00fchrung SUBURBIA\",\"description\":\"&lt;p&gt;Anna Scheuermann, Architektin und Kuratorin, nimmt Sie mit auf einen Rundgang durch die Ausstellung SUBURBIA. Die Teilnahme ist im Museumseintritt inbegriffen.&lt;\/p&gt;\\\\n\",\"image\":\"https:\/\/dam-online.de\/wp-content\/uploads\/2026\/03\/DAM_SUBURBIA_Angela-Strassheim_Elsa.jpg\",\"url\":\"https:\/\/dam-online.de\/en\/veranstaltung\/after-work-fuehrung-suburbia-29-04\/\",\"eventAttendanceMode\":\"https:\/\/schema.org\/OfflineEventAttendanceMode\",\"eventStatus\":\"https:\/\/schema.org\/EventScheduled\",\"startDate\":\"2026-04-29T17:00:00+02:00\",\"endDate\":\"2026-04-29T17:00:00+02:00\",\"location\":{\"@type\":\"Place\",\"name\":\"Deutsches Architekturmuseum (DAM)\",\"description\":\"\",\"url\":\"https:\/\/dam-online.de\/ort\/dam\/\",\"address\":{\"@type\":\"PostalAddress\",\"streetAddress\":\"Schaumainkai 43\",\"addressLocality\":\"Frankfurt \/ M.\",\"addressRegion\":\"Hessen\",\"postalCode\":\"D-60596\"},\"telephone\":\"+49 (0)69 212-38844\",\"sameAs\":\"\"},\"performer\":\"Organization\"},{\"@context\":\"http:\/\/schema.org\",\"@type\":\"Event\",\"name\":\"Familienf\\u00fchrung: Die Stadt ist der Sport \\u2013 St\\u00e4dte in Bewegung: Beispiele aus ganz Europa\",\"description\":\"&lt;p&gt;Wie kann man als Elternteil gemeinsam mit Kindern unterschiedlichen Alters ins Museum gehen, so dass es f\\u00fcr alle Beteiligten ein sch\\u00f6nes Erlebnis wird?&lt;\/p&gt;\\\\n\",\"image\":\"https:\/\/dam-online.de\/wp-content\/uploads\/2023\/06\/DAM_Familienfuehrung_Foto_MaximilianvonLachner_3198.jpg\",\"url\":\"https:\/\/dam-online.de\/en\/veranstaltung\/familienfuehrung-die-stadt-ist-der-sport-staedte-in-bewegung-beispiele-aus-ganz-europa-2-2\/\",\"eventAttendanceMode\":\"https:\/\/schema.org\/OfflineEventAttendanceMode\",\"eventStatus\":\"https:\/\/schema.org\/EventScheduled\",\"startDate\":\"2026-05-03T13:00:00+02:00\",\"endDate\":\"2026-05-03T14:00:00+02:00\",\"location\":{\"@type\":\"Place\",\"name\":\"DAM Schaumainkai\",\"description\":\"\",\"url\":\"https:\/\/dam-online.de\/ort\/dam-schaumainkai\/\",\"address\":{\"@type\":\"PostalAddress\"},\"telephone\":\"\",\"sameAs\":\"\"},\"performer\":\"Organization\"}]\r\n<\/script>\r\n\r\n  <!--<p>\r\n\t\t\t[ecs-list-events design=\"compact\" tag=\"mega-menu-vermittlung\" tag_cat_operator='AND' exclude_cat='Architekturpreis, Ausstellung' thumb='true' thumbwidth='300' thumbheight='210' contentorder=\"date_thumb, thumbnail, title, date, venue, time, excerpt, button\" eventdetails=\"true\"]\r\n\t\t<\/p>--><\/div><\/li>\t\t<\/ul>\n<\/li><li class=\"mega-menu-column mega-menu-columns-4-of-12\" style=\"--columns:12; --span:4\" id=\"mega-menu-6397-0-2\">\n\t\t<ul class=\"mega-sub-menu\">\n<li class=\"mega-menu-item mega-menu-item-type-widget widget_media_image mega-menu-item-media_image-14\" id=\"mega-menu-item-media_image-14\"><a href=\"\/bildung\"><img loading=\"lazy\" decoding=\"async\" width=\"311\" height=\"441\" src=\"https:\/\/dam-online.de\/wp-content\/uploads\/2022\/02\/DAM_Vermittlung_FlyOutMenue_Miniplakat_311x441px_220215_03.jpg\" class=\"image wp-image-36697  attachment-full size-full\" alt=\"\" style=\"max-width: 100%; height: auto;\" srcset=\"https:\/\/dam-online.de\/wp-content\/uploads\/2022\/02\/DAM_Vermittlung_FlyOutMenue_Miniplakat_311x441px_220215_03.jpg 311w, https:\/\/dam-online.de\/wp-content\/uploads\/2022\/02\/DAM_Vermittlung_FlyOutMenue_Miniplakat_311x441px_220215_03-300x425.jpg 300w, https:\/\/dam-online.de\/wp-content\/uploads\/2022\/02\/DAM_Vermittlung_FlyOutMenue_Miniplakat_311x441px_220215_03-212x300.jpg 212w, https:\/\/dam-online.de\/wp-content\/uploads\/2022\/02\/DAM_Vermittlung_FlyOutMenue_Miniplakat_311x441px_220215_03-150x213.jpg 150w, https:\/\/dam-online.de\/wp-content\/uploads\/2022\/02\/DAM_Vermittlung_FlyOutMenue_Miniplakat_311x441px_220215_03-250x355.jpg 250w\" sizes=\"(max-width: 311px) 100vw, 311px\" \/><\/a><\/li>\t\t<\/ul>\n<\/li>\t<\/ul>\n<\/li><li class=\"mega-menu-row\" id=\"mega-menu-6397-1\">\n\t<ul class=\"mega-sub-menu\" style='--columns:12' role='presentation'>\n<li class=\"mega-menu-column mega-menu-columns-4-of-12 mega-hide-on-mobile mega-hide-on-desktop\" style=\"--columns:12; --span:4\" id=\"mega-menu-6397-1-0\">\n\t\t<ul class=\"mega-sub-menu\">\n<li class=\"mega-menu-item mega-menu-item-type-widget widget_media_image mega-menu-item-media_image-13\" id=\"mega-menu-item-media_image-13\"><h4 class=\"mega-block-title\">N\u00e4chste Veranstaltung<\/h4><a href=\"\/bildung\"><img loading=\"lazy\" decoding=\"async\" width=\"281\" height=\"166\" src=\"https:\/\/dam-online.de\/wp-content\/uploads\/2019\/03\/88dad958-flyout_klein_190308_bildung_veranstaltung.jpg\" class=\"image wp-image-6447  attachment-full size-full\" alt=\"\" style=\"max-width: 100%; height: auto;\" srcset=\"https:\/\/dam-online.de\/wp-content\/uploads\/2019\/03\/88dad958-flyout_klein_190308_bildung_veranstaltung.jpg 281w, https:\/\/dam-online.de\/wp-content\/uploads\/2019\/03\/88dad958-flyout_klein_190308_bildung_veranstaltung-150x89.jpg 150w, https:\/\/dam-online.de\/wp-content\/uploads\/2019\/03\/88dad958-flyout_klein_190308_bildung_veranstaltung-250x148.jpg 250w\" sizes=\"(max-width: 281px) 100vw, 281px\" \/><\/a><\/li>\t\t<\/ul>\n<\/li>\t<\/ul>\n<\/li><\/ul>\n<\/li><li class=\"mega-menu-item mega-menu-item-type-custom mega-menu-item-object-custom mega-menu-item-has-children mega-menu-megamenu mega-menu-grid mega-align-bottom-left mega-menu-grid mega-menu-item-6398\" id=\"mega-menu-item-6398\"><a class=\"mega-menu-link\" href=\"\/sammlungen\" aria-expanded=\"false\" aria-controls=\"mega-sub-menu-6398\">Sammlungen<span class=\"mega-indicator\" aria-hidden=\"true\"><\/span><\/a>\n<ul class=\"mega-sub-menu\" role='presentation' id='mega-sub-menu-6398'>\n<li class=\"mega-menu-row\" id=\"mega-menu-6398-0\">\n\t<ul class=\"mega-sub-menu\" style='--columns:12' role='presentation'>\n<li class=\"mega-menu-column mega-menu-columns-4-of-12\" style=\"--columns:12; --span:4\" id=\"mega-menu-6398-0-0\">\n\t\t<ul class=\"mega-sub-menu\">\n<li class=\"mega-menu-item mega-menu-item-type-post_type mega-menu-item-object-page mega-menu-item-6469\" id=\"mega-menu-item-6469\"><a class=\"mega-menu-link\" href=\"https:\/\/dam-online.de\/sammlungen\/dam-archiv\/\">DAM Archiv<\/a><\/li><li class=\"mega-menu-item mega-menu-item-type-post_type mega-menu-item-object-page mega-menu-item-6471\" id=\"mega-menu-item-6471\"><a class=\"mega-menu-link\" href=\"https:\/\/dam-online.de\/sammlungen\/sammlung-digital\/\">DAM Sammlung Digital<\/a><\/li><li class=\"mega-menu-item mega-menu-item-type-post_type mega-menu-item-object-page mega-menu-item-6470\" id=\"mega-menu-item-6470\"><a class=\"mega-menu-link\" href=\"https:\/\/dam-online.de\/sammlungen\/dam-bibliothek\/\">DAM Bibliothek<\/a><\/li>\t\t<\/ul>\n<\/li><li class=\"mega-menu-column mega-menu-columns-4-of-12\" style=\"--columns:12; --span:4\" id=\"mega-menu-6398-0-1\">\n\t\t<ul class=\"mega-sub-menu\">\n<li class=\"mega-menu-item mega-menu-item-type-widget widget_custom_html mega-menu-item-custom_html-15\" id=\"mega-menu-item-custom_html-15\"><h4 class=\"mega-block-title\">DAM Archiv<\/h4><div class=\"textwidget custom-html-widget\">\t\t\t\t<p>\r\n\t\t\t\tHedderichstra\u00dfe 108-110<br>\r\n\t\t\t\t60596 Frankfurt am Main<br>\r\n\t\t\t\t<a href=\"mailto:dam.archiv@stadt-frankfurt.de\">dam.archiv@stadt-frankfurt.de<\/a>\r\n\t\t\t\t<\/p>\r\n\t\t\t\t<p>\r\n\t\t\t\tArchivleitung<br>\r\n\t\t\t\tDr. Katja Leiskau<br>\r\n\t\t\t\t<a href=\"mailto:dam.archiv@stadt-frankfurt.de\">dam.archiv@stadt-frankfurt.de<\/a>\r\n\t\t\t\tT +49 (0)69 212-30831<br>\r\n\t\t\t\t<\/p>\r\n\t\t\t\t<br>\r\n\t\t\t\t<\/div><\/li><li class=\"mega-menu-item mega-menu-item-type-widget widget_custom_html mega-menu-item-custom_html-16\" id=\"mega-menu-item-custom_html-16\"><h4 class=\"mega-block-title\">DAM Bibliothek<\/h4><div class=\"textwidget custom-html-widget\">\t\t\t<p>\r\n\t\t\t\tHedderichstra\u00dfe 108-110<br>\r\n\t\t\t\t60596 Frankfurt am Main<br>\r\n\t\t\t\t<a href=\"mailto:dam.bibliothek@stadt-frankfurt.de\">dam.bibliothek@stadt-frankfurt.de<\/a>\r\n\t\t\t<\/p>\r\n\t\t\t<p>\r\n\t\t\t\tChristiane Eulig,<br>\r\n\t\t\t\tBibliothekarin<br>\r\n\t\t\t\tT +49 (0)69 212-30827<br>\r\n\t\t\t\t<a href=\"mailto:christiane.eulig@stadt-frankfurt.de\">christiane.eulig@stadt-frankfurt.de<\/a>\r\n\t\t\t<\/p><\/div><\/li>\t\t<\/ul>\n<\/li><li class=\"mega-menu-column mega-menu-columns-4-of-12\" style=\"--columns:12; --span:4\" id=\"mega-menu-6398-0-2\">\n\t\t<ul class=\"mega-sub-menu\">\n<li class=\"mega-menu-item mega-menu-item-type-widget widget_media_image mega-menu-item-media_image-15\" id=\"mega-menu-item-media_image-15\"><a href=\"\/sammlungen\/sammlung-digital\/\"><img loading=\"lazy\" decoding=\"async\" width=\"311\" height=\"441\" src=\"https:\/\/dam-online.de\/wp-content\/uploads\/2026\/02\/DAM_Sammler_Miniplakat_311x441px_72dpi_251112_01.jpg\" class=\"image wp-image-64467  attachment-full size-full\" alt=\"\" style=\"max-width: 100%; height: auto;\" srcset=\"https:\/\/dam-online.de\/wp-content\/uploads\/2026\/02\/DAM_Sammler_Miniplakat_311x441px_72dpi_251112_01.jpg 311w, https:\/\/dam-online.de\/wp-content\/uploads\/2026\/02\/DAM_Sammler_Miniplakat_311x441px_72dpi_251112_01-212x300.jpg 212w, https:\/\/dam-online.de\/wp-content\/uploads\/2026\/02\/DAM_Sammler_Miniplakat_311x441px_72dpi_251112_01-150x213.jpg 150w, https:\/\/dam-online.de\/wp-content\/uploads\/2026\/02\/DAM_Sammler_Miniplakat_311x441px_72dpi_251112_01-250x355.jpg 250w, https:\/\/dam-online.de\/wp-content\/uploads\/2026\/02\/DAM_Sammler_Miniplakat_311x441px_72dpi_251112_01-300x425.jpg 300w\" sizes=\"(max-width: 311px) 100vw, 311px\" \/><\/a><\/li>\t\t<\/ul>\n<\/li>\t<\/ul>\n<\/li><\/ul>\n<\/li><li class=\"mega-menu-item mega-menu-item-type-custom mega-menu-item-object-custom mega-menu-item-has-children mega-menu-megamenu mega-menu-grid mega-align-bottom-left mega-menu-grid mega-menu-item-6399\" id=\"mega-menu-item-6399\"><a class=\"mega-menu-link\" href=\"\/das-dam\" aria-expanded=\"false\" aria-controls=\"mega-sub-menu-6399\">Das DAM<span class=\"mega-indicator\" aria-hidden=\"true\"><\/span><\/a>\n<ul class=\"mega-sub-menu\" role='presentation' id='mega-sub-menu-6399'>\n<li class=\"mega-menu-row\" id=\"mega-menu-6399-0\">\n\t<ul class=\"mega-sub-menu\" style='--columns:12' role='presentation'>\n<li class=\"mega-menu-column mega-menu-columns-4-of-12\" style=\"--columns:12; --span:4\" id=\"mega-menu-6399-0-0\">\n\t\t<ul class=\"mega-sub-menu\">\n<li class=\"mega-menu-item mega-menu-item-type-post_type mega-menu-item-object-page mega-menu-item-6451\" id=\"mega-menu-item-6451\"><a class=\"mega-menu-link\" href=\"https:\/\/dam-online.de\/das-dam\/portrait\/\">Portrait<\/a><\/li><li class=\"mega-menu-item mega-menu-item-type-post_type mega-menu-item-object-page mega-menu-item-6449\" id=\"mega-menu-item-6449\"><a class=\"mega-menu-link\" href=\"https:\/\/dam-online.de\/das-dam\/team\/\">Team<\/a><\/li><li class=\"mega-menu-item mega-menu-item-type-custom mega-menu-item-object-custom mega-menu-item-9783\" id=\"mega-menu-item-9783\"><a class=\"mega-menu-link\" href=\"\/das-dam\/freunde-des-dam\">Freunde des DAM<\/a><\/li><li class=\"mega-menu-item mega-menu-item-type-post_type mega-menu-item-object-page mega-menu-item-9700\" id=\"mega-menu-item-9700\"><a class=\"mega-menu-link\" href=\"https:\/\/dam-online.de\/das-dam\/engagement\/sponsoren-und-unterstuetzer\/\">Sponsoren und Unterst\u00fctzer<\/a><\/li><li class=\"mega-menu-item mega-menu-item-type-post_type mega-menu-item-object-page mega-menu-item-17198\" id=\"mega-menu-item-17198\"><a class=\"mega-menu-link\" href=\"https:\/\/dam-online.de\/das-dam\/jobs\/\">Jobs<\/a><\/li>\t\t<\/ul>\n<\/li><li class=\"mega-menu-column mega-menu-columns-4-of-12\" style=\"--columns:12; --span:4\" id=\"mega-menu-6399-0-1\">\n\t\t<ul class=\"mega-sub-menu\">\n<li class=\"mega-menu-item mega-menu-item-type-widget widget_media_image mega-menu-item-media_image-16\" id=\"mega-menu-item-media_image-16\"><a href=\"\/das-dam\/freunde-des-dam\"><img loading=\"lazy\" decoding=\"async\" width=\"614\" height=\"427\" src=\"https:\/\/dam-online.de\/wp-content\/uploads\/2019\/05\/06932a10-20190502_damfreunde_flyer_0008_bearb.jpg\" class=\"image wp-image-9601  attachment-full size-full\" alt=\"Flyer Freunde des DAM - Ausschnitt, Foto: Moritz Bernoully\" style=\"max-width: 100%; height: auto;\" srcset=\"https:\/\/dam-online.de\/wp-content\/uploads\/2019\/05\/06932a10-20190502_damfreunde_flyer_0008_bearb.jpg 614w, https:\/\/dam-online.de\/wp-content\/uploads\/2019\/05\/06932a10-20190502_damfreunde_flyer_0008_bearb-300x209.jpg 300w, https:\/\/dam-online.de\/wp-content\/uploads\/2019\/05\/06932a10-20190502_damfreunde_flyer_0008_bearb-600x417.jpg 600w, https:\/\/dam-online.de\/wp-content\/uploads\/2019\/05\/06932a10-20190502_damfreunde_flyer_0008_bearb-150x104.jpg 150w, https:\/\/dam-online.de\/wp-content\/uploads\/2019\/05\/06932a10-20190502_damfreunde_flyer_0008_bearb-250x174.jpg 250w, https:\/\/dam-online.de\/wp-content\/uploads\/2019\/05\/06932a10-20190502_damfreunde_flyer_0008_bearb-350x243.jpg 350w\" sizes=\"(max-width: 614px) 100vw, 614px\" \/><\/a><\/li><li class=\"mega-menu-item mega-menu-item-type-widget widget_custom_html mega-menu-item-custom_html-20\" id=\"mega-menu-item-custom_html-20\"><h4 class=\"mega-block-title\">Freund werden<\/h4><div class=\"textwidget custom-html-widget\"><\/div><\/li>\t\t<\/ul>\n<\/li><li class=\"mega-menu-column mega-menu-columns-4-of-12\" style=\"--columns:12; --span:4\" id=\"mega-menu-6399-0-2\">\n\t\t<ul class=\"mega-sub-menu\">\n<li class=\"mega-menu-item mega-menu-item-type-widget widget_media_image mega-menu-item-media_image-18\" id=\"mega-menu-item-media_image-18\"><a href=\"\/das-dam\/\"><img loading=\"lazy\" decoding=\"async\" width=\"311\" height=\"441\" src=\"https:\/\/dam-online.de\/wp-content\/uploads\/2019\/03\/2a01c6c3-dam_flyout_190308_hausimhaus_pfeil.jpg\" class=\"image wp-image-7243  attachment-full size-full\" alt=\"\" style=\"max-width: 100%; height: auto;\" srcset=\"https:\/\/dam-online.de\/wp-content\/uploads\/2019\/03\/2a01c6c3-dam_flyout_190308_hausimhaus_pfeil.jpg 311w, https:\/\/dam-online.de\/wp-content\/uploads\/2019\/03\/2a01c6c3-dam_flyout_190308_hausimhaus_pfeil-300x425.jpg 300w, https:\/\/dam-online.de\/wp-content\/uploads\/2019\/03\/2a01c6c3-dam_flyout_190308_hausimhaus_pfeil-212x300.jpg 212w, https:\/\/dam-online.de\/wp-content\/uploads\/2019\/03\/2a01c6c3-dam_flyout_190308_hausimhaus_pfeil-150x213.jpg 150w, https:\/\/dam-online.de\/wp-content\/uploads\/2019\/03\/2a01c6c3-dam_flyout_190308_hausimhaus_pfeil-250x355.jpg 250w\" sizes=\"(max-width: 311px) 100vw, 311px\" \/><\/a><\/li>\t\t<\/ul>\n<\/li>\t<\/ul>\n<\/li><li class=\"mega-menu-row\" id=\"mega-menu-6399-1\">\n\t<ul class=\"mega-sub-menu\" style='--columns:12' role='presentation'>\n<li class=\"mega-menu-column mega-menu-columns-3-of-12\" style=\"--columns:12; --span:3\" id=\"mega-menu-6399-1-0\"><\/li>\t<\/ul>\n<\/li><\/ul>\n<\/li><\/ul><\/div><\/p>\n<p>&nbsp;<br \/>\n[\/et_pb_text][\/et_pb_column][\/et_pb_row][\/et_pb_section][et_pb_section fb_built=&#8221;1&#8243; fullwidth=&#8221;on&#8221; _builder_version=&#8221;4.16&#8243; global_colors_info=&#8221;{}&#8221;][et_pb_fullwidth_image src=&#8221;https:\/\/dam-online.de\/wp-content\/uploads\/2019\/04\/7aac0ded-dam_archiv_foto_fritzphilipp_001.jpg&#8221; alt=&#8221;DAM Archiv  Foto: Fritz Philipp&#8221; title_text=&#8221;DAM Archiv&#8221; _builder_version=&#8221;4.16&#8243; z_index_tablet=&#8221;500&#8243; global_colors_info=&#8221;{}&#8221;][\/et_pb_fullwidth_image][\/et_pb_section][et_pb_section fb_built=&#8221;1&#8243; _builder_version=&#8221;4.16&#8243; global_colors_info=&#8221;{}&#8221;][et_pb_row _builder_version=&#8221;4.16&#8243; background_size=&#8221;initial&#8221; background_position=&#8221;top_left&#8221; background_repeat=&#8221;repeat&#8221; global_colors_info=&#8221;{}&#8221;][et_pb_column type=&#8221;4_4&#8243; _builder_version=&#8221;4.16&#8243; custom_padding=&#8221;|||&#8221; global_colors_info=&#8221;{}&#8221; custom_padding__hover=&#8221;|||&#8221;][et_pb_text admin_label=&#8221;Bereich&#8221; module_class=&#8221;bereich-titel&#8221; _builder_version=&#8221;4.16&#8243; z_index_tablet=&#8221;500&#8243; global_colors_info=&#8221;{}&#8221;]Collections<br \/>\n[\/et_pb_text][et_pb_text admin_label=&#8221;Titel&#8221; module_class=&#8221;oswald&#8221; _builder_version=&#8221;4.21.0&#8243; z_index_tablet=&#8221;500&#8243; global_colors_info=&#8221;{}&#8221;]<\/p>\n<p>A veritable treasure trove<\/p>\n<p>[\/et_pb_text][\/et_pb_column][\/et_pb_row][et_pb_row column_structure=&#8221;3_4,1_4&#8243; _builder_version=&#8221;4.16&#8243; background_size=&#8221;initial&#8221; background_position=&#8221;top_left&#8221; background_repeat=&#8221;repeat&#8221; global_colors_info=&#8221;{}&#8221;][et_pb_column type=&#8221;3_4&#8243; _builder_version=&#8221;4.16&#8243; custom_padding=&#8221;|||&#8221; global_colors_info=&#8221;{}&#8221; custom_padding__hover=&#8221;|||&#8221;][et_pb_text admin_label=&#8221;Beschreibung&#8221; _builder_version=&#8221;4.27.5&#8243; hover_enabled=&#8221;0&#8243; z_index_tablet=&#8221;500&#8243; global_colors_info=&#8221;{}&#8221; sticky_enabled=&#8221;0&#8243;]<\/p>\n<p>In the 1980s, DAM founding director Heinrich Klotz laid the foundation for a large and internationally oriented architecture collection, which today comprises around 250,000 plans and drawings, approximately 1,700 models, more than 60 bequests and estates, and 35,000 photographs. In the United States in the late 1960s, Klotz witnessed how important material from architects was carelessly thrown away after construction was completed. This prompted him to build up a collection that is still being expanded today: sketches, construction drawings and architectural models as testimonies to important architects.<\/p>\n<p>The new image database will gradually make the contents of the DAM archive visible online and enable location-independent research. In addition to the well-known objects from the former \u2018online model collection\u2019, drawings and sketches from the plan collection will also be presented there for the first time, and documents from the DAM&#8217;s estate archive will soon be added.<\/p>\n<p>[\/et_pb_text][\/et_pb_column][et_pb_column type=&#8221;1_4&#8243; _builder_version=&#8221;4.16&#8243; custom_padding=&#8221;|||&#8221; global_colors_info=&#8221;{}&#8221; custom_padding__hover=&#8221;|||&#8221;][\/et_pb_column][\/et_pb_row][et_pb_row column_structure=&#8221;3_4,1_4&#8243; _builder_version=&#8221;4.16&#8243; background_size=&#8221;initial&#8221; background_position=&#8221;top_left&#8221; background_repeat=&#8221;repeat&#8221; global_colors_info=&#8221;{}&#8221;][et_pb_column type=&#8221;3_4&#8243; _builder_version=&#8221;4.16&#8243; custom_padding=&#8221;|||&#8221; global_colors_info=&#8221;{}&#8221; custom_padding__hover=&#8221;|||&#8221;][et_pb_team_member _builder_version=&#8221;4.21.0&#8243; z_index_tablet=&#8221;500&#8243; header_text_shadow_horizontal_length_tablet=&#8221;0px&#8221; header_text_shadow_vertical_length_tablet=&#8221;0px&#8221; header_text_shadow_blur_strength_tablet=&#8221;1px&#8221; body_text_shadow_horizontal_length_tablet=&#8221;0px&#8221; body_text_shadow_vertical_length_tablet=&#8221;0px&#8221; body_text_shadow_blur_strength_tablet=&#8221;1px&#8221; position_text_shadow_horizontal_length_tablet=&#8221;0px&#8221; position_text_shadow_vertical_length_tablet=&#8221;0px&#8221; position_text_shadow_blur_strength_tablet=&#8221;1px&#8221; body_link_text_shadow_horizontal_length_tablet=&#8221;0px&#8221; body_link_text_shadow_vertical_length_tablet=&#8221;0px&#8221; body_link_text_shadow_blur_strength_tablet=&#8221;1px&#8221; body_ul_text_shadow_horizontal_length_tablet=&#8221;0px&#8221; body_ul_text_shadow_vertical_length_tablet=&#8221;0px&#8221; body_ul_text_shadow_blur_strength_tablet=&#8221;1px&#8221; body_ol_text_shadow_horizontal_length_tablet=&#8221;0px&#8221; body_ol_text_shadow_vertical_length_tablet=&#8221;0px&#8221; body_ol_text_shadow_blur_strength_tablet=&#8221;1px&#8221; body_quote_text_shadow_horizontal_length_tablet=&#8221;0px&#8221; body_quote_text_shadow_vertical_length_tablet=&#8221;0px&#8221; body_quote_text_shadow_blur_strength_tablet=&#8221;1px&#8221; box_shadow_horizontal_tablet=&#8221;0px&#8221; box_shadow_vertical_tablet=&#8221;0px&#8221; box_shadow_blur_tablet=&#8221;40px&#8221; box_shadow_spread_tablet=&#8221;0px&#8221; box_shadow_horizontal_image_tablet=&#8221;0px&#8221; box_shadow_vertical_image_tablet=&#8221;0px&#8221; box_shadow_blur_image_tablet=&#8221;40px&#8221; box_shadow_spread_image_tablet=&#8221;0px&#8221; text_shadow_horizontal_length_tablet=&#8221;0px&#8221; text_shadow_vertical_length_tablet=&#8221;0px&#8221; text_shadow_blur_strength_tablet=&#8221;1px&#8221; global_colors_info=&#8221;{}&#8221;]<\/p>\n<p><strong>Contact<\/strong><br \/>Please send a detailed written request to:<br \/><a href=\"mailto:dam.archiv@stadt-frankfurt.de\">dam.archiv@stadt-frankfurt.de<\/a><\/p>\n<p><strong>Adress<\/strong><br \/>Hedderichstra\u00dfe 108-110<br \/>60596 Frankfurt am Main<\/p>\n<p><strong>Leitung DAM Archiv<br \/><\/strong>Dr. Katja Leiskau<br \/><a href=\"mailto:katja.leiskau@stadt-frankfurt.de\">katja.leiskau@stadt-frankfurt.de<\/a><br \/><a href=\"tel:+496921231665\">T +49 (0)69 \u2013 212 30831<\/a><\/p>\n<p><em>The DAM archive is <strong>not generally accessible<\/strong>.<\/em><br \/><em>For research purposes, we allow you access to materials and objects in the collection upon request.<\/em><br \/><em>We are a small archive team with a wide range of tasks. Therefore, please allow about 14 days lead time for responding to research requests.<\/em><\/p>\n<p>[\/et_pb_team_member][\/et_pb_column][et_pb_column type=&#8221;1_4&#8243; _builder_version=&#8221;4.16&#8243; custom_padding=&#8221;|||&#8221; global_colors_info=&#8221;{}&#8221; custom_padding__hover=&#8221;|||&#8221;][\/et_pb_column][\/et_pb_row][\/et_pb_section][et_pb_section fb_built=&#8221;1&#8243; _builder_version=&#8221;4.16&#8243; background_image=&#8221;https:\/\/dam-online.de\/wp-content\/uploads\/2019\/01\/a36fbb8d-dam-archiv_fritz-philipp_4613.jpg&#8221; parallax=&#8221;on&#8221; z_index_tablet=&#8221;500&#8243; global_colors_info=&#8221;{}&#8221;][et_pb_row admin_label=&#8221;DAM_Bild_Text_Row&#8221; module_id=&#8221;DAM_Bild_Text_Row&#8221; module_class=&#8221; et_pb_row_fullwidth et_pb_row_fullwidth et_pb_row_fullwidth&#8221; _builder_version=&#8221;4.16&#8243; background_size=&#8221;initial&#8221; background_blend=&#8221;multiply&#8221; width=&#8221;94%&#8221; width_tablet=&#8221;80%&#8221; width_phone=&#8221;&#8221; width_last_edited=&#8221;on|desktop&#8221; max_width=&#8221;94%&#8221; max_width_tablet=&#8221;80%&#8221; max_width_phone=&#8221;&#8221; max_width_last_edited=&#8221;on|desktop&#8221; make_fullwidth=&#8221;on&#8221; global_colors_info=&#8221;{}&#8221;][et_pb_column type=&#8221;4_4&#8243; _builder_version=&#8221;4.16&#8243; custom_padding=&#8221;|||&#8221; global_colors_info=&#8221;{}&#8221; custom_padding__hover=&#8221;|||&#8221;][et_pb_blurb title=&#8221;Architects A-Z&#8221; url=&#8221;https:\/\/dam-online.de\/en\/collections\/dam-collection\/architects-a-z\/&#8221; url_new_window=&#8221;on&#8221; image=&#8221;https:\/\/dam-online.de\/wp-content\/uploads\/2019\/01\/1129df64-jahn_124-002-008_kl.jpg&#8221; alt=&#8221;DAM Preis 2019 Bild #2&#8243; admin_label=&#8221;#1 &#8211; Bild quer, links \/ Text unten&#8221; _builder_version=&#8221;4.16&#8243; header_font=&#8221;Open Sans|800|||||||&#8221; header_text_color=&#8221;#ffffff&#8221; background_color=&#8221;rgba(0,0,0,0)&#8221; background_layout=&#8221;dark&#8221; max_width=&#8221;80%&#8221; module_alignment=&#8221;left&#8221; custom_margin=&#8221;||25px|&#8221; custom_padding=&#8221;||25px|&#8221; animation_style=&#8221;fade&#8221; animation=&#8221;off&#8221; link_option_url=&#8221;https:\/\/dam-online.de\/en\/collections\/dam-collection\/architects-a-z\/&#8221; link_option_url_new_window=&#8221;on&#8221; z_index_tablet=&#8221;500&#8243; border_width_all_image=&#8221;15px&#8221; border_color_all_image=&#8221;#ffffff&#8221; box_shadow_style_image=&#8221;preset1&#8243; box_shadow_color_image=&#8221;rgba(2,28,58,0.5)&#8221; text_shadow_style=&#8221;preset1&#8243; text_shadow_color=&#8221;rgba(2,28,58,0.5)&#8221; global_colors_info=&#8221;{}&#8221;]<span class=\"tlid-translation translation\" lang=\"en\"><span class=\"\" title=\"\">In the register &#8220;Architects A-Z&#8221; you can view and download basic data of the stock from our archive.<\/span><\/span><br \/>\n\u00a9 Photo: DAM<br \/>\n[\/et_pb_blurb][et_pb_blurb title=&#8221;Digital Collection&#8221; url=&#8221;https:\/\/sammlungen.dam-online.de\/&#8221; url_new_window=&#8221;on&#8221; image=&#8221;https:\/\/dam-online.de\/wp-content\/uploads\/2019\/01\/c2c3026c-dam-modellesammlung-hg-126-001-033_d.jpg&#8221; alt=&#8221;DAM Preis 2019 Bild #3&#8243; admin_label=&#8221;#2 &#8211; Bild quer, rechts \/ Text unten&#8221; _builder_version=&#8221;4.27.5&#8243; header_font=&#8221;Open Sans|800|||||||&#8221; header_text_align=&#8221;right&#8221; header_text_color=&#8221;#ffffff&#8221; background_color=&#8221;rgba(0,0,0,0)&#8221; text_orientation=&#8221;right&#8221; background_layout=&#8221;dark&#8221; max_width=&#8221;80%&#8221; module_alignment=&#8221;right&#8221; custom_margin=&#8221;||25px|&#8221; custom_padding=&#8221;||25px|&#8221; animation_style=&#8221;fade&#8221; animation=&#8221;off&#8221; link_option_url=&#8221;https:\/\/sammlungen.dam-online.de\/&#8221; link_option_url_new_window=&#8221;on&#8221; z_index_tablet=&#8221;500&#8243; border_width_all_image=&#8221;15px&#8221; border_color_all_image=&#8221;#ffffff&#8221; box_shadow_style_image=&#8221;preset1&#8243; box_shadow_color_image=&#8221;rgba(2,28,58,0.5)&#8221; text_shadow_style=&#8221;preset1&#8243; text_shadow_color=&#8221;rgba(2,28,58,0.5)&#8221; global_colors_info=&#8221;{}&#8221;]<\/p>\n<p>At the time of publication in February 2026, more than 3,800 objects can be viewed in the online database. New objects are constantly being added as soon as their processing status and legal status allow.<\/p>\n<p>\u00a9 Photo: Uwe Dettmar<\/p>\n<p>[\/et_pb_blurb][et_pb_blurb title=&#8221;Exhibitions series&#8221; url=&#8221;https:\/\/dam-online.de\/en\/collections\/dam-collection\/exhibition-series\/&#8221; url_new_window=&#8221;on&#8221; image=&#8221;https:\/\/dam-online.de\/wp-content\/uploads\/2019\/01\/7b7e279d-dam_die-immer-neue-altstadt_ausstellung_foto-moritz-bernoully-30-scaled.jpg&#8221; alt=&#8221;DAM Preis 2019 Bild #3&#8243; admin_label=&#8221;#3 &#8211; Bild quer, links \/ Text unten&#8221; _builder_version=&#8221;4.16&#8243; header_font=&#8221;Open Sans|800|||||||&#8221; header_text_align=&#8221;left&#8221; header_text_color=&#8221;#ffffff&#8221; background_color=&#8221;rgba(0,0,0,0)&#8221; background_layout=&#8221;dark&#8221; max_width=&#8221;80%&#8221; module_alignment=&#8221;left&#8221; custom_margin=&#8221;||25px|&#8221; custom_padding=&#8221;||25px|&#8221; animation_style=&#8221;fade&#8221; animation=&#8221;off&#8221; link_option_url=&#8221;https:\/\/dam-online.de\/en\/collections\/dam-collection\/exhibition-series\/&#8221; link_option_url_new_window=&#8221;on&#8221; z_index_tablet=&#8221;500&#8243; border_width_all_image=&#8221;15px&#8221; border_color_all_image=&#8221;#ffffff&#8221; box_shadow_style_image=&#8221;preset1&#8243; box_shadow_color_image=&#8221;rgba(2,28,58,0.5)&#8221; text_shadow_style=&#8221;preset1&#8243; text_shadow_color=&#8221;rgba(2,28,58,0.5)&#8221; global_colors_info=&#8221;{}&#8221;]In September 2006 Deutsches Architekturmuseum opened a series of chamber exhibitions showcasing in irregular intervals great and small treasures from the archive with OMA: Parc de la Villette.<br \/>\n\u00a9 Impressions of the exhibition &#8220;Treasures from the archive .8&#8243;, Photo: Moritz Bernoully<br \/>\n[\/et_pb_blurb][\/et_pb_column][\/et_pb_row][\/et_pb_section][et_pb_section fb_built=&#8221;1&#8243; _builder_version=&#8221;4.16&#8243; global_colors_info=&#8221;{}&#8221;][et_pb_row column_structure=&#8221;3_4,1_4&#8243; _builder_version=&#8221;4.16&#8243; background_size=&#8221;initial&#8221; background_position=&#8221;top_left&#8221; background_repeat=&#8221;repeat&#8221; global_colors_info=&#8221;{}&#8221;][et_pb_column type=&#8221;3_4&#8243; _builder_version=&#8221;4.16&#8243; custom_padding=&#8221;|||&#8221; global_colors_info=&#8221;{}&#8221; custom_padding__hover=&#8221;|||&#8221;][et_pb_text admin_label=&#8221;Text Sammlungsschwerpunkt&#8221; _builder_version=&#8221;4.16&#8243; z_index_tablet=&#8221;500&#8243; global_colors_info=&#8221;{}&#8221;]<\/p>\n<h4>The focus<\/h4>\n<p>There is a small selection of drawings of the 18th and 19th century, but the main focus is on 20th century architecture. Some of the most significant holdings include works by <b>Giambattista Piranesi<\/b> and <b>Gottfried Semper<\/b>, <b>Louis I. Kahn<\/b>, <b>Ludwig Mies van der Rohe<\/b>, <b>Hans Scharoun<\/b>, <b>Hans Poelzig<\/b> and <b>Ernst May<\/b>, or for example <b>Aldo Rossi<\/b>, <b>Rem Koolhaas<\/b>, <b>Frank O. Gehry<\/b> and <b>Norman Foster<\/b>. Works of painters such as <b>Ben Willikens<\/b>,<b> Martin Kippenberger<\/b> and <b>Christo<\/b> are also part of the Collection.<br \/>\nThe DAM currently holds more than 33 estates, including the archives of <b>Hannes Meyer<\/b>, <b>Mart Stam<\/b> and <b>Heinz Bienefeld<\/b>.<br \/>\n[\/et_pb_text][\/et_pb_column][et_pb_column type=&#8221;1_4&#8243; _builder_version=&#8221;4.16&#8243; custom_padding=&#8221;|||&#8221; global_colors_info=&#8221;{}&#8221; custom_padding__hover=&#8221;|||&#8221;][\/et_pb_column][\/et_pb_row][et_pb_row column_structure=&#8221;1_2,1_4,1_4&#8243; _builder_version=&#8221;4.16&#8243; background_size=&#8221;initial&#8221; background_position=&#8221;top_left&#8221; background_repeat=&#8221;repeat&#8221; global_colors_info=&#8221;{}&#8221;][et_pb_column type=&#8221;1_2&#8243; _builder_version=&#8221;4.16&#8243; custom_padding=&#8221;|||&#8221; global_colors_info=&#8221;{}&#8221; custom_padding__hover=&#8221;|||&#8221;][et_pb_toggle title=&#8221;Loan requests&#8221; admin_label=&#8221;Umschalter \u2013 Leihanfragen&#8221; _builder_version=&#8221;4.21.0&#8243; z_index_tablet=&#8221;500&#8243; global_colors_info=&#8221;{}&#8221;]<span class=\"tlid-translation translation\" lang=\"en\"><span class=\"\" title=\"\">More information will follow shortly.<\/span><\/span><br \/>\n[\/et_pb_toggle][et_pb_toggle title=&#8221;Photo requests&#8221; admin_label=&#8221;Umschalter \u2013 Bildanfragen&#8221; _builder_version=&#8221;4.21.0&#8243; z_index_tablet=&#8221;500&#8243; global_colors_info=&#8221;{}&#8221;]<span class=\"tlid-translation translation\" lang=\"en\"><span class=\"\" title=\"\">More information will follow shortly.<\/span><\/span><br \/>\n[\/et_pb_toggle][\/et_pb_column][et_pb_column type=&#8221;1_4&#8243; _builder_version=&#8221;4.16&#8243; custom_padding=&#8221;|||&#8221; global_colors_info=&#8221;{}&#8221; custom_padding__hover=&#8221;|||&#8221;][\/et_pb_column][et_pb_column type=&#8221;1_4&#8243; _builder_version=&#8221;4.16&#8243; custom_padding=&#8221;|||&#8221; global_colors_info=&#8221;{}&#8221; custom_padding__hover=&#8221;|||&#8221;][\/et_pb_column][\/et_pb_row][\/et_pb_section][et_pb_section fb_built=&#8221;1&#8243; disabled_on=&#8221;on|on|on&#8221; _builder_version=&#8221;4.16&#8243; disabled=&#8221;on&#8221; global_colors_info=&#8221;{}&#8221;][et_pb_row column_structure=&#8221;3_4,1_4&#8243; _builder_version=&#8221;4.16&#8243; background_size=&#8221;initial&#8221; background_position=&#8221;top_left&#8221; background_repeat=&#8221;repeat&#8221; global_colors_info=&#8221;{}&#8221;][et_pb_column type=&#8221;3_4&#8243; _builder_version=&#8221;4.16&#8243; custom_padding=&#8221;|||&#8221; global_colors_info=&#8221;{}&#8221; custom_padding__hover=&#8221;|||&#8221;][et_pb_text admin_label=&#8221;Bereich&#8221; module_class=&#8221;bereich-titel&#8221; _builder_version=&#8221;4.16&#8243; global_colors_info=&#8221;{}&#8221;]Collections<br \/>\n[\/et_pb_text][et_pb_text admin_label=&#8221;Titel&#8221; module_class=&#8221;oswald&#8221; _builder_version=&#8221;4.16&#8243; global_colors_info=&#8221;{}&#8221;]The DAM Collection<br \/>\n[\/et_pb_text][et_pb_image src=&#8221;https:\/\/dam-online.de\/wp-content\/uploads\/2019\/01\/eb7af074-dam-archiv_fritz-philipp_4598_be.jpg&#8221; alt=&#8221;DAM Archiv  Foto: Fritz Philipp&#8221; title_text=&#8221;DAM Archiv&#8221; show_in_lightbox=&#8221;on&#8221; align_tablet=&#8221;center&#8221; align_phone=&#8221;center&#8221; align_last_edited=&#8221;on|desktop&#8221; disabled_on=&#8221;off|off|off&#8221; _builder_version=&#8221;4.16&#8243; z_index_tablet=&#8221;500&#8243; global_colors_info=&#8221;{}&#8221;][\/et_pb_image][et_pb_text admin_label=&#8221;Beschreibung&#8221; _builder_version=&#8221;4.16&#8243; z_index_tablet=&#8221;500&#8243; global_colors_info=&#8221;{}&#8221;]<\/p>\n<h3>Eine Schatztruhe \u00f6ffent sich<\/h3>\n<p>DAM Gr\u00fcndungsdirektor Heinrich Klotz legte in den 1980er Jahren den Grundstein f\u00fcr eine gro\u00dfe und international angelegte Architektursammlung, die heute rund 200.000 Pl\u00e4ne und Zeichnungen, 35.000 Fotografien, 1.300 Modelle, 60 Vor- und Nachl\u00e4sse sowie zahlreiche M\u00f6bel umfasst. In den USA hatte Klotz Ende der 1960er Jahre erlebt, wie wichtiges Material von Architekten nach Baufertigstellung achtlos auf den M\u00fcll geworfen wurde. Dies bewog ihn, eine Sammlung aufzubauen, die auch heute stetig erweitert wird: Ideenskizzen, Konstruktionszeichnungen und Architekturmodelle als Zeugnisse bedeutender Architekten. Das Archiv des DAM ist nicht allgemein zug\u00e4nglich. Interessierte erhalten auf Anfrage Einblick in Bereiche der Sammlung.<br \/>\n[\/et_pb_text][\/et_pb_column][et_pb_column type=&#8221;1_4&#8243; _builder_version=&#8221;4.16&#8243; custom_padding=&#8221;|||&#8221; global_colors_info=&#8221;{}&#8221; custom_padding__hover=&#8221;|||&#8221;][\/et_pb_column][\/et_pb_row][\/et_pb_section][et_pb_section fb_built=&#8221;1&#8243; disabled_on=&#8221;on|on|on&#8221; _builder_version=&#8221;4.16&#8243; disabled=&#8221;on&#8221; global_colors_info=&#8221;{}&#8221;][et_pb_row _builder_version=&#8221;4.16&#8243; background_size=&#8221;initial&#8221; background_position=&#8221;top_left&#8221; background_repeat=&#8221;repeat&#8221; custom_margin=&#8221;||0px|&#8221; custom_padding=&#8221;||0px|&#8221; global_colors_info=&#8221;{}&#8221;][et_pb_column type=&#8221;4_4&#8243; _builder_version=&#8221;4.16&#8243; custom_padding=&#8221;|||&#8221; global_colors_info=&#8221;{}&#8221; custom_padding__hover=&#8221;|||&#8221;][et_pb_text admin_label=&#8221;Architekten A-Z \u2013 Rubrik Titel&#8221; _builder_version=&#8221;4.16&#8243; custom_margin=&#8221;||-10px|&#8221; custom_padding=&#8221;||0px|&#8221; global_colors_info=&#8221;{}&#8221;]<\/p>\n<h3>Architects A-Z<\/h3>\n<p>[\/et_pb_text][et_pb_divider color=&#8221;#000000&#8243; admin_label=&#8221;Bildung \u2013 Rubrik Linie&#8221; _builder_version=&#8221;4.16&#8243; height=&#8221;25px&#8221; custom_margin=&#8221;0px||0px|&#8221; global_colors_info=&#8221;{}&#8221;][\/et_pb_divider][\/et_pb_column][\/et_pb_row][et_pb_row column_structure=&#8221;1_3,1_3,1_3&#8243; _builder_version=&#8221;4.16&#8243; background_size=&#8221;initial&#8221; background_position=&#8221;top_left&#8221; background_repeat=&#8221;repeat&#8221; global_colors_info=&#8221;{}&#8221;][et_pb_column type=&#8221;1_3&#8243; _builder_version=&#8221;4.16&#8243; custom_padding=&#8221;|||&#8221; global_colors_info=&#8221;{}&#8221; custom_padding__hover=&#8221;|||&#8221;][et_pb_toggle title=&#8221;A&#8221; open=&#8221;on&#8221; admin_label=&#8221;A&#8221; module_id=&#8221;DAM-Architekten-Tabs&#8221; module_class=&#8221;tabs&#8221; _builder_version=&#8221;4.16&#8243; title_font=&#8221;DAM Oswald|700|||||||&#8221; title_font_size=&#8221;28&#8243; animation_style=&#8221;fade&#8221; global_colors_info=&#8221;{}&#8221;]<\/p>\n<div class=\"floatLeft textContainer\">\n<div id=\"ctl00_phMainContainer_ctl00_ctl00_ctl00_rptTeaser_ctl01_pnlText\" class=\"teaserText\">\n<ul>\n<li><a href=\"http:\/\/www.dam-online.de\/uploads\/Aalto_Alvar.pdf\" target=\"blank\" rel=\"noopener noreferrer\">Aalto, Alvar<\/a><\/li>\n<li>ABB Architekten (HanigScheidSchmidt)<\/li>\n<li><a href=\"http:\/\/www.dam-online.de\/uploads\/Abraham_Raimund.pdf\" target=\"blank\" rel=\"noopener noreferrer\">Abraham, Raimund J.<\/a><\/li>\n<li><a href=\"http:\/\/www.dam-online.de\/uploads\/ACT.pdf\" target=\"blank\" rel=\"noopener noreferrer\">ACT &#8211; BardonColbocPhillipon<\/a><\/li>\n<li><a href=\"http:\/\/www.dam-online.de\/uploads\/Ahrle_Ferry.pdf\" target=\"blank\" rel=\"noopener noreferrer\">Ahrl\u00e9, Ferry <\/a><\/li>\n<li><a href=\"http:\/\/www.dam-online.de\/uploads\/Alchimia.pdf\" target=\"blank\" rel=\"noopener noreferrer\">Alchimi<\/a><\/li>\n<li>AlsopLyallJone<\/li>\n<li>Anderson, Evelyn<\/li>\n<li><a href=\"http:\/\/www.dam-online.de\/uploads\/Ando_Tadao.pdf\" target=\"blank\" rel=\"noopener noreferrer\">Ando, Tadao<\/a><\/li>\n<li><a href=\"http:\/\/www.dam-online.de\/uploads\/Archigram.pdf\" target=\"blank\" rel=\"noopener noreferrer\">Archigram<\/a> (ChalkCookCromptonGreenHerronWebbHawleySnowden)<\/li>\n<li>Arp, Hans<\/li>\n<li>Avvakumov, Yuri<\/li>\n<li><a href=\"http:\/\/www.dam-online.de\/uploads\/Aymonino_Carlo.pdf\" target=\"_blank\" rel=\"noopener noreferrer\">Aymonino, Carlo<\/a><\/li>\n<\/ul>\n<\/div>\n<\/div>\n<p>[\/et_pb_toggle][\/et_pb_column][et_pb_column type=&#8221;1_3&#8243; _builder_version=&#8221;4.16&#8243; custom_padding=&#8221;|||&#8221; global_colors_info=&#8221;{}&#8221; custom_padding__hover=&#8221;|||&#8221;][et_pb_toggle title=&#8221;B&#8221; open=&#8221;on&#8221; admin_label=&#8221;B&#8221; module_id=&#8221;DAM-Architekten-Tabs&#8221; module_class=&#8221;tabs&#8221; _builder_version=&#8221;4.16&#8243; title_font=&#8221;DAM Oswald|700|||||||&#8221; title_font_size=&#8221;28&#8243; animation_style=&#8221;fade&#8221; global_colors_info=&#8221;{}&#8221;]<\/p>\n<div class=\"floatLeft textContainer\">\n<div id=\"ctl00_phMainContainer_ctl00_ctl00_ctl00_rptTeaser_ctl01_pnlText\" class=\"teaserText\">\n<ul>\n<li><a href=\"http:\/\/www.dam-online.de\/uploads\/Aalto_Alvar.pdf\" target=\"blank\" rel=\"noopener noreferrer\">Aalto, Alvar<\/a><\/li>\n<li>ABB Architekten (HanigScheidSchmidt)<\/li>\n<li><a href=\"http:\/\/www.dam-online.de\/uploads\/Abraham_Raimund.pdf\" target=\"blank\" rel=\"noopener noreferrer\">Abraham, Raimund J.<\/a><\/li>\n<li><a href=\"http:\/\/www.dam-online.de\/uploads\/ACT.pdf\" target=\"blank\" rel=\"noopener noreferrer\">ACT &#8211; BardonColbocPhillipon<\/a><\/li>\n<li><a href=\"http:\/\/www.dam-online.de\/uploads\/Ahrle_Ferry.pdf\" target=\"blank\" rel=\"noopener noreferrer\">Ahrl\u00e9, Ferry <\/a><\/li>\n<li><a href=\"http:\/\/www.dam-online.de\/uploads\/Alchimia.pdf\" target=\"blank\" rel=\"noopener noreferrer\">Alchimi<\/a><\/li>\n<li>AlsopLyallJone<\/li>\n<li>Anderson, Evelyn<\/li>\n<li><a href=\"http:\/\/www.dam-online.de\/uploads\/Ando_Tadao.pdf\" target=\"blank\" rel=\"noopener noreferrer\">Ando, Tadao<\/a><\/li>\n<li><a href=\"http:\/\/www.dam-online.de\/uploads\/Archigram.pdf\" target=\"blank\" rel=\"noopener noreferrer\">Archigram<\/a> (ChalkCookCromptonGreenHerronWebbHawleySnowden)<\/li>\n<li>Arp, Hans<\/li>\n<li>Avvakumov, Yuri<\/li>\n<li><a href=\"http:\/\/www.dam-online.de\/uploads\/Aymonino_Carlo.pdf\" target=\"_blank\" rel=\"noopener noreferrer\">Aymonino, Carlo<\/a><\/li>\n<\/ul>\n<\/div>\n<\/div>\n<p>[\/et_pb_toggle][\/et_pb_column][et_pb_column type=&#8221;1_3&#8243; _builder_version=&#8221;4.16&#8243; custom_padding=&#8221;|||&#8221; global_colors_info=&#8221;{}&#8221; custom_padding__hover=&#8221;|||&#8221;][et_pb_toggle title=&#8221;C&#8221; open=&#8221;on&#8221; admin_label=&#8221;C&#8221; module_id=&#8221;DAM-Architekten-Tabs&#8221; module_class=&#8221;tabs&#8221; _builder_version=&#8221;4.16&#8243; title_font=&#8221;DAM Oswald|700|||||||&#8221; title_font_size=&#8221;28&#8243; animation_style=&#8221;fade&#8221; global_colors_info=&#8221;{}&#8221;]<\/p>\n<ul>\n<li><a href=\"http:\/\/www.dam-online.de\/uploads\/Calatrava_Santiago.pdf\" target=\"blank\" rel=\"noopener noreferrer\">Calatrava, Santiago<\/a><\/li>\n<li>Cantafora, Arduino<\/li>\n<li>Caramelle, Ernst<\/li>\n<li>Carlini, Alessandro<\/li>\n<li>Cellini, Francesco<\/li>\n<li><a href=\"http:\/\/www.dam-online.de\/uploads\/Celsing_Johan.pdf\" target=\"blank\" rel=\"noopener noreferrer\">Celsing, Johan<\/a><\/li>\n<li>Cernikov, Jakov<\/li>\n<li><a href=\"http:\/\/www.dam-online.de\/uploads\/archiv\/Cetto.pdf\" target=\"_blank\" rel=\"noopener noreferrer\">Cetto, Max<\/a><\/li>\n<li>Chipperfield, David<\/li>\n<li>Christo<\/li>\n<li>ClotetTusquets<\/li>\n<li>Cobb, Henry N.<\/li>\n<li>Cohen, Stuart<\/li>\n<li>Conrad, Roland<\/li>\n<li><a href=\"http:\/\/www.dam-online.de\/uploads\/Coop_Himmelblau.pdf\" target=\"blank\" rel=\"noopener noreferrer\">Coop Himmelb(l)au<\/a> (Prix, W.-D.Swiczinsky, H.)<\/li>\n<li><a href=\"http:\/\/www.dam-online.de\/uploads\/Coulter_Norman.pdf\" target=\"blank\" rel=\"noopener noreferrer\">Coulter, Norman R.<\/a><\/li>\n<li>Cueppers, Albert<\/li>\n<li>Czech, Hermann<\/li>\n<\/ul>\n<p>[\/et_pb_toggle][\/et_pb_column][\/et_pb_row][et_pb_row column_structure=&#8221;1_3,1_3,1_3&#8243; _builder_version=&#8221;4.16&#8243; background_size=&#8221;initial&#8221; background_position=&#8221;top_left&#8221; background_repeat=&#8221;repeat&#8221; global_colors_info=&#8221;{}&#8221;][et_pb_column type=&#8221;1_3&#8243; _builder_version=&#8221;4.16&#8243; custom_padding=&#8221;|||&#8221; global_colors_info=&#8221;{}&#8221; custom_padding__hover=&#8221;|||&#8221;][et_pb_toggle title=&#8221;D&#8221; open=&#8221;on&#8221; admin_label=&#8221;D&#8221; module_id=&#8221;DAM-Architekten-Tabs&#8221; module_class=&#8221;tabs&#8221; _builder_version=&#8221;4.16&#8243; title_font=&#8221;DAM Oswald|700|||||||&#8221; title_font_size=&#8221;28&#8243; animation_style=&#8221;fade&#8221; global_colors_info=&#8221;{}&#8221;]<\/p>\n<ul>\n<li>D`Ardia, Giangiacomo<\/li>\n<li>Daly, C\u00e9sar<\/li>\n<li>Dardi, Costantino<\/li>\n<li>De Arce, Rodrigo Perez<\/li>\n<li>De Blacam, ShaneMeagher, John<\/li>\n<li>Dernburg, Hermann<\/li>\n<li>Deutsch, Marie-Theres<\/li>\n<li>Diehl, Karl<\/li>\n<li>Diener &amp; Diener<\/li>\n<li>Dietrich, Verena<\/li>\n<li>Dietz Joppien Architekten (Dietz, AlbertJoppien, Anett-Maud)<\/li>\n<li>Dimitriu, Livio<\/li>\n<li>Disler, Martin<\/li>\n<li>Dissing + Weitling<\/li>\n<li>D\u00f6cker, Richard<\/li>\n<li><a href=\"http:\/\/www.dam-online.de\/uploads\/Doesburg_Theo_van.pdf\" target=\"blank\" rel=\"noopener noreferrer\">Doesburg, Theo van<\/a><\/li>\n<li>Domenig, G\u00fcntherHuth, Eilfried<\/li>\n<li>D\u00f6ring, Wolfgang<\/li>\n<li>Dreissigacker, Klaus<\/li>\n<li>Dudler, Max<\/li>\n<li><a href=\"http:\/\/www.dam-online.de\/uploads\/Dyckerhoff_Widmann.pdf\" target=\"blank\" rel=\"noopener noreferrer\">Dyckerhoff&amp;Widmann<\/a><\/li>\n<\/ul>\n<p>[\/et_pb_toggle][\/et_pb_column][et_pb_column type=&#8221;1_3&#8243; _builder_version=&#8221;4.16&#8243; custom_padding=&#8221;|||&#8221; global_colors_info=&#8221;{}&#8221; custom_padding__hover=&#8221;|||&#8221;][et_pb_toggle title=&#8221;E&#8221; open=&#8221;on&#8221; admin_label=&#8221;E&#8221; module_id=&#8221;DAM-Architekten-Tabs&#8221; module_class=&#8221;tabs&#8221; _builder_version=&#8221;4.16&#8243; title_font=&#8221;DAM Oswald|700|||||||&#8221; title_font_size=&#8221;28&#8243; animation_style=&#8221;fade&#8221; global_colors_info=&#8221;{}&#8221;]<\/p>\n<ul>\n<li>Eckert, Hans<\/li>\n<li>Eckhardt &amp; Hahn<\/li>\n<li>Egenhofer, HeinzBidlingmaier, Horst<\/li>\n<li>Eisele&amp;Fritz<\/li>\n<li><a href=\"http:\/\/www.dam-online.de\/uploads\/Eisenman_Peter.pdf\" target=\"blank\" rel=\"noopener noreferrer\">Eisenman, Peter<\/a><\/li>\n<li>Elsaesser, Martin<\/li>\n<li>Escher, Rolf<\/li>\n<li>Ethner<\/li>\n<li>Eyck, Aldo van<\/li>\n<\/ul>\n<p>[\/et_pb_toggle][\/et_pb_column][et_pb_column type=&#8221;1_3&#8243; _builder_version=&#8221;4.16&#8243; custom_padding=&#8221;|||&#8221; global_colors_info=&#8221;{}&#8221; custom_padding__hover=&#8221;|||&#8221;][et_pb_toggle title=&#8221;F&#8221; open=&#8221;on&#8221; admin_label=&#8221;F&#8221; module_id=&#8221;DAM-Architekten-Tabs&#8221; module_class=&#8221;tabs&#8221; _builder_version=&#8221;4.16&#8243; title_font=&#8221;DAM Oswald|700|||||||&#8221; title_font_size=&#8221;28&#8243; animation_style=&#8221;fade&#8221; global_colors_info=&#8221;{}&#8221;]<\/p>\n<ul>\n<li>Fara, VitezlavLehmann, Hartmut<\/li>\n<li>Farwick, Hermann<\/li>\n<li>Faskel, BerndNikolic, Vladimir<\/li>\n<li>Fass, Werner<\/li>\n<li>Fassel, Gerhard<\/li>\n<li>Fehling, HermannGogel, Daniel<\/li>\n<li>Fellner, Ferdinand August Michael<\/li>\n<li>Fetz, Hans-Peter<\/li>\n<li>Fink + Reinwald<\/li>\n<li>Finsterlin, Hermann<\/li>\n<li>Formalhaut (H\u00f6rl, OttmarSeifert, GabrielaStockmann, Goetz)<\/li>\n<li>Fornatti, FrancoNigst, Peter<\/li>\n<li>Foster, Norman<\/li>\n<li>Francis, Sam<\/li>\n<li>Franken, Bernhard<\/li>\n<li>Franzke, Jo<\/li>\n<li>Freiwald, Walter<\/li>\n<li>Friedman, Yona<\/li>\n<li>Frigerio, Ezio<\/li>\n<li>FrowlinSpangenberg<\/li>\n<li>FuckerThyriot<\/li>\n<li>Fuksas, MassimilianoSacconi, Anna Maria<\/li>\n<li>Fuller, Richard Buckminster<\/li>\n<li>Funk + Schr\u00f6der<\/li>\n<li>Future Systems (Kaplicky, JanLevete, Amanda)<\/li>\n<\/ul>\n<p>[\/et_pb_toggle][\/et_pb_column][\/et_pb_row][et_pb_row column_structure=&#8221;1_3,1_3,1_3&#8243; _builder_version=&#8221;4.16&#8243; background_size=&#8221;initial&#8221; background_position=&#8221;top_left&#8221; background_repeat=&#8221;repeat&#8221; global_colors_info=&#8221;{}&#8221;][et_pb_column type=&#8221;1_3&#8243; _builder_version=&#8221;4.16&#8243; custom_padding=&#8221;|||&#8221; global_colors_info=&#8221;{}&#8221; custom_padding__hover=&#8221;|||&#8221;][et_pb_toggle title=&#8221;G&#8221; open=&#8221;on&#8221; admin_label=&#8221;G&#8221; module_id=&#8221;DAM-Architekten-Tabs&#8221; module_class=&#8221;tabs&#8221; _builder_version=&#8221;4.16&#8243; title_font=&#8221;DAM Oswald|700|||||||&#8221; title_font_size=&#8221;28&#8243; animation_style=&#8221;fade&#8221; global_colors_info=&#8221;{}&#8221;]<\/p>\n<ul>\n<li>G.R.A.U.<\/li>\n<li>Galarraga, Ignacio<\/li>\n<li>Gasparin, Sonja<\/li>\n<li>Gehry, Frank O.<\/li>\n<li>Gerdes, Ludger<\/li>\n<li>Giefer, AloisMaeckler, Hermann<\/li>\n<li>Gigon, AnnetteGuyer, Mike<\/li>\n<li>Gilbert, Cass<\/li>\n<li>Gisel, Ernst<\/li>\n<li>Gluckman Mayner Architects (Gluckman, Richard)<\/li>\n<li>Goebel, Hermann<\/li>\n<li>Goeck, Armin<\/li>\n<li>Goepfert, Hermann<\/li>\n<li>Goff, Bruce (Goff, Iannelli &amp; Pope)<\/li>\n<li>Goldberg, Bertrand<\/li>\n<li>G\u00f6nzg, Hermann<\/li>\n<li>Gouffe<\/li>\n<li>Gra\u00e7a, Jo\u00e3o Luis Carrilho da<\/li>\n<li>Gr\u00e4fe, Hermann Gustav<\/li>\n<li>Grassi Giorgio<\/li>\n<li>Graves, Michael<\/li>\n<li>Gray, Eilleen<\/li>\n<li>Gregotti, Vittorio<\/li>\n<li>Gropius, Walter<\/li>\n<li>Gruber, Karl<\/li>\n<li>Grumbach, Antoine<\/li>\n<\/ul>\n<p>[\/et_pb_toggle][\/et_pb_column][et_pb_column type=&#8221;1_3&#8243; _builder_version=&#8221;4.16&#8243; custom_padding=&#8221;|||&#8221; global_colors_info=&#8221;{}&#8221; custom_padding__hover=&#8221;|||&#8221;][et_pb_toggle title=&#8221;H&#8221; open=&#8221;on&#8221; admin_label=&#8221;H&#8221; module_id=&#8221;DAM-Architekten-Tabs&#8221; module_class=&#8221;tabs&#8221; _builder_version=&#8221;4.16&#8243; title_font=&#8221;DAM Oswald|700|||||||&#8221; title_font_size=&#8221;28&#8243; animation_style=&#8221;fade&#8221; global_colors_info=&#8221;{}&#8221;]<\/p>\n<ul>\n<li>Hacker, Dieter<\/li>\n<li>Hadid, Zaha<\/li>\n<li>Hahmann, Friedrich<\/li>\n<li>Haist, Dieter<\/li>\n<li>Hajek, Otto H.<\/li>\n<li>Halfmann, JasperZillich, Wontroba<\/li>\n<li>Hamm, Franz Josef<\/li>\n<li>HammondBeebyBabka<\/li>\n<li><a href=\"http:\/\/www.dam-online.de\/uploads\/Haus-Rucker-Co.pdf\" target=\"_blank\" rel=\"noopener noreferrer\">Haus-Rucker-Co<\/a> (KelpOrtnerOrtner)<\/li>\n<li>Hegger, Manfred<\/li>\n<li>Heider, Klaus<\/li>\n<li>Heil, Richard<\/li>\n<li>Hein, Angelika<\/li>\n<li>Hejduk, John<\/li>\n<li>HentrichPetschnigg &amp; Partner<\/li>\n<li>Hermkes, Bernhard<\/li>\n<li>Hersey, William<\/li>\n<li>Herzog, JacquesDe Meuron, Pierre<\/li>\n<li><a href=\"http:\/\/www.dam-online.de\/uploads\/Herzog_Thomas.pdf\" target=\"blank\" rel=\"noopener noreferrer\">Herzog, Thomas<\/a><\/li>\n<li>Herzog, ThomasSchrade, Hanns J\u00f6rg<\/li>\n<li>Hiegel, Hans Robert<\/li>\n<li>Hillebrand, Lucy<\/li>\n<li>Hilmer, Heinz &amp; Sattler, Christoph<\/li>\n<li>Hirsch, NikolausLorch, WolfgangWandel, Andrea<\/li>\n<li>Hochbauamt der Stadt Frankfurt<\/li>\n<li>Hollein, Hans<\/li>\n<li>H\u00f8lmebakk, Carl-Viggo<\/li>\n<li>Hoelzinger, Johannes P.<\/li>\n<li>Hooss, Henner<\/li>\n<li>Hoven, Franz von<\/li>\n<li>H\u00fcbbers, Hans<\/li>\n<li>Hundertwasser, Friedensreich<\/li>\n<\/ul>\n<p>[\/et_pb_toggle][\/et_pb_column][et_pb_column type=&#8221;1_3&#8243; _builder_version=&#8221;4.16&#8243; custom_padding=&#8221;|||&#8221; global_colors_info=&#8221;{}&#8221; custom_padding__hover=&#8221;|||&#8221;][et_pb_toggle title=&#8221;I&#8221; open=&#8221;on&#8221; admin_label=&#8221;I&#8221; module_id=&#8221;DAM-Architekten-Tabs&#8221; module_class=&#8221;tabs&#8221; _builder_version=&#8221;4.16&#8243; title_font=&#8221;DAM Oswald|700|||||||&#8221; title_font_size=&#8221;28&#8243; animation_style=&#8221;fade&#8221; global_colors_info=&#8221;{}&#8221;]<\/p>\n<ul>\n<li>Ingenhoven, Christoph<\/li>\n<li>Isozaki, Arata<\/li>\n<li>Ito, Toyo<\/li>\n<li>Izenour, Steven<\/li>\n<\/ul>\n<p>[\/et_pb_toggle][\/et_pb_column][\/et_pb_row][et_pb_row column_structure=&#8221;1_3,1_3,1_3&#8243; _builder_version=&#8221;4.16&#8243; background_size=&#8221;initial&#8221; background_position=&#8221;top_left&#8221; background_repeat=&#8221;repeat&#8221; global_colors_info=&#8221;{}&#8221;][et_pb_column type=&#8221;1_3&#8243; _builder_version=&#8221;4.16&#8243; custom_padding=&#8221;|||&#8221; global_colors_info=&#8221;{}&#8221; custom_padding__hover=&#8221;|||&#8221;][et_pb_toggle title=&#8221;J&#8221; open=&#8221;on&#8221; admin_label=&#8221;J&#8221; module_id=&#8221;DAM-Architekten-Tabs&#8221; module_class=&#8221;tabs&#8221; _builder_version=&#8221;4.16&#8243; title_font=&#8221;DAM Oswald|700|||||||&#8221; title_font_size=&#8221;28&#8243; animation_style=&#8221;fade&#8221; global_colors_info=&#8221;{}&#8221;]<\/p>\n<ul>\n<li>Jacoby, Alfred<\/li>\n<li>J\u00e4ger, Falk<\/li>\n<li>Jahn, Helmut<\/li>\n<li>Jellinek<\/li>\n<li>Jenney, William le Baron<\/li>\n<li>Jensen, Jan OlavBrynildsen, Per Christian<\/li>\n<li>Jonak, Ulf<\/li>\n<li>Jonas, Walter<\/li>\n<li>Jourdan &amp; M\u00fcller.PAS (Jourdan, Jochem\/M\u00fcller, Bernhard)<\/li>\n<li>Junghanns, Hans<\/li>\n<\/ul>\n<p>[\/et_pb_toggle][\/et_pb_column][et_pb_column type=&#8221;1_3&#8243; _builder_version=&#8221;4.16&#8243; custom_padding=&#8221;|||&#8221; global_colors_info=&#8221;{}&#8221; custom_padding__hover=&#8221;|||&#8221;][et_pb_toggle title=&#8221;K&#8221; open=&#8221;on&#8221; admin_label=&#8221;K&#8221; module_id=&#8221;DAM-Architekten-Tabs&#8221; module_class=&#8221;tabs&#8221; _builder_version=&#8221;4.16&#8243; title_font=&#8221;DAM Oswald|700|||||||&#8221; title_font_size=&#8221;28&#8243; animation_style=&#8221;fade&#8221; global_colors_info=&#8221;{}&#8221;]<\/p>\n<ul>\n<li>K\u00e1dar, B\u00e9la<\/li>\n<li><a href=\"http:\/\/www.dam-online.de\/uploads\/Kahn_Louis_I.pdf\" target=\"blank\" rel=\"noopener noreferrer\">Kahn, Louis I.<\/a><\/li>\n<li>Kammerer, HansBelz, Walter<\/li>\n<li><a href=\"http:\/\/www.dam-online.de\/uploads\/Kasper_Ernst.pdf\" target=\"_blank\" rel=\"noopener noreferrer\">Kasper, Ernst<\/a><\/li>\n<li>Keller, Andreas<\/li>\n<li>Kesting, Edmund<\/li>\n<li>Kiesler, Frederik<\/li>\n<li>Kippenberger, Martin<\/li>\n<li><a href=\"http:\/\/www.dam-online.de\/uploads\/Kleihues_Josef_Paul.pdf\" target=\"blank\" rel=\"noopener noreferrer\">Kleihues, Josef Paul<\/a><\/li>\n<li>Klein, Alexander<\/li>\n<li>Klinkert, Walter<\/li>\n<li>Kny, Hansjoerg<\/li>\n<li>K\u00f6hler, Hans<\/li>\n<li>K\u00f6hler. Architekten (K\u00f6hler, Dieter)<\/li>\n<li>KohnPedersenFox<\/li>\n<li>Kolatan MacDonalds Studios<\/li>\n<li>Kollhoff, HansOvaska, Arthur<\/li>\n<li>Kollhoff, HansTimmermann, Helga<\/li>\n<li>Koolhaas, Rem (OMA)<\/li>\n<li>Kostelac, Ante Josip von<\/li>\n<li>Krahn, Johannes<\/li>\n<li>Kramm + Strigl (Kramm, RuedigerStrigl, Axel)<\/li>\n<li>Kr\u00e4nzle, Nikolaus<\/li>\n<li>Krause, Franz<\/li>\n<li>Krier, Leon<\/li>\n<li><a href=\"http:\/\/www.dam-archiv.de\" target=\"_blank\" rel=\"noopener noreferrer\"><b><u>Krier, Rob<\/u><\/b><\/a><\/li>\n<li>Krischanitz, Adolf<\/li>\n<li>Kr\u00f6meke, Walter<\/li>\n<li>KSP \u2013 Engel und Zimmermann<\/li>\n<li>K\u00fccker, Wilhelm<\/li>\n<li>Kurhaupt, Alfred<\/li>\n<li>Kurokawa, Kisho<\/li>\n<\/ul>\n<p>[\/et_pb_toggle][\/et_pb_column][et_pb_column type=&#8221;1_3&#8243; _builder_version=&#8221;4.16&#8243; custom_padding=&#8221;|||&#8221; global_colors_info=&#8221;{}&#8221; custom_padding__hover=&#8221;|||&#8221;][et_pb_toggle title=&#8221;L&#8221; open=&#8221;on&#8221; admin_label=&#8221;L&#8221; module_id=&#8221;DAM-Architekten-Tabs&#8221; module_class=&#8221;tabs&#8221; _builder_version=&#8221;4.16&#8243; title_font=&#8221;DAM Oswald|700|||||||&#8221; title_font_size=&#8221;28&#8243; animation_style=&#8221;fade&#8221; global_colors_info=&#8221;{}&#8221;]<\/p>\n<ul>\n<li>Langhof, Chrisoph<\/li>\n<li>Laske<\/li>\n<li>Laspeyres, Hans<\/li>\n<li>Le Corbusier<\/li>\n<li>Lefas, Paul<\/li>\n<li>Leivisk\u00e4, Juha  Helander, Vilhelm<\/li>\n<li>Lengfeld &amp; Wilisch (Lengfeld, MathiasWilisch, Kay)<\/li>\n<li>Libeskind, Daniel<\/li>\n<li>Liebender, Walter<\/li>\n<li>Liebknecht, Kurt<\/li>\n<li>LM \u2013 LadleifMosebachBulleFriedmann<\/li>\n<li>Lombard, Pedrone<\/li>\n<li>Loudon, Michael<\/li>\n<li>Lund, Nils-Ole<\/li>\n<li>L\u00fcpertz, Markus<\/li>\n<li>L\u00fctcke, Hubert<\/li>\n<\/ul>\n<p>[\/et_pb_toggle][\/et_pb_column][\/et_pb_row][et_pb_row column_structure=&#8221;1_3,1_3,1_3&#8243; _builder_version=&#8221;4.16&#8243; background_size=&#8221;initial&#8221; background_position=&#8221;top_left&#8221; background_repeat=&#8221;repeat&#8221; global_colors_info=&#8221;{}&#8221;][et_pb_column type=&#8221;1_3&#8243; _builder_version=&#8221;4.16&#8243; custom_padding=&#8221;|||&#8221; global_colors_info=&#8221;{}&#8221; custom_padding__hover=&#8221;|||&#8221;][et_pb_toggle title=&#8221;M&#8221; open=&#8221;on&#8221; admin_label=&#8221;M&#8221; module_id=&#8221;DAM-Architekten-Tabs&#8221; module_class=&#8221;tabs&#8221; _builder_version=&#8221;4.16&#8243; title_font=&#8221;DAM Oswald|700|||||||&#8221; title_font_size=&#8221;28&#8243; animation_style=&#8221;fade&#8221; global_colors_info=&#8221;{}&#8221;]<\/p>\n<ul>\n<li>M.A.N.<\/li>\n<li>M\u00e4ckler, Christoph<\/li>\n<li>Marchi, Virgilio<\/li>\n<li><a href=\"http:\/\/www.dam-online.de\/uploads\/archiv\/Maerkli.pdf\" target=\"_blank\" rel=\"noopener noreferrer\">M\u00e4rkli, Peter<\/a><\/li>\n<li>Martinuzzi, Francis<\/li>\n<li>Mason, Adriano<\/li>\n<li>Mateo, Josep Lluis (MAP Architects)<\/li>\n<li>May, Ernst<\/li>\n<li>Meid, MaxRomeick, Helmut<\/li>\n<li>Meier, Richard<\/li>\n<li>MeilerVural &amp; Partner<\/li>\n<li>Meili, Marcel und Peter, Markus<\/li>\n<li>Melnikov, Konstantin<\/li>\n<li>Mendelsohn, Erich<\/li>\n<li>Mendini, Alessandro<\/li>\n<li><a href=\"http:\/\/www.dam-online.de\/uploads\/Metzendorf_Heinrich.pdf\" target=\"blank\" rel=\"noopener noreferrer\">Metzendorf, Heinrich<\/a><\/li>\n<li>Meyer, Adolf<\/li>\n<li><a href=\"http:\/\/www.dam-online.de\/uploads\/archiv\/Meyer.pdf\" target=\"_blank\" rel=\"noopener noreferrer\">Meyer, Hannes<\/a><\/li>\n<li>Meyer-Christian, Wolf<\/li>\n<li>Mies van der Rohe, Ludwig<\/li>\n<li>Miralles, Enric<\/li>\n<li>Mivazawa, Hiroko<\/li>\n<li>Mohl, Heinz<\/li>\n<li>Molnar, Farkas<\/li>\n<li>Molzahn, Karl<\/li>\n<li>Moneo, Rafael<\/li>\n<li>Monkiewitsch, Lienhard von<\/li>\n<li>Montes, Fernando<\/li>\n<li>Moore, Charles<\/li>\n<li>Morgenstern, J. L. E.<\/li>\n<li>Morphosis (Mayne, Thom)<\/li>\n<li>Mothes, Oskar<\/li>\n<li>M\u00fcller, Hans<\/li>\n<li>Mutschler, CarlfriedLangner, Joachim<\/li>\n<\/ul>\n<p>[\/et_pb_toggle][\/et_pb_column][et_pb_column type=&#8221;1_3&#8243; _builder_version=&#8221;4.16&#8243; custom_padding=&#8221;|||&#8221; global_colors_info=&#8221;{}&#8221; custom_padding__hover=&#8221;|||&#8221;][et_pb_toggle title=&#8221;N&#8221; open=&#8221;on&#8221; admin_label=&#8221;N&#8221; module_id=&#8221;DAM-Architekten-Tabs&#8221; module_class=&#8221;tabs&#8221; _builder_version=&#8221;4.16&#8243; title_font=&#8221;DAM Oswald|700|||||||&#8221; title_font_size=&#8221;28&#8243; animation_style=&#8221;fade&#8221; global_colors_info=&#8221;{}&#8221;]<\/p>\n<ul>\n<li>Nalbach, Gernot<\/li>\n<li>Natalini, Adolfo (Superstudio)<\/li>\n<li>Navarro Baldeweg, Juan<\/li>\n<li>Neitzke, Martin<\/li>\n<li>Nereim, Anders<\/li>\n<li><a href=\"http:\/\/www.dam-online.de\/uploads\/Neutra_Richard.pdf\" target=\"blank\" rel=\"noopener noreferrer\">Neutra, Richard<\/a><\/li>\n<li>Niemann, Georg<\/li>\n<li>Normand, Alfred-Nicholas<\/li>\n<li><a href=\"http:\/\/www.dam-online.de\/uploads\/Nouvel_Jean.pdf\" target=\"blank\" rel=\"noopener noreferrer\">Nouvel, Jean<\/a><\/li>\n<\/ul>\n<p>[\/et_pb_toggle][\/et_pb_column][et_pb_column type=&#8221;1_3&#8243; _builder_version=&#8221;4.16&#8243; custom_padding=&#8221;|||&#8221; global_colors_info=&#8221;{}&#8221; custom_padding__hover=&#8221;|||&#8221;][et_pb_toggle title=&#8221;O&#8221; open=&#8221;on&#8221; admin_label=&#8221;O&#8221; module_id=&#8221;DAM-Architekten-Tabs&#8221; module_class=&#8221;tabs&#8221; _builder_version=&#8221;4.16&#8243; title_font=&#8221;DAM Oswald|700|||||||&#8221; title_font_size=&#8221;28&#8243; animation_style=&#8221;fade&#8221; global_colors_info=&#8221;{}&#8221;]<\/p>\n<ul>\n<li>Offenberg, Gerd<\/li>\n<li><a href=\"http:\/\/www.dam-online.de\/uploads\/Olbrich_Joseph_Maria.pdf\" target=\"blank\" rel=\"noopener noreferrer\">Olbrich, Joseph Maria<br \/>\n<\/a><\/li>\n<li><a href=\"http:\/\/www.dam-online.de\/uploads\/OMA.pdf\" target=\"blank\" rel=\"noopener noreferrer\">OMA &#8211; Office for Metropolitan Architecture<\/a> (KoolhaasZenghelis, E.VriesendorpZenghelis, Z.)<\/li>\n<\/ul>\n<p>[\/et_pb_toggle][\/et_pb_column][\/et_pb_row][et_pb_row column_structure=&#8221;1_3,1_3,1_3&#8243; _builder_version=&#8221;4.16&#8243; background_size=&#8221;initial&#8221; background_position=&#8221;top_left&#8221; background_repeat=&#8221;repeat&#8221; global_colors_info=&#8221;{}&#8221;][et_pb_column type=&#8221;1_3&#8243; _builder_version=&#8221;4.16&#8243; custom_padding=&#8221;|||&#8221; global_colors_info=&#8221;{}&#8221; custom_padding__hover=&#8221;|||&#8221;][et_pb_toggle title=&#8221;P&#8221; open=&#8221;on&#8221; admin_label=&#8221;P&#8221; module_id=&#8221;DAM-Architekten-Tabs&#8221; module_class=&#8221;tabs&#8221; _builder_version=&#8221;4.16&#8243; title_font=&#8221;DAM Oswald|700|||||||&#8221; title_font_size=&#8221;28&#8243; animation_style=&#8221;fade&#8221; global_colors_info=&#8221;{}&#8221;]<\/p>\n<ul>\n<li>Paavilainen, Simo u. K\u00e4py<\/li>\n<li>Pahl + Weber-Pahl<\/li>\n<li>Palladio, Andrea<\/li>\n<li>Palma, Polo<\/li>\n<li>Parry, Eric<\/li>\n<li>Passi, Dario<\/li>\n<li>Patkau Architects (Patkau, PatriciaPatkau, John)<\/li>\n<li>Pax, Wolfgang Michael<\/li>\n<li>Peichl, Gustav<\/li>\n<li>Pennethorne, James<\/li>\n<li>Percier, Charles<\/li>\n<li>Pfeiffer, Herbert<\/li>\n<li>Pichelmann, Gustav<\/li>\n<li>Pineau<\/li>\n<li>Piranesi, Giovanni Battista (Giambattista)<\/li>\n<li>Podrecca, Boris<\/li>\n<li><a href=\"http:\/\/www.dam-online.de\/uploads\/archiv\/Poelzig.pdf\" target=\"_blank\" rel=\"noopener noreferrer\">Poelzig, Hans<\/a><\/li>\n<li>Pohl, WolfgangRingleben, UrsulaDrees, Holger<\/li>\n<li>Poli, Joseph<\/li>\n<li>Polshek, James Stewart &amp; Partner<\/li>\n<li>Porto, Severiano7Ribeiro, Mario<\/li>\n<li>Portoghesi, Paolo<\/li>\n<li>Portzamparc, Christian de<\/li>\n<li>Pran, Peter<\/li>\n<li>Prati, Franz<\/li>\n<li>Preller, Friedrich d. \u00c4.<\/li>\n<li>Prouv\u00e9, Jean<\/li>\n<li>Purini, FrancoThermes, Laura<\/li>\n<\/ul>\n<p>[\/et_pb_toggle][\/et_pb_column][et_pb_column type=&#8221;1_3&#8243; _builder_version=&#8221;4.16&#8243; custom_padding=&#8221;|||&#8221; global_colors_info=&#8221;{}&#8221; custom_padding__hover=&#8221;|||&#8221;][et_pb_toggle title=&#8221;R&#8221; open=&#8221;on&#8221; admin_label=&#8221;R&#8221; module_id=&#8221;DAM-Architekten-Tabs&#8221; module_class=&#8221;tabs&#8221; _builder_version=&#8221;4.16&#8243; title_font=&#8221;DAM Oswald|700|||||||&#8221; title_font_size=&#8221;28&#8243; animation_style=&#8221;fade&#8221; global_colors_info=&#8221;{}&#8221;]<\/p>\n<ul>\n<li>Rang, Wolfgang<\/li>\n<li>Rasch, Heinz<\/li>\n<li>Rasch, Heinz und Bodo<\/li>\n<li>Rave, Gebr\u00fcder<\/li>\n<li>Read, Frederick<\/li>\n<li>Reichlin, BrunoReinhart, Fabio<\/li>\n<li>Reichow, Hans B.<\/li>\n<li>Reismann, J\u00fcrgen<\/li>\n<li>Reissinger, Eckart<\/li>\n<li>Re\u00dfler, Berthold<\/li>\n<li>Rettig, R.<\/li>\n<li>Reuter, Hans-Peter<\/li>\n<li>RichterGerngro\u00df<\/li>\n<li>Riemann, Peter<\/li>\n<li>Rietveld, Gerrit T.<\/li>\n<li>Roca, Miguel Angel<\/li>\n<li>Roeckle, Franz<\/li>\n<li>Rogers, Richard<\/li>\n<li>Ronalds, Tim<\/li>\n<li>Rossi, Aldo<\/li>\n<li>Ruegenberg, Sergius<\/li>\n<li>Ruhnau, Werner<\/li>\n<\/ul>\n<p>[\/et_pb_toggle][\/et_pb_column][et_pb_column type=&#8221;1_3&#8243; _builder_version=&#8221;4.16&#8243; custom_padding=&#8221;|||&#8221; global_colors_info=&#8221;{}&#8221; custom_padding__hover=&#8221;|||&#8221;][et_pb_toggle title=&#8221;S&#8221; open=&#8221;on&#8221; admin_label=&#8221;S&#8221; module_id=&#8221;DAM-Architekten-Tabs&#8221; module_class=&#8221;tabs&#8221; _builder_version=&#8221;4.16&#8243; title_font=&#8221;DAM Oswald|700|||||||&#8221; title_font_size=&#8221;28&#8243; animation_style=&#8221;fade&#8221; global_colors_info=&#8221;{}&#8221;]<\/p>\n<ul>\n<li><a href=\"http:\/\/www.dam-online.de\/uploads\/Salome.pdf\" target=\"_blank\" rel=\"noopener noreferrer\">Salom\u00e9<\/a><\/li>\n<li>Sant\u2019Elia, Antonio<\/li>\n<li><a href=\"http:\/\/www.dam-online.de\/uploads\/Sartoris_Alberto.pdf\" target=\"_blank\" rel=\"noopener noreferrer\">Sartoris, Alberto<\/a><\/li>\n<li>Scamozzi, Vincenzo<\/li>\n<li><a href=\"http:\/\/www.dam-online.de\/uploads\/Schaal_Hans_Dieter.pdf\" target=\"blank\" rel=\"noopener noreferrer\">Schaal, Hans Dieter<\/a><\/li>\n<li>Schalhorn, Konrad<\/li>\n<li>Schapiro, Heinrich<\/li>\n<li><a href=\"http:\/\/www.dam-online.de\/uploads\/Scharoun.pdf\" target=\"blank\" rel=\"noopener noreferrer\">Scharoun, Hans<\/a><\/li>\n<li>Schattner, Karljosef<\/li>\n<li>Scheel, Holger<\/li>\n<li>Schelkes, Willi<\/li>\n<li>Schelling, Erich<\/li>\n<li>Schempp, Dieter<\/li>\n<li>Schimmel, Hanno<\/li>\n<li>Schinkel, Karl Friedrich<\/li>\n<li>Schmitthenner, Paul<\/li>\n<li>Schneider + Schumacher (Schneider, TillSchumacher, Michael)<\/li>\n<li>Schneider, Bernhard<\/li>\n<li>Schneider-Esleben, Paul<\/li>\n<li>Schulten, Christoph<\/li>\n<li>Schultze&amp;Schulze<\/li>\n<li>Schumacher, Fritz<\/li>\n<li>Sch\u00fctte-Lihotzky, Margarete<\/li>\n<li>Schwartz, Frederic<\/li>\n<li>Schwarzer, Erwin<\/li>\n<li>Schwedes, Wilhelm<\/li>\n<li>Schweger&amp;Partner Hamburg<\/li>\n<li>Schwendinger, Hans<\/li>\n<li>Scogin Elam and Bray Architects<\/li>\n<li>Scolari, Massimo<\/li>\n<li>Seidl, Emanuel von<\/li>\n<li>Seifert, Gabriela<\/li>\n<li>Semper, Gottfried<\/li>\n<li>Silvestrini, Narciso<\/li>\n<li>Simon, Hans<\/li>\n<li>Sipek, Borek<\/li>\n<li>SITE (WinesSkyStoneSousa)<\/li>\n<li>Siza, \u00c1lvaro<\/li>\n<li><a href=\"http:\/\/www.dam-online.de\/uploads\/Smith_Thomas_Gordon.pdf\" target=\"_blank\" rel=\"noopener noreferrer\">Smith, Thomas Gordon<\/a><\/li>\n<li><a href=\"http:\/\/www.dam-online.de\/uploads\/Smithson_Alison_Peter.pdf\" target=\"blank\" rel=\"noopener noreferrer\">Smithson, Alison und Peter<\/a><\/li>\n<li>Sobeck, AndreasMeyerle, Manfredo<\/li>\n<li>Sol\u00e0-Morales, Manuel de<\/li>\n<li>Soria, Pierre<\/li>\n<li>Sottsass, Ettore<\/li>\n<li>Speer, Albert \u2013 AS&amp;P<\/li>\n<li>Stadler, Hans-J.<\/li>\n<li>Stam, Mart<\/li>\n<li>Stead, Christopher<\/li>\n<li>Steffann, Emil<\/li>\n<li>Steidle, Otto<\/li>\n<li>Steinb\u00fcchel(-Rheinwall), Rambald von<\/li>\n<li>Steinebach, DieterWeber, Friedrich<\/li>\n<li><a href=\"http:\/\/www.dam-online.de\/uploads\/Stern_Robert_A_M.pdf\" target=\"_blank\" rel=\"noopener noreferrer\">Stern, Robert A. M.<\/a><\/li>\n<li>Sternecker, Otto &amp; Starr, Leopold<\/li>\n<li>Stirling, JamesGowan, James<\/li>\n<li>St\u00f6ckmann, Gerhard<\/li>\n<li>Stroth, Willi<\/li>\n<li>Stumpp, Emil<\/li>\n<li>Sullivan, Louis<\/li>\n<li>Superstudio<\/li>\n<\/ul>\n<p>&nbsp;<br \/>\n[\/et_pb_toggle][\/et_pb_column][\/et_pb_row][et_pb_row column_structure=&#8221;1_3,1_3,1_3&#8243; _builder_version=&#8221;4.16&#8243; background_size=&#8221;initial&#8221; background_position=&#8221;top_left&#8221; background_repeat=&#8221;repeat&#8221; global_colors_info=&#8221;{}&#8221;][et_pb_column type=&#8221;1_3&#8243; _builder_version=&#8221;4.16&#8243; custom_padding=&#8221;|||&#8221; global_colors_info=&#8221;{}&#8221; custom_padding__hover=&#8221;|||&#8221;][et_pb_toggle title=&#8221;T&#8221; open=&#8221;on&#8221; admin_label=&#8221;T&#8221; module_id=&#8221;DAM-Architekten-Tabs&#8221; module_class=&#8221;tabs&#8221; _builder_version=&#8221;4.16&#8243; title_font=&#8221;DAM Oswald|700|||||||&#8221; title_font_size=&#8221;28&#8243; animation_style=&#8221;fade&#8221; global_colors_info=&#8221;{}&#8221;]<\/p>\n<ul>\n<li>Takamatsu, Shin<\/li>\n<li>Takeyama, Minoru<\/li>\n<li>Taut, Bruno<\/li>\n<li>Taut, Max<\/li>\n<li>Teige, Karel<\/li>\n<li>Tenge, Paul Hermann<\/li>\n<li>Terry, Quinlan<\/li>\n<li><a href=\"http:\/\/www.dam-online.de\/uploads\/Tesar_Heinz.pdf\" target=\"blank\" rel=\"noopener noreferrer\">Tesar, Heinz<\/a><\/li>\n<li>Thiersch, Friedrich von<\/li>\n<li>Thoroquista, Th.<\/li>\n<li>Thun, Matteo<\/li>\n<li>Tigerman, Stanley<\/li>\n<li>Tonon, Benedict<\/li>\n<li>Toscano, Joao Walter<\/li>\n<li>Traxler, Hans<\/li>\n<li>Tribout, C. H.<\/li>\n<li>Troll, Karl<\/li>\n<li>Troost, Paul Ludwig<\/li>\n<li>Tschavgov, Stephan<\/li>\n<li>Tschumi, Bernard<\/li>\n<li>Turkali, Zvonko<\/li>\n<\/ul>\n<p>[\/et_pb_toggle][\/et_pb_column][et_pb_column type=&#8221;1_3&#8243; _builder_version=&#8221;4.16&#8243; custom_padding=&#8221;|||&#8221; global_colors_info=&#8221;{}&#8221; custom_padding__hover=&#8221;|||&#8221;][et_pb_toggle title=&#8221;U&#8221; open=&#8221;on&#8221; admin_label=&#8221;U&#8221; module_id=&#8221;DAM-Architekten-Tabs&#8221; module_class=&#8221;tabs&#8221; _builder_version=&#8221;4.16&#8243; title_font=&#8221;DAM Oswald|700|||||||&#8221; title_font_size=&#8221;28&#8243; animation_style=&#8221;fade&#8221; global_colors_info=&#8221;{}&#8221;]<\/p>\n<ul>\n<li>Ullreich, Gerhard<\/li>\n<li>Ulrich, Wilhelm<\/li>\n<li>Ungers, Oswald Mathias<\/li>\n<li>Ungers, Simon<\/li>\n<li>Unglaub&amp;Horvath<\/li>\n<li>Urban, Joseph<\/li>\n<\/ul>\n<p>[\/et_pb_toggle][\/et_pb_column][et_pb_column type=&#8221;1_3&#8243; _builder_version=&#8221;4.16&#8243; custom_padding=&#8221;|||&#8221; global_colors_info=&#8221;{}&#8221; custom_padding__hover=&#8221;|||&#8221;][et_pb_toggle title=&#8221;V&#8221; open=&#8221;on&#8221; admin_label=&#8221;V&#8221; module_id=&#8221;DAM-Architekten-Tabs&#8221; module_class=&#8221;tabs&#8221; _builder_version=&#8221;4.16&#8243; title_font=&#8221;DAM Oswald|700|||||||&#8221; title_font_size=&#8221;28&#8243; animation_style=&#8221;fade&#8221; global_colors_info=&#8221;{}&#8221;]<\/p>\n<ul>\n<li>Vallino, Giorgio<\/li>\n<li>Vannicola, Carlo<\/li>\n<li>Vass, Andreas<\/li>\n<li>Venezia, Francesco<\/li>\n<li>Venturi, Robert<\/li>\n<li>Vidolovits, Laszlo<\/li>\n<li>Vigliecca, HectorPadovano, Bruno<\/li>\n<li>Vill\u00e1, Joan<\/li>\n<li>Vinoly, Rafael<\/li>\n<li>Vollbehr, Ernst<\/li>\n<li>Voth, Hannsjoerg<\/li>\n<\/ul>\n<p>[\/et_pb_toggle][\/et_pb_column][\/et_pb_row][et_pb_row column_structure=&#8221;1_3,1_3,1_3&#8243; _builder_version=&#8221;4.16&#8243; background_size=&#8221;initial&#8221; background_position=&#8221;top_left&#8221; background_repeat=&#8221;repeat&#8221; global_colors_info=&#8221;{}&#8221;][et_pb_column type=&#8221;1_3&#8243; _builder_version=&#8221;4.16&#8243; custom_padding=&#8221;|||&#8221; global_colors_info=&#8221;{}&#8221; custom_padding__hover=&#8221;|||&#8221;][et_pb_toggle title=&#8221;W&#8221; open=&#8221;on&#8221; admin_label=&#8221;W&#8221; module_id=&#8221;DAM-Architekten-Tabs&#8221; module_class=&#8221;tabs&#8221; _builder_version=&#8221;4.16&#8243; title_font=&#8221;DAM Oswald|700|||||||&#8221; title_font_size=&#8221;28&#8243; animation_style=&#8221;fade&#8221; global_colors_info=&#8221;{}&#8221;]<\/p>\n<ul>\n<li><a href=\"http:\/\/www.dam-online.de\/uploads\/Wachsmann_Konrad.pdf\" target=\"blank\" rel=\"noopener noreferrer\">Wachsmann, Konrad<\/a><\/li>\n<li>Wall, Alex<\/li>\n<li>Walter, Ulrich<\/li>\n<li>Watanabe, Makoto Sei<\/li>\n<li>Webendoerfer, Ingrid<\/li>\n<li>Weber, L. F.<\/li>\n<li>Weber, Martin<\/li>\n<li>Weimer&amp;Pursell<\/li>\n<li>Weise, G. W.<\/li>\n<li>Wewerka, Stefan<\/li>\n<li>Whittacker<\/li>\n<li>Wilkesmann, Hugo<\/li>\n<li>Willarst, Adam Eduard de<\/li>\n<li>Williams, TodTsien, Billie and Associates<\/li>\n<li><a href=\"http:\/\/www.dam-online.de\/uploads\/Willikens_Ben.pdf\" target=\"blank\" rel=\"noopener noreferrer\">Willikens, Ben<\/a><\/li>\n<li>Wimmenauer, Karl<\/li>\n<li>Winner, G.<\/li>\n<li>Wohlgemuth, J.<\/li>\n<li>Wolff, W.U.F.V.Schneble, U.E.<\/li>\n<li>W\u00f6rner + Partner<\/li>\n<li>Wright, Frank Lloyd<\/li>\n<li>W\u00fcrtenberger, Franzsepp<\/li>\n<\/ul>\n<p>[\/et_pb_toggle][\/et_pb_column][et_pb_column type=&#8221;1_3&#8243; _builder_version=&#8221;4.16&#8243; custom_padding=&#8221;|||&#8221; global_colors_info=&#8221;{}&#8221; custom_padding__hover=&#8221;|||&#8221;][et_pb_toggle title=&#8221;Z&#8221; open=&#8221;on&#8221; admin_label=&#8221;Z&#8221; module_id=&#8221;DAM-Architekten-Tabs&#8221; module_class=&#8221;tabs&#8221; _builder_version=&#8221;4.16&#8243; title_font=&#8221;DAM Oswald|700|||||||&#8221; title_font_size=&#8221;28&#8243; animation_style=&#8221;fade&#8221; global_colors_info=&#8221;{}&#8221;]<\/p>\n<ul>\n<li>Ziffzer, Rolf<\/li>\n<\/ul>\n<p>[\/et_pb_toggle][\/et_pb_column][et_pb_column type=&#8221;1_3&#8243; _builder_version=&#8221;4.16&#8243; custom_padding=&#8221;|||&#8221; global_colors_info=&#8221;{}&#8221; custom_padding__hover=&#8221;|||&#8221;][\/et_pb_column][\/et_pb_row][et_pb_row column_structure=&#8221;1_3,1_3,1_3&#8243; _builder_version=&#8221;4.16&#8243; background_size=&#8221;initial&#8221; background_position=&#8221;top_left&#8221; background_repeat=&#8221;repeat&#8221; global_colors_info=&#8221;{}&#8221;][et_pb_column type=&#8221;1_3&#8243; _builder_version=&#8221;4.16&#8243; custom_padding=&#8221;|||&#8221; global_colors_info=&#8221;{}&#8221; custom_padding__hover=&#8221;|||&#8221;][et_pb_toggle title=&#8221;A&#8221; open=&#8221;on&#8221; admin_label=&#8221;A&#8221; module_id=&#8221;DAM-Architekten-Tabs&#8221; module_class=&#8221;tabs&#8221; _builder_version=&#8221;4.16&#8243; title_font=&#8221;DAM Oswald|700|||||||&#8221; title_font_size=&#8221;28&#8243; animation_style=&#8221;fade&#8221; global_colors_info=&#8221;{}&#8221;]<\/p>\n<div class=\"floatLeft textContainer\">\n<div id=\"ctl00_phMainContainer_ctl00_ctl00_ctl00_rptTeaser_ctl01_pnlText\" class=\"teaserText\">\n<ul>\n<li><a href=\"http:\/\/www.dam-online.de\/uploads\/Aalto_Alvar.pdf\" target=\"blank\" rel=\"noopener noreferrer\">Aalto, Alvar<\/a><\/li>\n<li>ABB Architekten (HanigScheidSchmidt)<\/li>\n<li><a href=\"http:\/\/www.dam-online.de\/uploads\/Abraham_Raimund.pdf\" target=\"blank\" rel=\"noopener noreferrer\">Abraham, Raimund J.<\/a><\/li>\n<li><a href=\"http:\/\/www.dam-online.de\/uploads\/ACT.pdf\" target=\"blank\" rel=\"noopener noreferrer\">ACT &#8211; BardonColbocPhillipon<\/a><\/li>\n<li><a href=\"http:\/\/www.dam-online.de\/uploads\/Ahrle_Ferry.pdf\" target=\"blank\" rel=\"noopener noreferrer\">Ahrl\u00e9, Ferry <\/a><\/li>\n<li><a href=\"http:\/\/www.dam-online.de\/uploads\/Alchimia.pdf\" target=\"blank\" rel=\"noopener noreferrer\">Alchimi<\/a><\/li>\n<li>AlsopLyallJone<\/li>\n<li>Anderson, Evelyn<\/li>\n<li><a href=\"http:\/\/www.dam-online.de\/uploads\/Ando_Tadao.pdf\" target=\"blank\" rel=\"noopener noreferrer\">Ando, Tadao<\/a><\/li>\n<li><a href=\"http:\/\/www.dam-online.de\/uploads\/Archigram.pdf\" target=\"blank\" rel=\"noopener noreferrer\">Archigram<\/a> (ChalkCookCromptonGreenHerronWebbHawleySnowden)<\/li>\n<li>Arp, Hans<\/li>\n<li>Avvakumov, Yuri<\/li>\n<li><a href=\"http:\/\/www.dam-online.de\/uploads\/Aymonino_Carlo.pdf\" target=\"_blank\" rel=\"noopener noreferrer\">Aymonino, Carlo<\/a><\/li>\n<\/ul>\n<\/div>\n<\/div>\n<p>[\/et_pb_toggle][et_pb_toggle title=&#8221;D&#8221; open=&#8221;on&#8221; admin_label=&#8221;D&#8221; module_id=&#8221;DAM-Architekten-Tabs&#8221; module_class=&#8221;tabs&#8221; _builder_version=&#8221;4.16&#8243; title_font=&#8221;DAM Oswald|700|||||||&#8221; title_font_size=&#8221;28&#8243; animation_style=&#8221;fade&#8221; global_colors_info=&#8221;{}&#8221;]<\/p>\n<ul>\n<li>D`Ardia, Giangiacomo<\/li>\n<li>Daly, C\u00e9sar<\/li>\n<li>Dardi, Costantino<\/li>\n<li>De Arce, Rodrigo Perez<\/li>\n<li>De Blacam, ShaneMeagher, John<\/li>\n<li>Dernburg, Hermann<\/li>\n<li>Deutsch, Marie-Theres<\/li>\n<li>Diehl, Karl<\/li>\n<li>Diener &amp; Diener<\/li>\n<li>Dietrich, Verena<\/li>\n<li>Dietz Joppien Architekten (Dietz, AlbertJoppien, Anett-Maud)<\/li>\n<li>Dimitriu, Livio<\/li>\n<li>Disler, Martin<\/li>\n<li>Dissing + Weitling<\/li>\n<li>D\u00f6cker, Richard<\/li>\n<li><a href=\"http:\/\/www.dam-online.de\/uploads\/Doesburg_Theo_van.pdf\" target=\"blank\" rel=\"noopener noreferrer\">Doesburg, Theo van<\/a><\/li>\n<li>Domenig, G\u00fcntherHuth, Eilfried<\/li>\n<li>D\u00f6ring, Wolfgang<\/li>\n<li>Dreissigacker, Klaus<\/li>\n<li>Dudler, Max<\/li>\n<li><a href=\"http:\/\/www.dam-online.de\/uploads\/Dyckerhoff_Widmann.pdf\" target=\"blank\" rel=\"noopener noreferrer\">Dyckerhoff&amp;Widmann<\/a><\/li>\n<\/ul>\n<p>[\/et_pb_toggle][et_pb_toggle title=&#8221;G&#8221; open=&#8221;on&#8221; admin_label=&#8221;G&#8221; module_id=&#8221;DAM-Architekten-Tabs&#8221; module_class=&#8221;tabs&#8221; _builder_version=&#8221;4.16&#8243; title_font=&#8221;DAM Oswald|700|||||||&#8221; title_font_size=&#8221;28&#8243; animation_style=&#8221;fade&#8221; global_colors_info=&#8221;{}&#8221;]<\/p>\n<ul>\n<li>G.R.A.U.<\/li>\n<li>Galarraga, Ignacio<\/li>\n<li>Gasparin, Sonja<\/li>\n<li>Gehry, Frank O.<\/li>\n<li>Gerdes, Ludger<\/li>\n<li>Giefer, AloisMaeckler, Hermann<\/li>\n<li>Gigon, AnnetteGuyer, Mike<\/li>\n<li>Gilbert, Cass<\/li>\n<li>Gisel, Ernst<\/li>\n<li>Gluckman Mayner Architects (Gluckman, Richard)<\/li>\n<li>Goebel, Hermann<\/li>\n<li>Goeck, Armin<\/li>\n<li>Goepfert, Hermann<\/li>\n<li>Goff, Bruce (Goff, Iannelli &amp; Pope)<\/li>\n<li>Goldberg, Bertrand<\/li>\n<li>G\u00f6nzg, Hermann<\/li>\n<li>Gouffe<\/li>\n<li>Gra\u00e7a, Jo\u00e3o Luis Carrilho da<\/li>\n<li>Gr\u00e4fe, Hermann Gustav<\/li>\n<li>Grassi Giorgio<\/li>\n<li>Graves, Michael<\/li>\n<li>Gray, Eilleen<\/li>\n<li>Gregotti, Vittorio<\/li>\n<li>Gropius, Walter<\/li>\n<li>Gruber, Karl<\/li>\n<li>Grumbach, Antoine<\/li>\n<\/ul>\n<p>[\/et_pb_toggle][et_pb_toggle title=&#8221;J&#8221; open=&#8221;on&#8221; admin_label=&#8221;J&#8221; module_id=&#8221;DAM-Architekten-Tabs&#8221; module_class=&#8221;tabs&#8221; _builder_version=&#8221;4.16&#8243; title_font=&#8221;DAM Oswald|700|||||||&#8221; title_font_size=&#8221;28&#8243; animation_style=&#8221;fade&#8221; global_colors_info=&#8221;{}&#8221;]<\/p>\n<ul>\n<li>Jacoby, Alfred<\/li>\n<li>J\u00e4ger, Falk<\/li>\n<li>Jahn, Helmut<\/li>\n<li>Jellinek<\/li>\n<li>Jenney, William le Baron<\/li>\n<li>Jensen, Jan OlavBrynildsen, Per Christian<\/li>\n<li>Jonak, Ulf<\/li>\n<li>Jonas, Walter<\/li>\n<li>Jourdan &amp; M\u00fcller.PAS (Jourdan, Jochem\/M\u00fcller, Bernhard)<\/li>\n<li>Junghanns, Hans<\/li>\n<\/ul>\n<p>[\/et_pb_toggle][et_pb_toggle title=&#8221;M&#8221; open=&#8221;on&#8221; admin_label=&#8221;M&#8221; module_id=&#8221;DAM-Architekten-Tabs&#8221; module_class=&#8221;tabs&#8221; _builder_version=&#8221;4.16&#8243; title_font=&#8221;DAM Oswald|700|||||||&#8221; title_font_size=&#8221;28&#8243; animation_style=&#8221;fade&#8221; global_colors_info=&#8221;{}&#8221;]<\/p>\n<ul>\n<li>M.A.N.<\/li>\n<li>M\u00e4ckler, Christoph<\/li>\n<li>Marchi, Virgilio<\/li>\n<li><a href=\"http:\/\/www.dam-online.de\/uploads\/archiv\/Maerkli.pdf\" target=\"_blank\" rel=\"noopener noreferrer\">M\u00e4rkli, Peter<\/a><\/li>\n<li>Martinuzzi, Francis<\/li>\n<li>Mason, Adriano<\/li>\n<li>Mateo, Josep Lluis (MAP Architects)<\/li>\n<li>May, Ernst<\/li>\n<li>Meid, MaxRomeick, Helmut<\/li>\n<li>Meier, Richard<\/li>\n<li>MeilerVural &amp; Partner<\/li>\n<li>Meili, Marcel und Peter, Markus<\/li>\n<li>Melnikov, Konstantin<\/li>\n<li>Mendelsohn, Erich<\/li>\n<li>Mendini, Alessandro<\/li>\n<li><a href=\"http:\/\/www.dam-online.de\/uploads\/Metzendorf_Heinrich.pdf\" target=\"blank\" rel=\"noopener noreferrer\">Metzendorf, Heinrich<\/a><\/li>\n<li>Meyer, Adolf<\/li>\n<li><a href=\"http:\/\/www.dam-online.de\/uploads\/archiv\/Meyer.pdf\" target=\"_blank\" rel=\"noopener noreferrer\">Meyer, Hannes<\/a><\/li>\n<li>Meyer-Christian, Wolf<\/li>\n<li>Mies van der Rohe, Ludwig<\/li>\n<li>Miralles, Enric<\/li>\n<li>Mivazawa, Hiroko<\/li>\n<li>Mohl, Heinz<\/li>\n<li>Molnar, Farkas<\/li>\n<li>Molzahn, Karl<\/li>\n<li>Moneo, Rafael<\/li>\n<li>Monkiewitsch, Lienhard von<\/li>\n<li>Montes, Fernando<\/li>\n<li>Moore, Charles<\/li>\n<li>Morgenstern, J. L. E.<\/li>\n<li>Morphosis (Mayne, Thom)<\/li>\n<li>Mothes, Oskar<\/li>\n<li>M\u00fcller, Hans<\/li>\n<li>Mutschler, CarlfriedLangner, Joachim<\/li>\n<\/ul>\n<p>[\/et_pb_toggle][et_pb_toggle title=&#8221;P&#8221; open=&#8221;on&#8221; admin_label=&#8221;P&#8221; module_id=&#8221;DAM-Architekten-Tabs&#8221; module_class=&#8221;tabs&#8221; _builder_version=&#8221;4.16&#8243; title_font=&#8221;DAM Oswald|700|||||||&#8221; title_font_size=&#8221;28&#8243; animation_style=&#8221;fade&#8221; global_colors_info=&#8221;{}&#8221;]<\/p>\n<ul>\n<li>Paavilainen, Simo u. K\u00e4py<\/li>\n<li>Pahl + Weber-Pahl<\/li>\n<li>Palladio, Andrea<\/li>\n<li>Palma, Polo<\/li>\n<li>Parry, Eric<\/li>\n<li>Passi, Dario<\/li>\n<li>Patkau Architects (Patkau, PatriciaPatkau, John)<\/li>\n<li>Pax, Wolfgang Michael<\/li>\n<li>Peichl, Gustav<\/li>\n<li>Pennethorne, James<\/li>\n<li>Percier, Charles<\/li>\n<li>Pfeiffer, Herbert<\/li>\n<li>Pichelmann, Gustav<\/li>\n<li>Pineau<\/li>\n<li>Piranesi, Giovanni Battista (Giambattista)<\/li>\n<li>Podrecca, Boris<\/li>\n<li><a href=\"http:\/\/www.dam-online.de\/uploads\/archiv\/Poelzig.pdf\" target=\"_blank\" rel=\"noopener noreferrer\">Poelzig, Hans<\/a><\/li>\n<li>Pohl, WolfgangRingleben, UrsulaDrees, Holger<\/li>\n<li>Poli, Joseph<\/li>\n<li>Polshek, James Stewart &amp; Partner<\/li>\n<li>Porto, Severiano7Ribeiro, Mario<\/li>\n<li>Portoghesi, Paolo<\/li>\n<li>Portzamparc, Christian de<\/li>\n<li>Pran, Peter<\/li>\n<li>Prati, Franz<\/li>\n<li>Preller, Friedrich d. \u00c4.<\/li>\n<li>Prouv\u00e9, Jean<\/li>\n<li>Purini, FrancoThermes, Laura<\/li>\n<\/ul>\n<p>[\/et_pb_toggle][et_pb_toggle title=&#8221;T&#8221; open=&#8221;on&#8221; admin_label=&#8221;T&#8221; module_id=&#8221;DAM-Architekten-Tabs&#8221; module_class=&#8221;tabs&#8221; _builder_version=&#8221;4.16&#8243; title_font=&#8221;DAM Oswald|700|||||||&#8221; title_font_size=&#8221;28&#8243; animation_style=&#8221;fade&#8221; global_colors_info=&#8221;{}&#8221;]<\/p>\n<ul>\n<li>Takamatsu, Shin<\/li>\n<li>Takeyama, Minoru<\/li>\n<li>Taut, Bruno<\/li>\n<li>Taut, Max<\/li>\n<li>Teige, Karel<\/li>\n<li>Tenge, Paul Hermann<\/li>\n<li>Terry, Quinlan<\/li>\n<li><a href=\"http:\/\/www.dam-online.de\/uploads\/Tesar_Heinz.pdf\" target=\"blank\" rel=\"noopener noreferrer\">Tesar, Heinz<\/a><\/li>\n<li>Thiersch, Friedrich von<\/li>\n<li>Thoroquista, Th.<\/li>\n<li>Thun, Matteo<\/li>\n<li>Tigerman, Stanley<\/li>\n<li>Tonon, Benedict<\/li>\n<li>Toscano, Joao Walter<\/li>\n<li>Traxler, Hans<\/li>\n<li>Tribout, C. H.<\/li>\n<li>Troll, Karl<\/li>\n<li>Troost, Paul Ludwig<\/li>\n<li>Tschavgov, Stephan<\/li>\n<li>Tschumi, Bernard<\/li>\n<li>Turkali, Zvonko<\/li>\n<\/ul>\n<p>[\/et_pb_toggle][et_pb_toggle title=&#8221;W&#8221; open=&#8221;on&#8221; admin_label=&#8221;W&#8221; module_id=&#8221;DAM-Architekten-Tabs&#8221; module_class=&#8221;tabs&#8221; _builder_version=&#8221;4.16&#8243; title_font=&#8221;DAM Oswald|700|||||||&#8221; title_font_size=&#8221;28&#8243; animation_style=&#8221;fade&#8221; global_colors_info=&#8221;{}&#8221;]<\/p>\n<ul>\n<li><a href=\"http:\/\/www.dam-online.de\/uploads\/Wachsmann_Konrad.pdf\" target=\"blank\" rel=\"noopener noreferrer\">Wachsmann, Konrad<\/a><\/li>\n<li>Wall, Alex<\/li>\n<li>Walter, Ulrich<\/li>\n<li>Watanabe, Makoto Sei<\/li>\n<li>Webendoerfer, Ingrid<\/li>\n<li>Weber, L. F.<\/li>\n<li>Weber, Martin<\/li>\n<li>Weimer&amp;Pursell<\/li>\n<li>Weise, G. W.<\/li>\n<li>Wewerka, Stefan<\/li>\n<li>Whittacker<\/li>\n<li>Wilkesmann, Hugo<\/li>\n<li>Willarst, Adam Eduard de<\/li>\n<li>Williams, TodTsien, Billie and Associates<\/li>\n<li><a href=\"http:\/\/www.dam-online.de\/uploads\/Willikens_Ben.pdf\" target=\"blank\" rel=\"noopener noreferrer\">Willikens, Ben<\/a><\/li>\n<li>Wimmenauer, Karl<\/li>\n<li>Winner, G.<\/li>\n<li>Wohlgemuth, J.<\/li>\n<li>Wolff, W.U.F.V.Schneble, U.E.<\/li>\n<li>W\u00f6rner + Partner<\/li>\n<li>Wright, Frank Lloyd<\/li>\n<li>W\u00fcrtenberger, Franzsepp<\/li>\n<\/ul>\n<p>[\/et_pb_toggle][\/et_pb_column][et_pb_column type=&#8221;1_3&#8243; _builder_version=&#8221;4.16&#8243; custom_padding=&#8221;|||&#8221; global_colors_info=&#8221;{}&#8221; custom_padding__hover=&#8221;|||&#8221;][et_pb_toggle title=&#8221;B&#8221; open=&#8221;on&#8221; admin_label=&#8221;B&#8221; module_id=&#8221;DAM-Architekten-Tabs&#8221; module_class=&#8221;tabs&#8221; _builder_version=&#8221;4.16&#8243; title_font=&#8221;DAM Oswald|700|||||||&#8221; title_font_size=&#8221;28&#8243; animation_style=&#8221;fade&#8221; global_colors_info=&#8221;{}&#8221;]<\/p>\n<div class=\"floatLeft textContainer\">\n<div id=\"ctl00_phMainContainer_ctl00_ctl00_ctl00_rptTeaser_ctl01_pnlText\" class=\"teaserText\">\n<ul>\n<li><a href=\"http:\/\/www.dam-online.de\/uploads\/Aalto_Alvar.pdf\" target=\"blank\" rel=\"noopener noreferrer\">Aalto, Alvar<\/a><\/li>\n<li>ABB Architekten (HanigScheidSchmidt)<\/li>\n<li><a href=\"http:\/\/www.dam-online.de\/uploads\/Abraham_Raimund.pdf\" target=\"blank\" rel=\"noopener noreferrer\">Abraham, Raimund J.<\/a><\/li>\n<li><a href=\"http:\/\/www.dam-online.de\/uploads\/ACT.pdf\" target=\"blank\" rel=\"noopener noreferrer\">ACT &#8211; BardonColbocPhillipon<\/a><\/li>\n<li><a href=\"http:\/\/www.dam-online.de\/uploads\/Ahrle_Ferry.pdf\" target=\"blank\" rel=\"noopener noreferrer\">Ahrl\u00e9, Ferry <\/a><\/li>\n<li><a href=\"http:\/\/www.dam-online.de\/uploads\/Alchimia.pdf\" target=\"blank\" rel=\"noopener noreferrer\">Alchimi<\/a><\/li>\n<li>AlsopLyallJone<\/li>\n<li>Anderson, Evelyn<\/li>\n<li><a href=\"http:\/\/www.dam-online.de\/uploads\/Ando_Tadao.pdf\" target=\"blank\" rel=\"noopener noreferrer\">Ando, Tadao<\/a><\/li>\n<li><a href=\"http:\/\/www.dam-online.de\/uploads\/Archigram.pdf\" target=\"blank\" rel=\"noopener noreferrer\">Archigram<\/a> (ChalkCookCromptonGreenHerronWebbHawleySnowden)<\/li>\n<li>Arp, Hans<\/li>\n<li>Avvakumov, Yuri<\/li>\n<li><a href=\"http:\/\/www.dam-online.de\/uploads\/Aymonino_Carlo.pdf\" target=\"_blank\" rel=\"noopener noreferrer\">Aymonino, Carlo<\/a><\/li>\n<\/ul>\n<\/div>\n<\/div>\n<p>[\/et_pb_toggle][et_pb_toggle title=&#8221;E&#8221; open=&#8221;on&#8221; admin_label=&#8221;E&#8221; module_id=&#8221;DAM-Architekten-Tabs&#8221; module_class=&#8221;tabs&#8221; _builder_version=&#8221;4.16&#8243; title_font=&#8221;DAM Oswald|700|||||||&#8221; title_font_size=&#8221;28&#8243; animation_style=&#8221;fade&#8221; global_colors_info=&#8221;{}&#8221;]<\/p>\n<ul>\n<li>Eckert, Hans<\/li>\n<li>Eckhardt &amp; Hahn<\/li>\n<li>Egenhofer, HeinzBidlingmaier, Horst<\/li>\n<li>Eisele&amp;Fritz<\/li>\n<li><a href=\"http:\/\/www.dam-online.de\/uploads\/Eisenman_Peter.pdf\" target=\"blank\" rel=\"noopener noreferrer\">Eisenman, Peter<\/a><\/li>\n<li>Elsaesser, Martin<\/li>\n<li>Escher, Rolf<\/li>\n<li>Ethner<\/li>\n<li>Eyck, Aldo van<\/li>\n<\/ul>\n<p>[\/et_pb_toggle][et_pb_toggle title=&#8221;H&#8221; open=&#8221;on&#8221; admin_label=&#8221;H&#8221; module_id=&#8221;DAM-Architekten-Tabs&#8221; module_class=&#8221;tabs&#8221; _builder_version=&#8221;4.16&#8243; title_font=&#8221;DAM Oswald|700|||||||&#8221; title_font_size=&#8221;28&#8243; animation_style=&#8221;fade&#8221; global_colors_info=&#8221;{}&#8221;]<\/p>\n<ul>\n<li>Hacker, Dieter<\/li>\n<li>Hadid, Zaha<\/li>\n<li>Hahmann, Friedrich<\/li>\n<li>Haist, Dieter<\/li>\n<li>Hajek, Otto H.<\/li>\n<li>Halfmann, JasperZillich, Wontroba<\/li>\n<li>Hamm, Franz Josef<\/li>\n<li>HammondBeebyBabka<\/li>\n<li><a href=\"http:\/\/www.dam-online.de\/uploads\/Haus-Rucker-Co.pdf\" target=\"_blank\" rel=\"noopener noreferrer\">Haus-Rucker-Co<\/a> (KelpOrtnerOrtner)<\/li>\n<li>Hegger, Manfred<\/li>\n<li>Heider, Klaus<\/li>\n<li>Heil, Richard<\/li>\n<li>Hein, Angelika<\/li>\n<li>Hejduk, John<\/li>\n<li>HentrichPetschnigg &amp; Partner<\/li>\n<li>Hermkes, Bernhard<\/li>\n<li>Hersey, William<\/li>\n<li>Herzog, JacquesDe Meuron, Pierre<\/li>\n<li><a href=\"http:\/\/www.dam-online.de\/uploads\/Herzog_Thomas.pdf\" target=\"blank\" rel=\"noopener noreferrer\">Herzog, Thomas<\/a><\/li>\n<li>Herzog, ThomasSchrade, Hanns J\u00f6rg<\/li>\n<li>Hiegel, Hans Robert<\/li>\n<li>Hillebrand, Lucy<\/li>\n<li>Hilmer, Heinz &amp; Sattler, Christoph<\/li>\n<li>Hirsch, NikolausLorch, WolfgangWandel, Andrea<\/li>\n<li>Hochbauamt der Stadt Frankfurt<\/li>\n<li>Hollein, Hans<\/li>\n<li>H\u00f8lmebakk, Carl-Viggo<\/li>\n<li>Hoelzinger, Johannes P.<\/li>\n<li>Hooss, Henner<\/li>\n<li>Hoven, Franz von<\/li>\n<li>H\u00fcbbers, Hans<\/li>\n<li>Hundertwasser, Friedensreich<\/li>\n<\/ul>\n<p>[\/et_pb_toggle][et_pb_toggle title=&#8221;K&#8221; open=&#8221;on&#8221; admin_label=&#8221;K&#8221; module_id=&#8221;DAM-Architekten-Tabs&#8221; module_class=&#8221;tabs&#8221; _builder_version=&#8221;4.16&#8243; title_font=&#8221;DAM Oswald|700|||||||&#8221; title_font_size=&#8221;28&#8243; animation_style=&#8221;fade&#8221; global_colors_info=&#8221;{}&#8221;]<\/p>\n<ul>\n<li>K\u00e1dar, B\u00e9la<\/li>\n<li><a href=\"http:\/\/www.dam-online.de\/uploads\/Kahn_Louis_I.pdf\" target=\"blank\" rel=\"noopener noreferrer\">Kahn, Louis I.<\/a><\/li>\n<li>Kammerer, HansBelz, Walter<\/li>\n<li><a href=\"http:\/\/www.dam-online.de\/uploads\/Kasper_Ernst.pdf\" target=\"_blank\" rel=\"noopener noreferrer\">Kasper, Ernst<\/a><\/li>\n<li>Keller, Andreas<\/li>\n<li>Kesting, Edmund<\/li>\n<li>Kiesler, Frederik<\/li>\n<li>Kippenberger, Martin<\/li>\n<li><a href=\"http:\/\/www.dam-online.de\/uploads\/Kleihues_Josef_Paul.pdf\" target=\"blank\" rel=\"noopener noreferrer\">Kleihues, Josef Paul<\/a><\/li>\n<li>Klein, Alexander<\/li>\n<li>Klinkert, Walter<\/li>\n<li>Kny, Hansjoerg<\/li>\n<li>K\u00f6hler, Hans<\/li>\n<li>K\u00f6hler. Architekten (K\u00f6hler, Dieter)<\/li>\n<li>KohnPedersenFox<\/li>\n<li>Kolatan MacDonalds Studios<\/li>\n<li>Kollhoff, HansOvaska, Arthur<\/li>\n<li>Kollhoff, HansTimmermann, Helga<\/li>\n<li>Koolhaas, Rem (OMA)<\/li>\n<li>Kostelac, Ante Josip von<\/li>\n<li>Krahn, Johannes<\/li>\n<li>Kramm + Strigl (Kramm, RuedigerStrigl, Axel)<\/li>\n<li>Kr\u00e4nzle, Nikolaus<\/li>\n<li>Krause, Franz<\/li>\n<li>Krier, Leon<\/li>\n<li><a href=\"http:\/\/www.dam-archiv.de\" target=\"_blank\" rel=\"noopener noreferrer\"><b><u>Krier, Rob<\/u><\/b><\/a><\/li>\n<li>Krischanitz, Adolf<\/li>\n<li>Kr\u00f6meke, Walter<\/li>\n<li>KSP \u2013 Engel und Zimmermann<\/li>\n<li>K\u00fccker, Wilhelm<\/li>\n<li>Kurhaupt, Alfred<\/li>\n<li>Kurokawa, Kisho<\/li>\n<\/ul>\n<p>[\/et_pb_toggle][et_pb_toggle title=&#8221;N&#8221; open=&#8221;on&#8221; admin_label=&#8221;N&#8221; module_id=&#8221;DAM-Architekten-Tabs&#8221; module_class=&#8221;tabs&#8221; _builder_version=&#8221;4.16&#8243; title_font=&#8221;DAM Oswald|700|||||||&#8221; title_font_size=&#8221;28&#8243; animation_style=&#8221;fade&#8221; global_colors_info=&#8221;{}&#8221;]<\/p>\n<ul>\n<li>Nalbach, Gernot<\/li>\n<li>Natalini, Adolfo (Superstudio)<\/li>\n<li>Navarro Baldeweg, Juan<\/li>\n<li>Neitzke, Martin<\/li>\n<li>Nereim, Anders<\/li>\n<li><a href=\"http:\/\/www.dam-online.de\/uploads\/Neutra_Richard.pdf\" target=\"blank\" rel=\"noopener noreferrer\">Neutra, Richard<\/a><\/li>\n<li>Niemann, Georg<\/li>\n<li>Normand, Alfred-Nicholas<\/li>\n<li><a href=\"http:\/\/www.dam-online.de\/uploads\/Nouvel_Jean.pdf\" target=\"blank\" rel=\"noopener noreferrer\">Nouvel, Jean<\/a><\/li>\n<\/ul>\n<p>[\/et_pb_toggle][et_pb_toggle title=&#8221;R&#8221; open=&#8221;on&#8221; admin_label=&#8221;R&#8221; module_id=&#8221;DAM-Architekten-Tabs&#8221; module_class=&#8221;tabs&#8221; _builder_version=&#8221;4.16&#8243; title_font=&#8221;DAM Oswald|700|||||||&#8221; title_font_size=&#8221;28&#8243; animation_style=&#8221;fade&#8221; global_colors_info=&#8221;{}&#8221;]<\/p>\n<ul>\n<li>Rang, Wolfgang<\/li>\n<li>Rasch, Heinz<\/li>\n<li>Rasch, Heinz und Bodo<\/li>\n<li>Rave, Gebr\u00fcder<\/li>\n<li>Read, Frederick<\/li>\n<li>Reichlin, BrunoReinhart, Fabio<\/li>\n<li>Reichow, Hans B.<\/li>\n<li>Reismann, J\u00fcrgen<\/li>\n<li>Reissinger, Eckart<\/li>\n<li>Re\u00dfler, Berthold<\/li>\n<li>Rettig, R.<\/li>\n<li>Reuter, Hans-Peter<\/li>\n<li>RichterGerngro\u00df<\/li>\n<li>Riemann, Peter<\/li>\n<li>Rietveld, Gerrit T.<\/li>\n<li>Roca, Miguel Angel<\/li>\n<li>Roeckle, Franz<\/li>\n<li>Rogers, Richard<\/li>\n<li>Ronalds, Tim<\/li>\n<li>Rossi, Aldo<\/li>\n<li>Ruegenberg, Sergius<\/li>\n<li>Ruhnau, Werner<\/li>\n<\/ul>\n<p>[\/et_pb_toggle][et_pb_toggle title=&#8221;U&#8221; open=&#8221;on&#8221; admin_label=&#8221;U&#8221; module_id=&#8221;DAM-Architekten-Tabs&#8221; module_class=&#8221;tabs&#8221; _builder_version=&#8221;4.16&#8243; title_font=&#8221;DAM Oswald|700|||||||&#8221; title_font_size=&#8221;28&#8243; animation_style=&#8221;fade&#8221; global_colors_info=&#8221;{}&#8221;]<\/p>\n<ul>\n<li>Ullreich, Gerhard<\/li>\n<li>Ulrich, Wilhelm<\/li>\n<li>Ungers, Oswald Mathias<\/li>\n<li>Ungers, Simon<\/li>\n<li>Unglaub&amp;Horvath<\/li>\n<li>Urban, Joseph<\/li>\n<\/ul>\n<p>[\/et_pb_toggle][et_pb_toggle title=&#8221;Z&#8221; open=&#8221;on&#8221; admin_label=&#8221;Z&#8221; module_id=&#8221;DAM-Architekten-Tabs&#8221; module_class=&#8221;tabs&#8221; _builder_version=&#8221;4.16&#8243; title_font=&#8221;DAM Oswald|700|||||||&#8221; title_font_size=&#8221;28&#8243; animation_style=&#8221;fade&#8221; global_colors_info=&#8221;{}&#8221;]<\/p>\n<ul>\n<li>Ziffzer, Rolf<\/li>\n<\/ul>\n<p>[\/et_pb_toggle][\/et_pb_column][et_pb_column type=&#8221;1_3&#8243; _builder_version=&#8221;4.16&#8243; custom_padding=&#8221;|||&#8221; global_colors_info=&#8221;{}&#8221; custom_padding__hover=&#8221;|||&#8221;][et_pb_toggle title=&#8221;C&#8221; open=&#8221;on&#8221; admin_label=&#8221;C&#8221; module_id=&#8221;DAM-Architekten-Tabs&#8221; module_class=&#8221;tabs&#8221; _builder_version=&#8221;4.16&#8243; title_font=&#8221;DAM Oswald|700|||||||&#8221; title_font_size=&#8221;28&#8243; animation_style=&#8221;fade&#8221; global_colors_info=&#8221;{}&#8221;]<\/p>\n<ul>\n<li><a href=\"http:\/\/www.dam-online.de\/uploads\/Calatrava_Santiago.pdf\" target=\"blank\" rel=\"noopener noreferrer\">Calatrava, Santiago<\/a><\/li>\n<li>Cantafora, Arduino<\/li>\n<li>Caramelle, Ernst<\/li>\n<li>Carlini, Alessandro<\/li>\n<li>Cellini, Francesco<\/li>\n<li><a href=\"http:\/\/www.dam-online.de\/uploads\/Celsing_Johan.pdf\" target=\"blank\" rel=\"noopener noreferrer\">Celsing, Johan<\/a><\/li>\n<li>Cernikov, Jakov<\/li>\n<li><a href=\"http:\/\/www.dam-online.de\/uploads\/archiv\/Cetto.pdf\" target=\"_blank\" rel=\"noopener noreferrer\">Cetto, Max<\/a><\/li>\n<li>Chipperfield, David<\/li>\n<li>Christo<\/li>\n<li>ClotetTusquets<\/li>\n<li>Cobb, Henry N.<\/li>\n<li>Cohen, Stuart<\/li>\n<li>Conrad, Roland<\/li>\n<li><a href=\"http:\/\/www.dam-online.de\/uploads\/Coop_Himmelblau.pdf\" target=\"blank\" rel=\"noopener noreferrer\">Coop Himmelb(l)au<\/a> (Prix, W.-D.Swiczinsky, H.)<\/li>\n<li><a href=\"http:\/\/www.dam-online.de\/uploads\/Coulter_Norman.pdf\" target=\"blank\" rel=\"noopener noreferrer\">Coulter, Norman R.<\/a><\/li>\n<li>Cueppers, Albert<\/li>\n<li>Czech, Hermann<\/li>\n<\/ul>\n<p>[\/et_pb_toggle][et_pb_toggle title=&#8221;F&#8221; open=&#8221;on&#8221; admin_label=&#8221;F&#8221; module_id=&#8221;DAM-Architekten-Tabs&#8221; module_class=&#8221;tabs&#8221; _builder_version=&#8221;4.16&#8243; title_font=&#8221;DAM Oswald|700|||||||&#8221; title_font_size=&#8221;28&#8243; animation_style=&#8221;fade&#8221; global_colors_info=&#8221;{}&#8221;]<\/p>\n<ul>\n<li>Fara, VitezlavLehmann, Hartmut<\/li>\n<li>Farwick, Hermann<\/li>\n<li>Faskel, BerndNikolic, Vladimir<\/li>\n<li>Fass, Werner<\/li>\n<li>Fassel, Gerhard<\/li>\n<li>Fehling, HermannGogel, Daniel<\/li>\n<li>Fellner, Ferdinand August Michael<\/li>\n<li>Fetz, Hans-Peter<\/li>\n<li>Fink + Reinwald<\/li>\n<li>Finsterlin, Hermann<\/li>\n<li>Formalhaut (H\u00f6rl, OttmarSeifert, GabrielaStockmann, Goetz)<\/li>\n<li>Fornatti, FrancoNigst, Peter<\/li>\n<li>Foster, Norman<\/li>\n<li>Francis, Sam<\/li>\n<li>Franken, Bernhard<\/li>\n<li>Franzke, Jo<\/li>\n<li>Freiwald, Walter<\/li>\n<li>Friedman, Yona<\/li>\n<li>Frigerio, Ezio<\/li>\n<li>FrowlinSpangenberg<\/li>\n<li>FuckerThyriot<\/li>\n<li>Fuksas, MassimilianoSacconi, Anna Maria<\/li>\n<li>Fuller, Richard Buckminster<\/li>\n<li>Funk + Schr\u00f6der<\/li>\n<li>Future Systems (Kaplicky, JanLevete, Amanda)<\/li>\n<\/ul>\n<p>[\/et_pb_toggle][et_pb_toggle title=&#8221;I&#8221; open=&#8221;on&#8221; admin_label=&#8221;I&#8221; module_id=&#8221;DAM-Architekten-Tabs&#8221; module_class=&#8221;tabs&#8221; _builder_version=&#8221;4.16&#8243; title_font=&#8221;DAM Oswald|700|||||||&#8221; title_font_size=&#8221;28&#8243; animation_style=&#8221;fade&#8221; global_colors_info=&#8221;{}&#8221;]<\/p>\n<ul>\n<li>Ingenhoven, Christoph<\/li>\n<li>Isozaki, Arata<\/li>\n<li>Ito, Toyo<\/li>\n<li>Izenour, Steven<\/li>\n<\/ul>\n<p>[\/et_pb_toggle][et_pb_toggle title=&#8221;L&#8221; open=&#8221;on&#8221; admin_label=&#8221;L&#8221; module_id=&#8221;DAM-Architekten-Tabs&#8221; module_class=&#8221;tabs&#8221; _builder_version=&#8221;4.16&#8243; title_font=&#8221;DAM Oswald|700|||||||&#8221; title_font_size=&#8221;28&#8243; animation_style=&#8221;fade&#8221; global_colors_info=&#8221;{}&#8221;]<\/p>\n<ul>\n<li>Langhof, Chrisoph<\/li>\n<li>Laske<\/li>\n<li>Laspeyres, Hans<\/li>\n<li>Le Corbusier<\/li>\n<li>Lefas, Paul<\/li>\n<li>Leivisk\u00e4, Juha  Helander, Vilhelm<\/li>\n<li>Lengfeld &amp; Wilisch (Lengfeld, MathiasWilisch, Kay)<\/li>\n<li>Libeskind, Daniel<\/li>\n<li>Liebender, Walter<\/li>\n<li>Liebknecht, Kurt<\/li>\n<li>LM \u2013 LadleifMosebachBulleFriedmann<\/li>\n<li>Lombard, Pedrone<\/li>\n<li>Loudon, Michael<\/li>\n<li>Lund, Nils-Ole<\/li>\n<li>L\u00fcpertz, Markus<\/li>\n<li>L\u00fctcke, Hubert<\/li>\n<\/ul>\n<p>[\/et_pb_toggle][et_pb_toggle title=&#8221;O&#8221; open=&#8221;on&#8221; admin_label=&#8221;O&#8221; module_id=&#8221;DAM-Architekten-Tabs&#8221; module_class=&#8221;tabs&#8221; _builder_version=&#8221;4.16&#8243; title_font=&#8221;DAM Oswald|700|||||||&#8221; title_font_size=&#8221;28&#8243; animation_style=&#8221;fade&#8221; global_colors_info=&#8221;{}&#8221;]<\/p>\n<ul>\n<li>Offenberg, Gerd<\/li>\n<li><a href=\"http:\/\/www.dam-online.de\/uploads\/Olbrich_Joseph_Maria.pdf\" target=\"blank\" rel=\"noopener noreferrer\">Olbrich, Joseph Maria<br \/>\n<\/a><\/li>\n<li><a href=\"http:\/\/www.dam-online.de\/uploads\/OMA.pdf\" target=\"blank\" rel=\"noopener noreferrer\">OMA &#8211; Office for Metropolitan Architecture<\/a> (KoolhaasZenghelis, E.VriesendorpZenghelis, Z.)<\/li>\n<\/ul>\n<p>[\/et_pb_toggle][et_pb_toggle title=&#8221;S&#8221; open=&#8221;on&#8221; admin_label=&#8221;S&#8221; module_id=&#8221;DAM-Architekten-Tabs&#8221; module_class=&#8221;tabs&#8221; _builder_version=&#8221;4.16&#8243; title_font=&#8221;DAM Oswald|700|||||||&#8221; title_font_size=&#8221;28&#8243; animation_style=&#8221;fade&#8221; global_colors_info=&#8221;{}&#8221;]<\/p>\n<ul>\n<li><a href=\"http:\/\/www.dam-online.de\/uploads\/Salome.pdf\" target=\"_blank\" rel=\"noopener noreferrer\">Salom\u00e9<\/a><\/li>\n<li>Sant\u2019Elia, Antonio<\/li>\n<li><a href=\"http:\/\/www.dam-online.de\/uploads\/Sartoris_Alberto.pdf\" target=\"_blank\" rel=\"noopener noreferrer\">Sartoris, Alberto<\/a><\/li>\n<li>Scamozzi, Vincenzo<\/li>\n<li><a href=\"http:\/\/www.dam-online.de\/uploads\/Schaal_Hans_Dieter.pdf\" target=\"blank\" rel=\"noopener noreferrer\">Schaal, Hans Dieter<\/a><\/li>\n<li>Schalhorn, Konrad<\/li>\n<li>Schapiro, Heinrich<\/li>\n<li><a href=\"http:\/\/www.dam-online.de\/uploads\/Scharoun.pdf\" target=\"blank\" rel=\"noopener noreferrer\">Scharoun, Hans<\/a><\/li>\n<li>Schattner, Karljosef<\/li>\n<li>Scheel, Holger<\/li>\n<li>Schelkes, Willi<\/li>\n<li>Schelling, Erich<\/li>\n<li>Schempp, Dieter<\/li>\n<li>Schimmel, Hanno<\/li>\n<li>Schinkel, Karl Friedrich<\/li>\n<li>Schmitthenner, Paul<\/li>\n<li>Schneider + Schumacher (Schneider, TillSchumacher, Michael)<\/li>\n<li>Schneider, Bernhard<\/li>\n<li>Schneider-Esleben, Paul<\/li>\n<li>Schulten, Christoph<\/li>\n<li>Schultze&amp;Schulze<\/li>\n<li>Schumacher, Fritz<\/li>\n<li>Sch\u00fctte-Lihotzky, Margarete<\/li>\n<li>Schwartz, Frederic<\/li>\n<li>Schwarzer, Erwin<\/li>\n<li>Schwedes, Wilhelm<\/li>\n<li>Schweger&amp;Partner Hamburg<\/li>\n<li>Schwendinger, Hans<\/li>\n<li>Scogin Elam and Bray Architects<\/li>\n<li>Scolari, Massimo<\/li>\n<li>Seidl, Emanuel von<\/li>\n<li>Seifert, Gabriela<\/li>\n<li>Semper, Gottfried<\/li>\n<li>Silvestrini, Narciso<\/li>\n<li>Simon, Hans<\/li>\n<li>Sipek, Borek<\/li>\n<li>SITE (WinesSkyStoneSousa)<\/li>\n<li>Siza, \u00c1lvaro<\/li>\n<li><a href=\"http:\/\/www.dam-online.de\/uploads\/Smith_Thomas_Gordon.pdf\" target=\"_blank\" rel=\"noopener noreferrer\">Smith, Thomas Gordon<\/a><\/li>\n<li><a href=\"http:\/\/www.dam-online.de\/uploads\/Smithson_Alison_Peter.pdf\" target=\"blank\" rel=\"noopener noreferrer\">Smithson, Alison und Peter<\/a><\/li>\n<li>Sobeck, AndreasMeyerle, Manfredo<\/li>\n<li>Sol\u00e0-Morales, Manuel de<\/li>\n<li>Soria, Pierre<\/li>\n<li>Sottsass, Ettore<\/li>\n<li>Speer, Albert \u2013 AS&amp;P<\/li>\n<li>Stadler, Hans-J.<\/li>\n<li>Stam, Mart<\/li>\n<li>Stead, Christopher<\/li>\n<li>Steffann, Emil<\/li>\n<li>Steidle, Otto<\/li>\n<li>Steinb\u00fcchel(-Rheinwall), Rambald von<\/li>\n<li>Steinebach, DieterWeber, Friedrich<\/li>\n<li><a href=\"http:\/\/www.dam-online.de\/uploads\/Stern_Robert_A_M.pdf\" target=\"_blank\" rel=\"noopener noreferrer\">Stern, Robert A. M.<\/a><\/li>\n<li>Sternecker, Otto &amp; Starr, Leopold<\/li>\n<li>Stirling, JamesGowan, James<\/li>\n<li>St\u00f6ckmann, Gerhard<\/li>\n<li>Stroth, Willi<\/li>\n<li>Stumpp, Emil<\/li>\n<li>Sullivan, Louis<\/li>\n<li>Superstudio<\/li>\n<\/ul>\n<p>&nbsp;<br \/>\n[\/et_pb_toggle][et_pb_toggle title=&#8221;V&#8221; open=&#8221;on&#8221; admin_label=&#8221;V&#8221; module_id=&#8221;DAM-Architekten-Tabs&#8221; module_class=&#8221;tabs&#8221; _builder_version=&#8221;4.16&#8243; title_font=&#8221;DAM Oswald|700|||||||&#8221; title_font_size=&#8221;28&#8243; animation_style=&#8221;fade&#8221; global_colors_info=&#8221;{}&#8221;]<\/p>\n<ul>\n<li>Vallino, Giorgio<\/li>\n<li>Vannicola, Carlo<\/li>\n<li>Vass, Andreas<\/li>\n<li>Venezia, Francesco<\/li>\n<li>Venturi, Robert<\/li>\n<li>Vidolovits, Laszlo<\/li>\n<li>Vigliecca, HectorPadovano, Bruno<\/li>\n<li>Vill\u00e1, Joan<\/li>\n<li>Vinoly, Rafael<\/li>\n<li>Vollbehr, Ernst<\/li>\n<li>Voth, Hannsjoerg<\/li>\n<\/ul>\n<p>[\/et_pb_toggle][\/et_pb_column][\/et_pb_row][\/et_pb_section]<\/p>\n","protected":false},"excerpt":{"rendered":"<p><div id=\"mega-menu-wrap-max_mega_menu_1\" class=\"mega-menu-wrap\"><div class=\"mega-menu-toggle\"><div class=\"mega-toggle-blocks-left\"><\/div><div class=\"mega-toggle-blocks-center\"><\/div><div class=\"mega-toggle-blocks-right\"><div class='mega-toggle-block mega-menu-toggle-block mega-toggle-block-1' id='mega-toggle-block-1'><button class='mega-toggle-standard mega-toggle-label' aria-haspopup='true' aria-expanded='false' aria-controls='mega-menu-max_mega_menu_1'><span class='mega-toggle-label-closed'><\/span><span class='mega-toggle-label-open'><\/span><\/button><\/div><\/div><\/div><ul id=\"mega-menu-max_mega_menu_1\" class=\"mega-menu max-mega-menu mega-menu-horizontal mega-no-js\" data-event=\"hover\" data-effect=\"disabled\" data-effect-speed=\"200\" data-effect-mobile=\"disabled\" data-effect-speed-mobile=\"0\" data-panel-width=\".et_pb_row\" data-mobile-force-width=\"false\" data-second-click=\"go\" data-document-click=\"collapse\" data-vertical-behaviour=\"accordion\" data-breakpoint=\"767\" data-unbind=\"true\" data-mobile-state=\"collapse_all\" data-mobile-direction=\"vertical\" data-hover-intent-timeout=\"300\" data-hover-intent-interval=\"100\" data-overlay-desktop=\"false\" data-overlay-mobile=\"false\"><li class=\"mega-m-besuch mega-menu-item mega-menu-item-type-custom mega-menu-item-object-custom mega-menu-item-has-children mega-menu-megamenu mega-menu-grid mega-align-bottom-left mega-menu-grid mega-has-icon mega-icon-left mega-menu-item-6395 m-besuch\" id=\"mega-menu-item-6395\"><a class=\"mega-custom-icon mega-menu-link\" href=\"\/Besuch\" aria-expanded=\"false\" aria-controls=\"mega-sub-menu-6395\">Besuch<span class=\"mega-indicator\" aria-hidden=\"true\"><\/span><\/a>\n<ul class=\"mega-sub-menu\" role='presentation' id='mega-sub-menu-6395'>\n<li class=\"mega-menu-row\" id=\"mega-menu-6395-0\">\n\t<ul class=\"mega-sub-menu\" style='--columns:12' role='presentation'>\n<li class=\"mega-menu-column mega-menu-columns-4-of-12\" style=\"--columns:12; --span:4\" id=\"mega-menu-6395-0-0\">\n\t\t<ul class=\"mega-sub-menu\">\n<li class=\"mega-menu-item mega-menu-item-type-post_type mega-menu-item-object-page mega-menu-item-6508\" id=\"mega-menu-item-6508\"><a class=\"mega-menu-link\" href=\"https:\/\/dam-online.de\/besuch\/info\/\">Infos & Services<\/a><\/li><li class=\"mega-menu-item mega-menu-item-type-post_type mega-menu-item-object-page mega-menu-item-6509\" id=\"mega-menu-item-6509\"><a class=\"mega-menu-link\" href=\"https:\/\/dam-online.de\/besuch\/fuehrungen\/\">F\u00fchrungen<\/a><\/li><li class=\"mega-menu-item mega-menu-item-type-post_type mega-menu-item-object-page mega-menu-item-6510\" id=\"mega-menu-item-6510\"><a class=\"mega-menu-link\" href=\"https:\/\/dam-online.de\/besuch\/museumsshop\/\">Museumsshop<\/a><\/li><li class=\"mega-menu-item mega-menu-item-type-post_type mega-menu-item-object-page mega-menu-item-61792\" id=\"mega-menu-item-61792\"><a class=\"mega-menu-link\" href=\"https:\/\/dam-online.de\/besuch\/cafe\/\">Caf\u00e9<\/a><\/li><li class=\"mega-menu-item mega-menu-item-type-post_type mega-menu-item-object-page mega-menu-item-6512\" id=\"mega-menu-item-6512\"><a class=\"mega-menu-link\" href=\"https:\/\/dam-online.de\/kontakt\/\">Kontakt<\/a><\/li><li class=\"mega-menu-item mega-menu-item-type-widget widget_custom_html mega-menu-item-custom_html-58\" id=\"mega-menu-item-custom_html-58\"><h4 class=\"mega-block-title\">DAM Aktuell<\/h4><div class=\"textwidget custom-html-widget\"><p id=\"dam-aktuell-inline\" class=\"dam-aktuell-inline\">\r\n\t...\t\r\n<\/p>\r\n<\/div><\/li>\t\t<\/ul>\n<\/li><li class=\"mega-menu-column mega-menu-columns-4-of-12\" style=\"--columns:12; --span:4\" id=\"mega-menu-6395-0-1\">\n\t\t<ul class=\"mega-sub-menu\">\n<li class=\"mega-menu-item mega-menu-item-type-widget widget_custom_html mega-menu-item-custom_html-39\" id=\"mega-menu-item-custom_html-39\"><h4 class=\"mega-block-title\">\u00d6ffnungszeiten<\/h4><div class=\"textwidget custom-html-widget\"><p style=\"font-size:1.1rem! important; line-height:1.3!important;\"><span data-fetch-shortcode data-code=\"mbhi\" data-arguments=\"location=&quot;DAM3&quot; includetime=&quot;true&quot; includeday=&quot;true&quot; format=&quot;24&quot; approximation=&quot;true&quot; openingsoonmessagetime=&quot;2700&quot; closingsoonmessagetime=&quot;2700&quot; openmessage=&quot;Heute ge\u00f6ffnet von {from} \u2013 {to} Uhr&quot; closedmessage=&quot;Derzeit geschlossen!&quot; openingsoonmessage=&quot;Opens in {x} minutes!&quot; closingsoonmessage=&quot;Closes in {x} minutes!&quot; removezeroes=&quot;false&quot;  extra_classes=&quot;&quot; show_specialdate_messages=&quot;true&quot; show_vacation_messages=&quot;true&quot; vacation_message_closed=&quot;Closed today!&quot; specialdate_message_open=&quot;open!&quot; specialdate_message_closed=&quot;closed!&quot; from=&quot;&quot; to=&quot;&quot; loading=&quot;loading ...&quot; output=&quot;&quot;\">loading ...<\/span>\r\n<\/p>\r\n\r\n<p>\r\n<span data-fetch-shortcode data-code=\"mbhi_hours\" data-arguments=\"location=&quot;DAM3&quot; format=&quot;24&quot; display=&quot;consolidated&quot; output=&quot;table&quot; includeholidays=&quot;true&quot; includevacations=&quot;false&quot; abbreviatedays=&quot;false&quot; consolidationseparator=&quot; - &quot; hourseparator=&quot; - &quot; entryseparator=&quot;, &quot; mhbr=&quot;true&quot; showonlytoday=&quot;&quot; dayentryseparator=&quot; &quot; removezeroes=&quot;false&quot; seo=&quot;true&quot;  hide_hours=&quot;false&quot; startonsunday=&quot;false&quot; extra_classes=&quot;&quot; dates_in_past=&quot;false&quot; replace_with_specials=&quot;false&quot; replace_with_vacations=&quot;false&quot; date_format=&quot;day first&quot; replaced_vacations_format=&quot;{day_short} ({name})&quot; replaced_specials_format=&quot;{day_short} ({name})&quot; included_vacations_format=&quot;&lt;br\/&gt;{from_day_of_month}. - {to_day_of_month}. {to_month_short}&quot; included_specials_format=&quot;{day_of_month}. {month_short}&quot; day_format=&quot;{day}&quot; view=&quot;normal&quot; rollover=&quot;true&quot; rollover_from=&quot;30&quot; rollover_to=&quot;14&quot;\">loading ...<\/span>\n<div itemtype=\"http:\/\/schema.org\/LocalBusiness\" itemscope>\n\t<meta itemprop=\"name\" content=\"DAM3\">\n    \t<meta itemprop=\"openingHours\" content=\"Tu 11:00-18:00\"><meta itemprop=\"openingHours\" content=\"We 11:00-20:00\"><meta itemprop=\"openingHours\" content=\"Th-Su 11:00-18:00\">            <div itemprop=\"openingHoursSpecification\" itemscope itemtype=\"http:\/\/schema.org\/OpeningHoursSpecification\">\n                                    <time itemprop=\"validFrom validThrough\" datetime=\"2026-10-03\"><\/time>\n                                    <time itemprop=\"opens\" datetime=\"11:00:00\"><\/time>\n                                    <time itemprop=\"closes\" datetime=\"18:00:00\"><\/time>\n                            <\/div>\n                        <div itemprop=\"openingHoursSpecification\" itemscope itemtype=\"http:\/\/schema.org\/OpeningHoursSpecification\">\n                                    <time itemprop=\"validFrom validThrough\" datetime=\"2026-12-26\"><\/time>\n                                    <time itemprop=\"opens\" datetime=\"11:00:00\"><\/time>\n                                    <time itemprop=\"closes\" datetime=\"18:00:00\"><\/time>\n                            <\/div>\n                        <div itemprop=\"openingHoursSpecification\" itemscope itemtype=\"http:\/\/schema.org\/OpeningHoursSpecification\">\n                                    <time itemprop=\"validFrom validThrough\" datetime=\"2026-12-31\"><\/time>\n                                    <time itemprop=\"opens\" datetime=\"11:00:00\"><\/time>\n                                    <time itemprop=\"closes\" datetime=\"18:00:00\"><\/time>\n                            <\/div>\n                        <div itemprop=\"openingHoursSpecification\" itemscope itemtype=\"http:\/\/schema.org\/OpeningHoursSpecification\">\n                                    <time itemprop=\"validFrom validThrough\" datetime=\"2026-02-17\"><\/time>\n                                    <time itemprop=\"opens\" datetime=\"11:00:00\"><\/time>\n                                    <time itemprop=\"closes\" datetime=\"18:00:00\"><\/time>\n                            <\/div>\n                        <div itemprop=\"openingHoursSpecification\" itemscope itemtype=\"http:\/\/schema.org\/OpeningHoursSpecification\">\n                                    <time itemprop=\"validFrom validThrough\" datetime=\"2026-04-03\"><\/time>\n                                    <time itemprop=\"opens\" datetime=\"11:00:00\"><\/time>\n                                    <time itemprop=\"closes\" datetime=\"18:00:00\"><\/time>\n                            <\/div>\n                        <div itemprop=\"openingHoursSpecification\" itemscope itemtype=\"http:\/\/schema.org\/OpeningHoursSpecification\">\n                                    <time itemprop=\"validFrom validThrough\" datetime=\"2026-04-05\"><\/time>\n                                    <time itemprop=\"opens\" datetime=\"11:00:00\"><\/time>\n                                    <time itemprop=\"closes\" datetime=\"18:00:00\"><\/time>\n                            <\/div>\n                        <div itemprop=\"openingHoursSpecification\" itemscope itemtype=\"http:\/\/schema.org\/OpeningHoursSpecification\">\n                                    <time itemprop=\"validFrom validThrough\" datetime=\"2026-04-06\"><\/time>\n                                    <time itemprop=\"opens\" datetime=\"11:00:00\"><\/time>\n                                    <time itemprop=\"closes\" datetime=\"18:00:00\"><\/time>\n                            <\/div>\n                        <div itemprop=\"openingHoursSpecification\" itemscope itemtype=\"http:\/\/schema.org\/OpeningHoursSpecification\">\n                                    <time itemprop=\"validFrom validThrough\" datetime=\"2026-05-01\"><\/time>\n                                    <time itemprop=\"opens\" datetime=\"11:00:00\"><\/time>\n                                    <time itemprop=\"closes\" datetime=\"18:00:00\"><\/time>\n                            <\/div>\n                        <div itemprop=\"openingHoursSpecification\" itemscope itemtype=\"http:\/\/schema.org\/OpeningHoursSpecification\">\n                                    <time itemprop=\"validFrom validThrough\" datetime=\"2026-05-14\"><\/time>\n                                    <time itemprop=\"opens\" datetime=\"11:00:00\"><\/time>\n                                    <time itemprop=\"closes\" datetime=\"18:00:00\"><\/time>\n                            <\/div>\n                        <div itemprop=\"openingHoursSpecification\" itemscope itemtype=\"http:\/\/schema.org\/OpeningHoursSpecification\">\n                                    <time itemprop=\"validFrom validThrough\" datetime=\"2026-05-24\"><\/time>\n                                    <time itemprop=\"opens\" datetime=\"11:00:00\"><\/time>\n                                    <time itemprop=\"closes\" datetime=\"18:00:00\"><\/time>\n                            <\/div>\n                        <div itemprop=\"openingHoursSpecification\" itemscope itemtype=\"http:\/\/schema.org\/OpeningHoursSpecification\">\n                                    <time itemprop=\"validFrom validThrough\" datetime=\"2026-05-25\"><\/time>\n                                    <time itemprop=\"opens\" datetime=\"11:00:00\"><\/time>\n                                    <time itemprop=\"closes\" datetime=\"18:00:00\"><\/time>\n                            <\/div>\n                        <div itemprop=\"openingHoursSpecification\" itemscope itemtype=\"http:\/\/schema.org\/OpeningHoursSpecification\">\n                                    <time itemprop=\"validFrom validThrough\" datetime=\"2026-05-26\"><\/time>\n                                    <time itemprop=\"opens\" datetime=\"11:00:00\"><\/time>\n                                    <time itemprop=\"closes\" datetime=\"18:00:00\"><\/time>\n                            <\/div>\n            <\/div>\n\r\n<\/p>\r\n<!-- \r\n\r\n[mbhi_specials location=\"DAM3\" format=\"24\" display=\"consolidated\" output=\"table\" mhbr=\"true\" included_specials_format=\"{date}. \"]\r\n\r\n[mbhi_specials location=\"DAM3\" format=\"24\" display=\"normal\" output=\"table\" mhbr=\"true\" included_specials_format=\"{date} {name} \"]\r\n-->\r\n\r\n<!-- \r\n<p style=\"font-size: 0.9rem!important; font-weight:bold; padding-left:0px;\">bis einschlie\u00dflich 31. Mai GESCHLOSSEN!<\/p>\r\n\r\n<p style=\"font-size: 0.9rem!important; font-weight:bold; padding-left:6px;\">24. - 25. Dezember & 1. Januar Geschlossen!<\/p>\r\n-->\r\n\r\n<!-- \r\n<p style=\"font-size: 0.9rem!important; font-weight:bold; padding-left:0px;\">Bis einschlie\u00dflich 31. Januar geschlossen!<\/p>\r\n-->\r\n\r\n<p style=\"font-size: 0.9rem!important; font-weight:bold; padding-left:6px;\">Heiligabend, 1. Weihnachtsfeiertag und 1. Januar GESCHLOSSEN!\r\n<\/p><\/div><\/li><li class=\"mega-menu-item mega-menu-item-type-widget widget_custom_html mega-menu-item-custom_html-8\" id=\"mega-menu-item-custom_html-8\"><h4 class=\"mega-block-title\">Anfahrt<\/h4><div class=\"textwidget custom-html-widget\">\t\t\t<p>\r\n\t\t\t\tDeutsches Architekturmuseum (DAM)<br>\r\n\t\t\t\tSchaumainkai 43<br>\r\n\t\t\t\t60596 Frankfurt am Main<br>\r\n\t\t\t\t<!--\r\n\t\t\t\tHenschelstra\u00dfe 18\r\n\t\t\t\t60314 Frankfurt am Main<br>\r\n\t\t\t\t-->\r\n\t\t\t\t<!--<span style=\"color: yellow!important\">\r\n\t\t\t\tEingang am Parkplatz<br>\r\n\t\t\t\tneben Corona-Testcenter<br>\r\n\t\t\t\t<\/span>-->\r\n\t\t\t\t<!--DAM Ostend<br>\r\n\t\t\t\tHenschelstr. 18<br>\r\n\t\t\t\t60314 Frankfurt am Main<br>-->\r\n\t\t\t\t<a style=\"text-decoration:underline!important\" href=\"https:\/\/www.google.de\/maps\/place\/Henschelstra%C3%9Fe+16,+60314+Frankfurt+am+Main\/@50.1142922,8.7089342,19.19z\/data=!4m5!3m4!1s0x47bd0e8ff9bdb463:0x8c5f8cdc0c4c6460!8m2!3d50.1142163!4d8.7092373\">Stadtplan<\/a>\r\n\t\t\t<\/p><\/div><\/li><li class=\"mega-menu-item mega-menu-item-type-widget widget_custom_html mega-menu-item-custom_html-24\" id=\"mega-menu-item-custom_html-24\"><h4 class=\"mega-block-title\">Kontakt<\/h4><div class=\"textwidget custom-html-widget\">\t\t\t<p>\r\n\t\t\t\tT 069 212 38844<br>\r\n\t\t\t<a href=\"mailto:info.dam@stadt-frankfurt.de\">info.dam@stadt-frankfurt.de<\/a>\r\n\t\t\t<\/p><\/div><\/li>\t\t<\/ul>\n<\/li><li class=\"mega-menu-column mega-menu-columns-4-of-12\" style=\"--columns:12; --span:4\" id=\"mega-menu-6395-0-2\">\n\t\t<ul class=\"mega-sub-menu\">\n<li class=\"mega-menu-item mega-menu-item-type-widget widget_media_image mega-menu-item-media_image-39\" id=\"mega-menu-item-media_image-39\"><a href=\"\/besuch\/info\/\"><img width=\"311\" height=\"441\" src=\"https:\/\/dam-online.de\/wp-content\/uploads\/2023\/04\/Miniplakat-25-06-13-2.jpg\" class=\"image wp-image-60768  attachment-full size-full\" alt=\"\" style=\"max-width: 100%; height: auto;\" decoding=\"async\" loading=\"lazy\" srcset=\"https:\/\/dam-online.de\/wp-content\/uploads\/2023\/04\/Miniplakat-25-06-13-2.jpg 311w, https:\/\/dam-online.de\/wp-content\/uploads\/2023\/04\/Miniplakat-25-06-13-2-212x300.jpg 212w, https:\/\/dam-online.de\/wp-content\/uploads\/2023\/04\/Miniplakat-25-06-13-2-150x213.jpg 150w, https:\/\/dam-online.de\/wp-content\/uploads\/2023\/04\/Miniplakat-25-06-13-2-250x355.jpg 250w, https:\/\/dam-online.de\/wp-content\/uploads\/2023\/04\/Miniplakat-25-06-13-2-300x425.jpg 300w\" sizes=\"(max-width: 311px) 100vw, 311px\" \/><\/a><\/li>\t\t<\/ul>\n<\/li>\t<\/ul>\n<\/li><\/ul>\n<\/li><li class=\"mega-menu-item mega-menu-item-type-custom mega-menu-item-object-custom mega-menu-item-has-children mega-menu-megamenu mega-menu-grid mega-align-bottom-left mega-menu-grid mega-menu-item-6396\" id=\"mega-menu-item-6396\"><a class=\"mega-menu-link\" href=\"\/Programm\" aria-expanded=\"false\" aria-controls=\"mega-sub-menu-6396\">Programm<span class=\"mega-indicator\" aria-hidden=\"true\"><\/span><\/a>\n<ul class=\"mega-sub-menu\" role='presentation' id='mega-sub-menu-6396'>\n<li class=\"mega-menu-row\" id=\"mega-menu-6396-0\">\n\t<ul class=\"mega-sub-menu\" style='--columns:12' role='presentation'>\n<li class=\"mega-menu-column mega-menu-columns-4-of-12\" style=\"--columns:12; --span:4\" id=\"mega-menu-6396-0-0\">\n\t\t<ul class=\"mega-sub-menu\">\n<li class=\"mega-menu-item mega-menu-item-type-post_type mega-menu-item-object-page mega-menu-item-6505\" id=\"mega-menu-item-6505\"><a class=\"mega-menu-link\" href=\"https:\/\/dam-online.de\/programm\/ausstellungen\/\">Ausstellungen<\/a><\/li><li class=\"mega-menu-item mega-menu-item-type-post_type mega-menu-item-object-page mega-menu-item-6506\" id=\"mega-menu-item-6506\"><a class=\"mega-menu-link\" href=\"https:\/\/dam-online.de\/programm\/veranstaltungen\/\">Veranstaltungen<\/a><\/li><li class=\"mega-menu-item mega-menu-item-type-post_type mega-menu-item-object-page mega-menu-item-6507\" id=\"mega-menu-item-6507\"><a class=\"mega-menu-link\" href=\"https:\/\/dam-online.de\/programm\/architekturpreise\/\">Architekturpreise<\/a><\/li><li class=\"mega-menu-item mega-menu-item-type-custom mega-menu-item-object-custom mega-menu-item-37033\" id=\"mega-menu-item-37033\"><a class=\"mega-menu-link\" href=\"\/shop\">Publikationen<\/a><\/li><li class=\"mega-dam-digital mega-menu-item mega-menu-item-type-post_type mega-menu-item-object-page mega-menu-item-22191 dam-digital\" id=\"mega-menu-item-22191\"><a class=\"mega-menu-link\" href=\"https:\/\/dam-online.de\/programm\/dam-digital\/\">DAM Digital<\/a><\/li>\t\t<\/ul>\n<\/li><li class=\"mega-menu-column mega-col-middle mega-menu-columns-4-of-12 col-middle\" style=\"--columns:12; --span:4\" id=\"mega-menu-6396-0-1\">\n\t\t<ul class=\"mega-sub-menu\">\n<li class=\"mega-menu-item mega-menu-item-type-widget widget_custom_html mega-menu-item-custom_html-40\" id=\"mega-menu-item-custom_html-40\"><div class=\"textwidget custom-html-widget\"><!--\r\n<p>\r\n[ecs-list-events exclude_id='53212' design=\"compact\" tag=\"mega-menu\" tag_cat_operator='AND' exclude_cat='Ausstellung' thumb='true' thumbwidth='300' thumbheight='210' contentorder=\"thumbnail, title, date\" eventdetails=\"true\"]\r\n<\/p> \r\n-->\r\n\r\n<p>\r\n<!--\r\n[ecs-list-events id='56629' design='compact' thumb='true' thumbwidth='300' thumbheight='210' contentorder='thumbnail, title, date' eventdetails='true']\r\n\r\n[ecs-list-events id='57939' design='compact' thumb='true' thumbwidth='300' thumbheight='210' contentorder='thumbnail, title, date' eventdetails='true']\r\n-->\r\n\r\n<style>.compact.compact-3 .ecs-event .ecs-event-status.ecs-event-status-canceled, .compact.compact-3 .ecs-event-status.ecs-event-status-postponed {color:#DA394D;}.ecs-events.compact.compact-3 {display:table;border-spacing:5px;}.compact.compact-3 .ecs-event {width:100%;display:table-row;margin-bottom:5px;height:75px;}.compact.compact-3 .ecs-event .date_thumb {width:80px;display:table-cell;text-align:center;vertical-align:middle;background-color:#eeeeee;color:#050505;}.compact.compact-3 .ecs-event .date_thumb .month {font-size:16px;text-transform:uppercase;margin:0;padding:0;line-height:1;}.compact.compact-3 .ecs-event .date_thumb .day {font-size:26px;font-weight:bold;margin:0;padding:0;line-height:1;}.compact.compact-3 .ecs-event .summary, .compact .ecs-event .ecs-thumbnail, .compact .ecs-event .ecs-button {display:table-cell;vertical-align:middle;}.ecs-events.compact.compact-3 .ecs-button a {background-color:#666;background-image:none;border-radius:3px;border:0;box-shadow:none;color: #fff;cursor: pointer;display: inline-block;font-size: 11px;font-weight: 700;letter-spacing: 1px;line-height: normal;padding: 6px 9px;text-align: center;text-decoration:none;text-transform:uppercase;vertical-align:middle;zoom:1;white-space:nowrap;}.compact.compact-3 .ecs-event .ecs-button {padding-left:10px;}.compact.compact-3 .ecs-event .ecs-thumbnail img {max-width:none;display:table-cell;margin:0;padding:0;}.compact.compact-3 .ecs-event .ecs-excerpt {margin-top: 5px;}<\/style><div class=\"ecs-events compact compact-3\"><div class=\"ecs-event veranstaltung-en_ecs_category\"><div class=\"ecs-thumbnail\"><img width=\"300\" height=\"200\" src=\"https:\/\/dam-online.de\/wp-content\/uploads\/2026\/02\/DAM_StadtSport_MoritzBernoully_web_03.jpg\" class=\"attachment-300x210 size-300x210 wp-post-image\" alt=\"\" decoding=\"async\" loading=\"lazy\" \/><\/div><div class=\"summary\"><a href=\"https:\/\/dam-online.de\/en\/veranstaltung\/calisthenics-battle-by-flythenics\/\" rel=\"bookmark\">UNITED BY BARZ \u2013 Calisthenics Community Event \u2013 mit Flythenics<\/a><div class=\"ecs-date\"><span class=\"tribe-event-date-start\">2. May \u2013 11:00<\/span> \u2013 <span class=\"tribe-event-time\">17:00<\/span><\/div><\/div><\/div><div class=\"ecs-event veranstaltung-en_ecs_category\"><div class=\"ecs-thumbnail\"><img width=\"300\" height=\"198\" src=\"https:\/\/dam-online.de\/wp-content\/uploads\/2026\/02\/Hauptbahnhof-Gleisfeld_mit-Logo_rot.jpg\" class=\"attachment-300x210 size-300x210 wp-post-image\" alt=\"\" decoding=\"async\" loading=\"lazy\" \/><\/div><div class=\"summary\"><a href=\"https:\/\/dam-online.de\/en\/veranstaltung\/die-stadt-das-zeichnen-urban-sketching-wie-skizzieren-zum-stadterlebnis-wird\/\" rel=\"bookmark\">DIE STADT + DAS ZEICHNEN Urban Sketching &#8211; Wie Skizzieren zum Stadterlebnis wird<\/a><div class=\"ecs-date\"><span class=\"tribe-event-date-start\">6. May \u2013 19:00<\/span><\/div><\/div><\/div><\/div><script type=\"application\/ld+json\">\r\n[{\"@context\":\"http:\/\/schema.org\",\"@type\":\"Event\",\"name\":\"UNITED BY BARZ \\u2013 Calisthenics Community Event \\u2013 mit Flythenics\",\"description\":\"&lt;p&gt;Das Calisthenics Community Event im DAM bringt Athlet:innen, Sportbegeisterte und Zuschauer:innen zusammen \\u2013 f\\u00fcr einen Tag voller Kraft, Dynamik und echtem Community-Spirit.&lt;\/p&gt;\\\\n\",\"image\":\"https:\/\/dam-online.de\/wp-content\/uploads\/2026\/02\/DAM_StadtSport_MoritzBernoully_web_03.jpg\",\"url\":\"https:\/\/dam-online.de\/en\/veranstaltung\/calisthenics-battle-by-flythenics\/\",\"eventAttendanceMode\":\"https:\/\/schema.org\/OfflineEventAttendanceMode\",\"eventStatus\":\"https:\/\/schema.org\/EventScheduled\",\"startDate\":\"2026-05-02T11:00:00+02:00\",\"endDate\":\"2026-05-02T17:00:00+02:00\",\"location\":{\"@type\":\"Place\",\"name\":\"Deutsches Architekturmuseum (DAM)\",\"description\":\"\",\"url\":\"https:\/\/dam-online.de\/ort\/dam\/\",\"address\":{\"@type\":\"PostalAddress\",\"streetAddress\":\"Schaumainkai 43\",\"addressLocality\":\"Frankfurt \/ M.\",\"addressRegion\":\"Hessen\",\"postalCode\":\"D-60596\"},\"telephone\":\"+49 (0)69 212-38844\",\"sameAs\":\"\"},\"organizer\":{\"@type\":\"Person\",\"name\":\"Deutsches Architekturmuseum (DAM)\",\"description\":\"\",\"url\":\"https:\/\/dam-online.de\",\"telephone\":\"069 - 212 38844\",\"email\":\"i&#110;&#102;&#111;.da&#109;&#64;&#115;tadt&#45;f&#114;ank&#102;u&#114;&#116;.&#100;&#101;\",\"sameAs\":\"https:\/\/dam-online.de\"},\"performer\":\"Organization\"},{\"@context\":\"http:\/\/schema.org\",\"@type\":\"Event\",\"name\":\"DIE STADT + DAS ZEICHNEN Urban Sketching &#8211; Wie Skizzieren zum Stadterlebnis wird\",\"description\":\"&lt;p&gt;Wer sitzt denn da am Wegesrand? Mit Skizzenbuch und Stift? Urban Sketching hei\\u00dft das Live-Zeichnen vor Ort, was unter Architekt:innen oder K\\u00fcnstler:innen schon seit jeher verbreitet ist. Daraus ist in zahlreichen Gruppen seit 2007 eine weltweite Bewegung geworden.&lt;\/p&gt;\\\\n\",\"image\":\"https:\/\/dam-online.de\/wp-content\/uploads\/2026\/02\/Hauptbahnhof-Gleisfeld_mit-Logo_rot.jpg\",\"url\":\"https:\/\/dam-online.de\/en\/veranstaltung\/die-stadt-das-zeichnen-urban-sketching-wie-skizzieren-zum-stadterlebnis-wird\/\",\"eventAttendanceMode\":\"https:\/\/schema.org\/OfflineEventAttendanceMode\",\"eventStatus\":\"https:\/\/schema.org\/EventScheduled\",\"startDate\":\"2026-05-06T19:00:00+02:00\",\"endDate\":\"2026-05-06T19:00:00+02:00\",\"location\":{\"@type\":\"Place\",\"name\":\"DAM Auditorium\",\"description\":\"\",\"url\":\"https:\/\/dam-online.de\/ort\/auditorium\/\",\"address\":{\"@type\":\"PostalAddress\",\"streetAddress\":\"Schaumainkai 43\",\"addressLocality\":\"Frankfurt am Main\",\"addressRegion\":\"Hessen\",\"postalCode\":\"60596\",\"addressCountry\":\"Deutschland\"},\"geo\":{\"@type\":\"GeoCoordinates\",\"latitude\":50.105076,\"longitude\":8.6768825},\"telephone\":\"069 212 38844\",\"sameAs\":\"\"},\"organizer\":{\"@type\":\"Person\",\"name\":\"Deutsches Architekturmuseum (DAM)\",\"description\":\"\",\"url\":\"https:\/\/dam-online.de\",\"telephone\":\"069 - 212 38844\",\"email\":\"inf&#111;&#46;&#100;a&#109;&#64;&#115;&#116;&#97;&#100;t&#45;fra&#110;kfur&#116;.d&#101;\",\"sameAs\":\"https:\/\/dam-online.de\"},\"offers\":{\"@type\":\"Offer\",\"price\":\"10\",\"priceCurrency\":\"EUR\",\"url\":\"https:\/\/dam-online.de\/en\/veranstaltung\/die-stadt-das-zeichnen-urban-sketching-wie-skizzieren-zum-stadterlebnis-wird\/\",\"category\":\"primary\",\"availability\":\"inStock\",\"validFrom\":\"2026-02-13T00:00:00+00:00\"},\"performer\":\"Organization\"}]\r\n<\/script>\r\n\r\n<\/p>\r\n\r\n<\/div><\/li>\t\t<\/ul>\n<\/li><li class=\"mega-menu-column mega-menu-columns-4-of-12\" style=\"--columns:12; --span:4\" id=\"mega-menu-6396-0-2\">\n\t\t<ul class=\"mega-sub-menu\">\n<li class=\"mega-menu-item mega-menu-item-type-widget widget_media_image mega-menu-item-media_image-12\" id=\"mega-menu-item-media_image-12\"><a href=\"\/veranstaltung\/suburbia-traeume-vom-eigenheim-\u00a5-wege-aus-der-wohnungskrise\/\" target=\"_blank\"><img width=\"311\" height=\"441\" src=\"https:\/\/dam-online.de\/wp-content\/uploads\/2026\/03\/DAM_Suburbia_Miniplakat_311x441px_300dpi_260205_bearb.jpg\" class=\"image wp-image-65161  attachment-full size-full\" alt=\"\" style=\"max-width: 100%; height: auto;\" decoding=\"async\" loading=\"lazy\" srcset=\"https:\/\/dam-online.de\/wp-content\/uploads\/2026\/03\/DAM_Suburbia_Miniplakat_311x441px_300dpi_260205_bearb.jpg 311w, https:\/\/dam-online.de\/wp-content\/uploads\/2026\/03\/DAM_Suburbia_Miniplakat_311x441px_300dpi_260205_bearb-212x300.jpg 212w, https:\/\/dam-online.de\/wp-content\/uploads\/2026\/03\/DAM_Suburbia_Miniplakat_311x441px_300dpi_260205_bearb-150x213.jpg 150w, https:\/\/dam-online.de\/wp-content\/uploads\/2026\/03\/DAM_Suburbia_Miniplakat_311x441px_300dpi_260205_bearb-250x355.jpg 250w, https:\/\/dam-online.de\/wp-content\/uploads\/2026\/03\/DAM_Suburbia_Miniplakat_311x441px_300dpi_260205_bearb-300x425.jpg 300w\" sizes=\"(max-width: 311px) 100vw, 311px\" \/><\/a><\/li>\t\t<\/ul>\n<\/li>\t<\/ul>\n<\/li><li class=\"mega-menu-row\" id=\"mega-menu-6396-1\">\n\t<ul class=\"mega-sub-menu\" style='--columns:12' role='presentation'>\n<li class=\"mega-menu-column mega-menu-columns-5-of-12 mega-hide-on-mobile mega-hide-on-desktop\" style=\"--columns:12; --span:5\" id=\"mega-menu-6396-1-0\">\n\t\t<ul class=\"mega-sub-menu\">\n<li class=\"mega-menu-item mega-menu-item-type-widget widget_media_image mega-menu-item-media_image-10\" id=\"mega-menu-item-media_image-10\"><div style=\"width: 260px\" class=\"wp-caption alignnone\"><a href=\"\/0-0-ausstellung-02\/\"><img width=\"250\" height=\"167\" src=\"https:\/\/dam-online.de\/wp-content\/uploads\/2019\/03\/3b9c3767-dam_dampreis2018_statuetten_foto_fritzphilipp-250x167.jpg\" class=\"image wp-image-6343  attachment-250x167 size-250x167\" alt=\"DAM Preis Statuetten \\ Foto: Fritz Philipp\" style=\"max-width: 100%; height: auto;\" decoding=\"async\" loading=\"lazy\" srcset=\"https:\/\/dam-online.de\/wp-content\/uploads\/2019\/03\/3b9c3767-dam_dampreis2018_statuetten_foto_fritzphilipp-250x167.jpg 250w, https:\/\/dam-online.de\/wp-content\/uploads\/2019\/03\/3b9c3767-dam_dampreis2018_statuetten_foto_fritzphilipp-300x200.jpg 300w, https:\/\/dam-online.de\/wp-content\/uploads\/2019\/03\/3b9c3767-dam_dampreis2018_statuetten_foto_fritzphilipp-600x400.jpg 600w, https:\/\/dam-online.de\/wp-content\/uploads\/2019\/03\/3b9c3767-dam_dampreis2018_statuetten_foto_fritzphilipp-768x512.jpg 768w, https:\/\/dam-online.de\/wp-content\/uploads\/2019\/03\/3b9c3767-dam_dampreis2018_statuetten_foto_fritzphilipp-1030x687.jpg 1030w, https:\/\/dam-online.de\/wp-content\/uploads\/2019\/03\/3b9c3767-dam_dampreis2018_statuetten_foto_fritzphilipp-150x100.jpg 150w, https:\/\/dam-online.de\/wp-content\/uploads\/2019\/03\/3b9c3767-dam_dampreis2018_statuetten_foto_fritzphilipp-350x233.jpg 350w, https:\/\/dam-online.de\/wp-content\/uploads\/2019\/03\/3b9c3767-dam_dampreis2018_statuetten_foto_fritzphilipp-1080x720.jpg 1080w, https:\/\/dam-online.de\/wp-content\/uploads\/2019\/03\/3b9c3767-dam_dampreis2018_statuetten_foto_fritzphilipp.jpg 1600w\" sizes=\"(max-width: 250px) 100vw, 250px\" \/><\/a><p class=\"wp-caption-text\">Foto: Fritz Philipp<\/p><\/div><\/li><li class=\"mega-menu-item mega-menu-item-type-widget widget_divi_pb_widget mega-menu-item-divi_pb_widget-4\" id=\"mega-menu-item-divi_pb_widget-4\"><div class=\"et_pb_module et_pb_text et_pb_text_0  et_pb_text_align_left et_pb_bg_layout_light\">\n\t\t\t\t\n\t\t\t\t\n\t\t\t\t\n\t\t\t\t\n\t\t\t\t<div class=\"et_pb_text_inner\">\r\n\r\n<div class=\"ecs-no-events\">There are no upcoming Veranstaltungen.<\/div>\r\n\r\n<!--&#091;ecs-list-events cat=\"Ausstellung\" tag=\"mega-menu\" tag_cat_operator='AND' exclude_cat='Architekturpreis, Veranstaltung, Vermittlung'&#093;-->\r\n\r\n<!--&#091;ecs-list-events cat=\"Ausstellung\" tag=\"mega-menu\" tag_cat_operator='AND'&#093;-->\r\n\r\n<!-- &#091;ecs-list-events cat=\"Ausstellung\" titlesize=\"16px\" limit=\"1\" description=\"false\" tag=\"mega-menu\" venue=\"false\"&#093; design=\"columns\" design=\"table\" thumb='true' thumbwidth='150' thumbheight='150' futureonly='true' featured_only='true' excerpt=\"true\" description=\"true\" raw_description=\"true\" -->\r\n\r\n<\/div>\n\t\t\t<\/div><\/li><li class=\"mega-menu-item mega-menu-item-type-widget widget_divi_pb_widget mega-menu-item-divi_pb_widget-5\" id=\"mega-menu-item-divi_pb_widget-5\"><div class=\"et_pb_module et_pb_text et_pb_text_1  et_pb_text_align_left et_pb_bg_layout_light\">\n\t\t\t\t\n\t\t\t\t\n\t\t\t\t\n\t\t\t\t\n\t\t\t\t<div class=\"et_pb_text_inner\">\r\n\r\n<div class=\"ecs-no-events\">There are no upcoming Veranstaltungen.<\/div>\r\n<!--\r\n&#091;ecs-list-events cat=\"Architekturpreis\" tag=\"mega-menu\" tag_cat_operator='AND'&#093;\r\n\r\n&#091;ecs-list-events cat=\"Ausstellung\" titlesize=\"16px\" limit=\"1\" description=\"false\" tag=\"mega-menu\" venue=\"false\"&#093;\r\ndesign=\"columns\"\r\ndesign=\"table\"\r\nthumb='true' thumbwidth='150' thumbheight='150'\r\nfutureonly='true'\r\nfeatured_only='true'\r\nexcerpt=\"true\" description=\"true\" raw_description=\"true\"\r\n-->\r\n\r\n<\/div>\n\t\t\t<\/div><\/li><li class=\"mega-menu-item mega-menu-item-type-widget widget_custom_html mega-menu-item-custom_html-10\" id=\"mega-menu-item-custom_html-10\"><h4 class=\"mega-block-title\">Architekturpreise aktuell:<\/h4><div class=\"textwidget custom-html-widget\"><\/div><\/li><li class=\"mega-menu-item mega-menu-item-type-widget widget_custom_html mega-menu-item-custom_html-11\" id=\"mega-menu-item-custom_html-11\"><div class=\"textwidget custom-html-widget\"><br><\/div><\/li><li class=\"mega-menu-item mega-menu-item-type-widget widget_custom_html mega-menu-item-custom_html-25\" id=\"mega-menu-item-custom_html-25\"><h4 class=\"mega-block-title\">N\u00e4chste Veranstaltung:<\/h4><div class=\"textwidget custom-html-widget\">NEUER MENSCH, NEUE WOHNUNG\r\n<br>\r\n<\/div><\/li><li class=\"mega-menu-item mega-menu-item-type-widget widget_media_image mega-menu-item-media_image-11\" id=\"mega-menu-item-media_image-11\"><a href=\"\/veranstaltung\/neuer-mensch-neue-wohnung\/\"><img width=\"251\" height=\"148\" src=\"https:\/\/dam-online.de\/wp-content\/uploads\/2019\/03\/9eac226e-flyout_klein_190308_programm_veranstaltung.jpg\" class=\"image wp-image-6443  attachment-251x148 size-251x148\" alt=\"\" style=\"max-width: 100%; height: auto;\" decoding=\"async\" loading=\"lazy\" srcset=\"https:\/\/dam-online.de\/wp-content\/uploads\/2019\/03\/9eac226e-flyout_klein_190308_programm_veranstaltung.jpg 281w, https:\/\/dam-online.de\/wp-content\/uploads\/2019\/03\/9eac226e-flyout_klein_190308_programm_veranstaltung-150x89.jpg 150w, https:\/\/dam-online.de\/wp-content\/uploads\/2019\/03\/9eac226e-flyout_klein_190308_programm_veranstaltung-250x148.jpg 250w\" sizes=\"(max-width: 251px) 100vw, 251px\" \/><\/a><\/li><li class=\"mega-menu-item mega-menu-item-type-widget widget_custom_html mega-menu-item-custom_html-26\" id=\"mega-menu-item-custom_html-26\"><div class=\"textwidget custom-html-widget\">\t\t<br><\/div><\/li>\t\t<\/ul>\n<\/li>\t<\/ul>\n<\/li><li class=\"mega-menu-row\" id=\"mega-menu-6396-2\">\n\t<ul class=\"mega-sub-menu\" style='--columns:12' role='presentation'>\n<li class=\"mega-menu-column mega-menu-columns-3-of-12\" style=\"--columns:12; --span:3\" id=\"mega-menu-6396-2-0\">\n\t\t<ul class=\"mega-sub-menu\">\n<li class=\"mega-dam-im-stadtraum mega-menu-item mega-menu-item-type-post_type mega-menu-item-object-page mega-menu-item-55837 dam-im-stadtraum\" id=\"mega-menu-item-55837\"><a class=\"mega-menu-link\" href=\"https:\/\/dam-online.de\/programm\/dam-im-stadtraum\/\">DAM im Stadtraum<\/a><\/li>\t\t<\/ul>\n<\/li>\t<\/ul>\n<\/li><\/ul>\n<\/li><li class=\"mega-menu-item mega-menu-item-type-custom mega-menu-item-object-custom mega-menu-item-has-children mega-menu-megamenu mega-menu-grid mega-align-bottom-left mega-menu-grid mega-menu-item-6397\" id=\"mega-menu-item-6397\"><a class=\"mega-menu-link\" href=\"\/bildung\" aria-expanded=\"false\" aria-controls=\"mega-sub-menu-6397\">Bildung<span class=\"mega-indicator\" aria-hidden=\"true\"><\/span><\/a>\n<ul class=\"mega-sub-menu\" role='presentation' id='mega-sub-menu-6397'>\n<li class=\"mega-menu-row\" id=\"mega-menu-6397-0\">\n\t<ul class=\"mega-sub-menu\" style='--columns:12' role='presentation'>\n<li class=\"mega-menu-column mega-menu-columns-4-of-12\" style=\"--columns:12; --span:4\" id=\"mega-menu-6397-0-0\">\n\t\t<ul class=\"mega-sub-menu\">\n<li class=\"mega-menu-item mega-menu-item-type-post_type mega-menu-item-object-page mega-menu-item-36948\" id=\"mega-menu-item-36948\"><a class=\"mega-menu-link\" href=\"https:\/\/dam-online.de\/bildung\/programm\/erwachsene\/\">Erwachsene<\/a><\/li><li class=\"mega-menu-item mega-menu-item-type-custom mega-menu-item-object-custom mega-menu-item-36945\" id=\"mega-menu-item-36945\"><a class=\"mega-menu-link\" href=\"\/bildung\/programm\/kinder-jugendliche-familie\">Kinder, Jugendliche & Familien<\/a><\/li><li class=\"mega-menu-item mega-menu-item-type-custom mega-menu-item-object-custom mega-menu-item-36946\" id=\"mega-menu-item-36946\"><a class=\"mega-menu-link\" href=\"\/bildung\/programm\/schule-kita\">Schule & Kita<\/a><\/li><li class=\"mega-menu-item mega-menu-item-type-post_type mega-menu-item-object-page mega-menu-item-6476\" id=\"mega-menu-item-6476\"><a class=\"mega-menu-link\" href=\"https:\/\/dam-online.de\/bildung\/fuehrungen-touren\/\">F\u00fchrungen &amp; Touren<\/a><\/li><li class=\"mega-menu-item mega-menu-item-type-post_type mega-menu-item-object-page mega-menu-item-6472\" id=\"mega-menu-item-6472\"><a class=\"mega-menu-link\" href=\"https:\/\/dam-online.de\/bildung\/publikationen\/\">Publikationen<\/a><\/li><li class=\"mega-menu-item mega-menu-item-type-post_type mega-menu-item-object-page mega-menu-item-6473\" id=\"mega-menu-item-6473\"><a class=\"mega-menu-link\" href=\"https:\/\/dam-online.de\/bildung\/ansprechpartner\/\">Ansprechpartner<\/a><\/li>\t\t<\/ul>\n<\/li><li class=\"mega-menu-column mega-menu-columns-4-of-12\" style=\"--columns:12; --span:4\" id=\"mega-menu-6397-0-1\">\n\t\t<ul class=\"mega-sub-menu\">\n<li class=\"mega-menu-item mega-menu-item-type-widget widget_custom_html mega-menu-item-custom_html-12\" id=\"mega-menu-item-custom_html-12\"><h4 class=\"mega-block-title\">Kontakt<\/h4><div class=\"textwidget custom-html-widget\"><p>\r\nConfiyet Aydin, M.A.<br>\r\nStellvertretende Leitung Bildung und Vermittlung<a href=\"mailto:confiyet.aydin@stadt-frankfurt.de\">confiyet.aydin@stadt-frankfurt.de<\/a><a href=\"tel:+49 6921231076\">T +49 (0)69 212-31076<\/a>\r\n<\/p>\r\n\r\n<!--\r\n<p>\r\nRebekka Kremershof<br>\r\nLeitung Bildung und Vermittlung<br>\r\n\t<a href=\"mailto:rebekka.kremershof@stadt-frankfurt.de\">rebekka.kremershof@stadt-frankfurt.de<\/a>\r\n\tT +49 (0)69 212-31076<br>\r\n<\/p>\r\n--><\/div><\/li><li class=\"mega-menu-item mega-menu-item-type-widget widget_custom_html mega-menu-item-custom_html-41\" id=\"mega-menu-item-custom_html-41\"><h4 class=\"mega-block-title\">N\u00e4chste Veranstaltung<\/h4><div class=\"textwidget custom-html-widget\"><!--[ecs-list-events design=\"dam_ecs_events\" tag=\"mega-menu-vermittlung\" tag_cat_operator='AND'\r\nthumb='true' thumbwidth='300' thumbheight='210']-->\r\n\r\n<style>.compact.compact-4 .ecs-event .ecs-event-status.ecs-event-status-canceled, .compact.compact-4 .ecs-event-status.ecs-event-status-postponed {color:#DA394D;}.ecs-events.compact.compact-4 {display:table;border-spacing:5px;}.compact.compact-4 .ecs-event {width:100%;display:table-row;margin-bottom:5px;height:75px;}.compact.compact-4 .ecs-event .date_thumb {width:80px;display:table-cell;text-align:center;vertical-align:middle;background-color:#eeeeee;color:#050505;}.compact.compact-4 .ecs-event .date_thumb .month {font-size:16px;text-transform:uppercase;margin:0;padding:0;line-height:1;}.compact.compact-4 .ecs-event .date_thumb .day {font-size:26px;font-weight:bold;margin:0;padding:0;line-height:1;}.compact.compact-4 .ecs-event .summary, .compact .ecs-event .ecs-thumbnail, .compact .ecs-event .ecs-button {display:table-cell;vertical-align:middle;}.ecs-events.compact.compact-4 .ecs-button a {background-color:#666;background-image:none;border-radius:3px;border:0;box-shadow:none;color: #fff;cursor: pointer;display: inline-block;font-size: 11px;font-weight: 700;letter-spacing: 1px;line-height: normal;padding: 6px 9px;text-align: center;text-decoration:none;text-transform:uppercase;vertical-align:middle;zoom:1;white-space:nowrap;}.compact.compact-4 .ecs-event .ecs-button {padding-left:10px;}.compact.compact-4 .ecs-event .ecs-thumbnail img {max-width:none;display:table-cell;margin:0;padding:0;}.compact.compact-4 .ecs-event .ecs-excerpt {margin-top: 5px;}<\/style><div class=\"ecs-events compact compact-4\"><div class=\"ecs-event veranstaltung-en_ecs_category vermittlung-en_ecs_category\"><div class=\"ecs-thumbnail\"><img width=\"263\" height=\"210\" src=\"https:\/\/dam-online.de\/wp-content\/uploads\/2026\/03\/DAM_SUBURBIA_Angela-Strassheim_Elsa.jpg\" class=\"attachment-300x210 size-300x210 wp-post-image\" alt=\"\" decoding=\"async\" loading=\"lazy\" \/><\/div><div class=\"summary\"><a href=\"https:\/\/dam-online.de\/en\/veranstaltung\/after-work-fuehrung-suburbia-29-04\/\" rel=\"bookmark\">After Work F\u00fchrung SUBURBIA<\/a><div class=\"ecs-date\"><span class=\"tribe-event-date-start\">29. April \u2013 17:00<\/span><\/div><\/div><\/div><div class=\"ecs-event kinder-jugendliche-familien-en_ecs_category veranstaltung-en_ecs_category\"><div class=\"ecs-thumbnail\"><img width=\"300\" height=\"200\" src=\"https:\/\/dam-online.de\/wp-content\/uploads\/2023\/06\/DAM_Familienfuehrung_Foto_MaximilianvonLachner_3198.jpg\" class=\"attachment-300x210 size-300x210 wp-post-image\" alt=\"\" decoding=\"async\" loading=\"lazy\" srcset=\"https:\/\/dam-online.de\/wp-content\/uploads\/2023\/06\/DAM_Familienfuehrung_Foto_MaximilianvonLachner_3198.jpg 1600w, https:\/\/dam-online.de\/wp-content\/uploads\/2023\/06\/DAM_Familienfuehrung_Foto_MaximilianvonLachner_3198-300x200.jpg 300w, https:\/\/dam-online.de\/wp-content\/uploads\/2023\/06\/DAM_Familienfuehrung_Foto_MaximilianvonLachner_3198-1030x687.jpg 1030w, https:\/\/dam-online.de\/wp-content\/uploads\/2023\/06\/DAM_Familienfuehrung_Foto_MaximilianvonLachner_3198-768x512.jpg 768w, https:\/\/dam-online.de\/wp-content\/uploads\/2023\/06\/DAM_Familienfuehrung_Foto_MaximilianvonLachner_3198-1536x1024.jpg 1536w, https:\/\/dam-online.de\/wp-content\/uploads\/2023\/06\/DAM_Familienfuehrung_Foto_MaximilianvonLachner_3198-1080x720.jpg 1080w, https:\/\/dam-online.de\/wp-content\/uploads\/2023\/06\/DAM_Familienfuehrung_Foto_MaximilianvonLachner_3198-600x400.jpg 600w\" sizes=\"(max-width: 300px) 100vw, 300px\" \/><\/div><div class=\"summary\"><a href=\"https:\/\/dam-online.de\/en\/veranstaltung\/familienfuehrung-die-stadt-ist-der-sport-staedte-in-bewegung-beispiele-aus-ganz-europa-2-2\/\" rel=\"bookmark\">Familienf\u00fchrung: Die Stadt ist der Sport \u2013 St\u00e4dte in Bewegung: Beispiele aus ganz Europa<\/a><div class=\"ecs-date\"><span class=\"tribe-event-date-start\">3. May \u2013 13:00<\/span> \u2013 <span class=\"tribe-event-time\">14:00<\/span><\/div><\/div><\/div><\/div><script type=\"application\/ld+json\">\r\n[{\"@context\":\"http:\/\/schema.org\",\"@type\":\"Event\",\"name\":\"After Work F\\u00fchrung SUBURBIA\",\"description\":\"&lt;p&gt;Anna Scheuermann, Architektin und Kuratorin, nimmt Sie mit auf einen Rundgang durch die Ausstellung SUBURBIA. Die Teilnahme ist im Museumseintritt inbegriffen.&lt;\/p&gt;\\\\n\",\"image\":\"https:\/\/dam-online.de\/wp-content\/uploads\/2026\/03\/DAM_SUBURBIA_Angela-Strassheim_Elsa.jpg\",\"url\":\"https:\/\/dam-online.de\/en\/veranstaltung\/after-work-fuehrung-suburbia-29-04\/\",\"eventAttendanceMode\":\"https:\/\/schema.org\/OfflineEventAttendanceMode\",\"eventStatus\":\"https:\/\/schema.org\/EventScheduled\",\"startDate\":\"2026-04-29T17:00:00+02:00\",\"endDate\":\"2026-04-29T17:00:00+02:00\",\"location\":{\"@type\":\"Place\",\"name\":\"Deutsches Architekturmuseum (DAM)\",\"description\":\"\",\"url\":\"https:\/\/dam-online.de\/ort\/dam\/\",\"address\":{\"@type\":\"PostalAddress\",\"streetAddress\":\"Schaumainkai 43\",\"addressLocality\":\"Frankfurt \/ M.\",\"addressRegion\":\"Hessen\",\"postalCode\":\"D-60596\"},\"telephone\":\"+49 (0)69 212-38844\",\"sameAs\":\"\"},\"performer\":\"Organization\"},{\"@context\":\"http:\/\/schema.org\",\"@type\":\"Event\",\"name\":\"Familienf\\u00fchrung: Die Stadt ist der Sport \\u2013 St\\u00e4dte in Bewegung: Beispiele aus ganz Europa\",\"description\":\"&lt;p&gt;Wie kann man als Elternteil gemeinsam mit Kindern unterschiedlichen Alters ins Museum gehen, so dass es f\\u00fcr alle Beteiligten ein sch\\u00f6nes Erlebnis wird?&lt;\/p&gt;\\\\n\",\"image\":\"https:\/\/dam-online.de\/wp-content\/uploads\/2023\/06\/DAM_Familienfuehrung_Foto_MaximilianvonLachner_3198.jpg\",\"url\":\"https:\/\/dam-online.de\/en\/veranstaltung\/familienfuehrung-die-stadt-ist-der-sport-staedte-in-bewegung-beispiele-aus-ganz-europa-2-2\/\",\"eventAttendanceMode\":\"https:\/\/schema.org\/OfflineEventAttendanceMode\",\"eventStatus\":\"https:\/\/schema.org\/EventScheduled\",\"startDate\":\"2026-05-03T13:00:00+02:00\",\"endDate\":\"2026-05-03T14:00:00+02:00\",\"location\":{\"@type\":\"Place\",\"name\":\"DAM Schaumainkai\",\"description\":\"\",\"url\":\"https:\/\/dam-online.de\/ort\/dam-schaumainkai\/\",\"address\":{\"@type\":\"PostalAddress\"},\"telephone\":\"\",\"sameAs\":\"\"},\"performer\":\"Organization\"}]\r\n<\/script>\r\n\r\n  <!--<p>\r\n\t\t\t[ecs-list-events design=\"compact\" tag=\"mega-menu-vermittlung\" tag_cat_operator='AND' exclude_cat='Architekturpreis, Ausstellung' thumb='true' thumbwidth='300' thumbheight='210' contentorder=\"date_thumb, thumbnail, title, date, venue, time, excerpt, button\" eventdetails=\"true\"]\r\n\t\t<\/p>--><\/div><\/li>\t\t<\/ul>\n<\/li><li class=\"mega-menu-column mega-menu-columns-4-of-12\" style=\"--columns:12; --span:4\" id=\"mega-menu-6397-0-2\">\n\t\t<ul class=\"mega-sub-menu\">\n<li class=\"mega-menu-item mega-menu-item-type-widget widget_media_image mega-menu-item-media_image-14\" id=\"mega-menu-item-media_image-14\"><a href=\"\/bildung\"><img width=\"311\" height=\"441\" src=\"https:\/\/dam-online.de\/wp-content\/uploads\/2022\/02\/DAM_Vermittlung_FlyOutMenue_Miniplakat_311x441px_220215_03.jpg\" class=\"image wp-image-36697  attachment-full size-full\" alt=\"\" style=\"max-width: 100%; height: auto;\" decoding=\"async\" loading=\"lazy\" srcset=\"https:\/\/dam-online.de\/wp-content\/uploads\/2022\/02\/DAM_Vermittlung_FlyOutMenue_Miniplakat_311x441px_220215_03.jpg 311w, https:\/\/dam-online.de\/wp-content\/uploads\/2022\/02\/DAM_Vermittlung_FlyOutMenue_Miniplakat_311x441px_220215_03-300x425.jpg 300w, https:\/\/dam-online.de\/wp-content\/uploads\/2022\/02\/DAM_Vermittlung_FlyOutMenue_Miniplakat_311x441px_220215_03-212x300.jpg 212w, https:\/\/dam-online.de\/wp-content\/uploads\/2022\/02\/DAM_Vermittlung_FlyOutMenue_Miniplakat_311x441px_220215_03-150x213.jpg 150w, https:\/\/dam-online.de\/wp-content\/uploads\/2022\/02\/DAM_Vermittlung_FlyOutMenue_Miniplakat_311x441px_220215_03-250x355.jpg 250w\" sizes=\"(max-width: 311px) 100vw, 311px\" \/><\/a><\/li>\t\t<\/ul>\n<\/li>\t<\/ul>\n<\/li><li class=\"mega-menu-row\" id=\"mega-menu-6397-1\">\n\t<ul class=\"mega-sub-menu\" style='--columns:12' role='presentation'>\n<li class=\"mega-menu-column mega-menu-columns-4-of-12 mega-hide-on-mobile mega-hide-on-desktop\" style=\"--columns:12; --span:4\" id=\"mega-menu-6397-1-0\">\n\t\t<ul class=\"mega-sub-menu\">\n<li class=\"mega-menu-item mega-menu-item-type-widget widget_media_image mega-menu-item-media_image-13\" id=\"mega-menu-item-media_image-13\"><h4 class=\"mega-block-title\">N\u00e4chste Veranstaltung<\/h4><a href=\"\/bildung\"><img width=\"281\" height=\"166\" src=\"https:\/\/dam-online.de\/wp-content\/uploads\/2019\/03\/88dad958-flyout_klein_190308_bildung_veranstaltung.jpg\" class=\"image wp-image-6447  attachment-full size-full\" alt=\"\" style=\"max-width: 100%; height: auto;\" decoding=\"async\" loading=\"lazy\" srcset=\"https:\/\/dam-online.de\/wp-content\/uploads\/2019\/03\/88dad958-flyout_klein_190308_bildung_veranstaltung.jpg 281w, https:\/\/dam-online.de\/wp-content\/uploads\/2019\/03\/88dad958-flyout_klein_190308_bildung_veranstaltung-150x89.jpg 150w, https:\/\/dam-online.de\/wp-content\/uploads\/2019\/03\/88dad958-flyout_klein_190308_bildung_veranstaltung-250x148.jpg 250w\" sizes=\"(max-width: 281px) 100vw, 281px\" \/><\/a><\/li>\t\t<\/ul>\n<\/li>\t<\/ul>\n<\/li><\/ul>\n<\/li><li class=\"mega-menu-item mega-menu-item-type-custom mega-menu-item-object-custom mega-menu-item-has-children mega-menu-megamenu mega-menu-grid mega-align-bottom-left mega-menu-grid mega-menu-item-6398\" id=\"mega-menu-item-6398\"><a class=\"mega-menu-link\" href=\"\/sammlungen\" aria-expanded=\"false\" aria-controls=\"mega-sub-menu-6398\">Sammlungen<span class=\"mega-indicator\" aria-hidden=\"true\"><\/span><\/a>\n<ul class=\"mega-sub-menu\" role='presentation' id='mega-sub-menu-6398'>\n<li class=\"mega-menu-row\" id=\"mega-menu-6398-0\">\n\t<ul class=\"mega-sub-menu\" style='--columns:12' role='presentation'>\n<li class=\"mega-menu-column mega-menu-columns-4-of-12\" style=\"--columns:12; --span:4\" id=\"mega-menu-6398-0-0\">\n\t\t<ul class=\"mega-sub-menu\">\n<li class=\"mega-menu-item mega-menu-item-type-post_type mega-menu-item-object-page mega-menu-item-6469\" id=\"mega-menu-item-6469\"><a class=\"mega-menu-link\" href=\"https:\/\/dam-online.de\/sammlungen\/dam-archiv\/\">DAM Archiv<\/a><\/li><li class=\"mega-menu-item mega-menu-item-type-post_type mega-menu-item-object-page mega-menu-item-6471\" id=\"mega-menu-item-6471\"><a class=\"mega-menu-link\" href=\"https:\/\/dam-online.de\/sammlungen\/sammlung-digital\/\">DAM Sammlung Digital<\/a><\/li><li class=\"mega-menu-item mega-menu-item-type-post_type mega-menu-item-object-page mega-menu-item-6470\" id=\"mega-menu-item-6470\"><a class=\"mega-menu-link\" href=\"https:\/\/dam-online.de\/sammlungen\/dam-bibliothek\/\">DAM Bibliothek<\/a><\/li>\t\t<\/ul>\n<\/li><li class=\"mega-menu-column mega-menu-columns-4-of-12\" style=\"--columns:12; --span:4\" id=\"mega-menu-6398-0-1\">\n\t\t<ul class=\"mega-sub-menu\">\n<li class=\"mega-menu-item mega-menu-item-type-widget widget_custom_html mega-menu-item-custom_html-15\" id=\"mega-menu-item-custom_html-15\"><h4 class=\"mega-block-title\">DAM Archiv<\/h4><div class=\"textwidget custom-html-widget\">\t\t\t\t<p>\r\n\t\t\t\tHedderichstra\u00dfe 108-110<br>\r\n\t\t\t\t60596 Frankfurt am Main<br>\r\n\t\t\t\t<a href=\"mailto:dam.archiv@stadt-frankfurt.de\">dam.archiv@stadt-frankfurt.de<\/a>\r\n\t\t\t\t<\/p>\r\n\t\t\t\t<p>\r\n\t\t\t\tArchivleitung<br>\r\n\t\t\t\tDr. Katja Leiskau<br>\r\n\t\t\t\t<a href=\"mailto:dam.archiv@stadt-frankfurt.de\">dam.archiv@stadt-frankfurt.de<\/a>\r\n\t\t\t\tT +49 (0)69 212-30831<br>\r\n\t\t\t\t<\/p>\r\n\t\t\t\t<br>\r\n\t\t\t\t<\/div><\/li><li class=\"mega-menu-item mega-menu-item-type-widget widget_custom_html mega-menu-item-custom_html-16\" id=\"mega-menu-item-custom_html-16\"><h4 class=\"mega-block-title\">DAM Bibliothek<\/h4><div class=\"textwidget custom-html-widget\">\t\t\t<p>\r\n\t\t\t\tHedderichstra\u00dfe 108-110<br>\r\n\t\t\t\t60596 Frankfurt am Main<br>\r\n\t\t\t\t<a href=\"mailto:dam.bibliothek@stadt-frankfurt.de\">dam.bibliothek@stadt-frankfurt.de<\/a>\r\n\t\t\t<\/p>\r\n\t\t\t<p>\r\n\t\t\t\tChristiane Eulig,<br>\r\n\t\t\t\tBibliothekarin<br>\r\n\t\t\t\tT +49 (0)69 212-30827<br>\r\n\t\t\t\t<a href=\"mailto:christiane.eulig@stadt-frankfurt.de\">christiane.eulig@stadt-frankfurt.de<\/a>\r\n\t\t\t<\/p><\/div><\/li>\t\t<\/ul>\n<\/li><li class=\"mega-menu-column mega-menu-columns-4-of-12\" style=\"--columns:12; --span:4\" id=\"mega-menu-6398-0-2\">\n\t\t<ul class=\"mega-sub-menu\">\n<li class=\"mega-menu-item mega-menu-item-type-widget widget_media_image mega-menu-item-media_image-15\" id=\"mega-menu-item-media_image-15\"><a href=\"\/sammlungen\/sammlung-digital\/\"><img width=\"311\" height=\"441\" src=\"https:\/\/dam-online.de\/wp-content\/uploads\/2026\/02\/DAM_Sammler_Miniplakat_311x441px_72dpi_251112_01.jpg\" class=\"image wp-image-64467  attachment-full size-full\" alt=\"\" style=\"max-width: 100%; height: auto;\" decoding=\"async\" loading=\"lazy\" srcset=\"https:\/\/dam-online.de\/wp-content\/uploads\/2026\/02\/DAM_Sammler_Miniplakat_311x441px_72dpi_251112_01.jpg 311w, https:\/\/dam-online.de\/wp-content\/uploads\/2026\/02\/DAM_Sammler_Miniplakat_311x441px_72dpi_251112_01-212x300.jpg 212w, https:\/\/dam-online.de\/wp-content\/uploads\/2026\/02\/DAM_Sammler_Miniplakat_311x441px_72dpi_251112_01-150x213.jpg 150w, https:\/\/dam-online.de\/wp-content\/uploads\/2026\/02\/DAM_Sammler_Miniplakat_311x441px_72dpi_251112_01-250x355.jpg 250w, https:\/\/dam-online.de\/wp-content\/uploads\/2026\/02\/DAM_Sammler_Miniplakat_311x441px_72dpi_251112_01-300x425.jpg 300w\" sizes=\"(max-width: 311px) 100vw, 311px\" \/><\/a><\/li>\t\t<\/ul>\n<\/li>\t<\/ul>\n<\/li><\/ul>\n<\/li><li class=\"mega-menu-item mega-menu-item-type-custom mega-menu-item-object-custom mega-menu-item-has-children mega-menu-megamenu mega-menu-grid mega-align-bottom-left mega-menu-grid mega-menu-item-6399\" id=\"mega-menu-item-6399\"><a class=\"mega-menu-link\" href=\"\/das-dam\" aria-expanded=\"false\" aria-controls=\"mega-sub-menu-6399\">Das DAM<span class=\"mega-indicator\" aria-hidden=\"true\"><\/span><\/a>\n<ul class=\"mega-sub-menu\" role='presentation' id='mega-sub-menu-6399'>\n<li class=\"mega-menu-row\" id=\"mega-menu-6399-0\">\n\t<ul class=\"mega-sub-menu\" style='--columns:12' role='presentation'>\n<li class=\"mega-menu-column mega-menu-columns-4-of-12\" style=\"--columns:12; --span:4\" id=\"mega-menu-6399-0-0\">\n\t\t<ul class=\"mega-sub-menu\">\n<li class=\"mega-menu-item mega-menu-item-type-post_type mega-menu-item-object-page mega-menu-item-6451\" id=\"mega-menu-item-6451\"><a class=\"mega-menu-link\" href=\"https:\/\/dam-online.de\/das-dam\/portrait\/\">Portrait<\/a><\/li><li class=\"mega-menu-item mega-menu-item-type-post_type mega-menu-item-object-page mega-menu-item-6449\" id=\"mega-menu-item-6449\"><a class=\"mega-menu-link\" href=\"https:\/\/dam-online.de\/das-dam\/team\/\">Team<\/a><\/li><li class=\"mega-menu-item mega-menu-item-type-custom mega-menu-item-object-custom mega-menu-item-9783\" id=\"mega-menu-item-9783\"><a class=\"mega-menu-link\" href=\"\/das-dam\/freunde-des-dam\">Freunde des DAM<\/a><\/li><li class=\"mega-menu-item mega-menu-item-type-post_type mega-menu-item-object-page mega-menu-item-9700\" id=\"mega-menu-item-9700\"><a class=\"mega-menu-link\" href=\"https:\/\/dam-online.de\/das-dam\/engagement\/sponsoren-und-unterstuetzer\/\">Sponsoren und Unterst\u00fctzer<\/a><\/li><li class=\"mega-menu-item mega-menu-item-type-post_type mega-menu-item-object-page mega-menu-item-17198\" id=\"mega-menu-item-17198\"><a class=\"mega-menu-link\" href=\"https:\/\/dam-online.de\/das-dam\/jobs\/\">Jobs<\/a><\/li>\t\t<\/ul>\n<\/li><li class=\"mega-menu-column mega-menu-columns-4-of-12\" style=\"--columns:12; --span:4\" id=\"mega-menu-6399-0-1\">\n\t\t<ul class=\"mega-sub-menu\">\n<li class=\"mega-menu-item mega-menu-item-type-widget widget_media_image mega-menu-item-media_image-16\" id=\"mega-menu-item-media_image-16\"><a href=\"\/das-dam\/freunde-des-dam\"><img width=\"614\" height=\"427\" src=\"https:\/\/dam-online.de\/wp-content\/uploads\/2019\/05\/06932a10-20190502_damfreunde_flyer_0008_bearb.jpg\" class=\"image wp-image-9601  attachment-full size-full\" alt=\"Flyer Freunde des DAM - Ausschnitt, Foto: Moritz Bernoully\" style=\"max-width: 100%; height: auto;\" decoding=\"async\" loading=\"lazy\" srcset=\"https:\/\/dam-online.de\/wp-content\/uploads\/2019\/05\/06932a10-20190502_damfreunde_flyer_0008_bearb.jpg 614w, https:\/\/dam-online.de\/wp-content\/uploads\/2019\/05\/06932a10-20190502_damfreunde_flyer_0008_bearb-300x209.jpg 300w, https:\/\/dam-online.de\/wp-content\/uploads\/2019\/05\/06932a10-20190502_damfreunde_flyer_0008_bearb-600x417.jpg 600w, https:\/\/dam-online.de\/wp-content\/uploads\/2019\/05\/06932a10-20190502_damfreunde_flyer_0008_bearb-150x104.jpg 150w, https:\/\/dam-online.de\/wp-content\/uploads\/2019\/05\/06932a10-20190502_damfreunde_flyer_0008_bearb-250x174.jpg 250w, https:\/\/dam-online.de\/wp-content\/uploads\/2019\/05\/06932a10-20190502_damfreunde_flyer_0008_bearb-350x243.jpg 350w\" sizes=\"(max-width: 614px) 100vw, 614px\" \/><\/a><\/li><li class=\"mega-menu-item mega-menu-item-type-widget widget_custom_html mega-menu-item-custom_html-20\" id=\"mega-menu-item-custom_html-20\"><h4 class=\"mega-block-title\">Freund werden<\/h4><div class=\"textwidget custom-html-widget\"><\/div><\/li>\t\t<\/ul>\n<\/li><li class=\"mega-menu-column mega-menu-columns-4-of-12\" style=\"--columns:12; --span:4\" id=\"mega-menu-6399-0-2\">\n\t\t<ul class=\"mega-sub-menu\">\n<li class=\"mega-menu-item mega-menu-item-type-widget widget_media_image mega-menu-item-media_image-18\" id=\"mega-menu-item-media_image-18\"><a href=\"\/das-dam\/\"><img width=\"311\" height=\"441\" src=\"https:\/\/dam-online.de\/wp-content\/uploads\/2019\/03\/2a01c6c3-dam_flyout_190308_hausimhaus_pfeil.jpg\" class=\"image wp-image-7243  attachment-full size-full\" alt=\"\" style=\"max-width: 100%; height: auto;\" decoding=\"async\" loading=\"lazy\" srcset=\"https:\/\/dam-online.de\/wp-content\/uploads\/2019\/03\/2a01c6c3-dam_flyout_190308_hausimhaus_pfeil.jpg 311w, https:\/\/dam-online.de\/wp-content\/uploads\/2019\/03\/2a01c6c3-dam_flyout_190308_hausimhaus_pfeil-300x425.jpg 300w, https:\/\/dam-online.de\/wp-content\/uploads\/2019\/03\/2a01c6c3-dam_flyout_190308_hausimhaus_pfeil-212x300.jpg 212w, https:\/\/dam-online.de\/wp-content\/uploads\/2019\/03\/2a01c6c3-dam_flyout_190308_hausimhaus_pfeil-150x213.jpg 150w, https:\/\/dam-online.de\/wp-content\/uploads\/2019\/03\/2a01c6c3-dam_flyout_190308_hausimhaus_pfeil-250x355.jpg 250w\" sizes=\"(max-width: 311px) 100vw, 311px\" \/><\/a><\/li>\t\t<\/ul>\n<\/li>\t<\/ul>\n<\/li><li class=\"mega-menu-row\" id=\"mega-menu-6399-1\">\n\t<ul class=\"mega-sub-menu\" style='--columns:12' role='presentation'>\n<li class=\"mega-menu-column mega-menu-columns-3-of-12\" style=\"--columns:12; --span:3\" id=\"mega-menu-6399-1-0\"><\/li>\t<\/ul>\n<\/li><\/ul>\n<\/li><\/ul><\/div> &nbsp; Collections A veritable treasure troveIn the 1980s, DAM founding director Heinrich Klotz laid the foundation for a large and internationally oriented architecture collection, which today comprises around [&hellip;]<\/p>\n","protected":false},"author":2,"featured_media":0,"parent":11540,"menu_order":0,"comment_status":"closed","ping_status":"closed","template":"","meta":{"_acf_changed":false,"_et_pb_use_builder":"on","_et_pb_old_content":"","_et_gb_content_width":"","footnotes":""},"hf_cat_page":[],"class_list":["post-11537","page","type-page","status-publish","hentry"],"acf":[],"_links":{"self":[{"href":"https:\/\/dam-online.de\/en\/wp-json\/wp\/v2\/pages\/11537","targetHints":{"allow":["GET"]}}],"collection":[{"href":"https:\/\/dam-online.de\/en\/wp-json\/wp\/v2\/pages"}],"about":[{"href":"https:\/\/dam-online.de\/en\/wp-json\/wp\/v2\/types\/page"}],"author":[{"embeddable":true,"href":"https:\/\/dam-online.de\/en\/wp-json\/wp\/v2\/users\/2"}],"replies":[{"embeddable":true,"href":"https:\/\/dam-online.de\/en\/wp-json\/wp\/v2\/comments?post=11537"}],"version-history":[{"count":0,"href":"https:\/\/dam-online.de\/en\/wp-json\/wp\/v2\/pages\/11537\/revisions"}],"up":[{"embeddable":true,"href":"https:\/\/dam-online.de\/en\/wp-json\/wp\/v2\/pages\/11540"}],"wp:attachment":[{"href":"https:\/\/dam-online.de\/en\/wp-json\/wp\/v2\/media?parent=11537"}],"wp:term":[{"taxonomy":"hf_cat_page","embeddable":true,"href":"https:\/\/dam-online.de\/en\/wp-json\/wp\/v2\/hf_cat_page?post=11537"}],"curies":[{"name":"wp","href":"https:\/\/api.w.org\/{rel}","templated":true}]}}